{"id":3237,"date":"2026-07-22T21:42:42","date_gmt":"2026-07-22T21:42:42","guid":{"rendered":"https:\/\/eibarsax.com\/?page_id=3237"},"modified":"2026-07-26T22:54:25","modified_gmt":"2026-07-26T22:54:25","slug":"archivo","status":"publish","type":"page","link":"https:\/\/eibarsax.com\/eu\/archivo\/","title":{"rendered":"Eibarsax Artxiboa"},"content":{"rendered":"\n<div class=\"ewa\">\n  <style>\n.ewa{--pink:#f4007a;--blue:#005ee9;--navy:#111827;--text:#3b4555;--muted:#6b7280;--line:#dce3ec;--soft:#f7f8fa;width:min(1280px,calc(100% - 40px));margin:0 auto 50px;color:var(--navy);font-family:\"Poppins\",inherit,sans-serif;box-sizing:border-box}.ewa *{box-sizing:border-box}.ewa a{text-decoration:none!important}.ewa button,.ewa input,.ewa select{font:inherit}.ewa [hidden]{display:none!important}.ewa-kicker{margin:0 0 8px;color:var(--pink);font-size:11px;font-weight:850;letter-spacing:.09em;text-transform:uppercase}.ewa-hero{padding:40px 0 26px;border-bottom:1px solid var(--line)}.ewa-hero h1{max-width:900px;margin:0;font-size:clamp(36px,5vw,62px);line-height:1.04;letter-spacing:-.035em}.ewa-lead{max-width:780px;margin:14px 0 0;color:var(--text);font-size:17px;line-height:1.55}.ewa-metrics{display:flex;gap:26px;flex-wrap:wrap;margin-top:22px}.ewa-metrics span{color:var(--muted);font-size:12px}.ewa-metrics strong{margin-right:5px;color:var(--navy);font-size:17px}.ewa-main-nav{position:sticky;top:0;z-index:5;display:flex;gap:24px;padding:14px 0;background:rgba(255,255,255,.97);border-bottom:1px solid var(--line);backdrop-filter:blur(8px)}.ewa-main-nav button{border:0;border-bottom:2px solid transparent;background:transparent;padding:7px 1px;color:var(--muted);font-size:14px;font-weight:800;cursor:pointer}.ewa-main-nav button[aria-selected=\"true\"]{border-bottom-color:var(--pink);color:var(--navy)}.ewa-panel{padding-top:26px}.ewa-section-intro{display:grid;grid-template-columns:minmax(0,.75fr) minmax(300px,1fr);gap:30px;align-items:end;margin-bottom:22px}.ewa-section-intro h2{margin:0;font-size:clamp(27px,3vw,38px);line-height:1.1}.ewa-section-intro p{margin:0;color:var(--text);font-size:15px;line-height:1.6}.ewa-catalog-intro{display:flex;justify-content:space-between;gap:20px;align-items:end;margin-bottom:18px}.ewa-catalog-intro h2{margin:0 0 4px;font-size:24px}.ewa-catalog-intro p{margin:0;color:var(--muted);font-size:13px}.ewa-catalog-intro button{border:0;background:transparent;padding:5px 0;color:var(--blue);font-size:12px;font-weight:800;cursor:pointer}.ewa-catalog-tools{border-top:1px solid var(--line);border-bottom:1px solid var(--line);padding:14px 0}.ewa-search-row{display:grid;grid-template-columns:minmax(280px,1.8fr) minmax(190px,.65fr) auto;gap:10px;margin-bottom:10px}.ewa-filter-row{display:grid;grid-template-columns:repeat(4,minmax(150px,1fr)) auto;gap:10px}.ewa-filters input,.ewa-filters select{width:100%;border:1px solid #cfd6df;border-radius:3px;background:#fff;padding:10px 11px;color:var(--navy)}.ewa-filters input:focus,.ewa-filters select:focus{border-color:var(--blue);outline:2px solid rgba(0,94,233,.12)}.ewa-sort-wrap{position:relative}.ewa-sort-label{position:absolute;left:10px;top:5px;color:var(--muted);font-size:9px;font-weight:700;text-transform:uppercase;pointer-events:none}.ewa-sort-wrap select{padding-top:16px}.ewa-reset{border:1px solid var(--line);border-radius:3px;background:#fff;padding:10px 14px;color:var(--navy);font-weight:750;cursor:pointer}.ewa-reset:disabled{opacity:.4;cursor:default}.ewa-preset{border:1px solid var(--line);border-radius:3px;background:var(--soft);padding:10px 13px;color:var(--navy);font-size:12px;font-weight:800;cursor:pointer}.ewa-active-filters{display:flex;gap:6px;flex-wrap:wrap;margin-top:10px}.ewa-filter-chip{border:0;border-radius:3px;background:#eaf1ff;padding:6px 9px;color:#0649aa;font-size:10px;font-weight:800;cursor:pointer}.ewa-filter-chip::after{content:' \u00d7';font-size:12px}.ewa-catalog-bar{display:flex;justify-content:space-between;gap:18px;align-items:center;margin:14px 0 9px}.ewa-results{margin:0;color:var(--muted);font-size:12px}.ewa-results strong{color:var(--navy)}.ewa-table-head,.ewa-catalog-row summary{display:grid;grid-template-columns:minmax(190px,.8fr) minmax(280px,1.25fr) minmax(165px,.65fr) 75px 22px;gap:16px;align-items:center}.ewa-table-head{padding:9px 12px;border-top:1px solid var(--line);border-bottom:1px solid var(--line);color:var(--muted);font-size:10px;font-weight:800;letter-spacing:.06em;text-transform:uppercase}.ewa-catalog-list{border-bottom:1px solid var(--line)}.ewa-catalog-row{border-top:1px solid #e8ebef}.ewa-catalog-row:first-child{border-top:0}.ewa-catalog-row[open]{background:#fafbfc}.ewa-catalog-row summary{list-style:none;padding:12px;cursor:pointer}.ewa-catalog-row summary::-webkit-details-marker{display:none}.ewa-cell{min-width:0;font-size:12px}.ewa-cell-composer strong{display:block;line-height:1.35}.ewa-cell-work em{font-family:Georgia,serif;font-size:16px;line-height:1.3}.ewa-cell-formation,.ewa-cell-edition{color:var(--text)}.ewa-work-year{color:var(--muted);font-size:10px;font-style:normal}.ewa-row-open{color:var(--pink);font-size:18px;line-height:1;transition:transform .2s}.ewa-catalog-row[open] .ewa-row-open{transform:rotate(45deg)}.ewa-mobile-label{display:none}.ewa-catalog-detail{margin:0 12px 0 calc(12px + min(190px,.8fr));padding:0 0 14px;color:var(--text);font-size:11px;line-height:1.55}.ewa-catalog-detail p{margin:4px 0}.ewa-catalog-detail a{display:inline-block;margin-top:7px;color:var(--blue)!important;font-weight:850}.ewa-badge{display:inline-flex;margin-left:7px;border-radius:2px;padding:3px 6px;font-size:8px;font-weight:900;letter-spacing:.03em;text-transform:uppercase;vertical-align:middle}.ewa-badge-special,.ewa-badge-event{background:#fff0f7;color:#b8005b}.ewa-empty{border-bottom:1px solid var(--line);padding:32px;color:var(--muted);text-align:center}.ewa-edition-switch{display:grid;grid-template-columns:1fr 1fr;gap:10px;margin-bottom:24px}.ewa-edition-switch button{display:flex;justify-content:space-between;align-items:center;border:1px solid var(--line);border-radius:3px;background:#fff;padding:13px 15px;cursor:pointer}.ewa-edition-switch button[aria-pressed=\"true\"]{border-color:var(--blue);box-shadow:inset 0 0 0 1px var(--blue)}.ewa-edition-switch strong{font-size:20px}.ewa-edition-switch span{color:var(--muted);font-size:12px}.ewa-edition-head{display:grid;grid-template-columns:minmax(0,1fr) 210px;gap:34px;align-items:center;margin-bottom:24px;padding:24px;background:var(--soft)}.ewa-edition-head h2{margin:0;font-size:48px;line-height:1}.ewa-edition-head>div>p:not(.ewa-kicker){max-width:660px;color:var(--text);font-size:14px;line-height:1.6}.ewa-edition-stats{display:flex;gap:16px;flex-wrap:wrap;margin-top:15px}.ewa-edition-stats span{color:var(--muted);font-size:11px;font-weight:750}.ewa-edition-head figure{margin:0}.ewa-edition-head img{display:block;width:100%;aspect-ratio:3\/4;object-fit:cover}.ewa-edition-head figcaption{margin-top:7px;color:var(--muted);font-size:10px}.ewa-event-list{display:grid;gap:8px}.ewa-event{border:1px solid var(--line);background:#fff;overflow:hidden}.ewa-event[open]{border-color:rgba(0,94,233,.55)}.ewa-event summary{list-style:none;display:grid;grid-template-columns:68px minmax(0,1fr) auto;gap:16px;align-items:center;padding:15px 17px;cursor:pointer}.ewa-event summary::-webkit-details-marker{display:none}.ewa-date{color:var(--blue);font-size:12px;font-weight:900}.ewa-event-kind{display:block;margin-bottom:2px;color:var(--pink);font-size:9px;font-weight:900;letter-spacing:.08em;text-transform:uppercase}.ewa-event-main strong{display:block;font-size:18px;line-height:1.3}.ewa-event-main small{display:block;margin-top:3px;color:var(--muted);font-size:12px}.ewa-event-side{display:flex;align-items:center;gap:10px}.ewa-plus{color:var(--pink);font-size:22px;transition:transform .2s}.ewa-event[open] .ewa-plus{transform:rotate(45deg)}.ewa-event-body{padding:0 17px 18px 101px}.ewa-event-meta{display:flex;gap:7px;flex-wrap:wrap;margin:0 0 14px}.ewa-event-meta span{border:1px solid var(--line);border-radius:2px;background:var(--soft);padding:5px 8px;color:var(--text);font-size:10px;font-weight:700}.ewa-event-description{max-width:850px;color:var(--text);font-size:13px;line-height:1.65}.ewa-event-actions{display:flex;gap:8px;flex-wrap:wrap;margin:14px 0}.ewa-link{display:inline-flex;gap:7px;align-items:center;border-radius:3px;background:var(--blue);padding:8px 11px;color:#fff!important;font-size:11px;font-weight:850}.ewa-link span{font-size:8px;opacity:.75}.ewa-link-ghost{border:1px solid var(--blue);background:#fff;color:var(--blue)!important}.ewa-program-list{border-bottom:1px solid #e8edf3}.ewa-program-row{display:grid;grid-template-columns:minmax(140px,.35fr) minmax(0,1fr);gap:12px 20px;padding:10px 0;border-top:1px solid #e8edf3}.ewa-composer{font-size:12px;font-weight:850}.ewa-work{color:var(--navy);font-size:13px;line-height:1.45}.ewa-work em{font-family:Georgia,serif;font-size:15px}.ewa-work small{display:block;margin-top:3px;color:var(--muted);font-size:11px}.ewa-arrangement{color:var(--blue)!important}.ewa-movements{font-style:italic}.ewa-year{color:var(--muted);font-size:10px;font-weight:700}.ewa-young{margin-top:36px;border-top:1px solid var(--line);padding-top:18px}.ewa-young details{border-bottom:1px solid var(--line);padding:12px 0}.ewa-young summary{cursor:pointer;font-size:12px;font-weight:850}.ewa-young p{max-width:900px;color:var(--text);font-size:12px;line-height:1.6}.ewa-young a{color:var(--blue)!important;font-weight:800}@media(max-width:980px){.ewa-search-row{grid-template-columns:1fr 230px}.ewa-preset{grid-column:1\/-1}.ewa-filter-row{grid-template-columns:1fr 1fr 1fr}.ewa-reset{grid-column:auto}.ewa-table-head,.ewa-catalog-row summary{grid-template-columns:minmax(150px,.75fr) minmax(230px,1.2fr) minmax(140px,.65fr) 65px 18px}.ewa-section-intro{grid-template-columns:1fr}.ewa-edition-head{grid-template-columns:1fr 190px}}\n@media(max-width:680px){.ewa{width:calc(100vw - 32px);max-width:calc(100vw - 32px)}.ewa-hero{padding-top:28px}.ewa-hero h1{font-size:36px}.ewa-lead{font-size:15px}.ewa-metrics{gap:12px 20px}.ewa-main-nav{position:static;gap:18px}.ewa-main-nav button{font-size:13px}.ewa-panel{padding-top:20px}.ewa-catalog-intro{align-items:flex-start;flex-direction:column;gap:8px}.ewa-search-row,.ewa-filter-row{grid-template-columns:1fr}.ewa-preset,.ewa-reset{grid-column:auto}.ewa-catalog-bar{align-items:flex-start;flex-direction:column;gap:7px}.ewa-table-head{display:none}.ewa-catalog-row summary{grid-template-columns:1fr auto;gap:8px 12px;padding:13px 4px}.ewa-cell{grid-column:1}.ewa-cell-composer{order:1}.ewa-cell-work{order:2}.ewa-cell-formation{order:3}.ewa-cell-edition{order:4}.ewa-row-open{grid-column:2;grid-row:1\/5;align-self:center}.ewa-mobile-label{display:block;margin-bottom:1px;color:var(--muted);font-size:8px;font-weight:800;letter-spacing:.06em;text-transform:uppercase}.ewa-cell-composer strong{font-size:12px}.ewa-cell-work em{font-size:17px}.ewa-cell-formation,.ewa-cell-edition{font-size:11px}.ewa-catalog-detail{margin:0;padding:0 22px 14px 4px}.ewa-edition-switch{grid-template-columns:1fr}.ewa-edition-head{grid-template-columns:1fr;padding:18px}.ewa-edition-head figure{max-width:220px}.ewa-event summary{grid-template-columns:1fr auto;padding:14px}.ewa-date{grid-column:1\/-1}.ewa-event-side{grid-column:2}.ewa-event-body{padding:0 14px 16px}.ewa-program-row{grid-template-columns:1fr;gap:3px}}\n\n.ewa-catalog-detail{margin-left:218px}\n.ewa-cell-formation small{display:block;margin-top:2px;color:var(--muted);font-size:9px;line-height:1.35}\n@media(max-width:680px){.ewa-catalog-detail{margin-left:0}}\n<\/style>\n  <header class=\"ewa-hero\">\n    <p class=\"ewa-kicker\">Archivo<\/p><h1>Cat\u00e1logo de obras y proyectos<\/h1><p class=\"ewa-lead\">El archivo re\u00fane la programaci\u00f3n art\u00edstica de Eibarsax desde 2025: 63 obras en 14 propuestas, con repertorio hist\u00f3rico, moderno y contempor\u00e1neo, estrenos musicales y proyectos esc\u00e9nicos.<\/p><div class=\"ewa-metrics\"><span><strong>63<\/strong> obras<\/span><span><strong>56<\/strong> compositores<\/span><span><strong>9<\/strong> formaciones musicales<\/span><span><strong>2<\/strong> estrenos esc\u00e9nicos<\/span><span><strong>5<\/strong> estrenos musicales<\/span><\/div>\n  <\/header>\n  <nav class=\"ewa-main-nav\" aria-label=\"Vistas de programaci\u00f3n\"><button type=\"button\" data-panel-button=\"catalog\" aria-selected=\"true\">Cat\u00e1logo<\/button><button type=\"button\" data-panel-button=\"editions\" aria-selected=\"false\">Por ediciones<\/button><\/nav>\n  <main>\n    <section class=\"ewa-panel\" data-panel=\"catalog\">\n      <div class=\"ewa-catalog-intro\"><div><h2>Consultar el cat\u00e1logo<\/h2><p>Las filas se pueden desplegar para ver instrumentaci\u00f3n, int\u00e9rpretes y programa.<\/p><\/div><button class=\"ewa-preset\" type=\"button\">Ver estrenos y creaciones<\/button><\/div>\n      <div class=\"ewa-catalog-tools\"><div class=\"ewa-filters\"><div class=\"ewa-search-row\"><input id=\"ewa-search\" type=\"search\" placeholder=\"Buscar una obra, compositor o artista\" aria-label=\"Buscar en el cat\u00e1logo\"><label class=\"ewa-sort-wrap\"><span class=\"ewa-sort-label\">Ordenar<\/span><select id=\"ewa-sort\" aria-label=\"Ordenar cat\u00e1logo\"><option value=\"composer\">Compositor A\u2013Z<\/option><option value=\"title\">Obra A\u2013Z<\/option><option value=\"work-year-asc\">A\u00f1o de la obra: antigua \u2192 reciente<\/option><option value=\"work-year-desc\">A\u00f1o de la obra: reciente \u2192 antigua<\/option><option value=\"edition\">Edici\u00f3n m\u00e1s reciente<\/option><\/select><\/label><button class=\"ewa-reset\" type=\"button\">Limpiar b\u00fasqueda y filtros<\/button><\/div><div class=\"ewa-filter-row\"><select id=\"ewa-year\" aria-label=\"Filtrar por edici\u00f3n\"><option value=\"\">Todas las ediciones<\/option><option value=\"2026\">Edici\u00f3n 2026<\/option><option value=\"2025\">Edici\u00f3n 2025<\/option><\/select><select id=\"ewa-formation\" aria-label=\"Filtrar por formaci\u00f3n\"><option value=\"\">Todas las formaciones<\/option><option value=\"saxofon-y-piano\">Saxof\u00f3n y piano<\/option><option value=\"piano-solo\">Piano solo<\/option><option value=\"saxofon-solo\">Saxof\u00f3n solo<\/option><option value=\"saxofon-y-electronica\">Saxof\u00f3n y electr\u00f3nica<\/option><option value=\"duo-de-saxofones\">D\u00fao de saxofones<\/option><option value=\"trio-con-piano\">Tr\u00edo con piano<\/option><option value=\"cuarteto-de-saxofones\">Cuarteto de saxofones<\/option><option value=\"quinteto-con-piano\">Quinteto con piano<\/option><option value=\"ensemble\">Ensemble<\/option><option value=\"performance\">Performance<\/option><\/select><select id=\"ewa-instrument\" aria-label=\"Filtrar por instrumento o medio\"><option value=\"\">Todos los instrumentos y medios<\/option><option value=\"sopranino\">Sopranino<\/option><option value=\"soprano\">Soprano<\/option><option value=\"alto\">Alto<\/option><option value=\"tenor\">Tenor<\/option><option value=\"baritono\">Bar\u00edtono<\/option><option value=\"piano\">Piano<\/option><option value=\"electronica\">Electr\u00f3nica<\/option><option value=\"danza\">Danza<\/option><\/select><select id=\"ewa-premiere\" aria-label=\"Filtrar por estreno\"><option value=\"\">Estrenos y creaciones: todos<\/option><option value=\"estrenos\">Solo estrenos y creaciones<\/option><option value=\"estreno-absoluto\">Estreno absoluto<\/option><option value=\"estreno-en-espana\">Estreno en Espa\u00f1a<\/option><option value=\"estreno-de-adaptacion\">Estreno de adaptaci\u00f3n<\/option><\/select><\/div><\/div><div class=\"ewa-active-filters\" aria-live=\"polite\"><\/div><\/div>\n      <div class=\"ewa-catalog-bar\"><p class=\"ewa-results\"><strong data-result-works>63<\/strong> obras \u00b7 <strong data-result-projects>2<\/strong> creaciones \u00b7 <strong data-result-composers>56<\/strong> compositores<\/p><\/div>\n      <div class=\"ewa-table-head\" aria-hidden=\"true\"><span>Compositor \/ creaci\u00f3n<\/span><span>Obra \/ proyecto<\/span><span>Formaci\u00f3n<\/span><span>Edici\u00f3n<\/span><span><\/span><\/div>\n      <div class=\"ewa-catalog-list\">\n    <details class=\"ewa-catalog-row\" data-work-id=\"obra-28-grazyna-bacewicz-sonatina\" data-record-type=\"work\" data-year=\"2026\" data-work-year=\"1955\" data-instruments=\"soprano,piano\" data-formation=\"saxofon-y-piano\" data-premiere=\"estreno-de-adaptacion\" data-search=\"grazyna-bacewicz-sonatina-juana-palop-tecles-tobias-borsboom-juana-palop-tecles-tobias-borsboom-saxofon-soprano-y-piano-saxofon-y-piano-adaptacion-para-saxofon-soprano-y-piano-juana-palop-tecles\" data-composer=\"grazyna bacewicz\" data-title=\"sonatina\">\n      <summary>\n        <span class=\"ewa-cell ewa-cell-composer\"><span class=\"ewa-mobile-label\">Compositor<\/span><strong>Gra\u017cyna Bacewicz<\/strong><\/span>\n        <span class=\"ewa-cell ewa-cell-work\"><span class=\"ewa-mobile-label\">Obra<\/span><em>Sonatina<\/em> <span class=\"ewa-work-year\">(1955)<\/span><span class=\"ewa-badge ewa-badge-special\">Estreno de adaptaci\u00f3n<\/span><\/span>\n        <span class=\"ewa-cell ewa-cell-formation\"><span class=\"ewa-mobile-label\">Formaci\u00f3n<\/span>Saxof\u00f3n y piano<small>Soprano \u00b7 Piano<\/small><\/span>\n        <span class=\"ewa-cell ewa-cell-edition\"><span class=\"ewa-mobile-label\">Edici\u00f3n<\/span>2026<\/span>\n        <span class=\"ewa-row-open\" aria-hidden=\"true\">+<\/span>\n      <\/summary>\n      <div class=\"ewa-catalog-detail\"><p><strong>Instrumentaci\u00f3n:<\/strong> <span class=\"ewa-localized\" data-en=\"soprano saxophone and piano\" data-eu=\"saxofoi sopranoa eta pianoa\">saxof\u00f3n soprano y piano<\/span><\/p><p><strong>Adaptaci\u00f3n \/ arreglo:<\/strong> <span class=\"ewa-localized\" data-en=\"Adaptation for soprano saxophone and piano: Juana Palop Tecles.\" data-eu=\"Saxofoi soprano eta pianorako egokitzapena: Juana Palop Tecles.\">Adaptaci\u00f3n para saxof\u00f3n soprano y piano: Juana Palop Tecles.<\/span><\/p><p><strong>Programa:<\/strong> Juana Palop Tecles + Tobias Borsboom \u00b7 Juana Palop Tecles \u00b7 Tobias Borsboom<\/p><a class=\"ewa-jump\" href=\"#2026-07-06-juana-palop-tecles\" data-target=\"2026-07-06-juana-palop-tecles\" data-year=\"2026\">Ver el programa dentro de la edici\u00f3n<\/a><\/div>\n    <\/details>\n    <details class=\"ewa-catalog-row\" data-work-id=\"obra-22-robert-bariller-rapsodie-bretonne\" data-record-type=\"work\" data-year=\"2026\" data-work-year=\"1953\" data-instruments=\"alto,piano\" data-formation=\"saxofon-y-piano\" data-premiere=\"\" data-search=\"robert-bariller-rapsodie-bretonne-xavier-larsson-tobias-borsboom-xavier-larsson-tobias-borsboom-saxofon-alto-y-piano-saxofon-y-piano\" data-composer=\"robert bariller\" data-title=\"rapsodie bretonne\">\n      <summary>\n        <span class=\"ewa-cell ewa-cell-composer\"><span class=\"ewa-mobile-label\">Compositor<\/span><strong>Robert Bariller<\/strong><\/span>\n        <span class=\"ewa-cell ewa-cell-work\"><span class=\"ewa-mobile-label\">Obra<\/span><em>Rapsodie bretonne<\/em> <span class=\"ewa-work-year\">(1953)<\/span><\/span>\n        <span class=\"ewa-cell ewa-cell-formation\"><span class=\"ewa-mobile-label\">Formaci\u00f3n<\/span>Saxof\u00f3n y piano<small>Alto \u00b7 Piano<\/small><\/span>\n        <span class=\"ewa-cell ewa-cell-edition\"><span class=\"ewa-mobile-label\">Edici\u00f3n<\/span>2026<\/span>\n        <span class=\"ewa-row-open\" aria-hidden=\"true\">+<\/span>\n      <\/summary>\n      <div class=\"ewa-catalog-detail\"><p><strong>Instrumentaci\u00f3n:<\/strong> <span class=\"ewa-localized\" data-en=\"alto saxophone and piano\" data-eu=\"saxofoi altua eta pianoa\">saxof\u00f3n alto y piano<\/span><\/p><p><strong>Programa:<\/strong> Xavier Larsson + Tobias Borsboom \u00b7 Xavier Larsson \u00b7 Tobias Borsboom<\/p><a class=\"ewa-jump\" href=\"#2026-07-07-xavier-larsson\" data-target=\"2026-07-07-xavier-larsson\" data-year=\"2026\">Ver el programa dentro de la edici\u00f3n<\/a><\/div>\n    <\/details>\n    <details class=\"ewa-catalog-row\" data-work-id=\"obra-15-conrad-beck-nocturne\" data-record-type=\"work\" data-year=\"2026\" data-work-year=\"1959\" data-instruments=\"alto,piano\" data-formation=\"saxofon-y-piano\" data-premiere=\"\" data-search=\"conrad-beck-nocturne-arno-bornkamp-tobias-borsboom-ecole-de-paris-co-saxofon-alto-y-piano-saxofon-y-piano\" data-composer=\"conrad beck\" data-title=\"nocturne\">\n      <summary>\n        <span class=\"ewa-cell ewa-cell-composer\"><span class=\"ewa-mobile-label\">Compositor<\/span><strong>Conrad Beck<\/strong><\/span>\n        <span class=\"ewa-cell ewa-cell-work\"><span class=\"ewa-mobile-label\">Obra<\/span><em>Nocturne<\/em> <span class=\"ewa-work-year\">(1959)<\/span><\/span>\n        <span class=\"ewa-cell ewa-cell-formation\"><span class=\"ewa-mobile-label\">Formaci\u00f3n<\/span>Saxof\u00f3n y piano<small>Alto \u00b7 Piano<\/small><\/span>\n        <span class=\"ewa-cell ewa-cell-edition\"><span class=\"ewa-mobile-label\">Edici\u00f3n<\/span>2026<\/span>\n        <span class=\"ewa-row-open\" aria-hidden=\"true\">+<\/span>\n      <\/summary>\n      <div class=\"ewa-catalog-detail\"><p><strong>Instrumentaci\u00f3n:<\/strong> <span class=\"ewa-localized\" data-en=\"alto saxophone and piano\" data-eu=\"saxofoi altua eta pianoa\">saxof\u00f3n alto y piano<\/span><\/p><p><strong>Programa:<\/strong> \u00c9cole de Paris &amp; Co \u00b7 Arno Bornkamp \u00b7 Tobias Borsboom<\/p><a class=\"ewa-jump\" href=\"#2026-07-08-arno-bornkamp-ecole-de-paris\" data-target=\"2026-07-08-arno-bornkamp-ecole-de-paris\" data-year=\"2026\">Ver el programa dentro de la edici\u00f3n<\/a><\/div>\n    <\/details>\n    <details class=\"ewa-catalog-row\" data-work-id=\"obra-29-denis-bedard-fantaisie\" data-record-type=\"work\" data-year=\"2026\" data-work-year=\"1984\" data-instruments=\"soprano,piano\" data-formation=\"saxofon-y-piano\" data-premiere=\"\" data-search=\"denis-bedard-fantaisie-juana-palop-tecles-tobias-borsboom-juana-palop-tecles-tobias-borsboom-saxofon-soprano-y-piano-saxofon-y-piano\" data-composer=\"denis bedard\" data-title=\"fantaisie\">\n      <summary>\n        <span class=\"ewa-cell ewa-cell-composer\"><span class=\"ewa-mobile-label\">Compositor<\/span><strong>Denis B\u00e9dard<\/strong><\/span>\n        <span class=\"ewa-cell ewa-cell-work\"><span class=\"ewa-mobile-label\">Obra<\/span><em>Fantaisie<\/em> <span class=\"ewa-work-year\">(1984)<\/span><\/span>\n        <span class=\"ewa-cell ewa-cell-formation\"><span class=\"ewa-mobile-label\">Formaci\u00f3n<\/span>Saxof\u00f3n y piano<small>Soprano \u00b7 Piano<\/small><\/span>\n        <span class=\"ewa-cell ewa-cell-edition\"><span class=\"ewa-mobile-label\">Edici\u00f3n<\/span>2026<\/span>\n        <span class=\"ewa-row-open\" aria-hidden=\"true\">+<\/span>\n      <\/summary>\n      <div class=\"ewa-catalog-detail\"><p><strong>Instrumentaci\u00f3n:<\/strong> <span class=\"ewa-localized\" data-en=\"soprano saxophone and piano\" data-eu=\"saxofoi sopranoa eta pianoa\">saxof\u00f3n soprano y piano<\/span><\/p><p><strong>Programa:<\/strong> Juana Palop Tecles + Tobias Borsboom \u00b7 Juana Palop Tecles \u00b7 Tobias Borsboom<\/p><a class=\"ewa-jump\" href=\"#2026-07-06-juana-palop-tecles\" data-target=\"2026-07-06-juana-palop-tecles\" data-year=\"2026\">Ver el programa dentro de la edici\u00f3n<\/a><\/div>\n    <\/details>\n    <details class=\"ewa-catalog-row\" data-work-id=\"obra-1-leonard-bernstein-overture-to-candide\" data-record-type=\"work\" data-year=\"2026\" data-work-year=\"1956\" data-instruments=\"sopranino,soprano,alto,tenor,baritono\" data-formation=\"ensemble\" data-premiere=\"\" data-search=\"leonard-bernstein-overture-to-candide-ensemble-eibarsax-desplazatu-ensemble-eibarsax-ensemble-de-saxofones-sopranino-soprano-alto-tenor-y-baritono-ensemble-johan-van-der-linden\" data-composer=\"leonard bernstein\" data-title=\"overture to candide\">\n      <summary>\n        <span class=\"ewa-cell ewa-cell-composer\"><span class=\"ewa-mobile-label\">Compositor<\/span><strong>Leonard Bernstein<\/strong><\/span>\n        <span class=\"ewa-cell ewa-cell-work\"><span class=\"ewa-mobile-label\">Obra<\/span><em>Overture to Candide<\/em> <span class=\"ewa-work-year\">(1956; arr. 2011)<\/span><\/span>\n        <span class=\"ewa-cell ewa-cell-formation\"><span class=\"ewa-mobile-label\">Formaci\u00f3n<\/span>Ensemble<small>Sopranino \u00b7 Soprano \u00b7 Alto \u00b7 Tenor \u00b7 Bar\u00edtono<\/small><\/span>\n        <span class=\"ewa-cell ewa-cell-edition\"><span class=\"ewa-mobile-label\">Edici\u00f3n<\/span>2026<\/span>\n        <span class=\"ewa-row-open\" aria-hidden=\"true\">+<\/span>\n      <\/summary>\n      <div class=\"ewa-catalog-detail\"><p><strong>Instrumentaci\u00f3n:<\/strong> <span class=\"ewa-localized\" data-en=\"saxophone ensemble (sopranino, soprano, alto, tenor and baritone)\" data-eu=\"saxofoi-ensemblea (sopraninoa, sopranoa, altua, tenorra eta baritonoa)\">ensemble de saxofones (sopranino, soprano, alto, tenor y bar\u00edtono)<\/span><\/p><p><strong>Adaptaci\u00f3n \/ arreglo:<\/strong> <span class=\"ewa-localized\" data-en=\"Johan van der Linden\" data-eu=\"Johan van der Linden\">Johan van der Linden<\/span><\/p><p><strong>Programa:<\/strong> Desplazatu + Ensemble Eibarsax \u00b7 Ensemble Eibarsax<\/p><a class=\"ewa-jump\" href=\"#2026-07-11-ensemble-eibarsax-desplazatu\" data-target=\"2026-07-11-ensemble-eibarsax-desplazatu\" data-year=\"2026\">Ver el programa dentro de la edici\u00f3n<\/a><\/div>\n    <\/details>\n    <details class=\"ewa-catalog-row\" data-work-id=\"obra-56-heinrich-ignaz-biber-passacaglia\" data-record-type=\"work\" data-year=\"2025\" data-work-year=\"1676\" data-instruments=\"soprano\" data-formation=\"saxofon-solo\" data-premiere=\"\" data-search=\"heinrich-ignaz-biber-passacaglia-xavier-larsson-tobias-borsboom-voz-abierta-saxofon-soprano-saxofon-solo-transcripcion-para-saxofon-soprano-autoria-no-identificada\" data-composer=\"heinrich ignaz biber\" data-title=\"passacaglia\">\n      <summary>\n        <span class=\"ewa-cell ewa-cell-composer\"><span class=\"ewa-mobile-label\">Compositor<\/span><strong>Heinrich Ignaz Biber<\/strong><\/span>\n        <span class=\"ewa-cell ewa-cell-work\"><span class=\"ewa-mobile-label\">Obra<\/span><em>Passacaglia<\/em> <span class=\"ewa-work-year\">(c. 1676)<\/span><\/span>\n        <span class=\"ewa-cell ewa-cell-formation\"><span class=\"ewa-mobile-label\">Formaci\u00f3n<\/span>Saxof\u00f3n solo<small>Soprano<\/small><\/span>\n        <span class=\"ewa-cell ewa-cell-edition\"><span class=\"ewa-mobile-label\">Edici\u00f3n<\/span>2025<\/span>\n        <span class=\"ewa-row-open\" aria-hidden=\"true\">+<\/span>\n      <\/summary>\n      <div class=\"ewa-catalog-detail\"><p><strong>Instrumentaci\u00f3n:<\/strong> <span class=\"ewa-localized\" data-en=\"soprano saxophone\" data-eu=\"saxofoi sopranoa\">saxof\u00f3n soprano<\/span><\/p><p><strong>Adaptaci\u00f3n \/ arreglo:<\/strong> <span class=\"ewa-localized\" data-en=\"Transcription for soprano saxophone; arranger unidentified.\" data-eu=\"Saxofoi sopranorako transkripzioa; moldatzailea identifikatu gabe.\">Transcripci\u00f3n para saxof\u00f3n soprano; autor\u00eda no identificada.<\/span><\/p><p><strong>Programa:<\/strong> Voz abierta \u00b7 Xavier Larsson \u00b7 Tobias Borsboom<\/p><a class=\"ewa-jump\" href=\"#2025-07-07-xavier-larsson-voz-abierta\" data-target=\"2025-07-07-xavier-larsson-voz-abierta\" data-year=\"2025\">Ver el programa dentro de la edici\u00f3n<\/a><\/div>\n    <\/details>\n    <details class=\"ewa-catalog-row\" data-work-id=\"obra-3-johannes-brahms-hungarian-dance-no-5-woo-1\" data-record-type=\"work\" data-year=\"2026\" data-work-year=\"1869\" data-instruments=\"sopranino,soprano,alto,tenor,baritono\" data-formation=\"ensemble\" data-premiere=\"\" data-search=\"johannes-brahms-hungarian-dance-no-5-woo-1-ensemble-eibarsax-desplazatu-ensemble-eibarsax-ensemble-de-saxofones-sopranino-soprano-alto-tenor-y-baritono-ensemble-transcripcion-para-ensemble-de-saxofones-diego-marani\" data-composer=\"johannes brahms\" data-title=\"hungarian dance no. 5, woo 1\">\n      <summary>\n        <span class=\"ewa-cell ewa-cell-composer\"><span class=\"ewa-mobile-label\">Compositor<\/span><strong>Johannes Brahms<\/strong><\/span>\n        <span class=\"ewa-cell ewa-cell-work\"><span class=\"ewa-mobile-label\">Obra<\/span><em>Hungarian Dance No. 5, WoO 1<\/em> <span class=\"ewa-work-year\">(1869)<\/span><\/span>\n        <span class=\"ewa-cell ewa-cell-formation\"><span class=\"ewa-mobile-label\">Formaci\u00f3n<\/span>Ensemble<small>Sopranino \u00b7 Soprano \u00b7 Alto \u00b7 Tenor \u00b7 Bar\u00edtono<\/small><\/span>\n        <span class=\"ewa-cell ewa-cell-edition\"><span class=\"ewa-mobile-label\">Edici\u00f3n<\/span>2026<\/span>\n        <span class=\"ewa-row-open\" aria-hidden=\"true\">+<\/span>\n      <\/summary>\n      <div class=\"ewa-catalog-detail\"><p><strong>Instrumentaci\u00f3n:<\/strong> <span class=\"ewa-localized\" data-en=\"saxophone ensemble (sopranino, soprano, alto, tenor and baritone)\" data-eu=\"saxofoi-ensemblea (sopraninoa, sopranoa, altua, tenorra eta baritonoa)\">ensemble de saxofones (sopranino, soprano, alto, tenor y bar\u00edtono)<\/span><\/p><p><strong>Adaptaci\u00f3n \/ arreglo:<\/strong> <span class=\"ewa-localized\" data-en=\"Transcription for saxophone ensemble: Diego Marani.\" data-eu=\"Saxofoi-ensemblerako transkripzioa: Diego Marani.\">transcripci\u00f3n para ensemble de saxofones: Diego Marani<\/span><\/p><p><strong>Programa:<\/strong> Desplazatu + Ensemble Eibarsax \u00b7 Ensemble Eibarsax<\/p><a class=\"ewa-jump\" href=\"#2026-07-11-ensemble-eibarsax-desplazatu\" data-target=\"2026-07-11-ensemble-eibarsax-desplazatu\" data-year=\"2026\">Ver el programa dentro de la edici\u00f3n<\/a><\/div>\n    <\/details>\n    <details class=\"ewa-catalog-row\" data-work-id=\"obra-41-john-cage-four-to-the-fifth\" data-record-type=\"work\" data-year=\"2025\" data-work-year=\"1991\" data-instruments=\"sopranino,soprano,alto,tenor,baritono\" data-formation=\"ensemble\" data-premiere=\"\" data-search=\"john-cage-four-to-the-fifth-ensemble-eibarsax-concierto-final-ensemble-eibarsax-12-saxophone-ensemble-including-sopranino-and-4-tenors-ensemble\" data-composer=\"john cage\" data-title=\"four to the fifth\">\n      <summary>\n        <span class=\"ewa-cell ewa-cell-composer\"><span class=\"ewa-mobile-label\">Compositor<\/span><strong>John Cage<\/strong><\/span>\n        <span class=\"ewa-cell ewa-cell-work\"><span class=\"ewa-mobile-label\">Obra<\/span><em>Four to the Fifth<\/em> <span class=\"ewa-work-year\">(1991)<\/span><\/span>\n        <span class=\"ewa-cell ewa-cell-formation\"><span class=\"ewa-mobile-label\">Formaci\u00f3n<\/span>Ensemble<small>Sopranino \u00b7 Soprano \u00b7 Alto \u00b7 Tenor \u00b7 Bar\u00edtono<\/small><\/span>\n        <span class=\"ewa-cell ewa-cell-edition\"><span class=\"ewa-mobile-label\">Edici\u00f3n<\/span>2025<\/span>\n        <span class=\"ewa-row-open\" aria-hidden=\"true\">+<\/span>\n      <\/summary>\n      <div class=\"ewa-catalog-detail\"><p><strong>Instrumentaci\u00f3n:<\/strong> <span class=\"ewa-localized\" data-en=\"12-saxophone ensemble, including sopranino and 4 tenors\" data-eu=\"12 saxofoiko ensemblea, sopraninoa eta 4 tenore barne\">12-saxophone ensemble, including sopranino and 4 tenors<\/span><\/p><p><strong>Programa:<\/strong> Concierto final \u00b7 Ensemble Eibarsax \u00b7 Ensemble Eibarsax<\/p><a class=\"ewa-jump\" href=\"#2025-07-12-final-concert\" data-target=\"2025-07-12-final-concert\" data-year=\"2025\">Ver el programa dentro de la edici\u00f3n<\/a><\/div>\n    <\/details>\n    <details class=\"ewa-catalog-row\" data-work-id=\"obra-27-claude-debussy-prelude-a-l-apres-midi-d-un-faune-l-86\" data-record-type=\"work\" data-year=\"2026\" data-work-year=\"1894\" data-instruments=\"soprano,piano\" data-formation=\"saxofon-y-piano\" data-premiere=\"\" data-search=\"claude-debussy-prelude-a-l-apres-midi-d-un-faune-l-86-juana-palop-tecles-tobias-borsboom-juana-palop-tecles-tobias-borsboom-saxofon-soprano-y-piano-saxofon-y-piano-transcripcion-para-saxofon-soprano-y-piano-autoria-no-identificada\" data-composer=\"claude debussy\" data-title=\"prelude a l&#x27;apres-midi d&#x27;un faune, l. 86\">\n      <summary>\n        <span class=\"ewa-cell ewa-cell-composer\"><span class=\"ewa-mobile-label\">Compositor<\/span><strong>Claude Debussy<\/strong><\/span>\n        <span class=\"ewa-cell ewa-cell-work\"><span class=\"ewa-mobile-label\">Obra<\/span><em>Pr\u00e9lude \u00e0 l&#x27;apr\u00e8s-midi d&#x27;un faune, L. 86<\/em> <span class=\"ewa-work-year\">(1894)<\/span><\/span>\n        <span class=\"ewa-cell ewa-cell-formation\"><span class=\"ewa-mobile-label\">Formaci\u00f3n<\/span>Saxof\u00f3n y piano<small>Soprano \u00b7 Piano<\/small><\/span>\n        <span class=\"ewa-cell ewa-cell-edition\"><span class=\"ewa-mobile-label\">Edici\u00f3n<\/span>2026<\/span>\n        <span class=\"ewa-row-open\" aria-hidden=\"true\">+<\/span>\n      <\/summary>\n      <div class=\"ewa-catalog-detail\"><p><strong>Instrumentaci\u00f3n:<\/strong> <span class=\"ewa-localized\" data-en=\"soprano saxophone and piano\" data-eu=\"saxofoi sopranoa eta pianoa\">saxof\u00f3n soprano y piano<\/span><\/p><p><strong>Adaptaci\u00f3n \/ arreglo:<\/strong> <span class=\"ewa-localized\" data-en=\"Transcription for soprano saxophone and piano; arranger unidentified.\" data-eu=\"Saxofoi soprano eta pianorako transkripzioa; moldatzailea identifikatu gabe.\">Transcripci\u00f3n para saxof\u00f3n soprano y piano; autor\u00eda no identificada.<\/span><\/p><p><strong>Programa:<\/strong> Juana Palop Tecles + Tobias Borsboom \u00b7 Juana Palop Tecles \u00b7 Tobias Borsboom<\/p><a class=\"ewa-jump\" href=\"#2026-07-06-juana-palop-tecles\" data-target=\"2026-07-06-juana-palop-tecles\" data-year=\"2026\">Ver el programa dentro de la edici\u00f3n<\/a><\/div>\n    <\/details>\n    <details class=\"ewa-catalog-row\" data-work-id=\"obra-53-claude-debussy-premiere-rhapsodie\" data-record-type=\"work\" data-year=\"2025\" data-work-year=\"1909\" data-instruments=\"soprano,piano\" data-formation=\"saxofon-y-piano\" data-premiere=\"\" data-search=\"claude-debussy-premiere-rhapsodie-juana-palop-arno-bornkamp-tobias-borsboom-presencia-lirica-saxofon-soprano-y-piano-saxofon-y-piano-transcripcion-para-saxofon-soprano-y-piano-autoria-no-identificada\" data-composer=\"claude debussy\" data-title=\"premiere rhapsodie\">\n      <summary>\n        <span class=\"ewa-cell ewa-cell-composer\"><span class=\"ewa-mobile-label\">Compositor<\/span><strong>Claude Debussy<\/strong><\/span>\n        <span class=\"ewa-cell ewa-cell-work\"><span class=\"ewa-mobile-label\">Obra<\/span><em>Premiere Rhapsodie<\/em> <span class=\"ewa-work-year\">(1909-1910)<\/span><\/span>\n        <span class=\"ewa-cell ewa-cell-formation\"><span class=\"ewa-mobile-label\">Formaci\u00f3n<\/span>Saxof\u00f3n y piano<small>Soprano \u00b7 Piano<\/small><\/span>\n        <span class=\"ewa-cell ewa-cell-edition\"><span class=\"ewa-mobile-label\">Edici\u00f3n<\/span>2025<\/span>\n        <span class=\"ewa-row-open\" aria-hidden=\"true\">+<\/span>\n      <\/summary>\n      <div class=\"ewa-catalog-detail\"><p><strong>Instrumentaci\u00f3n:<\/strong> <span class=\"ewa-localized\" data-en=\"soprano saxophone and piano\" data-eu=\"saxofoi sopranoa eta pianoa\">saxof\u00f3n soprano y piano<\/span><\/p><p><strong>Adaptaci\u00f3n \/ arreglo:<\/strong> <span class=\"ewa-localized\" data-en=\"Transcription for soprano saxophone and piano; arranger unidentified.\" data-eu=\"Saxofoi soprano eta pianorako transkripzioa; moldatzailea identifikatu gabe.\">Transcripci\u00f3n para saxof\u00f3n soprano y piano; autor\u00eda no identificada.<\/span><\/p><p><strong>Programa:<\/strong> Presencia l\u00edrica \u00b7 Juana Palop \u00b7 Arno Bornkamp \u00b7 Tobias Borsboom<\/p><a class=\"ewa-jump\" href=\"#2025-07-08-juana-palop-presencia-lirica\" data-target=\"2025-07-08-juana-palop-presencia-lirica\" data-year=\"2025\">Ver el programa dentro de la edici\u00f3n<\/a><\/div>\n    <\/details>\n    <details class=\"ewa-catalog-row\" data-work-id=\"obra-46-edison-denisov-sonate-for-alto-saxophone-and-piano\" data-record-type=\"work\" data-year=\"2025\" data-work-year=\"1970\" data-instruments=\"alto,piano\" data-formation=\"saxofon-y-piano\" data-premiere=\"\" data-search=\"edison-denisov-sonate-for-alto-saxophone-and-piano-arno-bornkamp-tobias-borsboom-saxophone-sonatas-saxofon-alto-y-piano-saxofon-y-piano\" data-composer=\"edison denisov\" data-title=\"sonate for alto saxophone and piano\">\n      <summary>\n        <span class=\"ewa-cell ewa-cell-composer\"><span class=\"ewa-mobile-label\">Compositor<\/span><strong>Edison Denisov<\/strong><\/span>\n        <span class=\"ewa-cell ewa-cell-work\"><span class=\"ewa-mobile-label\">Obra<\/span><em>Sonate for alto saxophone and piano<\/em> <span class=\"ewa-work-year\">(1970)<\/span><\/span>\n        <span class=\"ewa-cell ewa-cell-formation\"><span class=\"ewa-mobile-label\">Formaci\u00f3n<\/span>Saxof\u00f3n y piano<small>Alto \u00b7 Piano<\/small><\/span>\n        <span class=\"ewa-cell ewa-cell-edition\"><span class=\"ewa-mobile-label\">Edici\u00f3n<\/span>2025<\/span>\n        <span class=\"ewa-row-open\" aria-hidden=\"true\">+<\/span>\n      <\/summary>\n      <div class=\"ewa-catalog-detail\"><p><strong>Instrumentaci\u00f3n:<\/strong> <span class=\"ewa-localized\" data-en=\"alto saxophone and piano\" data-eu=\"saxofoi altua eta pianoa\">saxof\u00f3n alto y piano<\/span><\/p><p><strong>Programa:<\/strong> SAXOPHONE SONATAS \u00b7 Arno Bornkamp \u00b7 Tobias Borsboom<\/p><a class=\"ewa-jump\" href=\"#2025-07-10-arno-tobias-saxophone-sonatas\" data-target=\"2025-07-10-arno-tobias-saxophone-sonatas\" data-year=\"2025\">Ver el programa dentro de la edici\u00f3n<\/a><\/div>\n    <\/details>\n    <details class=\"ewa-catalog-row\" data-work-id=\"obra-7-karlheinz-essl-sequitur-vii\" data-record-type=\"work\" data-year=\"2026\" data-work-year=\"2008\" data-instruments=\"alto,electronica\" data-formation=\"saxofon-y-electronica\" data-premiere=\"\" data-search=\"karlheinz-essl-sequitur-vii-sara-zazo-romero-sara-zazo-romero-saxofon-alto-y-electronica-en-vivo-saxofon-y-electronica\" data-composer=\"karlheinz essl\" data-title=\"sequitur vii\">\n      <summary>\n        <span class=\"ewa-cell ewa-cell-composer\"><span class=\"ewa-mobile-label\">Compositor<\/span><strong>Karlheinz Essl<\/strong><\/span>\n        <span class=\"ewa-cell ewa-cell-work\"><span class=\"ewa-mobile-label\">Obra<\/span><em>Sequitur VII<\/em> <span class=\"ewa-work-year\">(2008)<\/span><\/span>\n        <span class=\"ewa-cell ewa-cell-formation\"><span class=\"ewa-mobile-label\">Formaci\u00f3n<\/span>Saxof\u00f3n y electr\u00f3nica<small>Alto \u00b7 Electr\u00f3nica<\/small><\/span>\n        <span class=\"ewa-cell ewa-cell-edition\"><span class=\"ewa-mobile-label\">Edici\u00f3n<\/span>2026<\/span>\n        <span class=\"ewa-row-open\" aria-hidden=\"true\">+<\/span>\n      <\/summary>\n      <div class=\"ewa-catalog-detail\"><p><strong>Instrumentaci\u00f3n:<\/strong> <span class=\"ewa-localized\" data-en=\"alto saxophone and live electronics\" data-eu=\"saxofoi altua eta zuzeneko elektronika\">saxof\u00f3n alto y electr\u00f3nica en vivo<\/span><\/p><p><strong>Programa:<\/strong> Sara Zazo Romero \u00b7 Sara Zazo Romero<\/p><a class=\"ewa-jump\" href=\"#2026-07-09-sara-zazo\" data-target=\"2026-07-09-sara-zazo\" data-year=\"2026\">Ver el programa dentro de la edici\u00f3n<\/a><\/div>\n    <\/details>\n    <details class=\"ewa-catalog-row\" data-work-id=\"obra-10-elena-firsova-monologue-op-65\" data-record-type=\"work\" data-year=\"2026\" data-work-year=\"1993\" data-instruments=\"alto\" data-formation=\"saxofon-solo\" data-premiere=\"\" data-search=\"elena-firsova-monologue-op-65-sara-zazo-romero-sara-zazo-romero-saxofon-alto-solo-saxofon-solo\" data-composer=\"elena firsova\" data-title=\"monologue op. 65\">\n      <summary>\n        <span class=\"ewa-cell ewa-cell-composer\"><span class=\"ewa-mobile-label\">Compositor<\/span><strong>Elena Firsova<\/strong><\/span>\n        <span class=\"ewa-cell ewa-cell-work\"><span class=\"ewa-mobile-label\">Obra<\/span><em>Monologue op. 65<\/em> <span class=\"ewa-work-year\">(1993)<\/span><\/span>\n        <span class=\"ewa-cell ewa-cell-formation\"><span class=\"ewa-mobile-label\">Formaci\u00f3n<\/span>Saxof\u00f3n solo<small>Alto<\/small><\/span>\n        <span class=\"ewa-cell ewa-cell-edition\"><span class=\"ewa-mobile-label\">Edici\u00f3n<\/span>2026<\/span>\n        <span class=\"ewa-row-open\" aria-hidden=\"true\">+<\/span>\n      <\/summary>\n      <div class=\"ewa-catalog-detail\"><p><strong>Instrumentaci\u00f3n:<\/strong> <span class=\"ewa-localized\" data-en=\"solo alto saxophone\" data-eu=\"saxofoi altua soloan\">saxof\u00f3n alto solo<\/span><\/p><p><strong>Programa:<\/strong> Sara Zazo Romero \u00b7 Sara Zazo Romero<\/p><a class=\"ewa-jump\" href=\"#2026-07-09-sara-zazo\" data-target=\"2026-07-09-sara-zazo\" data-year=\"2026\">Ver el programa dentro de la edici\u00f3n<\/a><\/div>\n    <\/details>\n    <details class=\"ewa-catalog-row\" data-work-id=\"obra-30-graham-fitkin-gate\" data-record-type=\"work\" data-year=\"2026\" data-work-year=\"2001\" data-instruments=\"soprano,piano\" data-formation=\"saxofon-y-piano\" data-premiere=\"\" data-search=\"graham-fitkin-gate-juana-palop-tecles-tobias-borsboom-juana-palop-tecles-tobias-borsboom-saxofon-soprano-y-piano-saxofon-y-piano\" data-composer=\"graham fitkin\" data-title=\"gate\">\n      <summary>\n        <span class=\"ewa-cell ewa-cell-composer\"><span class=\"ewa-mobile-label\">Compositor<\/span><strong>Graham Fitkin<\/strong><\/span>\n        <span class=\"ewa-cell ewa-cell-work\"><span class=\"ewa-mobile-label\">Obra<\/span><em>Gate<\/em> <span class=\"ewa-work-year\">(2001)<\/span><\/span>\n        <span class=\"ewa-cell ewa-cell-formation\"><span class=\"ewa-mobile-label\">Formaci\u00f3n<\/span>Saxof\u00f3n y piano<small>Soprano \u00b7 Piano<\/small><\/span>\n        <span class=\"ewa-cell ewa-cell-edition\"><span class=\"ewa-mobile-label\">Edici\u00f3n<\/span>2026<\/span>\n        <span class=\"ewa-row-open\" aria-hidden=\"true\">+<\/span>\n      <\/summary>\n      <div class=\"ewa-catalog-detail\"><p><strong>Instrumentaci\u00f3n:<\/strong> <span class=\"ewa-localized\" data-en=\"soprano saxophone and piano\" data-eu=\"saxofoi sopranoa eta pianoa\">saxof\u00f3n soprano y piano<\/span><\/p><p><strong>Programa:<\/strong> Juana Palop Tecles + Tobias Borsboom \u00b7 Juana Palop Tecles \u00b7 Tobias Borsboom<\/p><a class=\"ewa-jump\" href=\"#2026-07-06-juana-palop-tecles\" data-target=\"2026-07-06-juana-palop-tecles\" data-year=\"2026\">Ver el programa dentro de la edici\u00f3n<\/a><\/div>\n    <\/details>\n    <details class=\"ewa-catalog-row\" data-work-id=\"obra-54-cesar-franck-sonata-en-la-mayor\" data-record-type=\"work\" data-year=\"2025\" data-work-year=\"1886\" data-instruments=\"alto,piano\" data-formation=\"saxofon-y-piano\" data-premiere=\"\" data-search=\"cesar-franck-sonata-en-la-mayor-juana-palop-arno-bornkamp-tobias-borsboom-presencia-lirica-saxofon-alto-y-piano-saxofon-y-piano-transcripcion-para-saxofon-alto-y-piano-autoria-no-identificada\" data-composer=\"cesar franck\" data-title=\"sonata en la mayor\">\n      <summary>\n        <span class=\"ewa-cell ewa-cell-composer\"><span class=\"ewa-mobile-label\">Compositor<\/span><strong>Cesar Franck<\/strong><\/span>\n        <span class=\"ewa-cell ewa-cell-work\"><span class=\"ewa-mobile-label\">Obra<\/span><em>Sonata en La mayor<\/em> <span class=\"ewa-work-year\">(1886)<\/span><\/span>\n        <span class=\"ewa-cell ewa-cell-formation\"><span class=\"ewa-mobile-label\">Formaci\u00f3n<\/span>Saxof\u00f3n y piano<small>Alto \u00b7 Piano<\/small><\/span>\n        <span class=\"ewa-cell ewa-cell-edition\"><span class=\"ewa-mobile-label\">Edici\u00f3n<\/span>2025<\/span>\n        <span class=\"ewa-row-open\" aria-hidden=\"true\">+<\/span>\n      <\/summary>\n      <div class=\"ewa-catalog-detail\"><p><strong>Instrumentaci\u00f3n:<\/strong> <span class=\"ewa-localized\" data-en=\"alto saxophone and piano\" data-eu=\"saxofoi altua eta pianoa\">saxof\u00f3n alto y piano<\/span><\/p><p><strong>Adaptaci\u00f3n \/ arreglo:<\/strong> <span class=\"ewa-localized\" data-en=\"Transcription for alto saxophone and piano; arranger unidentified.\" data-eu=\"Saxofoi altu eta pianorako transkripzioa; moldatzailea identifikatu gabe.\">Transcripci\u00f3n para saxof\u00f3n alto y piano; autor\u00eda no identificada.<\/span><\/p><p><strong>Programa:<\/strong> Presencia l\u00edrica \u00b7 Juana Palop \u00b7 Arno Bornkamp \u00b7 Tobias Borsboom<\/p><a class=\"ewa-jump\" href=\"#2025-07-08-juana-palop-presencia-lirica\" data-target=\"2025-07-08-juana-palop-presencia-lirica\" data-year=\"2025\">Ver el programa dentro de la edici\u00f3n<\/a><\/div>\n    <\/details>\n    <details class=\"ewa-catalog-row\" data-work-id=\"obra-40-giovanni-gabrieli-canzona-xv\" data-record-type=\"work\" data-year=\"2025\" data-work-year=\"1615\" data-instruments=\"sopranino,soprano,alto,tenor,baritono\" data-formation=\"ensemble\" data-premiere=\"\" data-search=\"giovanni-gabrieli-canzona-xv-ensemble-eibarsax-concierto-final-ensemble-eibarsax-12-saxophone-ensemble-including-sopranino-ensemble-transcripcion-para-ensemble-de-saxofones-autoria-no-identificada\" data-composer=\"giovanni gabrieli\" data-title=\"canzona xv\">\n      <summary>\n        <span class=\"ewa-cell ewa-cell-composer\"><span class=\"ewa-mobile-label\">Compositor<\/span><strong>Giovanni Gabrieli<\/strong><\/span>\n        <span class=\"ewa-cell ewa-cell-work\"><span class=\"ewa-mobile-label\">Obra<\/span><em>Canzona XV<\/em> <span class=\"ewa-work-year\">(pub. 1615)<\/span><\/span>\n        <span class=\"ewa-cell ewa-cell-formation\"><span class=\"ewa-mobile-label\">Formaci\u00f3n<\/span>Ensemble<small>Sopranino \u00b7 Soprano \u00b7 Alto \u00b7 Tenor \u00b7 Bar\u00edtono<\/small><\/span>\n        <span class=\"ewa-cell ewa-cell-edition\"><span class=\"ewa-mobile-label\">Edici\u00f3n<\/span>2025<\/span>\n        <span class=\"ewa-row-open\" aria-hidden=\"true\">+<\/span>\n      <\/summary>\n      <div class=\"ewa-catalog-detail\"><p><strong>Instrumentaci\u00f3n:<\/strong> <span class=\"ewa-localized\" data-en=\"12-saxophone ensemble, including sopranino\" data-eu=\"12 saxofoiko ensemblea, sopraninoa barne\">12-saxophone ensemble, including sopranino<\/span><\/p><p><strong>Adaptaci\u00f3n \/ arreglo:<\/strong> <span class=\"ewa-localized\" data-en=\"Transcription for saxophone ensemble; arranger unidentified.\" data-eu=\"Saxofoi-ensemblerako transkripzioa; moldatzailea identifikatu gabe.\">Transcripci\u00f3n para ensemble de saxofones; autor\u00eda no identificada.<\/span><\/p><p><strong>Programa:<\/strong> Concierto final \u00b7 Ensemble Eibarsax \u00b7 Ensemble Eibarsax<\/p><a class=\"ewa-jump\" href=\"#2025-07-12-final-concert\" data-target=\"2025-07-12-final-concert\" data-year=\"2025\">Ver el programa dentro de la edici\u00f3n<\/a><\/div>\n    <\/details>\n    <details class=\"ewa-catalog-row\" data-work-id=\"obra-20-alexander-glazunov-chant-du-menestrel-op-71\" data-record-type=\"work\" data-year=\"2026\" data-work-year=\"1900\" data-instruments=\"alto,piano\" data-formation=\"saxofon-y-piano\" data-premiere=\"\" data-search=\"alexander-glazunov-chant-du-menestrel-op-71-xavier-larsson-tobias-borsboom-xavier-larsson-tobias-borsboom-saxofon-alto-y-piano-saxofon-y-piano-transcripcion-para-saxofon-alto-y-piano-autoria-no-identificada\" data-composer=\"alexander glazunov\" data-title=\"chant du menestrel, op. 71\">\n      <summary>\n        <span class=\"ewa-cell ewa-cell-composer\"><span class=\"ewa-mobile-label\">Compositor<\/span><strong>Alexander Glazunov<\/strong><\/span>\n        <span class=\"ewa-cell ewa-cell-work\"><span class=\"ewa-mobile-label\">Obra<\/span><em>Chant du menestrel, op. 71<\/em> <span class=\"ewa-work-year\">(1900\/1901)<\/span><\/span>\n        <span class=\"ewa-cell ewa-cell-formation\"><span class=\"ewa-mobile-label\">Formaci\u00f3n<\/span>Saxof\u00f3n y piano<small>Alto \u00b7 Piano<\/small><\/span>\n        <span class=\"ewa-cell ewa-cell-edition\"><span class=\"ewa-mobile-label\">Edici\u00f3n<\/span>2026<\/span>\n        <span class=\"ewa-row-open\" aria-hidden=\"true\">+<\/span>\n      <\/summary>\n      <div class=\"ewa-catalog-detail\"><p><strong>Instrumentaci\u00f3n:<\/strong> <span class=\"ewa-localized\" data-en=\"alto saxophone and piano\" data-eu=\"saxofoi altua eta pianoa\">saxof\u00f3n alto y piano<\/span><\/p><p><strong>Adaptaci\u00f3n \/ arreglo:<\/strong> <span class=\"ewa-localized\" data-en=\"Transcription for alto saxophone and piano; arranger unidentified.\" data-eu=\"Saxofoi altu eta pianorako transkripzioa; moldatzailea identifikatu gabe.\">Transcripci\u00f3n para saxof\u00f3n alto y piano; autor\u00eda no identificada.<\/span><\/p><p><strong>Programa:<\/strong> Xavier Larsson + Tobias Borsboom \u00b7 Xavier Larsson \u00b7 Tobias Borsboom<\/p><a class=\"ewa-jump\" href=\"#2026-07-07-xavier-larsson\" data-target=\"2026-07-07-xavier-larsson\" data-year=\"2026\">Ver el programa dentro de la edici\u00f3n<\/a><\/div>\n    <\/details>\n    <details class=\"ewa-catalog-row\" data-work-id=\"obra-5-alexander-glazunov-saxophone-quartet-in-b-flat-major-op-109\" data-record-type=\"work\" data-year=\"2026\" data-work-year=\"1932\" data-instruments=\"soprano,alto,tenor,baritono\" data-formation=\"cuarteto-de-saxofones\" data-premiere=\"\" data-search=\"alexander-glazunov-saxophone-quartet-in-b-flat-major-op-109-juana-palop-tecles-xavier-larsson-arno-bornkamp-xabier-oruesagasti-sara-zazo-romero-tobias-borsboom-a-la-russe-cuarteto-de-saxofones-soprano-alto-tenor-y-baritono-cuarteto-de-saxofones\" data-composer=\"alexander glazunov\" data-title=\"saxophone quartet in b-flat major, op. 109\">\n      <summary>\n        <span class=\"ewa-cell ewa-cell-composer\"><span class=\"ewa-mobile-label\">Compositor<\/span><strong>Alexander Glazunov<\/strong><\/span>\n        <span class=\"ewa-cell ewa-cell-work\"><span class=\"ewa-mobile-label\">Obra<\/span><em>Saxophone Quartet in B-flat major, op. 109<\/em> <span class=\"ewa-work-year\">(1932)<\/span><\/span>\n        <span class=\"ewa-cell ewa-cell-formation\"><span class=\"ewa-mobile-label\">Formaci\u00f3n<\/span>Cuarteto de saxofones<small>Soprano \u00b7 Alto \u00b7 Tenor \u00b7 Bar\u00edtono<\/small><\/span>\n        <span class=\"ewa-cell ewa-cell-edition\"><span class=\"ewa-mobile-label\">Edici\u00f3n<\/span>2026<\/span>\n        <span class=\"ewa-row-open\" aria-hidden=\"true\">+<\/span>\n      <\/summary>\n      <div class=\"ewa-catalog-detail\"><p><strong>Instrumentaci\u00f3n:<\/strong> <span class=\"ewa-localized\" data-en=\"saxophone quartet: soprano, alto, tenor and baritone\" data-eu=\"saxofoi-laukotea: sopranoa, altua, tenorra eta baritonoa\">cuarteto de saxofones soprano, alto, tenor y bar\u00edtono<\/span><\/p><p><strong>Programa:<\/strong> \u00c0 la russe \u00b7 Juana Palop Tecles \u00b7 Xavier Larsson \u00b7 Arno Bornkamp \u00b7 Xabier Oruesagasti \u00b7 Sara Zazo Romero \u00b7 Tobias Borsboom<\/p><a class=\"ewa-jump\" href=\"#2026-07-10-irakasleen-ganbera-musika\" data-target=\"2026-07-10-irakasleen-ganbera-musika\" data-year=\"2026\">Ver el programa dentro de la edici\u00f3n<\/a><\/div>\n    <\/details>\n    <details class=\"ewa-catalog-row\" data-work-id=\"obra-38-leopold-godowsky-java-suite\" data-record-type=\"work\" data-year=\"2025\" data-work-year=\"1924\" data-instruments=\"piano\" data-formation=\"piano-solo\" data-premiere=\"\" data-search=\"leopold-godowsky-java-suite-tobias-borsboom-piano-errezitaldia-piano-solo-piano-solo\" data-composer=\"leopold godowsky\" data-title=\"java suite\">\n      <summary>\n        <span class=\"ewa-cell ewa-cell-composer\"><span class=\"ewa-mobile-label\">Compositor<\/span><strong>Leopold Godowsky<\/strong><\/span>\n        <span class=\"ewa-cell ewa-cell-work\"><span class=\"ewa-mobile-label\">Obra<\/span><em>Java Suite<\/em> <span class=\"ewa-work-year\">(1924-1925)<\/span><\/span>\n        <span class=\"ewa-cell ewa-cell-formation\"><span class=\"ewa-mobile-label\">Formaci\u00f3n<\/span>Piano solo<small>Piano<\/small><\/span>\n        <span class=\"ewa-cell ewa-cell-edition\"><span class=\"ewa-mobile-label\">Edici\u00f3n<\/span>2025<\/span>\n        <span class=\"ewa-row-open\" aria-hidden=\"true\">+<\/span>\n      <\/summary>\n      <div class=\"ewa-catalog-detail\"><p><strong>Instrumentaci\u00f3n:<\/strong> <span class=\"ewa-localized\" data-en=\"solo piano\" data-eu=\"pianoa soloan\">piano solo<\/span><\/p><p><strong>Programa:<\/strong> Piano Errezitaldia \u00b7 Tobias Borsboom<\/p><a class=\"ewa-jump\" href=\"#2025-07-12-tobias-piano-errezitaldia\" data-target=\"2025-07-12-tobias-piano-errezitaldia\" data-year=\"2025\">Ver el programa dentro de la edici\u00f3n<\/a><\/div>\n    <\/details>\n    <details class=\"ewa-catalog-row\" data-work-id=\"obra-26-ida-gotkovsky-brillance\" data-record-type=\"work\" data-year=\"2026\" data-work-year=\"1974\" data-instruments=\"alto,piano\" data-formation=\"saxofon-y-piano\" data-premiere=\"\" data-search=\"ida-gotkovsky-brillance-xavier-larsson-tobias-borsboom-xavier-larsson-tobias-borsboom-saxofon-alto-y-piano-saxofon-y-piano\" data-composer=\"ida gotkovsky\" data-title=\"brillance\">\n      <summary>\n        <span class=\"ewa-cell ewa-cell-composer\"><span class=\"ewa-mobile-label\">Compositor<\/span><strong>Ida Gotkovsky<\/strong><\/span>\n        <span class=\"ewa-cell ewa-cell-work\"><span class=\"ewa-mobile-label\">Obra<\/span><em>Brillance<\/em> <span class=\"ewa-work-year\">(1974)<\/span><\/span>\n        <span class=\"ewa-cell ewa-cell-formation\"><span class=\"ewa-mobile-label\">Formaci\u00f3n<\/span>Saxof\u00f3n y piano<small>Alto \u00b7 Piano<\/small><\/span>\n        <span class=\"ewa-cell ewa-cell-edition\"><span class=\"ewa-mobile-label\">Edici\u00f3n<\/span>2026<\/span>\n        <span class=\"ewa-row-open\" aria-hidden=\"true\">+<\/span>\n      <\/summary>\n      <div class=\"ewa-catalog-detail\"><p><strong>Instrumentaci\u00f3n:<\/strong> <span class=\"ewa-localized\" data-en=\"alto saxophone and piano\" data-eu=\"saxofoi altua eta pianoa\">saxof\u00f3n alto y piano<\/span><\/p><p><strong>Programa:<\/strong> Xavier Larsson + Tobias Borsboom \u00b7 Xavier Larsson \u00b7 Tobias Borsboom<\/p><a class=\"ewa-jump\" href=\"#2026-07-07-xavier-larsson\" data-target=\"2026-07-07-xavier-larsson\" data-year=\"2026\">Ver el programa dentro de la edici\u00f3n<\/a><\/div>\n    <\/details>\n    <details class=\"ewa-catalog-row\" data-work-id=\"obra-4-sofia-gubaidulina-duo-sonata\" data-record-type=\"work\" data-year=\"2026\" data-work-year=\"1977\" data-instruments=\"baritono\" data-formation=\"duo-de-saxofones\" data-premiere=\"\" data-search=\"sofia-gubaidulina-duo-sonata-juana-palop-tecles-xavier-larsson-arno-bornkamp-xabier-oruesagasti-sara-zazo-romero-tobias-borsboom-a-la-russe-dos-saxofones-baritono-duo-de-saxofones-transcripcion-para-dos-saxofones-baritono-autoria-no-identificada\" data-composer=\"sofia gubaidulina\" data-title=\"duo sonata\">\n      <summary>\n        <span class=\"ewa-cell ewa-cell-composer\"><span class=\"ewa-mobile-label\">Compositor<\/span><strong>Sofia Gubaidulina<\/strong><\/span>\n        <span class=\"ewa-cell ewa-cell-work\"><span class=\"ewa-mobile-label\">Obra<\/span><em>Duo Sonata<\/em> <span class=\"ewa-work-year\">(1977)<\/span><\/span>\n        <span class=\"ewa-cell ewa-cell-formation\"><span class=\"ewa-mobile-label\">Formaci\u00f3n<\/span>D\u00fao de saxofones<small>Bar\u00edtono<\/small><\/span>\n        <span class=\"ewa-cell ewa-cell-edition\"><span class=\"ewa-mobile-label\">Edici\u00f3n<\/span>2026<\/span>\n        <span class=\"ewa-row-open\" aria-hidden=\"true\">+<\/span>\n      <\/summary>\n      <div class=\"ewa-catalog-detail\"><p><strong>Instrumentaci\u00f3n:<\/strong> <span class=\"ewa-localized\" data-en=\"two baritone saxophones\" data-eu=\"bi saxofoi baritono\">dos saxofones bar\u00edtono<\/span><\/p><p><strong>Adaptaci\u00f3n \/ arreglo:<\/strong> <span class=\"ewa-localized\" data-en=\"Transcription for two baritone saxophones; arranger unidentified.\" data-eu=\"Bi saxofoi baritonorako transkripzioa; moldatzailea identifikatu gabe.\">Transcripci\u00f3n para dos saxofones bar\u00edtono; autor\u00eda no identificada.<\/span><\/p><p><strong>Programa:<\/strong> \u00c0 la russe \u00b7 Juana Palop Tecles \u00b7 Xavier Larsson \u00b7 Arno Bornkamp \u00b7 Xabier Oruesagasti \u00b7 Sara Zazo Romero \u00b7 Tobias Borsboom<\/p><a class=\"ewa-jump\" href=\"#2026-07-10-irakasleen-ganbera-musika\" data-target=\"2026-07-10-irakasleen-ganbera-musika\" data-year=\"2026\">Ver el programa dentro de la edici\u00f3n<\/a><\/div>\n    <\/details>\n    <details class=\"ewa-catalog-row\" data-work-id=\"obra-16-tibor-harsanyi-vocalise-d-etude-blues\" data-record-type=\"work\" data-year=\"2026\" data-work-year=\"1930\" data-instruments=\"alto,piano\" data-formation=\"saxofon-y-piano\" data-premiere=\"\" data-search=\"tibor-harsanyi-vocalise-d-etude-blues-arno-bornkamp-tobias-borsboom-ecole-de-paris-co-saxofon-alto-y-piano-saxofon-y-piano-transcripcion-para-saxofon-alto-y-piano-autoria-no-identificada\" data-composer=\"tibor harsanyi\" data-title=\"vocalise d&#x27;etude &quot;blues&quot;\">\n      <summary>\n        <span class=\"ewa-cell ewa-cell-composer\"><span class=\"ewa-mobile-label\">Compositor<\/span><strong>Tibor Harsanyi<\/strong><\/span>\n        <span class=\"ewa-cell ewa-cell-work\"><span class=\"ewa-mobile-label\">Obra<\/span><em>Vocalise d&#x27;etude &quot;Blues&quot;<\/em> <span class=\"ewa-work-year\">(1930)<\/span><\/span>\n        <span class=\"ewa-cell ewa-cell-formation\"><span class=\"ewa-mobile-label\">Formaci\u00f3n<\/span>Saxof\u00f3n y piano<small>Alto \u00b7 Piano<\/small><\/span>\n        <span class=\"ewa-cell ewa-cell-edition\"><span class=\"ewa-mobile-label\">Edici\u00f3n<\/span>2026<\/span>\n        <span class=\"ewa-row-open\" aria-hidden=\"true\">+<\/span>\n      <\/summary>\n      <div class=\"ewa-catalog-detail\"><p><strong>Instrumentaci\u00f3n:<\/strong> <span class=\"ewa-localized\" data-en=\"alto saxophone and piano\" data-eu=\"saxofoi altua eta pianoa\">saxof\u00f3n alto y piano<\/span><\/p><p><strong>Adaptaci\u00f3n \/ arreglo:<\/strong> <span class=\"ewa-localized\" data-en=\"Transcription for alto saxophone and piano; arranger unidentified.\" data-eu=\"Saxofoi altu eta pianorako transkripzioa; moldatzailea identifikatu gabe.\">Transcripci\u00f3n para saxof\u00f3n alto y piano; autor\u00eda no identificada.<\/span><\/p><p><strong>Programa:<\/strong> \u00c9cole de Paris &amp; Co \u00b7 Arno Bornkamp \u00b7 Tobias Borsboom<\/p><a class=\"ewa-jump\" href=\"#2026-07-08-arno-bornkamp-ecole-de-paris\" data-target=\"2026-07-08-arno-bornkamp-ecole-de-paris\" data-year=\"2026\">Ver el programa dentro de la edici\u00f3n<\/a><\/div>\n    <\/details>\n    <details class=\"ewa-catalog-row\" data-work-id=\"obra-44-bernhard-heiden-sonata-for-alto-saxophone-and-piano\" data-record-type=\"work\" data-year=\"2025\" data-work-year=\"1937\" data-instruments=\"alto,piano\" data-formation=\"saxofon-y-piano\" data-premiere=\"\" data-search=\"bernhard-heiden-sonata-for-alto-saxophone-and-piano-arno-bornkamp-tobias-borsboom-saxophone-sonatas-saxofon-alto-y-piano-saxofon-y-piano\" data-composer=\"bernhard heiden\" data-title=\"sonata for alto saxophone and piano\">\n      <summary>\n        <span class=\"ewa-cell ewa-cell-composer\"><span class=\"ewa-mobile-label\">Compositor<\/span><strong>Bernhard Heiden<\/strong><\/span>\n        <span class=\"ewa-cell ewa-cell-work\"><span class=\"ewa-mobile-label\">Obra<\/span><em>Sonata for alto saxophone and piano<\/em> <span class=\"ewa-work-year\">(1937)<\/span><\/span>\n        <span class=\"ewa-cell ewa-cell-formation\"><span class=\"ewa-mobile-label\">Formaci\u00f3n<\/span>Saxof\u00f3n y piano<small>Alto \u00b7 Piano<\/small><\/span>\n        <span class=\"ewa-cell ewa-cell-edition\"><span class=\"ewa-mobile-label\">Edici\u00f3n<\/span>2025<\/span>\n        <span class=\"ewa-row-open\" aria-hidden=\"true\">+<\/span>\n      <\/summary>\n      <div class=\"ewa-catalog-detail\"><p><strong>Instrumentaci\u00f3n:<\/strong> <span class=\"ewa-localized\" data-en=\"alto saxophone and piano\" data-eu=\"saxofoi altua eta pianoa\">saxof\u00f3n alto y piano<\/span><\/p><p><strong>Programa:<\/strong> SAXOPHONE SONATAS \u00b7 Arno Bornkamp \u00b7 Tobias Borsboom<\/p><a class=\"ewa-jump\" href=\"#2025-07-10-arno-tobias-saxophone-sonatas\" data-target=\"2025-07-10-arno-tobias-saxophone-sonatas\" data-year=\"2025\">Ver el programa dentro de la edici\u00f3n<\/a><\/div>\n    <\/details>\n    <details class=\"ewa-catalog-row\" data-work-id=\"obra-45-werner-heider-sonata-in-jazz\" data-record-type=\"work\" data-year=\"2025\" data-work-year=\"1954\" data-instruments=\"alto,piano\" data-formation=\"saxofon-y-piano\" data-premiere=\"\" data-search=\"werner-heider-sonata-in-jazz-arno-bornkamp-tobias-borsboom-saxophone-sonatas-saxofon-alto-y-piano-saxofon-y-piano\" data-composer=\"werner heider\" data-title=\"sonata in jazz\">\n      <summary>\n        <span class=\"ewa-cell ewa-cell-composer\"><span class=\"ewa-mobile-label\">Compositor<\/span><strong>Werner Heider<\/strong><\/span>\n        <span class=\"ewa-cell ewa-cell-work\"><span class=\"ewa-mobile-label\">Obra<\/span><em>Sonata in Jazz<\/em> <span class=\"ewa-work-year\">(1954)<\/span><\/span>\n        <span class=\"ewa-cell ewa-cell-formation\"><span class=\"ewa-mobile-label\">Formaci\u00f3n<\/span>Saxof\u00f3n y piano<small>Alto \u00b7 Piano<\/small><\/span>\n        <span class=\"ewa-cell ewa-cell-edition\"><span class=\"ewa-mobile-label\">Edici\u00f3n<\/span>2025<\/span>\n        <span class=\"ewa-row-open\" aria-hidden=\"true\">+<\/span>\n      <\/summary>\n      <div class=\"ewa-catalog-detail\"><p><strong>Instrumentaci\u00f3n:<\/strong> <span class=\"ewa-localized\" data-en=\"alto saxophone and piano\" data-eu=\"saxofoi altua eta pianoa\">saxof\u00f3n alto y piano<\/span><\/p><p><strong>Programa:<\/strong> SAXOPHONE SONATAS \u00b7 Arno Bornkamp \u00b7 Tobias Borsboom<\/p><a class=\"ewa-jump\" href=\"#2025-07-10-arno-tobias-saxophone-sonatas\" data-target=\"2025-07-10-arno-tobias-saxophone-sonatas\" data-year=\"2025\">Ver el programa dentro de la edici\u00f3n<\/a><\/div>\n    <\/details>\n    <details class=\"ewa-catalog-row\" data-work-id=\"obra-33-paul-hindemith-sonata-para-viola-op-11-n-o-4\" data-record-type=\"work\" data-year=\"2026\" data-work-year=\"1919\" data-instruments=\"baritono,piano\" data-formation=\"saxofon-y-piano\" data-premiere=\"\" data-search=\"paul-hindemith-sonata-para-viola-op-11-n-o-4-xabier-oruesagasti-tobias-borsboom-xabier-oruesagasti-tobias-borsboom-saxofon-baritono-y-piano-saxofon-y-piano-transcripcion-miha-rogina\" data-composer=\"paul hindemith\" data-title=\"sonata para viola, op. 11 n.o 4\">\n      <summary>\n        <span class=\"ewa-cell ewa-cell-composer\"><span class=\"ewa-mobile-label\">Compositor<\/span><strong>Paul Hindemith<\/strong><\/span>\n        <span class=\"ewa-cell ewa-cell-work\"><span class=\"ewa-mobile-label\">Obra<\/span><em>Sonata para viola, op. 11 n.\u00ba 4<\/em> <span class=\"ewa-work-year\">(1919)<\/span><\/span>\n        <span class=\"ewa-cell ewa-cell-formation\"><span class=\"ewa-mobile-label\">Formaci\u00f3n<\/span>Saxof\u00f3n y piano<small>Bar\u00edtono \u00b7 Piano<\/small><\/span>\n        <span class=\"ewa-cell ewa-cell-edition\"><span class=\"ewa-mobile-label\">Edici\u00f3n<\/span>2026<\/span>\n        <span class=\"ewa-row-open\" aria-hidden=\"true\">+<\/span>\n      <\/summary>\n      <div class=\"ewa-catalog-detail\"><p><strong>Instrumentaci\u00f3n:<\/strong> <span class=\"ewa-localized\" data-en=\"baritone saxophone and piano\" data-eu=\"saxofoi baritonoa eta pianoa\">saxof\u00f3n bar\u00edtono y piano<\/span><\/p><p><strong>Adaptaci\u00f3n \/ arreglo:<\/strong> <span class=\"ewa-localized\" data-en=\"Transcription: Miha Rogina.\" data-eu=\"Transkripzioa: Miha Rogina.\">Transcripci\u00f3n: Miha Rogina.<\/span><\/p><p><strong>Programa:<\/strong> Xabier Oruesagasti + Tobias Borsboom \u00b7 Xabier Oruesagasti \u00b7 Tobias Borsboom<\/p><a class=\"ewa-jump\" href=\"#2026-07-05-xabier-oruesagasti-opening-concert\" data-target=\"2026-07-05-xabier-oruesagasti-opening-concert\" data-year=\"2026\">Ver el programa dentro de la edici\u00f3n<\/a><\/div>\n    <\/details>\n    <details class=\"ewa-catalog-row\" data-work-id=\"obra-59-paul-hindemith-sonata-para-viola-op-11-n-o-4\" data-record-type=\"work\" data-year=\"2025\" data-work-year=\"1919\" data-instruments=\"alto,piano\" data-formation=\"saxofon-y-piano\" data-premiere=\"\" data-search=\"paul-hindemith-sonata-para-viola-op-11-n-o-4-xavier-larsson-tobias-borsboom-voz-abierta-saxofon-alto-y-piano-saxofon-y-piano-arreglo-para-saxofon-alto-y-piano\" data-composer=\"paul hindemith\" data-title=\"sonata para viola, op. 11 n.o 4\">\n      <summary>\n        <span class=\"ewa-cell ewa-cell-composer\"><span class=\"ewa-mobile-label\">Compositor<\/span><strong>Paul Hindemith<\/strong><\/span>\n        <span class=\"ewa-cell ewa-cell-work\"><span class=\"ewa-mobile-label\">Obra<\/span><em>Sonata para viola, op. 11 n.\u00ba 4<\/em> <span class=\"ewa-work-year\">(1919)<\/span><\/span>\n        <span class=\"ewa-cell ewa-cell-formation\"><span class=\"ewa-mobile-label\">Formaci\u00f3n<\/span>Saxof\u00f3n y piano<small>Alto \u00b7 Piano<\/small><\/span>\n        <span class=\"ewa-cell ewa-cell-edition\"><span class=\"ewa-mobile-label\">Edici\u00f3n<\/span>2025<\/span>\n        <span class=\"ewa-row-open\" aria-hidden=\"true\">+<\/span>\n      <\/summary>\n      <div class=\"ewa-catalog-detail\"><p><strong>Instrumentaci\u00f3n:<\/strong> <span class=\"ewa-localized\" data-en=\"alto saxophone and piano\" data-eu=\"saxofoi altua eta pianoa\">saxof\u00f3n alto y piano<\/span><\/p><p><strong>Adaptaci\u00f3n \/ arreglo:<\/strong> <span class=\"ewa-localized\" data-en=\"Arrangement for alto saxophone and piano.\" data-eu=\"Saxofoi altu eta pianorako moldaketa.\">Arreglo para saxof\u00f3n alto y piano.<\/span><\/p><p><strong>Programa:<\/strong> Voz abierta \u00b7 Xavier Larsson \u00b7 Tobias Borsboom<\/p><a class=\"ewa-jump\" href=\"#2025-07-07-xavier-larsson-voz-abierta\" data-target=\"2025-07-07-xavier-larsson-voz-abierta\" data-year=\"2025\">Ver el programa dentro de la edici\u00f3n<\/a><\/div>\n    <\/details>\n    <details class=\"ewa-catalog-row\" data-work-id=\"obra-43-paul-hindemith-sonate-for-alto-saxophone-and-piano\" data-record-type=\"work\" data-year=\"2025\" data-work-year=\"1943\" data-instruments=\"alto,piano\" data-formation=\"saxofon-y-piano\" data-premiere=\"\" data-search=\"paul-hindemith-sonate-for-alto-saxophone-and-piano-arno-bornkamp-tobias-borsboom-saxophone-sonatas-saxofon-alto-y-piano-saxofon-y-piano\" data-composer=\"paul hindemith\" data-title=\"sonate for alto saxophone and piano\">\n      <summary>\n        <span class=\"ewa-cell ewa-cell-composer\"><span class=\"ewa-mobile-label\">Compositor<\/span><strong>Paul Hindemith<\/strong><\/span>\n        <span class=\"ewa-cell ewa-cell-work\"><span class=\"ewa-mobile-label\">Obra<\/span><em>Sonate for alto saxophone and piano<\/em> <span class=\"ewa-work-year\">(1943)<\/span><\/span>\n        <span class=\"ewa-cell ewa-cell-formation\"><span class=\"ewa-mobile-label\">Formaci\u00f3n<\/span>Saxof\u00f3n y piano<small>Alto \u00b7 Piano<\/small><\/span>\n        <span class=\"ewa-cell ewa-cell-edition\"><span class=\"ewa-mobile-label\">Edici\u00f3n<\/span>2025<\/span>\n        <span class=\"ewa-row-open\" aria-hidden=\"true\">+<\/span>\n      <\/summary>\n      <div class=\"ewa-catalog-detail\"><p><strong>Instrumentaci\u00f3n:<\/strong> <span class=\"ewa-localized\" data-en=\"alto saxophone and piano\" data-eu=\"saxofoi altua eta pianoa\">saxof\u00f3n alto y piano<\/span><\/p><p><strong>Programa:<\/strong> SAXOPHONE SONATAS \u00b7 Arno Bornkamp \u00b7 Tobias Borsboom<\/p><a class=\"ewa-jump\" href=\"#2025-07-10-arno-tobias-saxophone-sonatas\" data-target=\"2025-07-10-arno-tobias-saxophone-sonatas\" data-year=\"2025\">Ver el programa dentro de la edici\u00f3n<\/a><\/div>\n    <\/details>\n    <details class=\"ewa-catalog-row\" data-work-id=\"obra-52-andre-jolivet-fantaisie-impromptu\" data-record-type=\"work\" data-year=\"2025\" data-work-year=\"1953\" data-instruments=\"alto,piano\" data-formation=\"saxofon-y-piano\" data-premiere=\"\" data-search=\"andre-jolivet-fantaisie-impromptu-juana-palop-arno-bornkamp-tobias-borsboom-presencia-lirica-saxofon-alto-y-piano-saxofon-y-piano\" data-composer=\"andre jolivet\" data-title=\"fantaisie-impromptu\">\n      <summary>\n        <span class=\"ewa-cell ewa-cell-composer\"><span class=\"ewa-mobile-label\">Compositor<\/span><strong>Andre Jolivet<\/strong><\/span>\n        <span class=\"ewa-cell ewa-cell-work\"><span class=\"ewa-mobile-label\">Obra<\/span><em>Fantaisie-Impromptu<\/em> <span class=\"ewa-work-year\">(1953)<\/span><\/span>\n        <span class=\"ewa-cell ewa-cell-formation\"><span class=\"ewa-mobile-label\">Formaci\u00f3n<\/span>Saxof\u00f3n y piano<small>Alto \u00b7 Piano<\/small><\/span>\n        <span class=\"ewa-cell ewa-cell-edition\"><span class=\"ewa-mobile-label\">Edici\u00f3n<\/span>2025<\/span>\n        <span class=\"ewa-row-open\" aria-hidden=\"true\">+<\/span>\n      <\/summary>\n      <div class=\"ewa-catalog-detail\"><p><strong>Instrumentaci\u00f3n:<\/strong> <span class=\"ewa-localized\" data-en=\"alto saxophone and piano\" data-eu=\"saxofoi altua eta pianoa\">saxof\u00f3n alto y piano<\/span><\/p><p><strong>Programa:<\/strong> Presencia l\u00edrica \u00b7 Juana Palop \u00b7 Arno Bornkamp \u00b7 Tobias Borsboom<\/p><a class=\"ewa-jump\" href=\"#2025-07-08-juana-palop-presencia-lirica\" data-target=\"2025-07-08-juana-palop-presencia-lirica\" data-year=\"2025\">Ver el programa dentro de la edici\u00f3n<\/a><\/div>\n    <\/details>\n    <details class=\"ewa-catalog-row\" data-work-id=\"obra-2-m-william-karlins-nostalgie\" data-record-type=\"work\" data-year=\"2026\" data-work-year=\"1991\" data-instruments=\"sopranino,soprano,alto,tenor,baritono\" data-formation=\"ensemble\" data-premiere=\"\" data-search=\"m-william-karlins-nostalgie-ensemble-eibarsax-desplazatu-ensemble-eibarsax-ensemble-de-saxofones-sopranino-soprano-alto-tenor-y-baritono-ensemble\" data-composer=\"m. william karlins\" data-title=\"nostalgie\">\n      <summary>\n        <span class=\"ewa-cell ewa-cell-composer\"><span class=\"ewa-mobile-label\">Compositor<\/span><strong>M. William Karlins<\/strong><\/span>\n        <span class=\"ewa-cell ewa-cell-work\"><span class=\"ewa-mobile-label\">Obra<\/span><em>Nostalgie<\/em> <span class=\"ewa-work-year\">(1991)<\/span><\/span>\n        <span class=\"ewa-cell ewa-cell-formation\"><span class=\"ewa-mobile-label\">Formaci\u00f3n<\/span>Ensemble<small>Sopranino \u00b7 Soprano \u00b7 Alto \u00b7 Tenor \u00b7 Bar\u00edtono<\/small><\/span>\n        <span class=\"ewa-cell ewa-cell-edition\"><span class=\"ewa-mobile-label\">Edici\u00f3n<\/span>2026<\/span>\n        <span class=\"ewa-row-open\" aria-hidden=\"true\">+<\/span>\n      <\/summary>\n      <div class=\"ewa-catalog-detail\"><p><strong>Instrumentaci\u00f3n:<\/strong> <span class=\"ewa-localized\" data-en=\"saxophone ensemble (sopranino, soprano, alto, tenor and baritone)\" data-eu=\"saxofoi-ensemblea (sopraninoa, sopranoa, altua, tenorra eta baritonoa)\">ensemble de saxofones (sopranino, soprano, alto, tenor y bar\u00edtono)<\/span><\/p><p><strong>Programa:<\/strong> Desplazatu + Ensemble Eibarsax \u00b7 Ensemble Eibarsax<\/p><a class=\"ewa-jump\" href=\"#2026-07-11-ensemble-eibarsax-desplazatu\" data-target=\"2026-07-11-ensemble-eibarsax-desplazatu\" data-year=\"2026\">Ver el programa dentro de la edici\u00f3n<\/a><\/div>\n    <\/details>\n    <details class=\"ewa-catalog-row\" data-work-id=\"obra-57-wijnand-van-klaveren-sonata-a-la-maniere-de-francis-poulenc\" data-record-type=\"work\" data-year=\"2025\" data-work-year=\"1998\" data-instruments=\"alto,piano\" data-formation=\"saxofon-y-piano\" data-premiere=\"\" data-search=\"wijnand-van-klaveren-sonata-a-la-maniere-de-francis-poulenc-xavier-larsson-tobias-borsboom-voz-abierta-saxofon-alto-y-piano-saxofon-y-piano\" data-composer=\"wijnand van klaveren\" data-title=\"sonata a la maniere de francis poulenc\">\n      <summary>\n        <span class=\"ewa-cell ewa-cell-composer\"><span class=\"ewa-mobile-label\">Compositor<\/span><strong>Wijnand van Klaveren<\/strong><\/span>\n        <span class=\"ewa-cell ewa-cell-work\"><span class=\"ewa-mobile-label\">Obra<\/span><em>Sonata a la maniere de Francis Poulenc<\/em> <span class=\"ewa-work-year\">(1998)<\/span><\/span>\n        <span class=\"ewa-cell ewa-cell-formation\"><span class=\"ewa-mobile-label\">Formaci\u00f3n<\/span>Saxof\u00f3n y piano<small>Alto \u00b7 Piano<\/small><\/span>\n        <span class=\"ewa-cell ewa-cell-edition\"><span class=\"ewa-mobile-label\">Edici\u00f3n<\/span>2025<\/span>\n        <span class=\"ewa-row-open\" aria-hidden=\"true\">+<\/span>\n      <\/summary>\n      <div class=\"ewa-catalog-detail\"><p><strong>Instrumentaci\u00f3n:<\/strong> <span class=\"ewa-localized\" data-en=\"alto saxophone and piano\" data-eu=\"saxofoi altua eta pianoa\">saxof\u00f3n alto y piano<\/span><\/p><p><strong>Programa:<\/strong> Voz abierta \u00b7 Xavier Larsson \u00b7 Tobias Borsboom<\/p><a class=\"ewa-jump\" href=\"#2025-07-07-xavier-larsson-voz-abierta\" data-target=\"2025-07-07-xavier-larsson-voz-abierta\" data-year=\"2025\">Ver el programa dentro de la edici\u00f3n<\/a><\/div>\n    <\/details>\n    <details class=\"ewa-catalog-row\" data-work-id=\"obra-24-fritz-kreisler-praeludium-und-allegro-im-stile-von-pugnani\" data-record-type=\"work\" data-year=\"2026\" data-work-year=\"1905\" data-instruments=\"soprano,piano\" data-formation=\"saxofon-y-piano\" data-premiere=\"estreno-de-adaptacion\" data-search=\"fritz-kreisler-praeludium-und-allegro-im-stile-von-pugnani-xavier-larsson-tobias-borsboom-xavier-larsson-tobias-borsboom-saxofon-soprano-y-piano-saxofon-y-piano-adaptacion-para-saxofon-soprano-y-piano-xavier-larsson\" data-composer=\"fritz kreisler\" data-title=\"praeludium und allegro im stile von pugnani\">\n      <summary>\n        <span class=\"ewa-cell ewa-cell-composer\"><span class=\"ewa-mobile-label\">Compositor<\/span><strong>Fritz Kreisler<\/strong><\/span>\n        <span class=\"ewa-cell ewa-cell-work\"><span class=\"ewa-mobile-label\">Obra<\/span><em>Praeludium und Allegro im Stile von Pugnani<\/em> <span class=\"ewa-work-year\">(1905)<\/span><span class=\"ewa-badge ewa-badge-special\">Estreno de adaptaci\u00f3n<\/span><\/span>\n        <span class=\"ewa-cell ewa-cell-formation\"><span class=\"ewa-mobile-label\">Formaci\u00f3n<\/span>Saxof\u00f3n y piano<small>Soprano \u00b7 Piano<\/small><\/span>\n        <span class=\"ewa-cell ewa-cell-edition\"><span class=\"ewa-mobile-label\">Edici\u00f3n<\/span>2026<\/span>\n        <span class=\"ewa-row-open\" aria-hidden=\"true\">+<\/span>\n      <\/summary>\n      <div class=\"ewa-catalog-detail\"><p><strong>Instrumentaci\u00f3n:<\/strong> <span class=\"ewa-localized\" data-en=\"soprano saxophone and piano\" data-eu=\"saxofoi sopranoa eta pianoa\">saxof\u00f3n soprano y piano<\/span><\/p><p><strong>Adaptaci\u00f3n \/ arreglo:<\/strong> <span class=\"ewa-localized\" data-en=\"Adaptation for soprano saxophone and piano: Xavier Larsson.\" data-eu=\"Saxofoi soprano eta pianorako egokitzapena: Xavier Larsson.\">Adaptaci\u00f3n para saxof\u00f3n soprano y piano: Xavier Larsson.<\/span><\/p><p><strong>Programa:<\/strong> Xavier Larsson + Tobias Borsboom \u00b7 Xavier Larsson \u00b7 Tobias Borsboom<\/p><a class=\"ewa-jump\" href=\"#2026-07-07-xavier-larsson\" data-target=\"2026-07-07-xavier-larsson\" data-year=\"2026\">Ver el programa dentro de la edici\u00f3n<\/a><\/div>\n    <\/details>\n    <details class=\"ewa-catalog-row\" data-work-id=\"obra-17-laszlo-lajtha-intermezzo\" data-record-type=\"work\" data-year=\"2026\" data-work-year=\"1954\" data-instruments=\"alto,piano\" data-formation=\"saxofon-y-piano\" data-premiere=\"\" data-search=\"laszlo-lajtha-intermezzo-arno-bornkamp-tobias-borsboom-ecole-de-paris-co-saxofon-alto-y-piano-saxofon-y-piano\" data-composer=\"laszlo lajtha\" data-title=\"intermezzo\">\n      <summary>\n        <span class=\"ewa-cell ewa-cell-composer\"><span class=\"ewa-mobile-label\">Compositor<\/span><strong>Laszlo Lajtha<\/strong><\/span>\n        <span class=\"ewa-cell ewa-cell-work\"><span class=\"ewa-mobile-label\">Obra<\/span><em>Intermezzo<\/em> <span class=\"ewa-work-year\">(1954)<\/span><\/span>\n        <span class=\"ewa-cell ewa-cell-formation\"><span class=\"ewa-mobile-label\">Formaci\u00f3n<\/span>Saxof\u00f3n y piano<small>Alto \u00b7 Piano<\/small><\/span>\n        <span class=\"ewa-cell ewa-cell-edition\"><span class=\"ewa-mobile-label\">Edici\u00f3n<\/span>2026<\/span>\n        <span class=\"ewa-row-open\" aria-hidden=\"true\">+<\/span>\n      <\/summary>\n      <div class=\"ewa-catalog-detail\"><p><strong>Instrumentaci\u00f3n:<\/strong> <span class=\"ewa-localized\" data-en=\"alto saxophone and piano\" data-eu=\"saxofoi altua eta pianoa\">saxof\u00f3n alto y piano<\/span><\/p><p><strong>Programa:<\/strong> \u00c9cole de Paris &amp; Co \u00b7 Arno Bornkamp \u00b7 Tobias Borsboom<\/p><a class=\"ewa-jump\" href=\"#2026-07-08-arno-bornkamp-ecole-de-paris\" data-target=\"2026-07-08-arno-bornkamp-ecole-de-paris\" data-year=\"2026\">Ver el programa dentro de la edici\u00f3n<\/a><\/div>\n    <\/details>\n    <details class=\"ewa-catalog-row\" data-work-id=\"obra-61-david-lang-press-release\" data-record-type=\"work\" data-year=\"2025\" data-work-year=\"1992\" data-instruments=\"baritono\" data-formation=\"saxofon-solo\" data-premiere=\"\" data-search=\"david-lang-press-release-catarina-paiva-xabier-oruesagasti-a-fragment-of-earth-still-open-to-listen-saxofon-baritono-saxofon-solo-arreglo-version-para-saxofon-baritono\" data-composer=\"david lang\" data-title=\"press release\">\n      <summary>\n        <span class=\"ewa-cell ewa-cell-composer\"><span class=\"ewa-mobile-label\">Compositor<\/span><strong>David Lang<\/strong><\/span>\n        <span class=\"ewa-cell ewa-cell-work\"><span class=\"ewa-mobile-label\">Obra<\/span><em>Press Release<\/em> <span class=\"ewa-work-year\">(1992, rev. 2001)<\/span><\/span>\n        <span class=\"ewa-cell ewa-cell-formation\"><span class=\"ewa-mobile-label\">Formaci\u00f3n<\/span>Saxof\u00f3n solo<small>Bar\u00edtono<\/small><\/span>\n        <span class=\"ewa-cell ewa-cell-edition\"><span class=\"ewa-mobile-label\">Edici\u00f3n<\/span>2025<\/span>\n        <span class=\"ewa-row-open\" aria-hidden=\"true\">+<\/span>\n      <\/summary>\n      <div class=\"ewa-catalog-detail\"><p><strong>Instrumentaci\u00f3n:<\/strong> <span class=\"ewa-localized\" data-en=\"baritone saxophone\" data-eu=\"saxofoi baritonoa\">saxof\u00f3n bar\u00edtono<\/span><\/p><p><strong>Adaptaci\u00f3n \/ arreglo:<\/strong> <span class=\"ewa-localized\" data-en=\"Arrangement \/ version for baritone saxophone.\" data-eu=\"Saxofoi baritonorako moldaketa \/ bertsioa.\">Arreglo \/ versi\u00f3n para saxof\u00f3n bar\u00edtono.<\/span><\/p><p><strong>Programa:<\/strong> A fragment of Earth still open to listen \u00b7 Catarina Paiva \u00b7 Xabier Oruesagasti<\/p><a class=\"ewa-jump\" href=\"#2025-07-06-catarina-paiva-xabier-oruesagasti-fragment-earth\" data-target=\"2025-07-06-catarina-paiva-xabier-oruesagasti-fragment-earth\" data-year=\"2025\">Ver el programa dentro de la edici\u00f3n<\/a><\/div>\n    <\/details>\n    <details class=\"ewa-catalog-row\" data-work-id=\"obra-8-rodrigo-lima-paisagem-sonoro-no-6\" data-record-type=\"work\" data-year=\"2026\" data-work-year=\"2006\" data-instruments=\"alto\" data-formation=\"saxofon-solo\" data-premiere=\"\" data-search=\"rodrigo-lima-paisagem-sonoro-no-6-sara-zazo-romero-sara-zazo-romero-saxofon-alto-solo-saxofon-solo\" data-composer=\"rodrigo lima\" data-title=\"paisagem sonoro no. 6\">\n      <summary>\n        <span class=\"ewa-cell ewa-cell-composer\"><span class=\"ewa-mobile-label\">Compositor<\/span><strong>Rodrigo Lima<\/strong><\/span>\n        <span class=\"ewa-cell ewa-cell-work\"><span class=\"ewa-mobile-label\">Obra<\/span><em>Paisagem sonoro no. 6<\/em> <span class=\"ewa-work-year\">(2006)<\/span><\/span>\n        <span class=\"ewa-cell ewa-cell-formation\"><span class=\"ewa-mobile-label\">Formaci\u00f3n<\/span>Saxof\u00f3n solo<small>Alto<\/small><\/span>\n        <span class=\"ewa-cell ewa-cell-edition\"><span class=\"ewa-mobile-label\">Edici\u00f3n<\/span>2026<\/span>\n        <span class=\"ewa-row-open\" aria-hidden=\"true\">+<\/span>\n      <\/summary>\n      <div class=\"ewa-catalog-detail\"><p><strong>Instrumentaci\u00f3n:<\/strong> <span class=\"ewa-localized\" data-en=\"solo alto saxophone\" data-eu=\"saxofoi altua soloan\">saxof\u00f3n alto solo<\/span><\/p><p><strong>Programa:<\/strong> Sara Zazo Romero \u00b7 Sara Zazo Romero<\/p><a class=\"ewa-jump\" href=\"#2026-07-09-sara-zazo\" data-target=\"2026-07-09-sara-zazo\" data-year=\"2026\">Ver el programa dentro de la edici\u00f3n<\/a><\/div>\n    <\/details>\n    <details class=\"ewa-catalog-row\" data-work-id=\"obra-39-franz-liszt-venezia-e-napoli-gondoliera\" data-record-type=\"work\" data-year=\"2025\" data-work-year=\"1859\" data-instruments=\"piano\" data-formation=\"piano-solo\" data-premiere=\"\" data-search=\"franz-liszt-venezia-e-napoli-gondoliera-tobias-borsboom-piano-errezitaldia-piano-solo-piano-solo\" data-composer=\"franz liszt\" data-title=\"venezia e napoli - gondoliera\">\n      <summary>\n        <span class=\"ewa-cell ewa-cell-composer\"><span class=\"ewa-mobile-label\">Compositor<\/span><strong>Franz Liszt<\/strong><\/span>\n        <span class=\"ewa-cell ewa-cell-work\"><span class=\"ewa-mobile-label\">Obra<\/span><em>Venezia e Napoli &#8211; Gondoliera<\/em> <span class=\"ewa-work-year\">(1859)<\/span><\/span>\n        <span class=\"ewa-cell ewa-cell-formation\"><span class=\"ewa-mobile-label\">Formaci\u00f3n<\/span>Piano solo<small>Piano<\/small><\/span>\n        <span class=\"ewa-cell ewa-cell-edition\"><span class=\"ewa-mobile-label\">Edici\u00f3n<\/span>2025<\/span>\n        <span class=\"ewa-row-open\" aria-hidden=\"true\">+<\/span>\n      <\/summary>\n      <div class=\"ewa-catalog-detail\"><p><strong>Instrumentaci\u00f3n:<\/strong> <span class=\"ewa-localized\" data-en=\"solo piano\" data-eu=\"pianoa soloan\">piano solo<\/span><\/p><p><strong>Programa:<\/strong> Piano Errezitaldia \u00b7 Tobias Borsboom<\/p><a class=\"ewa-jump\" href=\"#2025-07-12-tobias-piano-errezitaldia\" data-target=\"2025-07-12-tobias-piano-errezitaldia\" data-year=\"2025\">Ver el programa dentro de la edici\u00f3n<\/a><\/div>\n    <\/details>\n    <details class=\"ewa-catalog-row\" data-work-id=\"obra-42-joel-love-three-images\" data-record-type=\"work\" data-year=\"2025\" data-work-year=\"2016\" data-instruments=\"sopranino,soprano,alto,tenor,baritono\" data-formation=\"ensemble\" data-premiere=\"\" data-search=\"joel-love-three-images-ensemble-eibarsax-concierto-final-ensemble-eibarsax-mixed-saxophone-ensemble-including-sopranino-8-students-5-teachers-doubling-voices-ensemble\" data-composer=\"joel love\" data-title=\"three images\">\n      <summary>\n        <span class=\"ewa-cell ewa-cell-composer\"><span class=\"ewa-mobile-label\">Compositor<\/span><strong>Joel Love<\/strong><\/span>\n        <span class=\"ewa-cell ewa-cell-work\"><span class=\"ewa-mobile-label\">Obra<\/span><em>Three Images<\/em> <span class=\"ewa-work-year\">(2016)<\/span><\/span>\n        <span class=\"ewa-cell ewa-cell-formation\"><span class=\"ewa-mobile-label\">Formaci\u00f3n<\/span>Ensemble<small>Sopranino \u00b7 Soprano \u00b7 Alto \u00b7 Tenor \u00b7 Bar\u00edtono<\/small><\/span>\n        <span class=\"ewa-cell ewa-cell-edition\"><span class=\"ewa-mobile-label\">Edici\u00f3n<\/span>2025<\/span>\n        <span class=\"ewa-row-open\" aria-hidden=\"true\">+<\/span>\n      <\/summary>\n      <div class=\"ewa-catalog-detail\"><p><strong>Instrumentaci\u00f3n:<\/strong> <span class=\"ewa-localized\" data-en=\"Mixed saxophone ensemble including sopranino, 8 students + 5 teachers doubling parts\" data-eu=\"Saxofoi-ensemble mistoa, sopraninoa barne; 8 ikasle eta 5 irakasle ahotsak bikoizten\">Mixed saxophone ensemble including sopranino, 8 students + 5 teachers doubling voices<\/span><\/p><p><strong>Programa:<\/strong> Concierto final \u00b7 Ensemble Eibarsax \u00b7 Ensemble Eibarsax<\/p><a class=\"ewa-jump\" href=\"#2025-07-12-final-concert\" data-target=\"2025-07-12-final-concert\" data-year=\"2025\">Ver el programa dentro de la edici\u00f3n<\/a><\/div>\n    <\/details>\n    <details class=\"ewa-catalog-row\" data-work-id=\"obra-21-bruno-mantovani-l-incandescence-de-la-bruine\" data-record-type=\"work\" data-year=\"2026\" data-work-year=\"1997\" data-instruments=\"soprano,piano\" data-formation=\"saxofon-y-piano\" data-premiere=\"\" data-search=\"bruno-mantovani-l-incandescence-de-la-bruine-xavier-larsson-tobias-borsboom-xavier-larsson-tobias-borsboom-saxofon-soprano-y-piano-saxofon-y-piano\" data-composer=\"bruno mantovani\" data-title=\"l&#x27;incandescence de la bruine\">\n      <summary>\n        <span class=\"ewa-cell ewa-cell-composer\"><span class=\"ewa-mobile-label\">Compositor<\/span><strong>Bruno Mantovani<\/strong><\/span>\n        <span class=\"ewa-cell ewa-cell-work\"><span class=\"ewa-mobile-label\">Obra<\/span><em>L&#x27;incandescence de la bruine<\/em> <span class=\"ewa-work-year\">(1997)<\/span><\/span>\n        <span class=\"ewa-cell ewa-cell-formation\"><span class=\"ewa-mobile-label\">Formaci\u00f3n<\/span>Saxof\u00f3n y piano<small>Soprano \u00b7 Piano<\/small><\/span>\n        <span class=\"ewa-cell ewa-cell-edition\"><span class=\"ewa-mobile-label\">Edici\u00f3n<\/span>2026<\/span>\n        <span class=\"ewa-row-open\" aria-hidden=\"true\">+<\/span>\n      <\/summary>\n      <div class=\"ewa-catalog-detail\"><p><strong>Instrumentaci\u00f3n:<\/strong> <span class=\"ewa-localized\" data-en=\"soprano saxophone and piano\" data-eu=\"saxofoi sopranoa eta pianoa\">saxof\u00f3n soprano y piano<\/span><\/p><p><strong>Programa:<\/strong> Xavier Larsson + Tobias Borsboom \u00b7 Xavier Larsson \u00b7 Tobias Borsboom<\/p><a class=\"ewa-jump\" href=\"#2026-07-07-xavier-larsson\" data-target=\"2026-07-07-xavier-larsson\" data-year=\"2026\">Ver el programa dentro de la edici\u00f3n<\/a><\/div>\n    <\/details>\n    <details class=\"ewa-catalog-row\" data-work-id=\"obra-62-branford-marsalis-piece-for-solo-baritone-saxophone\" data-record-type=\"work\" data-year=\"2025\" data-work-year=\"2023\" data-instruments=\"baritono\" data-formation=\"saxofon-solo\" data-premiere=\"\" data-search=\"branford-marsalis-piece-for-solo-baritone-saxophone-catarina-paiva-xabier-oruesagasti-a-fragment-of-earth-still-open-to-listen-saxofon-baritono-solo-saxofon-solo\" data-composer=\"branford marsalis\" data-title=\"piece for solo baritone saxophone\">\n      <summary>\n        <span class=\"ewa-cell ewa-cell-composer\"><span class=\"ewa-mobile-label\">Compositor<\/span><strong>Branford Marsalis<\/strong><\/span>\n        <span class=\"ewa-cell ewa-cell-work\"><span class=\"ewa-mobile-label\">Obra<\/span><em>Piece for Solo Baritone Saxophone<\/em> <span class=\"ewa-work-year\">(2023)<\/span><\/span>\n        <span class=\"ewa-cell ewa-cell-formation\"><span class=\"ewa-mobile-label\">Formaci\u00f3n<\/span>Saxof\u00f3n solo<small>Bar\u00edtono<\/small><\/span>\n        <span class=\"ewa-cell ewa-cell-edition\"><span class=\"ewa-mobile-label\">Edici\u00f3n<\/span>2025<\/span>\n        <span class=\"ewa-row-open\" aria-hidden=\"true\">+<\/span>\n      <\/summary>\n      <div class=\"ewa-catalog-detail\"><p><strong>Instrumentaci\u00f3n:<\/strong> <span class=\"ewa-localized\" data-en=\"solo baritone saxophone\" data-eu=\"saxofoi baritonoa soloan\">saxof\u00f3n bar\u00edtono solo<\/span><\/p><p><strong>Programa:<\/strong> A fragment of Earth still open to listen \u00b7 Catarina Paiva \u00b7 Xabier Oruesagasti<\/p><a class=\"ewa-jump\" href=\"#2025-07-06-catarina-paiva-xabier-oruesagasti-fragment-earth\" data-target=\"2025-07-06-catarina-paiva-xabier-oruesagasti-fragment-earth\" data-year=\"2025\">Ver el programa dentro de la edici\u00f3n<\/a><\/div>\n    <\/details>\n    <details class=\"ewa-catalog-row\" data-work-id=\"obra-12-marcel-mihalovici-chant-premier\" data-record-type=\"work\" data-year=\"2026\" data-work-year=\"1974\" data-instruments=\"tenor,piano\" data-formation=\"saxofon-y-piano\" data-premiere=\"\" data-search=\"marcel-mihalovici-chant-premier-arno-bornkamp-tobias-borsboom-ecole-de-paris-co-saxofon-tenor-y-piano-saxofon-y-piano\" data-composer=\"marcel mihalovici\" data-title=\"chant premier\">\n      <summary>\n        <span class=\"ewa-cell ewa-cell-composer\"><span class=\"ewa-mobile-label\">Compositor<\/span><strong>Marcel Mihalovici<\/strong><\/span>\n        <span class=\"ewa-cell ewa-cell-work\"><span class=\"ewa-mobile-label\">Obra<\/span><em>Chant Premier<\/em> <span class=\"ewa-work-year\">(1974)<\/span><\/span>\n        <span class=\"ewa-cell ewa-cell-formation\"><span class=\"ewa-mobile-label\">Formaci\u00f3n<\/span>Saxof\u00f3n y piano<small>Tenor \u00b7 Piano<\/small><\/span>\n        <span class=\"ewa-cell ewa-cell-edition\"><span class=\"ewa-mobile-label\">Edici\u00f3n<\/span>2026<\/span>\n        <span class=\"ewa-row-open\" aria-hidden=\"true\">+<\/span>\n      <\/summary>\n      <div class=\"ewa-catalog-detail\"><p><strong>Instrumentaci\u00f3n:<\/strong> <span class=\"ewa-localized\" data-en=\"tenor saxophone and piano\" data-eu=\"saxofoi tenorra eta pianoa\">saxof\u00f3n tenor y piano<\/span><\/p><p><strong>Programa:<\/strong> \u00c9cole de Paris &amp; Co \u00b7 Arno Bornkamp \u00b7 Tobias Borsboom<\/p><a class=\"ewa-jump\" href=\"#2026-07-08-arno-bornkamp-ecole-de-paris\" data-target=\"2026-07-08-arno-bornkamp-ecole-de-paris\" data-year=\"2026\">Ver el programa dentro de la edici\u00f3n<\/a><\/div>\n    <\/details>\n    <details class=\"ewa-catalog-row\" data-work-id=\"obra-19-robert-muczynski-sonata-op-29\" data-record-type=\"work\" data-year=\"2026\" data-work-year=\"1970\" data-instruments=\"alto,piano\" data-formation=\"saxofon-y-piano\" data-premiere=\"\" data-search=\"robert-muczynski-sonata-op-29-xavier-larsson-tobias-borsboom-xavier-larsson-tobias-borsboom-saxofon-alto-y-piano-saxofon-y-piano\" data-composer=\"robert muczynski\" data-title=\"sonata, op. 29\">\n      <summary>\n        <span class=\"ewa-cell ewa-cell-composer\"><span class=\"ewa-mobile-label\">Compositor<\/span><strong>Robert Muczynski<\/strong><\/span>\n        <span class=\"ewa-cell ewa-cell-work\"><span class=\"ewa-mobile-label\">Obra<\/span><em>Sonata, op. 29<\/em> <span class=\"ewa-work-year\">(1970)<\/span><\/span>\n        <span class=\"ewa-cell ewa-cell-formation\"><span class=\"ewa-mobile-label\">Formaci\u00f3n<\/span>Saxof\u00f3n y piano<small>Alto \u00b7 Piano<\/small><\/span>\n        <span class=\"ewa-cell ewa-cell-edition\"><span class=\"ewa-mobile-label\">Edici\u00f3n<\/span>2026<\/span>\n        <span class=\"ewa-row-open\" aria-hidden=\"true\">+<\/span>\n      <\/summary>\n      <div class=\"ewa-catalog-detail\"><p><strong>Instrumentaci\u00f3n:<\/strong> <span class=\"ewa-localized\" data-en=\"alto saxophone and piano\" data-eu=\"saxofoi altua eta pianoa\">saxof\u00f3n alto y piano<\/span><\/p><p><strong>Programa:<\/strong> Xavier Larsson + Tobias Borsboom \u00b7 Xavier Larsson \u00b7 Tobias Borsboom<\/p><a class=\"ewa-jump\" href=\"#2026-07-07-xavier-larsson\" data-target=\"2026-07-07-xavier-larsson\" data-year=\"2026\">Ver el programa dentro de la edici\u00f3n<\/a><\/div>\n    <\/details>\n    <details class=\"ewa-catalog-row\" data-work-id=\"obra-55-jun-nagao-paganini-lost\" data-record-type=\"work\" data-year=\"2025\" data-work-year=\"2009\" data-instruments=\"alto,piano\" data-formation=\"trio-con-piano\" data-premiere=\"\" data-search=\"jun-nagao-paganini-lost-juana-palop-arno-bornkamp-tobias-borsboom-presencia-lirica-dos-saxofones-altos-y-piano-trio-con-piano\" data-composer=\"jun nagao\" data-title=\"paganini lost\">\n      <summary>\n        <span class=\"ewa-cell ewa-cell-composer\"><span class=\"ewa-mobile-label\">Compositor<\/span><strong>Jun Nagao<\/strong><\/span>\n        <span class=\"ewa-cell ewa-cell-work\"><span class=\"ewa-mobile-label\">Obra<\/span><em>Paganini Lost<\/em> <span class=\"ewa-work-year\">(2009)<\/span><\/span>\n        <span class=\"ewa-cell ewa-cell-formation\"><span class=\"ewa-mobile-label\">Formaci\u00f3n<\/span>Tr\u00edo con piano<small>Alto \u00b7 Piano<\/small><\/span>\n        <span class=\"ewa-cell ewa-cell-edition\"><span class=\"ewa-mobile-label\">Edici\u00f3n<\/span>2025<\/span>\n        <span class=\"ewa-row-open\" aria-hidden=\"true\">+<\/span>\n      <\/summary>\n      <div class=\"ewa-catalog-detail\"><p><strong>Instrumentaci\u00f3n:<\/strong> <span class=\"ewa-localized\" data-en=\"two alto saxophones and piano\" data-eu=\"bi saxofoi altu eta pianoa\">dos saxofones altos y piano<\/span><\/p><p><strong>Programa:<\/strong> Presencia l\u00edrica \u00b7 Juana Palop \u00b7 Arno Bornkamp \u00b7 Tobias Borsboom<\/p><a class=\"ewa-jump\" href=\"#2025-07-08-juana-palop-presencia-lirica\" data-target=\"2025-07-08-juana-palop-presencia-lirica\" data-year=\"2025\">Ver el programa dentro de la edici\u00f3n<\/a><\/div>\n    <\/details>\n    <details class=\"ewa-catalog-row\" data-work-id=\"obra-60-michael-nyman-shaping-the-curve\" data-record-type=\"work\" data-year=\"2025\" data-work-year=\"1990\" data-instruments=\"soprano,piano\" data-formation=\"saxofon-y-piano\" data-premiere=\"\" data-search=\"michael-nyman-shaping-the-curve-xavier-larsson-tobias-borsboom-voz-abierta-saxofon-soprano-y-piano-saxofon-y-piano\" data-composer=\"michael nyman\" data-title=\"shaping the curve\">\n      <summary>\n        <span class=\"ewa-cell ewa-cell-composer\"><span class=\"ewa-mobile-label\">Compositor<\/span><strong>Michael Nyman<\/strong><\/span>\n        <span class=\"ewa-cell ewa-cell-work\"><span class=\"ewa-mobile-label\">Obra<\/span><em>Shaping the Curve<\/em> <span class=\"ewa-work-year\">(1990)<\/span><\/span>\n        <span class=\"ewa-cell ewa-cell-formation\"><span class=\"ewa-mobile-label\">Formaci\u00f3n<\/span>Saxof\u00f3n y piano<small>Soprano \u00b7 Piano<\/small><\/span>\n        <span class=\"ewa-cell ewa-cell-edition\"><span class=\"ewa-mobile-label\">Edici\u00f3n<\/span>2025<\/span>\n        <span class=\"ewa-row-open\" aria-hidden=\"true\">+<\/span>\n      <\/summary>\n      <div class=\"ewa-catalog-detail\"><p><strong>Instrumentaci\u00f3n:<\/strong> <span class=\"ewa-localized\" data-en=\"soprano saxophone and piano\" data-eu=\"saxofoi sopranoa eta pianoa\">saxof\u00f3n soprano y piano<\/span><\/p><p><strong>Programa:<\/strong> Voz abierta \u00b7 Xavier Larsson \u00b7 Tobias Borsboom<\/p><a class=\"ewa-jump\" href=\"#2025-07-07-xavier-larsson-voz-abierta\" data-target=\"2025-07-07-xavier-larsson-voz-abierta\" data-year=\"2025\">Ver el programa dentro de la edici\u00f3n<\/a><\/div>\n    <\/details>\n    <details class=\"ewa-catalog-row\" data-work-id=\"proyecto-14-a-fragment-of-earth-still-open-to-listen\" data-record-type=\"project\" data-year=\"2025\" data-work-year=\"2025\" data-instruments=\"baritono,danza\" data-formation=\"performance\" data-premiere=\"estreno-absoluto\" data-search=\"a-fragment-of-earth-still-open-to-listen-catarina-paiva-xabier-oruesagasti-a-fragment-of-earth-still-open-to-listen-una-performance-site-specific-de-catarina-paiva-y-xabier-oruesagasti-que-une-danza-y-saxofon-la-arquitectura-y-la-acustica-de-cada-espacio-forman-parte-de-la-obra-inspirada-en-la-persistencia-de-la-naturaleza-y-en-la-busqueda-de-equilibrio-entre-dos-voces-que-se-guian-transforman-e-interrumpen-performance\" data-composer=\"catarina paiva  xabier oruesagasti\" data-title=\"a fragment of earth still open to listen\">\n      <summary>\n        <span class=\"ewa-cell ewa-cell-composer\"><span class=\"ewa-mobile-label\">Creaci\u00f3n de<\/span><strong>Catarina Paiva \u00b7 Xabier Oruesagasti<\/strong><\/span>\n        <span class=\"ewa-cell ewa-cell-work\"><span class=\"ewa-mobile-label\">Creaci\u00f3n esc\u00e9nica<\/span><em>A fragment of Earth still open to listen<\/em> <span class=\"ewa-work-year\">(2025)<\/span><span class=\"ewa-badge ewa-badge-special\">Estreno absoluto<\/span><\/span>\n        <span class=\"ewa-cell ewa-cell-formation\"><span class=\"ewa-mobile-label\">Formaci\u00f3n<\/span>Performance<small>Bar\u00edtono \u00b7 Danza<\/small><\/span>\n        <span class=\"ewa-cell ewa-cell-edition\"><span class=\"ewa-mobile-label\">Edici\u00f3n<\/span>2025<\/span>\n        <span class=\"ewa-row-open\" aria-hidden=\"true\">+<\/span>\n      <\/summary>\n      <div class=\"ewa-catalog-detail\"><p><strong>Instrumentaci\u00f3n:<\/strong> <span class=\"ewa-localized\" data-en=\"baritone saxophone and dance (1 dancer)\" data-eu=\"saxofoi baritonoa eta dantza (dantzari 1)\">Saxof\u00f3n bar\u00edtono y danza (1 bailarina)<\/span><\/p><p><strong>Programa:<\/strong> A fragment of Earth still open to listen \u00b7 Catarina Paiva \u00b7 Xabier Oruesagasti<\/p><a class=\"ewa-jump\" href=\"#2025-07-06-catarina-paiva-xabier-oruesagasti-fragment-earth\" data-target=\"2025-07-06-catarina-paiva-xabier-oruesagasti-fragment-earth\" data-year=\"2025\">Ver el programa dentro de la edici\u00f3n<\/a><\/div>\n    <\/details>\n    <details class=\"ewa-catalog-row\" data-work-id=\"obra-49-urska-pompe-zilj\" data-record-type=\"work\" data-year=\"2025\" data-work-year=\"2020\" data-instruments=\"alto\" data-formation=\"saxofon-solo\" data-premiere=\"\" data-search=\"urska-pompe-zilj-sara-zazo-neon-glitched-saxofon-alto-solo-saxofon-solo\" data-composer=\"urska pompe\" data-title=\"zilj\">\n      <summary>\n        <span class=\"ewa-cell ewa-cell-composer\"><span class=\"ewa-mobile-label\">Compositor<\/span><strong>Urska Pompe<\/strong><\/span>\n        <span class=\"ewa-cell ewa-cell-work\"><span class=\"ewa-mobile-label\">Obra<\/span><em>Zilj<\/em> <span class=\"ewa-work-year\">(2020)<\/span><\/span>\n        <span class=\"ewa-cell ewa-cell-formation\"><span class=\"ewa-mobile-label\">Formaci\u00f3n<\/span>Saxof\u00f3n solo<small>Alto<\/small><\/span>\n        <span class=\"ewa-cell ewa-cell-edition\"><span class=\"ewa-mobile-label\">Edici\u00f3n<\/span>2025<\/span>\n        <span class=\"ewa-row-open\" aria-hidden=\"true\">+<\/span>\n      <\/summary>\n      <div class=\"ewa-catalog-detail\"><p><strong>Instrumentaci\u00f3n:<\/strong> <span class=\"ewa-localized\" data-en=\"solo alto saxophone\" data-eu=\"saxofoi altua soloan\">saxof\u00f3n alto solo<\/span><\/p><p><strong>Programa:<\/strong> NEON &amp; GLITCHED \u00b7 Sara Zazo<\/p><a class=\"ewa-jump\" href=\"#2025-07-09-sara-zazo-neon-glitched\" data-target=\"2025-07-09-sara-zazo-neon-glitched\" data-year=\"2025\">Ver el programa dentro de la edici\u00f3n<\/a><\/div>\n    <\/details>\n    <details class=\"ewa-catalog-row\" data-work-id=\"obra-50-nonis-prado-tiempo\" data-record-type=\"work\" data-year=\"2025\" data-work-year=\"2025\" data-instruments=\"soprano,electronica\" data-formation=\"saxofon-y-electronica\" data-premiere=\"\" data-search=\"nonis-prado-tiempo-sara-zazo-neon-glitched-saxofon-soprano-y-electronica-fija-saxofon-y-electronica\" data-composer=\"nonis prado\" data-title=\"tiempo\">\n      <summary>\n        <span class=\"ewa-cell ewa-cell-composer\"><span class=\"ewa-mobile-label\">Compositor<\/span><strong>Nonis Prado<\/strong><\/span>\n        <span class=\"ewa-cell ewa-cell-work\"><span class=\"ewa-mobile-label\">Obra<\/span><em>Tiempo<\/em> <span class=\"ewa-work-year\">(2025)<\/span><\/span>\n        <span class=\"ewa-cell ewa-cell-formation\"><span class=\"ewa-mobile-label\">Formaci\u00f3n<\/span>Saxof\u00f3n y electr\u00f3nica<small>Soprano \u00b7 Electr\u00f3nica<\/small><\/span>\n        <span class=\"ewa-cell ewa-cell-edition\"><span class=\"ewa-mobile-label\">Edici\u00f3n<\/span>2025<\/span>\n        <span class=\"ewa-row-open\" aria-hidden=\"true\">+<\/span>\n      <\/summary>\n      <div class=\"ewa-catalog-detail\"><p><strong>Instrumentaci\u00f3n:<\/strong> <span class=\"ewa-localized\" data-en=\"soprano saxophone and fixed electronics\" data-eu=\"saxofoi sopranoa eta elektronika finkoa\">saxof\u00f3n soprano y electr\u00f3nica fija<\/span><\/p><p><strong>Programa:<\/strong> NEON &amp; GLITCHED \u00b7 Sara Zazo<\/p><a class=\"ewa-jump\" href=\"#2025-07-09-sara-zazo-neon-glitched\" data-target=\"2025-07-09-sara-zazo-neon-glitched\" data-year=\"2025\">Ver el programa dentro de la edici\u00f3n<\/a><\/div>\n    <\/details>\n    <details class=\"ewa-catalog-row\" data-work-id=\"obra-37-maurice-ravel-gaspard-de-la-nuit\" data-record-type=\"work\" data-year=\"2025\" data-work-year=\"1908\" data-instruments=\"piano\" data-formation=\"piano-solo\" data-premiere=\"\" data-search=\"maurice-ravel-gaspard-de-la-nuit-tobias-borsboom-piano-errezitaldia-piano-solo-piano-solo\" data-composer=\"maurice ravel\" data-title=\"gaspard de la nuit\">\n      <summary>\n        <span class=\"ewa-cell ewa-cell-composer\"><span class=\"ewa-mobile-label\">Compositor<\/span><strong>Maurice Ravel<\/strong><\/span>\n        <span class=\"ewa-cell ewa-cell-work\"><span class=\"ewa-mobile-label\">Obra<\/span><em>Gaspard de la Nuit<\/em> <span class=\"ewa-work-year\">(1908)<\/span><\/span>\n        <span class=\"ewa-cell ewa-cell-formation\"><span class=\"ewa-mobile-label\">Formaci\u00f3n<\/span>Piano solo<small>Piano<\/small><\/span>\n        <span class=\"ewa-cell ewa-cell-edition\"><span class=\"ewa-mobile-label\">Edici\u00f3n<\/span>2025<\/span>\n        <span class=\"ewa-row-open\" aria-hidden=\"true\">+<\/span>\n      <\/summary>\n      <div class=\"ewa-catalog-detail\"><p><strong>Instrumentaci\u00f3n:<\/strong> <span class=\"ewa-localized\" data-en=\"solo piano\" data-eu=\"pianoa soloan\">piano solo<\/span><\/p><p><strong>Programa:<\/strong> Piano Errezitaldia \u00b7 Tobias Borsboom<\/p><a class=\"ewa-jump\" href=\"#2025-07-12-tobias-piano-errezitaldia\" data-target=\"2025-07-12-tobias-piano-errezitaldia\" data-year=\"2025\">Ver el programa dentro de la edici\u00f3n<\/a><\/div>\n    <\/details>\n    <details class=\"ewa-catalog-row\" data-work-id=\"obra-36-maurice-ravel-le-tombeau-de-couperin\" data-record-type=\"work\" data-year=\"2025\" data-work-year=\"1914\" data-instruments=\"piano\" data-formation=\"piano-solo\" data-premiere=\"\" data-search=\"maurice-ravel-le-tombeau-de-couperin-tobias-borsboom-piano-errezitaldia-piano-solo-piano-solo\" data-composer=\"maurice ravel\" data-title=\"le tombeau de couperin\">\n      <summary>\n        <span class=\"ewa-cell ewa-cell-composer\"><span class=\"ewa-mobile-label\">Compositor<\/span><strong>Maurice Ravel<\/strong><\/span>\n        <span class=\"ewa-cell ewa-cell-work\"><span class=\"ewa-mobile-label\">Obra<\/span><em>Le Tombeau de Couperin<\/em> <span class=\"ewa-work-year\">(1914-1917)<\/span><\/span>\n        <span class=\"ewa-cell ewa-cell-formation\"><span class=\"ewa-mobile-label\">Formaci\u00f3n<\/span>Piano solo<small>Piano<\/small><\/span>\n        <span class=\"ewa-cell ewa-cell-edition\"><span class=\"ewa-mobile-label\">Edici\u00f3n<\/span>2025<\/span>\n        <span class=\"ewa-row-open\" aria-hidden=\"true\">+<\/span>\n      <\/summary>\n      <div class=\"ewa-catalog-detail\"><p><strong>Instrumentaci\u00f3n:<\/strong> <span class=\"ewa-localized\" data-en=\"solo piano\" data-eu=\"pianoa soloan\">piano solo<\/span><\/p><p><strong>Programa:<\/strong> Piano Errezitaldia \u00b7 Tobias Borsboom<\/p><a class=\"ewa-jump\" href=\"#2025-07-12-tobias-piano-errezitaldia\" data-target=\"2025-07-12-tobias-piano-errezitaldia\" data-year=\"2025\">Ver el programa dentro de la edici\u00f3n<\/a><\/div>\n    <\/details>\n    <details class=\"ewa-catalog-row\" data-work-id=\"obra-31-maurice-ravel-piece-en-forme-de-habanera\" data-record-type=\"work\" data-year=\"2026\" data-work-year=\"1907\" data-instruments=\"alto,piano\" data-formation=\"saxofon-y-piano\" data-premiere=\"\" data-search=\"maurice-ravel-piece-en-forme-de-habanera-xabier-oruesagasti-tobias-borsboom-xabier-oruesagasti-tobias-borsboom-saxofon-alto-y-piano-saxofon-y-piano-transcripcion-jules-viard\" data-composer=\"maurice ravel\" data-title=\"piece en forme de habanera\">\n      <summary>\n        <span class=\"ewa-cell ewa-cell-composer\"><span class=\"ewa-mobile-label\">Compositor<\/span><strong>Maurice Ravel<\/strong><\/span>\n        <span class=\"ewa-cell ewa-cell-work\"><span class=\"ewa-mobile-label\">Obra<\/span><em>Piece en forme de habanera<\/em> <span class=\"ewa-work-year\">(1907)<\/span><\/span>\n        <span class=\"ewa-cell ewa-cell-formation\"><span class=\"ewa-mobile-label\">Formaci\u00f3n<\/span>Saxof\u00f3n y piano<small>Alto \u00b7 Piano<\/small><\/span>\n        <span class=\"ewa-cell ewa-cell-edition\"><span class=\"ewa-mobile-label\">Edici\u00f3n<\/span>2026<\/span>\n        <span class=\"ewa-row-open\" aria-hidden=\"true\">+<\/span>\n      <\/summary>\n      <div class=\"ewa-catalog-detail\"><p><strong>Instrumentaci\u00f3n:<\/strong> <span class=\"ewa-localized\" data-en=\"alto saxophone and piano\" data-eu=\"saxofoi altua eta pianoa\">saxof\u00f3n alto y piano<\/span><\/p><p><strong>Adaptaci\u00f3n \/ arreglo:<\/strong> <span class=\"ewa-localized\" data-en=\"Transcription: Jules Viard.\" data-eu=\"Transkripzioa: Jules Viard.\">Transcripci\u00f3n: Jules Viard.<\/span><\/p><p><strong>Programa:<\/strong> Xabier Oruesagasti + Tobias Borsboom \u00b7 Xabier Oruesagasti \u00b7 Tobias Borsboom<\/p><a class=\"ewa-jump\" href=\"#2026-07-05-xabier-oruesagasti-opening-concert\" data-target=\"2026-07-05-xabier-oruesagasti-opening-concert\" data-year=\"2026\">Ver el programa dentro de la edici\u00f3n<\/a><\/div>\n    <\/details>\n    <details class=\"ewa-catalog-row\" data-work-id=\"proyecto-1-desplazatu\" data-record-type=\"project\" data-year=\"2026\" data-work-year=\"2026\" data-instruments=\"soprano,alto,tenor,baritono,danza,escenografia\" data-formation=\"performance\" data-premiere=\"estreno-absoluto\" data-search=\"desplazatu-catarina-paiva-supervision-musical-sara-zazo-romero-desplazatu-ensemble-eibarsax-desplazatu-es-una-creacion-escenica-concebida-para-el-concierto-final-de-eibarsax-2026-creacion-y-direccion-de-catarina-paiva-con-danza-y-escenografia-integradas-en-la-propuesta-supervision-musical-de-sara-zazo-romero-y-participacion-del-ensemble-eibarsax-la-ficha-recoge-unicamente-la-performance-y-el-repertorio-del-ensemble-el-repertorio-circunstancial-de-jovenes-artistas-permanece-fuera-del-catalogo-principal-performance\" data-composer=\"catarina paiva  supervision musical: sara zazo romero\" data-title=\"desplazatu\">\n      <summary>\n        <span class=\"ewa-cell ewa-cell-composer\"><span class=\"ewa-mobile-label\">Creaci\u00f3n de<\/span><strong>Catarina Paiva \u00b7 supervisi\u00f3n musical: Sara Zazo Romero<\/strong><\/span>\n        <span class=\"ewa-cell ewa-cell-work\"><span class=\"ewa-mobile-label\">Creaci\u00f3n esc\u00e9nica<\/span><em>Desplazatu<\/em> <span class=\"ewa-work-year\">(2026)<\/span><span class=\"ewa-badge ewa-badge-special\">Estreno absoluto<\/span><\/span>\n        <span class=\"ewa-cell ewa-cell-formation\"><span class=\"ewa-mobile-label\">Formaci\u00f3n<\/span>Performance<small>Soprano \u00b7 Alto \u00b7 Tenor \u00b7 Bar\u00edtono \u00b7 Danza \u00b7 Escenograf\u00eda<\/small><\/span>\n        <span class=\"ewa-cell ewa-cell-edition\"><span class=\"ewa-mobile-label\">Edici\u00f3n<\/span>2026<\/span>\n        <span class=\"ewa-row-open\" aria-hidden=\"true\">+<\/span>\n      <\/summary>\n      <div class=\"ewa-catalog-detail\"><p><strong>Instrumentaci\u00f3n:<\/strong> <span class=\"ewa-localized\" data-en=\"soprano, alto, tenor and baritone saxophones, dance and set design\" data-eu=\"saxofoi sopranoa, altua, tenorra eta baritonoa, dantza eta eszenografia\">Saxofones soprano, alto, tenor y bar\u00edtono, danza y escenograf\u00eda<\/span><\/p><p><strong>Programa:<\/strong> Desplazatu + Ensemble Eibarsax \u00b7 Ensemble Eibarsax<\/p><a class=\"ewa-jump\" href=\"#2026-07-11-ensemble-eibarsax-desplazatu\" data-target=\"2026-07-11-ensemble-eibarsax-desplazatu\" data-year=\"2026\">Ver el programa dentro de la edici\u00f3n<\/a><\/div>\n    <\/details>\n    <details class=\"ewa-catalog-row\" data-work-id=\"obra-47-diana-rotaru-meander\" data-record-type=\"work\" data-year=\"2025\" data-work-year=\"2004\" data-instruments=\"alto\" data-formation=\"saxofon-solo\" data-premiere=\"\" data-search=\"diana-rotaru-meander-sara-zazo-neon-glitched-saxofon-alto-solo-saxofon-solo\" data-composer=\"diana rotaru\" data-title=\"meander\">\n      <summary>\n        <span class=\"ewa-cell ewa-cell-composer\"><span class=\"ewa-mobile-label\">Compositor<\/span><strong>Diana Rotaru<\/strong><\/span>\n        <span class=\"ewa-cell ewa-cell-work\"><span class=\"ewa-mobile-label\">Obra<\/span><em>Meander<\/em> <span class=\"ewa-work-year\">(2004)<\/span><\/span>\n        <span class=\"ewa-cell ewa-cell-formation\"><span class=\"ewa-mobile-label\">Formaci\u00f3n<\/span>Saxof\u00f3n solo<small>Alto<\/small><\/span>\n        <span class=\"ewa-cell ewa-cell-edition\"><span class=\"ewa-mobile-label\">Edici\u00f3n<\/span>2025<\/span>\n        <span class=\"ewa-row-open\" aria-hidden=\"true\">+<\/span>\n      <\/summary>\n      <div class=\"ewa-catalog-detail\"><p><strong>Instrumentaci\u00f3n:<\/strong> <span class=\"ewa-localized\" data-en=\"solo alto saxophone\" data-eu=\"saxofoi altua soloan\">saxof\u00f3n alto solo<\/span><\/p><p><strong>Programa:<\/strong> NEON &amp; GLITCHED \u00b7 Sara Zazo<\/p><a class=\"ewa-jump\" href=\"#2025-07-09-sara-zazo-neon-glitched\" data-target=\"2025-07-09-sara-zazo-neon-glitched\" data-year=\"2025\">Ver el programa dentro de la edici\u00f3n<\/a><\/div>\n    <\/details>\n    <details class=\"ewa-catalog-row\" data-work-id=\"obra-11-doina-rotaru-reina\" data-record-type=\"work\" data-year=\"2026\" data-work-year=\"1996\" data-instruments=\"soprano,electronica\" data-formation=\"saxofon-y-electronica\" data-premiere=\"\" data-search=\"doina-rotaru-reina-sara-zazo-romero-sara-zazo-romero-saxofon-soprano-y-electronica-saxofon-y-electronica\" data-composer=\"doina rotaru\" data-title=\"reina\">\n      <summary>\n        <span class=\"ewa-cell ewa-cell-composer\"><span class=\"ewa-mobile-label\">Compositor<\/span><strong>Doina Rotaru<\/strong><\/span>\n        <span class=\"ewa-cell ewa-cell-work\"><span class=\"ewa-mobile-label\">Obra<\/span><em>Reina<\/em> <span class=\"ewa-work-year\">(1996)<\/span><\/span>\n        <span class=\"ewa-cell ewa-cell-formation\"><span class=\"ewa-mobile-label\">Formaci\u00f3n<\/span>Saxof\u00f3n y electr\u00f3nica<small>Soprano \u00b7 Electr\u00f3nica<\/small><\/span>\n        <span class=\"ewa-cell ewa-cell-edition\"><span class=\"ewa-mobile-label\">Edici\u00f3n<\/span>2026<\/span>\n        <span class=\"ewa-row-open\" aria-hidden=\"true\">+<\/span>\n      <\/summary>\n      <div class=\"ewa-catalog-detail\"><p><strong>Instrumentaci\u00f3n:<\/strong> <span class=\"ewa-localized\" data-en=\"soprano saxophone and electronics\" data-eu=\"saxofoi sopranoa eta elektronika\">saxof\u00f3n soprano y electr\u00f3nica<\/span><\/p><p><strong>Programa:<\/strong> Sara Zazo Romero \u00b7 Sara Zazo Romero<\/p><a class=\"ewa-jump\" href=\"#2026-07-09-sara-zazo\" data-target=\"2026-07-09-sara-zazo\" data-year=\"2026\">Ver el programa dentro de la edici\u00f3n<\/a><\/div>\n    <\/details>\n    <details class=\"ewa-catalog-row\" data-work-id=\"obra-9-naoki-sakata-phytolith-i\" data-record-type=\"work\" data-year=\"2026\" data-work-year=\"2015\" data-instruments=\"tenor,electronica\" data-formation=\"saxofon-y-electronica\" data-premiere=\"estreno-en-espana\" data-search=\"naoki-sakata-phytolith-i-sara-zazo-romero-sara-zazo-romero-saxofon-tenor-y-electronica-saxofon-y-electronica\" data-composer=\"naoki sakata\" data-title=\"phytolith i\">\n      <summary>\n        <span class=\"ewa-cell ewa-cell-composer\"><span class=\"ewa-mobile-label\">Compositor<\/span><strong>Naoki Sakata<\/strong><\/span>\n        <span class=\"ewa-cell ewa-cell-work\"><span class=\"ewa-mobile-label\">Obra<\/span><em>Phytolith I<\/em> <span class=\"ewa-work-year\">(2015\/2026)<\/span><span class=\"ewa-badge ewa-badge-special\">Estreno en Espa\u00f1a<\/span><\/span>\n        <span class=\"ewa-cell ewa-cell-formation\"><span class=\"ewa-mobile-label\">Formaci\u00f3n<\/span>Saxof\u00f3n y electr\u00f3nica<small>Tenor \u00b7 Electr\u00f3nica<\/small><\/span>\n        <span class=\"ewa-cell ewa-cell-edition\"><span class=\"ewa-mobile-label\">Edici\u00f3n<\/span>2026<\/span>\n        <span class=\"ewa-row-open\" aria-hidden=\"true\">+<\/span>\n      <\/summary>\n      <div class=\"ewa-catalog-detail\"><p><strong>Instrumentaci\u00f3n:<\/strong> <span class=\"ewa-localized\" data-en=\"tenor saxophone and electronics\" data-eu=\"saxofoi tenorra eta elektronika\">saxof\u00f3n tenor y electr\u00f3nica<\/span><\/p><p><strong>Programa:<\/strong> Sara Zazo Romero \u00b7 Sara Zazo Romero<\/p><a class=\"ewa-jump\" href=\"#2026-07-09-sara-zazo\" data-target=\"2026-07-09-sara-zazo\" data-year=\"2026\">Ver el programa dentro de la edici\u00f3n<\/a><\/div>\n    <\/details>\n    <details class=\"ewa-catalog-row\" data-work-id=\"obra-58-david-salleras-mi-bailaora\" data-record-type=\"work\" data-year=\"2025\" data-work-year=\"2006\" data-instruments=\"soprano\" data-formation=\"saxofon-solo\" data-premiere=\"\" data-search=\"david-salleras-mi-bailaora-xavier-larsson-tobias-borsboom-voz-abierta-saxofon-soprano-saxofon-solo\" data-composer=\"david salleras\" data-title=\"mi bailaora\">\n      <summary>\n        <span class=\"ewa-cell ewa-cell-composer\"><span class=\"ewa-mobile-label\">Compositor<\/span><strong>David Salleras<\/strong><\/span>\n        <span class=\"ewa-cell ewa-cell-work\"><span class=\"ewa-mobile-label\">Obra<\/span><em>Mi Bailaora<\/em> <span class=\"ewa-work-year\">(2006)<\/span><\/span>\n        <span class=\"ewa-cell ewa-cell-formation\"><span class=\"ewa-mobile-label\">Formaci\u00f3n<\/span>Saxof\u00f3n solo<small>Soprano<\/small><\/span>\n        <span class=\"ewa-cell ewa-cell-edition\"><span class=\"ewa-mobile-label\">Edici\u00f3n<\/span>2025<\/span>\n        <span class=\"ewa-row-open\" aria-hidden=\"true\">+<\/span>\n      <\/summary>\n      <div class=\"ewa-catalog-detail\"><p><strong>Instrumentaci\u00f3n:<\/strong> <span class=\"ewa-localized\" data-en=\"soprano saxophone\" data-eu=\"saxofoi sopranoa\">saxof\u00f3n soprano<\/span><\/p><p><strong>Programa:<\/strong> Voz abierta \u00b7 Xavier Larsson \u00b7 Tobias Borsboom<\/p><a class=\"ewa-jump\" href=\"#2025-07-07-xavier-larsson-voz-abierta\" data-target=\"2025-07-07-xavier-larsson-voz-abierta\" data-year=\"2025\">Ver el programa dentro de la edici\u00f3n<\/a><\/div>\n    <\/details>\n    <details class=\"ewa-catalog-row\" data-work-id=\"obra-13-erik-satie-sports-et-divertissements\" data-record-type=\"work\" data-year=\"2026\" data-work-year=\"1914\" data-instruments=\"piano\" data-formation=\"piano-solo\" data-premiere=\"\" data-search=\"erik-satie-sports-et-divertissements-arno-bornkamp-tobias-borsboom-ecole-de-paris-co-piano-solo-piano-solo\" data-composer=\"erik satie\" data-title=\"sports et divertissements\">\n      <summary>\n        <span class=\"ewa-cell ewa-cell-composer\"><span class=\"ewa-mobile-label\">Compositor<\/span><strong>Erik Satie<\/strong><\/span>\n        <span class=\"ewa-cell ewa-cell-work\"><span class=\"ewa-mobile-label\">Obra<\/span><em>Sports et Divertissements<\/em> <span class=\"ewa-work-year\">(1914)<\/span><\/span>\n        <span class=\"ewa-cell ewa-cell-formation\"><span class=\"ewa-mobile-label\">Formaci\u00f3n<\/span>Piano solo<small>Piano<\/small><\/span>\n        <span class=\"ewa-cell ewa-cell-edition\"><span class=\"ewa-mobile-label\">Edici\u00f3n<\/span>2026<\/span>\n        <span class=\"ewa-row-open\" aria-hidden=\"true\">+<\/span>\n      <\/summary>\n      <div class=\"ewa-catalog-detail\"><p><strong>Instrumentaci\u00f3n:<\/strong> <span class=\"ewa-localized\" data-en=\"solo piano\" data-eu=\"pianoa soloan\">piano solo<\/span><\/p><p><strong>Programa:<\/strong> \u00c9cole de Paris &amp; Co \u00b7 Arno Bornkamp \u00b7 Tobias Borsboom<\/p><a class=\"ewa-jump\" href=\"#2026-07-08-arno-bornkamp-ecole-de-paris\" data-target=\"2026-07-08-arno-bornkamp-ecole-de-paris\" data-year=\"2026\">Ver el programa dentro de la edici\u00f3n<\/a><\/div>\n    <\/details>\n    <details class=\"ewa-catalog-row\" data-work-id=\"obra-23-franz-schubert-impromptu-in-g-flat-major-op-90-no-3-d-899\" data-record-type=\"work\" data-year=\"2026\" data-work-year=\"1827\" data-instruments=\"piano\" data-formation=\"piano-solo\" data-premiere=\"\" data-search=\"franz-schubert-impromptu-in-g-flat-major-op-90-no-3-d-899-xavier-larsson-tobias-borsboom-xavier-larsson-tobias-borsboom-piano-solo-piano-solo\" data-composer=\"franz schubert\" data-title=\"impromptu in g-flat major, op. 90 no. 3, d 899\">\n      <summary>\n        <span class=\"ewa-cell ewa-cell-composer\"><span class=\"ewa-mobile-label\">Compositor<\/span><strong>Franz Schubert<\/strong><\/span>\n        <span class=\"ewa-cell ewa-cell-work\"><span class=\"ewa-mobile-label\">Obra<\/span><em>Impromptu in G-flat major, op. 90 no. 3, D 899<\/em> <span class=\"ewa-work-year\">(1827)<\/span><\/span>\n        <span class=\"ewa-cell ewa-cell-formation\"><span class=\"ewa-mobile-label\">Formaci\u00f3n<\/span>Piano solo<small>Piano<\/small><\/span>\n        <span class=\"ewa-cell ewa-cell-edition\"><span class=\"ewa-mobile-label\">Edici\u00f3n<\/span>2026<\/span>\n        <span class=\"ewa-row-open\" aria-hidden=\"true\">+<\/span>\n      <\/summary>\n      <div class=\"ewa-catalog-detail\"><p><strong>Instrumentaci\u00f3n:<\/strong> <span class=\"ewa-localized\" data-en=\"solo piano\" data-eu=\"pianoa soloan\">piano solo<\/span><\/p><p><strong>Programa:<\/strong> Xavier Larsson + Tobias Borsboom \u00b7 Xavier Larsson \u00b7 Tobias Borsboom<\/p><a class=\"ewa-jump\" href=\"#2026-07-07-xavier-larsson\" data-target=\"2026-07-07-xavier-larsson\" data-year=\"2026\">Ver el programa dentro de la edici\u00f3n<\/a><\/div>\n    <\/details>\n    <details class=\"ewa-catalog-row\" data-work-id=\"obra-35-franz-schubert-moments-musicaux-d-780\" data-record-type=\"work\" data-year=\"2025\" data-work-year=\"1823\" data-instruments=\"piano\" data-formation=\"piano-solo\" data-premiere=\"\" data-search=\"franz-schubert-moments-musicaux-d-780-tobias-borsboom-piano-errezitaldia-piano-solo-piano-solo\" data-composer=\"franz schubert\" data-title=\"moments musicaux (d. 780)\">\n      <summary>\n        <span class=\"ewa-cell ewa-cell-composer\"><span class=\"ewa-mobile-label\">Compositor<\/span><strong>Franz Schubert<\/strong><\/span>\n        <span class=\"ewa-cell ewa-cell-work\"><span class=\"ewa-mobile-label\">Obra<\/span><em>Moments Musicaux (D. 780)<\/em> <span class=\"ewa-work-year\">(1823-1828)<\/span><\/span>\n        <span class=\"ewa-cell ewa-cell-formation\"><span class=\"ewa-mobile-label\">Formaci\u00f3n<\/span>Piano solo<small>Piano<\/small><\/span>\n        <span class=\"ewa-cell ewa-cell-edition\"><span class=\"ewa-mobile-label\">Edici\u00f3n<\/span>2025<\/span>\n        <span class=\"ewa-row-open\" aria-hidden=\"true\">+<\/span>\n      <\/summary>\n      <div class=\"ewa-catalog-detail\"><p><strong>Instrumentaci\u00f3n:<\/strong> <span class=\"ewa-localized\" data-en=\"solo piano\" data-eu=\"pianoa soloan\">piano solo<\/span><\/p><p><strong>Programa:<\/strong> Piano Errezitaldia \u00b7 Tobias Borsboom<\/p><a class=\"ewa-jump\" href=\"#2025-07-12-tobias-piano-errezitaldia\" data-target=\"2025-07-12-tobias-piano-errezitaldia\" data-year=\"2025\">Ver el programa dentro de la edici\u00f3n<\/a><\/div>\n    <\/details>\n    <details class=\"ewa-catalog-row\" data-work-id=\"obra-18-erwin-schulhoff-hot-sonate\" data-record-type=\"work\" data-year=\"2026\" data-work-year=\"1930\" data-instruments=\"alto,piano\" data-formation=\"saxofon-y-piano\" data-premiere=\"\" data-search=\"erwin-schulhoff-hot-sonate-arno-bornkamp-tobias-borsboom-ecole-de-paris-co-saxofon-alto-y-piano-saxofon-y-piano\" data-composer=\"erwin schulhoff\" data-title=\"hot-sonate\">\n      <summary>\n        <span class=\"ewa-cell ewa-cell-composer\"><span class=\"ewa-mobile-label\">Compositor<\/span><strong>Erwin Schulhoff<\/strong><\/span>\n        <span class=\"ewa-cell ewa-cell-work\"><span class=\"ewa-mobile-label\">Obra<\/span><em>Hot-Sonate<\/em> <span class=\"ewa-work-year\">(1930)<\/span><\/span>\n        <span class=\"ewa-cell ewa-cell-formation\"><span class=\"ewa-mobile-label\">Formaci\u00f3n<\/span>Saxof\u00f3n y piano<small>Alto \u00b7 Piano<\/small><\/span>\n        <span class=\"ewa-cell ewa-cell-edition\"><span class=\"ewa-mobile-label\">Edici\u00f3n<\/span>2026<\/span>\n        <span class=\"ewa-row-open\" aria-hidden=\"true\">+<\/span>\n      <\/summary>\n      <div class=\"ewa-catalog-detail\"><p><strong>Instrumentaci\u00f3n:<\/strong> <span class=\"ewa-localized\" data-en=\"alto saxophone and piano\" data-eu=\"saxofoi altua eta pianoa\">saxof\u00f3n alto y piano<\/span><\/p><p><strong>Programa:<\/strong> \u00c9cole de Paris &amp; Co \u00b7 Arno Bornkamp \u00b7 Tobias Borsboom<\/p><a class=\"ewa-jump\" href=\"#2026-07-08-arno-bornkamp-ecole-de-paris\" data-target=\"2026-07-08-arno-bornkamp-ecole-de-paris\" data-year=\"2026\">Ver el programa dentro de la edici\u00f3n<\/a><\/div>\n    <\/details>\n    <details class=\"ewa-catalog-row\" data-work-id=\"obra-25-kenichi-ikuno-sekiguchi-esbozos-fugaces\" data-record-type=\"work\" data-year=\"2026\" data-work-year=\"2019\" data-instruments=\"alto\" data-formation=\"saxofon-solo\" data-premiere=\"\" data-search=\"kenichi-ikuno-sekiguchi-esbozos-fugaces-xavier-larsson-tobias-borsboom-xavier-larsson-tobias-borsboom-saxofon-alto-solo-saxofon-solo\" data-composer=\"kenichi ikuno sekiguchi\" data-title=\"esbozos fugaces\">\n      <summary>\n        <span class=\"ewa-cell ewa-cell-composer\"><span class=\"ewa-mobile-label\">Compositor<\/span><strong>Kenichi Ikuno Sekiguchi<\/strong><\/span>\n        <span class=\"ewa-cell ewa-cell-work\"><span class=\"ewa-mobile-label\">Obra<\/span><em>Esbozos fugaces<\/em> <span class=\"ewa-work-year\">(2019)<\/span><\/span>\n        <span class=\"ewa-cell ewa-cell-formation\"><span class=\"ewa-mobile-label\">Formaci\u00f3n<\/span>Saxof\u00f3n solo<small>Alto<\/small><\/span>\n        <span class=\"ewa-cell ewa-cell-edition\"><span class=\"ewa-mobile-label\">Edici\u00f3n<\/span>2026<\/span>\n        <span class=\"ewa-row-open\" aria-hidden=\"true\">+<\/span>\n      <\/summary>\n      <div class=\"ewa-catalog-detail\"><p><strong>Instrumentaci\u00f3n:<\/strong> <span class=\"ewa-localized\" data-en=\"solo alto saxophone\" data-eu=\"saxofoi altua soloan\">saxof\u00f3n alto solo<\/span><\/p><p><strong>Programa:<\/strong> Xavier Larsson + Tobias Borsboom \u00b7 Xavier Larsson \u00b7 Tobias Borsboom<\/p><a class=\"ewa-jump\" href=\"#2026-07-07-xavier-larsson\" data-target=\"2026-07-07-xavier-larsson\" data-year=\"2026\">Ver el programa dentro de la edici\u00f3n<\/a><\/div>\n    <\/details>\n    <details class=\"ewa-catalog-row\" data-work-id=\"obra-6-dmitri-shostakovich-piano-quintet-in-g-minor-op-57\" data-record-type=\"work\" data-year=\"2026\" data-work-year=\"1940\" data-instruments=\"piano\" data-formation=\"quinteto-con-piano\" data-premiere=\"\" data-search=\"dmitri-shostakovich-piano-quintet-in-g-minor-op-57-juana-palop-tecles-xavier-larsson-arno-bornkamp-xabier-oruesagasti-sara-zazo-romero-tobias-borsboom-a-la-russe-cuarteto-de-saxofones-y-piano-quinteto-con-piano-arreglo-para-cuarteto-de-saxofones-y-piano-johan-van-der-linden\" data-composer=\"dmitri shostakovich\" data-title=\"piano quintet in g minor, op. 57\">\n      <summary>\n        <span class=\"ewa-cell ewa-cell-composer\"><span class=\"ewa-mobile-label\">Compositor<\/span><strong>Dmitri Shostakovich<\/strong><\/span>\n        <span class=\"ewa-cell ewa-cell-work\"><span class=\"ewa-mobile-label\">Obra<\/span><em>Piano Quintet in G minor, op. 57<\/em> <span class=\"ewa-work-year\">(1940)<\/span><\/span>\n        <span class=\"ewa-cell ewa-cell-formation\"><span class=\"ewa-mobile-label\">Formaci\u00f3n<\/span>Quinteto con piano<small>Piano<\/small><\/span>\n        <span class=\"ewa-cell ewa-cell-edition\"><span class=\"ewa-mobile-label\">Edici\u00f3n<\/span>2026<\/span>\n        <span class=\"ewa-row-open\" aria-hidden=\"true\">+<\/span>\n      <\/summary>\n      <div class=\"ewa-catalog-detail\"><p><strong>Instrumentaci\u00f3n:<\/strong> <span class=\"ewa-localized\" data-en=\"saxophone quartet and piano\" data-eu=\"saxofoi-laukotea eta pianoa\">cuarteto de saxofones y piano<\/span><\/p><p><strong>Adaptaci\u00f3n \/ arreglo:<\/strong> <span class=\"ewa-localized\" data-en=\"Arrangement for saxophone quartet and piano: Johan van der Linden.\" data-eu=\"Saxofoi-laukote eta pianorako moldaketa: Johan van der Linden.\">Arreglo para cuarteto de saxofones y piano: Johan van der Linden.<\/span><\/p><p><strong>Programa:<\/strong> \u00c0 la russe \u00b7 Juana Palop Tecles \u00b7 Xavier Larsson \u00b7 Arno Bornkamp \u00b7 Xabier Oruesagasti \u00b7 Sara Zazo Romero \u00b7 Tobias Borsboom<\/p><a class=\"ewa-jump\" href=\"#2026-07-10-irakasleen-ganbera-musika\" data-target=\"2026-07-10-irakasleen-ganbera-musika\" data-year=\"2026\">Ver el programa dentro de la edici\u00f3n<\/a><\/div>\n    <\/details>\n    <details class=\"ewa-catalog-row\" data-work-id=\"obra-14-alexander-tcherepnine-sonatine-sportive\" data-record-type=\"work\" data-year=\"2026\" data-work-year=\"1939\" data-instruments=\"alto,piano\" data-formation=\"saxofon-y-piano\" data-premiere=\"\" data-search=\"alexander-tcherepnine-sonatine-sportive-arno-bornkamp-tobias-borsboom-ecole-de-paris-co-saxofon-alto-y-piano-saxofon-y-piano\" data-composer=\"alexander tcherepnine\" data-title=\"sonatine sportive\">\n      <summary>\n        <span class=\"ewa-cell ewa-cell-composer\"><span class=\"ewa-mobile-label\">Compositor<\/span><strong>Alexander Tch\u00e9repnine<\/strong><\/span>\n        <span class=\"ewa-cell ewa-cell-work\"><span class=\"ewa-mobile-label\">Obra<\/span><em>Sonatine Sportive<\/em> <span class=\"ewa-work-year\">(1939)<\/span><\/span>\n        <span class=\"ewa-cell ewa-cell-formation\"><span class=\"ewa-mobile-label\">Formaci\u00f3n<\/span>Saxof\u00f3n y piano<small>Alto \u00b7 Piano<\/small><\/span>\n        <span class=\"ewa-cell ewa-cell-edition\"><span class=\"ewa-mobile-label\">Edici\u00f3n<\/span>2026<\/span>\n        <span class=\"ewa-row-open\" aria-hidden=\"true\">+<\/span>\n      <\/summary>\n      <div class=\"ewa-catalog-detail\"><p><strong>Instrumentaci\u00f3n:<\/strong> <span class=\"ewa-localized\" data-en=\"alto saxophone and piano\" data-eu=\"saxofoi altua eta pianoa\">saxof\u00f3n alto y piano<\/span><\/p><p><strong>Programa:<\/strong> \u00c9cole de Paris &amp; Co \u00b7 Arno Bornkamp \u00b7 Tobias Borsboom<\/p><a class=\"ewa-jump\" href=\"#2026-07-08-arno-bornkamp-ecole-de-paris\" data-target=\"2026-07-08-arno-bornkamp-ecole-de-paris\" data-year=\"2026\">Ver el programa dentro de la edici\u00f3n<\/a><\/div>\n    <\/details>\n    <details class=\"ewa-catalog-row\" data-work-id=\"obra-51-luis-torres-neon-glitched\" data-record-type=\"work\" data-year=\"2025\" data-work-year=\"2024\" data-instruments=\"baritono,electronica\" data-formation=\"saxofon-y-electronica\" data-premiere=\"estreno-en-espana\" data-search=\"luis-torres-neon-glitched-sara-zazo-neon-glitched-saxofon-baritono-y-electronica-fija-saxofon-y-electronica\" data-composer=\"luis torres\" data-title=\"neon &amp; glitched\">\n      <summary>\n        <span class=\"ewa-cell ewa-cell-composer\"><span class=\"ewa-mobile-label\">Compositor<\/span><strong>Luis Torres<\/strong><\/span>\n        <span class=\"ewa-cell ewa-cell-work\"><span class=\"ewa-mobile-label\">Obra<\/span><em>Neon &amp; Glitched<\/em> <span class=\"ewa-work-year\">(2024-25)<\/span><span class=\"ewa-badge ewa-badge-special\">Estreno en Espa\u00f1a<\/span><\/span>\n        <span class=\"ewa-cell ewa-cell-formation\"><span class=\"ewa-mobile-label\">Formaci\u00f3n<\/span>Saxof\u00f3n y electr\u00f3nica<small>Bar\u00edtono \u00b7 Electr\u00f3nica<\/small><\/span>\n        <span class=\"ewa-cell ewa-cell-edition\"><span class=\"ewa-mobile-label\">Edici\u00f3n<\/span>2025<\/span>\n        <span class=\"ewa-row-open\" aria-hidden=\"true\">+<\/span>\n      <\/summary>\n      <div class=\"ewa-catalog-detail\"><p><strong>Instrumentaci\u00f3n:<\/strong> <span class=\"ewa-localized\" data-en=\"baritone saxophone and fixed electronics\" data-eu=\"saxofoi baritonoa eta elektronika finkoa\">saxof\u00f3n bar\u00edtono y electr\u00f3nica fija<\/span><\/p><p><strong>Programa:<\/strong> NEON &amp; GLITCHED \u00b7 Sara Zazo<\/p><a class=\"ewa-jump\" href=\"#2025-07-09-sara-zazo-neon-glitched\" data-target=\"2025-07-09-sara-zazo-neon-glitched\" data-year=\"2025\">Ver el programa dentro de la edici\u00f3n<\/a><\/div>\n    <\/details>\n    <details class=\"ewa-catalog-row\" data-work-id=\"obra-48-isabel-urrutia-lur\" data-record-type=\"work\" data-year=\"2025\" data-work-year=\"2021\" data-instruments=\"baritono,electronica\" data-formation=\"saxofon-y-electronica\" data-premiere=\"estreno-en-espana\" data-search=\"isabel-urrutia-lur-sara-zazo-neon-glitched-saxofon-baritono-y-ensemble-de-instrumentos-de-tradicion-oral-digitalizados-saxofon-y-electronica\" data-composer=\"isabel urrutia\" data-title=\"lur\">\n      <summary>\n        <span class=\"ewa-cell ewa-cell-composer\"><span class=\"ewa-mobile-label\">Compositor<\/span><strong>Isabel Urrutia<\/strong><\/span>\n        <span class=\"ewa-cell ewa-cell-work\"><span class=\"ewa-mobile-label\">Obra<\/span><em>LUR<\/em> <span class=\"ewa-work-year\">(2021)<\/span><span class=\"ewa-badge ewa-badge-special\">Estreno en Espa\u00f1a<\/span><\/span>\n        <span class=\"ewa-cell ewa-cell-formation\"><span class=\"ewa-mobile-label\">Formaci\u00f3n<\/span>Saxof\u00f3n y electr\u00f3nica<small>Bar\u00edtono \u00b7 Electr\u00f3nica<\/small><\/span>\n        <span class=\"ewa-cell ewa-cell-edition\"><span class=\"ewa-mobile-label\">Edici\u00f3n<\/span>2025<\/span>\n        <span class=\"ewa-row-open\" aria-hidden=\"true\">+<\/span>\n      <\/summary>\n      <div class=\"ewa-catalog-detail\"><p><strong>Instrumentaci\u00f3n:<\/strong> <span class=\"ewa-localized\" data-en=\"baritone saxophone and an ensemble of digitised oral-tradition instruments\" data-eu=\"saxofoi baritonoa eta digitalizatutako ahozko tradizioko instrumentuen ensemblea\">saxof\u00f3n bar\u00edtono y ensemble de instrumentos de tradicion oral digitalizados<\/span><\/p><p><strong>Programa:<\/strong> NEON &amp; GLITCHED \u00b7 Sara Zazo<\/p><a class=\"ewa-jump\" href=\"#2025-07-09-sara-zazo-neon-glitched\" data-target=\"2025-07-09-sara-zazo-neon-glitched\" data-year=\"2025\">Ver el programa dentro de la edici\u00f3n<\/a><\/div>\n    <\/details>\n    <details class=\"ewa-catalog-row\" data-work-id=\"obra-32-louis-vierne-sonate-en-si-mineur-op-27\" data-record-type=\"work\" data-year=\"2026\" data-work-year=\"1910\" data-instruments=\"baritono,piano\" data-formation=\"saxofon-y-piano\" data-premiere=\"\" data-search=\"louis-vierne-sonate-en-si-mineur-op-27-xabier-oruesagasti-tobias-borsboom-xabier-oruesagasti-tobias-borsboom-saxofon-baritono-y-piano-saxofon-y-piano-transcripcion-xabier-oruesagasti\" data-composer=\"louis vierne\" data-title=\"sonate en si mineur, op. 27\">\n      <summary>\n        <span class=\"ewa-cell ewa-cell-composer\"><span class=\"ewa-mobile-label\">Compositor<\/span><strong>Louis Vierne<\/strong><\/span>\n        <span class=\"ewa-cell ewa-cell-work\"><span class=\"ewa-mobile-label\">Obra<\/span><em>Sonate en si mineur, op. 27<\/em> <span class=\"ewa-work-year\">(1910)<\/span><\/span>\n        <span class=\"ewa-cell ewa-cell-formation\"><span class=\"ewa-mobile-label\">Formaci\u00f3n<\/span>Saxof\u00f3n y piano<small>Bar\u00edtono \u00b7 Piano<\/small><\/span>\n        <span class=\"ewa-cell ewa-cell-edition\"><span class=\"ewa-mobile-label\">Edici\u00f3n<\/span>2026<\/span>\n        <span class=\"ewa-row-open\" aria-hidden=\"true\">+<\/span>\n      <\/summary>\n      <div class=\"ewa-catalog-detail\"><p><strong>Instrumentaci\u00f3n:<\/strong> <span class=\"ewa-localized\" data-en=\"baritone saxophone and piano\" data-eu=\"saxofoi baritonoa eta pianoa\">saxof\u00f3n bar\u00edtono y piano<\/span><\/p><p><strong>Adaptaci\u00f3n \/ arreglo:<\/strong> <span class=\"ewa-localized\" data-en=\"Transcription: Xabier Oruesagasti.\" data-eu=\"Transkripzioa: Xabier Oruesagasti.\">Transcripci\u00f3n: Xabier Oruesagasti.<\/span><\/p><p><strong>Programa:<\/strong> Xabier Oruesagasti + Tobias Borsboom \u00b7 Xabier Oruesagasti \u00b7 Tobias Borsboom<\/p><a class=\"ewa-jump\" href=\"#2026-07-05-xabier-oruesagasti-opening-concert\" data-target=\"2026-07-05-xabier-oruesagasti-opening-concert\" data-year=\"2026\">Ver el programa dentro de la edici\u00f3n<\/a><\/div>\n    <\/details>\n    <details class=\"ewa-catalog-row\" data-work-id=\"obra-63-peter-vigh-vlecht\" data-record-type=\"work\" data-year=\"2025\" data-work-year=\"2020\" data-instruments=\"baritono\" data-formation=\"saxofon-solo\" data-premiere=\"\" data-search=\"peter-vigh-vlecht-catarina-paiva-xabier-oruesagasti-a-fragment-of-earth-still-open-to-listen-saxofon-baritono-solo-formato-escenico-con-danza-saxofon-solo\" data-composer=\"peter vigh\" data-title=\"vlecht\">\n      <summary>\n        <span class=\"ewa-cell ewa-cell-composer\"><span class=\"ewa-mobile-label\">Compositor<\/span><strong>Peter Vigh<\/strong><\/span>\n        <span class=\"ewa-cell ewa-cell-work\"><span class=\"ewa-mobile-label\">Obra<\/span><em>Vlecht<\/em> <span class=\"ewa-work-year\">(2020)<\/span><\/span>\n        <span class=\"ewa-cell ewa-cell-formation\"><span class=\"ewa-mobile-label\">Formaci\u00f3n<\/span>Saxof\u00f3n solo<small>Bar\u00edtono<\/small><\/span>\n        <span class=\"ewa-cell ewa-cell-edition\"><span class=\"ewa-mobile-label\">Edici\u00f3n<\/span>2025<\/span>\n        <span class=\"ewa-row-open\" aria-hidden=\"true\">+<\/span>\n      <\/summary>\n      <div class=\"ewa-catalog-detail\"><p><strong>Instrumentaci\u00f3n:<\/strong> <span class=\"ewa-localized\" data-en=\"solo baritone saxophone \/ stage format with dance\" data-eu=\"saxofoi baritonoa soloan \/ dantzadun eszena-formatua\">saxof\u00f3n bar\u00edtono solo \/ formato escenico con danza<\/span><\/p><p><strong>Programa:<\/strong> A fragment of Earth still open to listen \u00b7 Catarina Paiva \u00b7 Xabier Oruesagasti<\/p><a class=\"ewa-jump\" href=\"#2025-07-06-catarina-paiva-xabier-oruesagasti-fragment-earth\" data-target=\"2025-07-06-catarina-paiva-xabier-oruesagasti-fragment-earth\" data-year=\"2025\">Ver el programa dentro de la edici\u00f3n<\/a><\/div>\n    <\/details>\n    <details class=\"ewa-catalog-row\" data-work-id=\"obra-34-shelley-washington-mo-ingus\" data-record-type=\"work\" data-year=\"2026\" data-work-year=\"2016\" data-instruments=\"baritono\" data-formation=\"saxofon-solo\" data-premiere=\"\" data-search=\"shelley-washington-mo-ingus-xabier-oruesagasti-tobias-borsboom-xabier-oruesagasti-tobias-borsboom-saxofon-baritono-solo-saxofon-solo\" data-composer=\"shelley washington\" data-title=\"mo&#x27;ingus\">\n      <summary>\n        <span class=\"ewa-cell ewa-cell-composer\"><span class=\"ewa-mobile-label\">Compositor<\/span><strong>Shelley Washington<\/strong><\/span>\n        <span class=\"ewa-cell ewa-cell-work\"><span class=\"ewa-mobile-label\">Obra<\/span><em>Mo&#x27;ingus<\/em> <span class=\"ewa-work-year\">(2016, rev. 2019)<\/span><\/span>\n        <span class=\"ewa-cell ewa-cell-formation\"><span class=\"ewa-mobile-label\">Formaci\u00f3n<\/span>Saxof\u00f3n solo<small>Bar\u00edtono<\/small><\/span>\n        <span class=\"ewa-cell ewa-cell-edition\"><span class=\"ewa-mobile-label\">Edici\u00f3n<\/span>2026<\/span>\n        <span class=\"ewa-row-open\" aria-hidden=\"true\">+<\/span>\n      <\/summary>\n      <div class=\"ewa-catalog-detail\"><p><strong>Instrumentaci\u00f3n:<\/strong> <span class=\"ewa-localized\" data-en=\"solo baritone saxophone\" data-eu=\"saxofoi baritonoa soloan\">saxof\u00f3n bar\u00edtono solo<\/span><\/p><p><strong>Programa:<\/strong> Xabier Oruesagasti + Tobias Borsboom \u00b7 Xabier Oruesagasti \u00b7 Tobias Borsboom<\/p><a class=\"ewa-jump\" href=\"#2026-07-05-xabier-oruesagasti-opening-concert\" data-target=\"2026-07-05-xabier-oruesagasti-opening-concert\" data-year=\"2026\">Ver el programa dentro de la edici\u00f3n<\/a><\/div>\n    <\/details><\/div>\n      <div class=\"ewa-empty\" hidden>No hay obras que coincidan con estos filtros.<\/div>\n    <\/section>\n    <section class=\"ewa-panel\" data-panel=\"editions\" hidden><div class=\"ewa-section-intro\"><h2>Programas por edici\u00f3n<\/h2><p>Consulta cada edici\u00f3n en orden cronol\u00f3gico. El cartel identifica visualmente el a\u00f1o y cada concierto despliega las obras que forman parte del cat\u00e1logo.<\/p><\/div><div class=\"ewa-edition-switch\" aria-label=\"Ediciones\"><button type=\"button\" data-edition=\"2026\" aria-pressed=\"true\"><strong>2026<\/strong><span>5\u201311 de julio de 2026<\/span><\/button><button type=\"button\" data-edition=\"2025\" aria-pressed=\"false\"><strong>2025<\/strong><span>6\u201312 de julio de 2025<\/span><\/button><\/div>\n            <section class=\"ewa-edition ewa-edition-wine\" data-edition-panel=\"2026\" >\n              <div class=\"ewa-edition-head\">\n                <div><p class=\"ewa-kicker\">Edici\u00f3n 2026<\/p><h2>2026<\/h2><p>Siete propuestas art\u00edsticas entre el saxof\u00f3n, el piano, la electr\u00f3nica, la performance y el Ensemble Eibarsax.<\/p><div class=\"ewa-edition-stats\"><span>7 propuestas art\u00edsticas<\/span><span>34 obras<\/span><\/div><\/div>\n                <figure><img decoding=\"async\" src=\"https:\/\/eibarsax.com\/wp-content\/uploads\/2026\/07\/eibarsax-2026-cartel-maialen-bravo.webp\" alt=\"Cartel de Eibarsax 2026, obra de Maialen Bravo\" loading=\"lazy\"><figcaption>Identidad visual de la edici\u00f3n: Maialen Bravo.<\/figcaption><\/figure>\n              <\/div>\n              <div class=\"ewa-event-list\">\n    <details class=\"ewa-event\" id=\"2026-07-05-xabier-oruesagasti-opening-concert\">\n      <summary>\n        <span class=\"ewa-date\">05 JUL<\/span>\n        <span class=\"ewa-event-main\"><span class=\"ewa-event-kind\">Saxof\u00f3n y piano<\/span><strong>Xabier Oruesagasti + Tobias Borsboom<\/strong><small>Xabier Oruesagasti \u00b7 Tobias Borsboom<\/small><\/span>\n        <span class=\"ewa-event-side\"><span class=\"ewa-plus\">+<\/span><\/span>\n      <\/summary>\n      <div class=\"ewa-event-body\">\n        <div class=\"ewa-event-meta\"><span>19:30<\/span><span>Azitain<\/span><span>4 obras en cat\u00e1logo<\/span><\/div>\n        <div class=\"ewa-event-actions\"><a class=\"ewa-link\" href=\"https:\/\/eibarsax.com\/wp-content\/uploads\/2026\/07\/2026-07-05_xabier_oruesagasti_A5_print.pdf\" target=\"_blank\" rel=\"noopener\">Programa de mano <span>PDF<\/span><\/a><\/div>\n        <div class=\"ewa-program-list\">\n      <div class=\"ewa-program-row\">\n        <div class=\"ewa-composer\">Maurice Ravel<\/div>\n        <div class=\"ewa-work\"><div><em>Piece en forme de habanera<\/em> <span class=\"ewa-year\">(1907)<\/span><\/div><small>saxofon alto y piano<\/small><small class=\"ewa-arrangement\">Transcripcion: Jules Viard.<\/small><\/div>\n      <\/div>\n      <div class=\"ewa-program-row\">\n        <div class=\"ewa-composer\">Louis Vierne<\/div>\n        <div class=\"ewa-work\"><div><em>Sonate en si mineur, op. 27<\/em> <span class=\"ewa-year\">(1910)<\/span><\/div><small>saxofon baritono y piano<\/small><small class=\"ewa-arrangement\">Transcripcion: Xabier Oruesagasti.<\/small><small class=\"ewa-movements\">Poco lento &#8211; Allegro moderato \u00b7 Molto largamente \u00b7 Risoluto &#8211; Allegro molto<\/small><\/div>\n      <\/div>\n      <div class=\"ewa-program-row\">\n        <div class=\"ewa-composer\">Paul Hindemith<\/div>\n        <div class=\"ewa-work\"><div><em>Sonata para viola, op. 11 n.\u00ba 4<\/em> <span class=\"ewa-year\">(1919)<\/span><\/div><small>saxofon baritono y piano<\/small><small class=\"ewa-arrangement\">Transcripcion: Miha Rogina.<\/small><small class=\"ewa-movements\">Fantasie \u00b7 Thema mit Variationen \u00b7 Finale (mit Variationen)<\/small><\/div>\n      <\/div>\n      <div class=\"ewa-program-row\">\n        <div class=\"ewa-composer\">Shelley Washington<\/div>\n        <div class=\"ewa-work\"><div><em>Mo&#x27;ingus<\/em> <span class=\"ewa-year\">(2016, rev. 2019)<\/span><\/div><small>saxofon baritono solo<\/small><\/div>\n      <\/div><\/div>\n      <\/div>\n    <\/details>\n    <details class=\"ewa-event\" id=\"2026-07-06-juana-palop-tecles\">\n      <summary>\n        <span class=\"ewa-date\">06 JUL<\/span>\n        <span class=\"ewa-event-main\"><span class=\"ewa-event-kind\">Saxof\u00f3n y piano<\/span><strong>Juana Palop Tecles + Tobias Borsboom<\/strong><small>Juana Palop Tecles \u00b7 Tobias Borsboom<\/small><\/span>\n        <span class=\"ewa-event-side\"><span class=\"ewa-plus\">+<\/span><\/span>\n      <\/summary>\n      <div class=\"ewa-event-body\">\n        <div class=\"ewa-event-meta\"><span>19:30<\/span><span>Azitain<\/span><span>4 obras en cat\u00e1logo<\/span><\/div>\n        <div class=\"ewa-event-actions\"><a class=\"ewa-link\" href=\"https:\/\/eibarsax.com\/wp-content\/uploads\/2026\/07\/2026-07-06_juana_palop_tecles_A5_print.pdf\" target=\"_blank\" rel=\"noopener\">Programa de mano <span>PDF<\/span><\/a><\/div>\n        <div class=\"ewa-program-list\">\n      <div class=\"ewa-program-row\">\n        <div class=\"ewa-composer\">Claude Debussy<\/div>\n        <div class=\"ewa-work\"><div><em>Pr\u00e9lude \u00e0 l&#x27;apr\u00e8s-midi d&#x27;un faune, L. 86<\/em> <span class=\"ewa-year\">(1894)<\/span><\/div><small>saxofon soprano y piano<\/small><small class=\"ewa-arrangement\">Transcripcion para saxofon soprano y piano; autoria no identificada.<\/small><\/div>\n      <\/div>\n      <div class=\"ewa-program-row\">\n        <div class=\"ewa-composer\">Gra\u017cyna Bacewicz<\/div>\n        <div class=\"ewa-work\"><div><em>Sonatina<\/em> <span class=\"ewa-year\">(1955)<\/span><span class=\"ewa-badge ewa-badge-special\">Estreno de adaptaci\u00f3n<\/span><\/div><small>saxofon soprano y piano<\/small><small class=\"ewa-arrangement\">Adaptacion para saxofon soprano y piano: Juana Palop Tecles.<\/small><small class=\"ewa-movements\">Allegretto \u00b7 Canon: Lento \u00b7 Allegro non troppo<\/small><\/div>\n      <\/div>\n      <div class=\"ewa-program-row\">\n        <div class=\"ewa-composer\">Denis B\u00e9dard<\/div>\n        <div class=\"ewa-work\"><div><em>Fantaisie<\/em> <span class=\"ewa-year\">(1984)<\/span><\/div><small>saxofon soprano y piano<\/small><\/div>\n      <\/div>\n      <div class=\"ewa-program-row\">\n        <div class=\"ewa-composer\">Graham Fitkin<\/div>\n        <div class=\"ewa-work\"><div><em>Gate<\/em> <span class=\"ewa-year\">(2001)<\/span><\/div><small>saxofon soprano y piano<\/small><\/div>\n      <\/div><\/div>\n      <\/div>\n    <\/details>\n    <details class=\"ewa-event\" id=\"2026-07-07-xavier-larsson\">\n      <summary>\n        <span class=\"ewa-date\">07 JUL<\/span>\n        <span class=\"ewa-event-main\"><span class=\"ewa-event-kind\">Saxof\u00f3n y piano<\/span><strong>Xavier Larsson + Tobias Borsboom<\/strong><small>Xavier Larsson \u00b7 Tobias Borsboom<\/small><\/span>\n        <span class=\"ewa-event-side\"><span class=\"ewa-plus\">+<\/span><\/span>\n      <\/summary>\n      <div class=\"ewa-event-body\">\n        <div class=\"ewa-event-meta\"><span>19:30<\/span><span>Azitain<\/span><span>8 obras en cat\u00e1logo<\/span><\/div>\n        <div class=\"ewa-event-actions\"><a class=\"ewa-link\" href=\"https:\/\/eibarsax.com\/wp-content\/uploads\/2026\/07\/2026-07-07_xavier_larsson_A5_print.pdf\" target=\"_blank\" rel=\"noopener\">Programa de mano <span>PDF<\/span><\/a><\/div>\n        <div class=\"ewa-program-list\">\n      <div class=\"ewa-program-row\">\n        <div class=\"ewa-composer\">Robert Muczynski<\/div>\n        <div class=\"ewa-work\"><div><em>Sonata, op. 29<\/em> <span class=\"ewa-year\">(1970)<\/span><\/div><small>saxofon alto y piano<\/small><small class=\"ewa-movements\">Andante maestoso \u00b7 Allegro energico<\/small><\/div>\n      <\/div>\n      <div class=\"ewa-program-row\">\n        <div class=\"ewa-composer\">Alexander Glazunov<\/div>\n        <div class=\"ewa-work\"><div><em>Chant du menestrel, op. 71<\/em> <span class=\"ewa-year\">(1900\/1901)<\/span><\/div><small>saxofon alto y piano<\/small><small class=\"ewa-arrangement\">Transcripcion para saxofon alto y piano; autoria no identificada.<\/small><\/div>\n      <\/div>\n      <div class=\"ewa-program-row\">\n        <div class=\"ewa-composer\">Bruno Mantovani<\/div>\n        <div class=\"ewa-work\"><div><em>L&#x27;incandescence de la bruine<\/em> <span class=\"ewa-year\">(1997)<\/span><\/div><small>saxofon soprano y piano<\/small><\/div>\n      <\/div>\n      <div class=\"ewa-program-row\">\n        <div class=\"ewa-composer\">Robert Bariller<\/div>\n        <div class=\"ewa-work\"><div><em>Rapsodie bretonne<\/em> <span class=\"ewa-year\">(1953)<\/span><\/div><small>saxofon alto y piano<\/small><\/div>\n      <\/div>\n      <div class=\"ewa-program-row\">\n        <div class=\"ewa-composer\">Franz Schubert<\/div>\n        <div class=\"ewa-work\"><div><em>Impromptu in G-flat major, op. 90 no. 3, D 899<\/em> <span class=\"ewa-year\">(1827)<\/span><\/div><small>piano solo<\/small><\/div>\n      <\/div>\n      <div class=\"ewa-program-row\">\n        <div class=\"ewa-composer\">Fritz Kreisler<\/div>\n        <div class=\"ewa-work\"><div><em>Praeludium und Allegro im Stile von Pugnani<\/em> <span class=\"ewa-year\">(1905)<\/span><span class=\"ewa-badge ewa-badge-special\">Estreno de adaptaci\u00f3n<\/span><\/div><small>saxofon soprano y piano<\/small><small class=\"ewa-arrangement\">Adaptacion para saxofon soprano y piano: Xavier Larsson.<\/small><\/div>\n      <\/div>\n      <div class=\"ewa-program-row\">\n        <div class=\"ewa-composer\">Kenichi Ikuno Sekiguchi<\/div>\n        <div class=\"ewa-work\"><div><em>Esbozos fugaces<\/em> <span class=\"ewa-year\">(2019)<\/span><\/div><small>saxofon alto solo<\/small><\/div>\n      <\/div>\n      <div class=\"ewa-program-row\">\n        <div class=\"ewa-composer\">Ida Gotkovsky<\/div>\n        <div class=\"ewa-work\"><div><em>Brillance<\/em> <span class=\"ewa-year\">(1974)<\/span><\/div><small>saxofon alto y piano<\/small><small class=\"ewa-movements\">Declame \u00b7 Desinvolte \u00b7 Dolcissimo \u00b7 Final<\/small><\/div>\n      <\/div><\/div>\n      <\/div>\n    <\/details>\n    <details class=\"ewa-event\" id=\"2026-07-08-arno-bornkamp-ecole-de-paris\">\n      <summary>\n        <span class=\"ewa-date\">08 JUL<\/span>\n        <span class=\"ewa-event-main\"><span class=\"ewa-event-kind\">Saxof\u00f3n y piano<\/span><strong>\u00c9cole de Paris &amp; Co<\/strong><small>Arno Bornkamp \u00b7 Tobias Borsboom<\/small><\/span>\n        <span class=\"ewa-event-side\"><span class=\"ewa-plus\">+<\/span><\/span>\n      <\/summary>\n      <div class=\"ewa-event-body\">\n        <div class=\"ewa-event-meta\"><span>19:30<\/span><span>Azitain<\/span><span>7 obras en cat\u00e1logo<\/span><\/div>\n        <div class=\"ewa-event-actions\"><a class=\"ewa-link\" href=\"https:\/\/eibarsax.com\/wp-content\/uploads\/2026\/07\/2026-07-08_arno_bornkamp_tobias_borsboom_A5_print.pdf\" target=\"_blank\" rel=\"noopener\">Programa de mano <span>PDF<\/span><\/a><\/div>\n        <div class=\"ewa-program-list\">\n      <div class=\"ewa-program-row\">\n        <div class=\"ewa-composer\">Marcel Mihalovici<\/div>\n        <div class=\"ewa-work\"><div><em>Chant Premier<\/em> <span class=\"ewa-year\">(1974)<\/span><\/div><small>saxofon tenor y piano<\/small><\/div>\n      <\/div>\n      <div class=\"ewa-program-row\">\n        <div class=\"ewa-composer\">Erik Satie<\/div>\n        <div class=\"ewa-work\"><div><em>Sports et Divertissements<\/em> <span class=\"ewa-year\">(1914)<\/span><\/div><small>piano solo<\/small><small class=\"ewa-movements\">11. Le Golf \u00b7 13. Les Courses \u00b7 16. Le Water-chute \u00b7 21. Le Tennis<\/small><\/div>\n      <\/div>\n      <div class=\"ewa-program-row\">\n        <div class=\"ewa-composer\">Alexander Tch\u00e9repnine<\/div>\n        <div class=\"ewa-work\"><div><em>Sonatine Sportive<\/em> <span class=\"ewa-year\">(1939)<\/span><\/div><small>saxofon alto y piano<\/small><small class=\"ewa-movements\">Lutte \u00b7 Mi-temps \u00b7 Course<\/small><\/div>\n      <\/div>\n      <div class=\"ewa-program-row\">\n        <div class=\"ewa-composer\">Conrad Beck<\/div>\n        <div class=\"ewa-work\"><div><em>Nocturne<\/em> <span class=\"ewa-year\">(1959)<\/span><\/div><small>saxofon alto y piano<\/small><\/div>\n      <\/div>\n      <div class=\"ewa-program-row\">\n        <div class=\"ewa-composer\">Tibor Harsanyi<\/div>\n        <div class=\"ewa-work\"><div><em>Vocalise d&#x27;etude &quot;Blues&quot;<\/em> <span class=\"ewa-year\">(1930)<\/span><\/div><small>saxofon alto y piano<\/small><small class=\"ewa-arrangement\">Transcripcion para saxofon alto y piano; autoria no identificada.<\/small><\/div>\n      <\/div>\n      <div class=\"ewa-program-row\">\n        <div class=\"ewa-composer\">Laszlo Lajtha<\/div>\n        <div class=\"ewa-work\"><div><em>Intermezzo<\/em> <span class=\"ewa-year\">(1954)<\/span><\/div><small>saxofon alto y piano<\/small><\/div>\n      <\/div>\n      <div class=\"ewa-program-row\">\n        <div class=\"ewa-composer\">Erwin Schulhoff<\/div>\n        <div class=\"ewa-work\"><div><em>Hot-Sonate<\/em> <span class=\"ewa-year\">(1930)<\/span><\/div><small>saxofon alto y piano<\/small><small class=\"ewa-movements\">Four movements<\/small><\/div>\n      <\/div><\/div>\n      <\/div>\n    <\/details>\n    <details class=\"ewa-event\" id=\"2026-07-09-sara-zazo\">\n      <summary>\n        <span class=\"ewa-date\">09 JUL<\/span>\n        <span class=\"ewa-event-main\"><span class=\"ewa-event-kind\">Saxof\u00f3n y electr\u00f3nica<\/span><strong>Sara Zazo Romero<\/strong><small>Sara Zazo Romero<\/small><\/span>\n        <span class=\"ewa-event-side\"><span class=\"ewa-plus\">+<\/span><\/span>\n      <\/summary>\n      <div class=\"ewa-event-body\">\n        <div class=\"ewa-event-meta\"><span>19:30<\/span><span>Portalea &#8211; Sala de Exposiciones<\/span><span>5 obras en cat\u00e1logo<\/span><\/div>\n        <div class=\"ewa-event-actions\"><a class=\"ewa-link\" href=\"https:\/\/eibarsax.com\/wp-content\/uploads\/2026\/07\/2026-07-09_sara_zazo_A5_print.pdf\" target=\"_blank\" rel=\"noopener\">Programa de mano <span>PDF<\/span><\/a><\/div>\n        <div class=\"ewa-program-list\">\n      <div class=\"ewa-program-row\">\n        <div class=\"ewa-composer\">Karlheinz Essl<\/div>\n        <div class=\"ewa-work\"><div><em>Sequitur VII<\/em> <span class=\"ewa-year\">(2008)<\/span><\/div><small>saxofon alto y electronica en vivo<\/small><\/div>\n      <\/div>\n      <div class=\"ewa-program-row\">\n        <div class=\"ewa-composer\">Rodrigo Lima<\/div>\n        <div class=\"ewa-work\"><div><em>Paisagem sonoro no. 6<\/em> <span class=\"ewa-year\">(2006)<\/span><\/div><small>saxofon alto solo<\/small><\/div>\n      <\/div>\n      <div class=\"ewa-program-row\">\n        <div class=\"ewa-composer\">Naoki Sakata<\/div>\n        <div class=\"ewa-work\"><div><em>Phytolith I<\/em> <span class=\"ewa-year\">(2015\/2026)<\/span><span class=\"ewa-badge ewa-badge-special\">Estreno en Espa\u00f1a<\/span><\/div><small>saxofon tenor y electronica<\/small><\/div>\n      <\/div>\n      <div class=\"ewa-program-row\">\n        <div class=\"ewa-composer\">Elena Firsova<\/div>\n        <div class=\"ewa-work\"><div><em>Monologue op. 65<\/em> <span class=\"ewa-year\">(1993)<\/span><\/div><small>saxofon alto solo<\/small><\/div>\n      <\/div>\n      <div class=\"ewa-program-row\">\n        <div class=\"ewa-composer\">Doina Rotaru<\/div>\n        <div class=\"ewa-work\"><div><em>Reina<\/em> <span class=\"ewa-year\">(1996)<\/span><\/div><small>saxofon soprano y electronica<\/small><\/div>\n      <\/div><\/div>\n      <\/div>\n    <\/details>\n    <details class=\"ewa-event\" id=\"2026-07-10-irakasleen-ganbera-musika\">\n      <summary>\n        <span class=\"ewa-date\">10 JUL<\/span>\n        <span class=\"ewa-event-main\"><span class=\"ewa-event-kind\">D\u00fao \u00b7 Cuarteto \u00b7 Quinteto<\/span><strong>\u00c0 la russe<\/strong><small>Juana Palop Tecles \u00b7 Xavier Larsson \u00b7 Arno Bornkamp \u00b7 Xabier Oruesagasti \u00b7 Sara Zazo Romero \u00b7 Tobias Borsboom<\/small><\/span>\n        <span class=\"ewa-event-side\"><span class=\"ewa-plus\">+<\/span><\/span>\n      <\/summary>\n      <div class=\"ewa-event-body\">\n        <div class=\"ewa-event-meta\"><span>19:30<\/span><span>Azitain<\/span><span>3 obras en cat\u00e1logo<\/span><\/div>\n        <div class=\"ewa-event-actions\"><a class=\"ewa-link\" href=\"https:\/\/eibarsax.com\/wp-content\/uploads\/2026\/07\/2026-07-10_irakasleen_ganbera_musika_A5_print.pdf\" target=\"_blank\" rel=\"noopener\">Programa de mano <span>PDF<\/span><\/a><\/div>\n        <div class=\"ewa-program-list\">\n      <div class=\"ewa-program-row\">\n        <div class=\"ewa-composer\">Sofia Gubaidulina<\/div>\n        <div class=\"ewa-work\"><div><em>Duo Sonata<\/em> <span class=\"ewa-year\">(1977)<\/span><\/div><small>dos saxofones baritono<\/small><small class=\"ewa-arrangement\">Transcripcion para dos saxofones baritono; autoria no identificada.<\/small><\/div>\n      <\/div>\n      <div class=\"ewa-program-row\">\n        <div class=\"ewa-composer\">Alexander Glazunov<\/div>\n        <div class=\"ewa-work\"><div><em>Saxophone Quartet in B-flat major, op. 109<\/em> <span class=\"ewa-year\">(1932)<\/span><\/div><small>cuarteto de saxofones soprano, alto, tenor y baritono<\/small><\/div>\n      <\/div>\n      <div class=\"ewa-program-row\">\n        <div class=\"ewa-composer\">Dmitri Shostakovich<\/div>\n        <div class=\"ewa-work\"><div><em>Piano Quintet in G minor, op. 57<\/em> <span class=\"ewa-year\">(1940)<\/span><\/div><small>cuarteto de saxofones y piano<\/small><small class=\"ewa-arrangement\">Arreglo para cuarteto de saxofones y piano: Johan van der Linden.<\/small><\/div>\n      <\/div><\/div>\n      <\/div>\n    <\/details>\n    <details class=\"ewa-event\" id=\"2026-07-11-ensemble-eibarsax-desplazatu\">\n      <summary>\n        <span class=\"ewa-date\">11 JUL<\/span>\n        <span class=\"ewa-event-main\"><span class=\"ewa-event-kind\">Performance \u00b7 Ensemble<\/span><strong>Desplazatu + Ensemble Eibarsax<\/strong><small>Ensemble Eibarsax<\/small><\/span>\n        <span class=\"ewa-event-side\"><span class=\"ewa-badge ewa-badge-event\">Estreno absoluto<\/span><span class=\"ewa-plus\">+<\/span><\/span>\n      <\/summary>\n      <div class=\"ewa-event-body\">\n        <div class=\"ewa-event-meta\"><span>19:00<\/span><span>Claustro de la iglesia de San Andr\u00e9s<\/span><span>3 obras en cat\u00e1logo<\/span><\/div>\n        <p class=\"ewa-event-description\">Desplazatu es una creaci\u00f3n esc\u00e9nica concebida para el concierto final de Eibarsax 2026. Creaci\u00f3n y direcci\u00f3n de Catarina Paiva, con danza y escenograf\u00eda integradas en la propuesta, supervisi\u00f3n musical de Sara Zazo Romero y participaci\u00f3n del Ensemble Eibarsax. La ficha recoge \u00fanicamente la performance y el repertorio del ensemble; el repertorio circunstancial de j\u00f3venes artistas permanece fuera del cat\u00e1logo principal.<\/p>\n        <div class=\"ewa-program-list\">\n      <div class=\"ewa-program-row\">\n        <div class=\"ewa-composer\">Leonard Bernstein<\/div>\n        <div class=\"ewa-work\"><div><em>Overture to Candide<\/em> <span class=\"ewa-year\">(1956; arr. 2011)<\/span><\/div><small>ensemble de saxofones (sopranino, soprano, alto, tenor y bar\u00edtono)<\/small><small class=\"ewa-arrangement\">Johan van der Linden<\/small><\/div>\n      <\/div>\n      <div class=\"ewa-program-row\">\n        <div class=\"ewa-composer\">M. William Karlins<\/div>\n        <div class=\"ewa-work\"><div><em>Nostalgie<\/em> <span class=\"ewa-year\">(1991)<\/span><\/div><small>ensemble de saxofones (sopranino, soprano, alto, tenor y bar\u00edtono)<\/small><\/div>\n      <\/div>\n      <div class=\"ewa-program-row\">\n        <div class=\"ewa-composer\">Johannes Brahms<\/div>\n        <div class=\"ewa-work\"><div><em>Hungarian Dance No. 5, WoO 1<\/em> <span class=\"ewa-year\">(1869)<\/span><\/div><small>ensemble de saxofones (sopranino, soprano, alto, tenor y bar\u00edtono)<\/small><small class=\"ewa-arrangement\">transcripcion para ensemble de saxofones: Diego Marani<\/small><\/div>\n      <\/div><\/div>\n      <\/div>\n    <\/details><\/div>\n            <\/section>\n            <section class=\"ewa-edition ewa-edition-cyan\" data-edition-panel=\"2025\" hidden>\n              <div class=\"ewa-edition-head\">\n                <div><p class=\"ewa-kicker\">Edici\u00f3n 2025<\/p><h2>2025<\/h2><p>La primera edici\u00f3n reuni\u00f3 saxof\u00f3n, piano, electr\u00f3nica, performance y el trabajo colectivo del Ensemble Eibarsax.<\/p><div class=\"ewa-edition-stats\"><span>7 propuestas art\u00edsticas<\/span><span>29 obras<\/span><\/div><\/div>\n                <figure><img decoding=\"async\" src=\"https:\/\/eibarsax.com\/wp-content\/uploads\/2026\/07\/eibarsax-2025-cartel-maialen-bravo.webp\" alt=\"Cartel de Eibarsax 2025, obra de Maialen Bravo\" loading=\"lazy\"><figcaption>Identidad visual de la edici\u00f3n: Maialen Bravo.<\/figcaption><\/figure>\n              <\/div>\n              <div class=\"ewa-event-list\">\n    <details class=\"ewa-event\" id=\"2025-07-06-catarina-paiva-xabier-oruesagasti-fragment-earth\">\n      <summary>\n        <span class=\"ewa-date\">06 JUL<\/span>\n        <span class=\"ewa-event-main\"><span class=\"ewa-event-kind\">Performance<\/span><strong>A fragment of Earth still open to listen<\/strong><small>Catarina Paiva \u00b7 Xabier Oruesagasti<\/small><\/span>\n        <span class=\"ewa-event-side\"><span class=\"ewa-badge ewa-badge-event\">Estreno absoluto<\/span><span class=\"ewa-plus\">+<\/span><\/span>\n      <\/summary>\n      <div class=\"ewa-event-body\">\n        <div class=\"ewa-event-meta\"><span>20:00<\/span><span>Portalea &#8211; Sala de Exposiciones<\/span><span>3 obras en cat\u00e1logo<\/span><\/div>\n        <p class=\"ewa-event-description\">Una performance site-specific de Catarina Paiva y Xabier Oruesagasti que une danza y saxof\u00f3n. La arquitectura y la ac\u00fastica de cada espacio forman parte de la obra, inspirada en la persistencia de la naturaleza y en la b\u00fasqueda de equilibrio entre dos voces que se gu\u00edan, transforman e interrumpen.<\/p><div class=\"ewa-event-actions\"><a class=\"ewa-link ewa-link-ghost\" href=\"https:\/\/youtu.be\/zEdRoH6Rihk\" target=\"_blank\" rel=\"noopener\">Ver tr\u00e1iler oficial<\/a><\/div>\n        <div class=\"ewa-program-list\">\n      <div class=\"ewa-program-row\">\n        <div class=\"ewa-composer\">David Lang<\/div>\n        <div class=\"ewa-work\"><div><em>Press Release<\/em> <span class=\"ewa-year\">(1992, rev. 2001)<\/span><\/div><small>saxofon baritono<\/small><small class=\"ewa-arrangement\">Arreglo \/ version para saxofon baritono.<\/small><\/div>\n      <\/div>\n      <div class=\"ewa-program-row\">\n        <div class=\"ewa-composer\">Branford Marsalis<\/div>\n        <div class=\"ewa-work\"><div><em>Piece for Solo Baritone Saxophone<\/em> <span class=\"ewa-year\">(2023)<\/span><\/div><small>saxofon baritono solo<\/small><\/div>\n      <\/div>\n      <div class=\"ewa-program-row\">\n        <div class=\"ewa-composer\">Peter Vigh<\/div>\n        <div class=\"ewa-work\"><div><em>Vlecht<\/em> <span class=\"ewa-year\">(2020)<\/span><\/div><small>saxofon baritono solo \/ formato escenico con danza<\/small><\/div>\n      <\/div><\/div>\n      <\/div>\n    <\/details>\n    <details class=\"ewa-event\" id=\"2025-07-07-xavier-larsson-voz-abierta\">\n      <summary>\n        <span class=\"ewa-date\">07 JUL<\/span>\n        <span class=\"ewa-event-main\"><span class=\"ewa-event-kind\">Saxof\u00f3n y piano<\/span><strong>Voz abierta<\/strong><small>Xavier Larsson \u00b7 Tobias Borsboom<\/small><\/span>\n        <span class=\"ewa-event-side\"><span class=\"ewa-plus\">+<\/span><\/span>\n      <\/summary>\n      <div class=\"ewa-event-body\">\n        <div class=\"ewa-event-meta\"><span>20:00<\/span><span>Parroquia de Azitain<\/span><span>5 obras en cat\u00e1logo<\/span><\/div>\n        \n        <div class=\"ewa-program-list\">\n      <div class=\"ewa-program-row\">\n        <div class=\"ewa-composer\">Heinrich Ignaz Biber<\/div>\n        <div class=\"ewa-work\"><div><em>Passacaglia<\/em> <span class=\"ewa-year\">(c. 1676)<\/span><\/div><small>saxofon soprano<\/small><small class=\"ewa-arrangement\">Transcripcion para saxofon soprano; autoria no identificada.<\/small><\/div>\n      <\/div>\n      <div class=\"ewa-program-row\">\n        <div class=\"ewa-composer\">Wijnand van Klaveren<\/div>\n        <div class=\"ewa-work\"><div><em>Sonata a la maniere de Francis Poulenc<\/em> <span class=\"ewa-year\">(1998)<\/span><\/div><small>saxofon alto y piano<\/small><\/div>\n      <\/div>\n      <div class=\"ewa-program-row\">\n        <div class=\"ewa-composer\">David Salleras<\/div>\n        <div class=\"ewa-work\"><div><em>Mi Bailaora<\/em> <span class=\"ewa-year\">(2006)<\/span><\/div><small>saxofon soprano<\/small><\/div>\n      <\/div>\n      <div class=\"ewa-program-row\">\n        <div class=\"ewa-composer\">Paul Hindemith<\/div>\n        <div class=\"ewa-work\"><div><em>Sonata para viola, op. 11 n.\u00ba 4<\/em> <span class=\"ewa-year\">(1919)<\/span><\/div><small>saxofon alto y piano<\/small><small class=\"ewa-arrangement\">Arreglo para saxofon alto y piano.<\/small><\/div>\n      <\/div>\n      <div class=\"ewa-program-row\">\n        <div class=\"ewa-composer\">Michael Nyman<\/div>\n        <div class=\"ewa-work\"><div><em>Shaping the Curve<\/em> <span class=\"ewa-year\">(1990)<\/span><\/div><small>saxofon soprano y piano<\/small><\/div>\n      <\/div><\/div>\n      <\/div>\n    <\/details>\n    <details class=\"ewa-event\" id=\"2025-07-08-juana-palop-presencia-lirica\">\n      <summary>\n        <span class=\"ewa-date\">08 JUL<\/span>\n        <span class=\"ewa-event-main\"><span class=\"ewa-event-kind\">Saxof\u00f3n y piano<\/span><strong>Presencia l\u00edrica<\/strong><small>Juana Palop \u00b7 Arno Bornkamp \u00b7 Tobias Borsboom<\/small><\/span>\n        <span class=\"ewa-event-side\"><span class=\"ewa-plus\">+<\/span><\/span>\n      <\/summary>\n      <div class=\"ewa-event-body\">\n        <div class=\"ewa-event-meta\"><span>20:00<\/span><span>Parroquia de Azitain<\/span><span>4 obras en cat\u00e1logo<\/span><\/div>\n        \n        <div class=\"ewa-program-list\">\n      <div class=\"ewa-program-row\">\n        <div class=\"ewa-composer\">Andre Jolivet<\/div>\n        <div class=\"ewa-work\"><div><em>Fantaisie-Impromptu<\/em> <span class=\"ewa-year\">(1953)<\/span><\/div><small>saxofon alto y piano<\/small><\/div>\n      <\/div>\n      <div class=\"ewa-program-row\">\n        <div class=\"ewa-composer\">Claude Debussy<\/div>\n        <div class=\"ewa-work\"><div><em>Premiere Rhapsodie<\/em> <span class=\"ewa-year\">(1909-1910)<\/span><\/div><small>saxofon soprano y piano<\/small><small class=\"ewa-arrangement\">Transcripcion para saxofon soprano y piano; autoria no identificada.<\/small><\/div>\n      <\/div>\n      <div class=\"ewa-program-row\">\n        <div class=\"ewa-composer\">Cesar Franck<\/div>\n        <div class=\"ewa-work\"><div><em>Sonata en La mayor<\/em> <span class=\"ewa-year\">(1886)<\/span><\/div><small>saxofon alto y piano<\/small><small class=\"ewa-arrangement\">Transcripcion para saxofon alto y piano; autoria no identificada.<\/small><\/div>\n      <\/div>\n      <div class=\"ewa-program-row\">\n        <div class=\"ewa-composer\">Jun Nagao<\/div>\n        <div class=\"ewa-work\"><div><em>Paganini Lost<\/em> <span class=\"ewa-year\">(2009)<\/span><\/div><small>dos saxofones altos y piano<\/small><\/div>\n      <\/div><\/div>\n      <\/div>\n    <\/details>\n    <details class=\"ewa-event\" id=\"2025-07-09-sara-zazo-neon-glitched\">\n      <summary>\n        <span class=\"ewa-date\">09 JUL<\/span>\n        <span class=\"ewa-event-main\"><span class=\"ewa-event-kind\">Saxof\u00f3n y electr\u00f3nica<\/span><strong>NEON &amp; GLITCHED<\/strong><small>Sara Zazo<\/small><\/span>\n        <span class=\"ewa-event-side\"><span class=\"ewa-plus\">+<\/span><\/span>\n      <\/summary>\n      <div class=\"ewa-event-body\">\n        <div class=\"ewa-event-meta\"><span>20:00<\/span><span>Portalea &#8211; Sala de Exposiciones<\/span><span>5 obras en cat\u00e1logo<\/span><\/div>\n        \n        <div class=\"ewa-program-list\">\n      <div class=\"ewa-program-row\">\n        <div class=\"ewa-composer\">Diana Rotaru<\/div>\n        <div class=\"ewa-work\"><div><em>Meander<\/em> <span class=\"ewa-year\">(2004)<\/span><\/div><small>saxofon alto solo<\/small><\/div>\n      <\/div>\n      <div class=\"ewa-program-row\">\n        <div class=\"ewa-composer\">Isabel Urrutia<\/div>\n        <div class=\"ewa-work\"><div><em>LUR<\/em> <span class=\"ewa-year\">(2021)<\/span><span class=\"ewa-badge ewa-badge-special\">Estreno en Espa\u00f1a<\/span><\/div><small>saxofon baritono y ensemble de instrumentos de tradicion oral digitalizados<\/small><\/div>\n      <\/div>\n      <div class=\"ewa-program-row\">\n        <div class=\"ewa-composer\">Urska Pompe<\/div>\n        <div class=\"ewa-work\"><div><em>Zilj<\/em> <span class=\"ewa-year\">(2020)<\/span><\/div><small>saxofon alto solo<\/small><\/div>\n      <\/div>\n      <div class=\"ewa-program-row\">\n        <div class=\"ewa-composer\">Nonis Prado<\/div>\n        <div class=\"ewa-work\"><div><em>Tiempo<\/em> <span class=\"ewa-year\">(2025)<\/span><\/div><small>saxofon soprano y electronica fija<\/small><\/div>\n      <\/div>\n      <div class=\"ewa-program-row\">\n        <div class=\"ewa-composer\">Luis Torres<\/div>\n        <div class=\"ewa-work\"><div><em>Neon &amp; Glitched<\/em> <span class=\"ewa-year\">(2024-25)<\/span><span class=\"ewa-badge ewa-badge-special\">Estreno en Espa\u00f1a<\/span><\/div><small>saxofon baritono y electronica fija<\/small><\/div>\n      <\/div><\/div>\n      <\/div>\n    <\/details>\n    <details class=\"ewa-event\" id=\"2025-07-10-arno-tobias-saxophone-sonatas\">\n      <summary>\n        <span class=\"ewa-date\">10 JUL<\/span>\n        <span class=\"ewa-event-main\"><span class=\"ewa-event-kind\">Saxof\u00f3n y piano<\/span><strong>SAXOPHONE SONATAS<\/strong><small>Arno Bornkamp \u00b7 Tobias Borsboom<\/small><\/span>\n        <span class=\"ewa-event-side\"><span class=\"ewa-plus\">+<\/span><\/span>\n      <\/summary>\n      <div class=\"ewa-event-body\">\n        <div class=\"ewa-event-meta\"><span>20:00<\/span><span>Parroquia de Azitain<\/span><span>4 obras en cat\u00e1logo<\/span><\/div>\n        \n        <div class=\"ewa-program-list\">\n      <div class=\"ewa-program-row\">\n        <div class=\"ewa-composer\">Paul Hindemith<\/div>\n        <div class=\"ewa-work\"><div><em>Sonate for alto saxophone and piano<\/em> <span class=\"ewa-year\">(1943)<\/span><\/div><small>saxofon alto y piano<\/small><small class=\"ewa-movements\">Ruhig bewegt \u00b7 Lebhaft \u00b7 Sehr Langsam \u00b7 Lebhaft<\/small><\/div>\n      <\/div>\n      <div class=\"ewa-program-row\">\n        <div class=\"ewa-composer\">Bernhard Heiden<\/div>\n        <div class=\"ewa-work\"><div><em>Sonata for alto saxophone and piano<\/em> <span class=\"ewa-year\">(1937)<\/span><\/div><small>saxofon alto y piano<\/small><small class=\"ewa-movements\">Allegro \u00b7 Vivace \u00b7 Adagio-Presto<\/small><\/div>\n      <\/div>\n      <div class=\"ewa-program-row\">\n        <div class=\"ewa-composer\">Werner Heider<\/div>\n        <div class=\"ewa-work\"><div><em>Sonata in Jazz<\/em> <span class=\"ewa-year\">(1954)<\/span><\/div><small>saxofon alto y piano<\/small><small class=\"ewa-movements\">En 3 movimientos<\/small><\/div>\n      <\/div>\n      <div class=\"ewa-program-row\">\n        <div class=\"ewa-composer\">Edison Denisov<\/div>\n        <div class=\"ewa-work\"><div><em>Sonate for alto saxophone and piano<\/em> <span class=\"ewa-year\">(1970)<\/span><\/div><small>saxofon alto y piano<\/small><small class=\"ewa-movements\">Allegro \u00b7 Lento \u00b7 Allegro Moderato<\/small><\/div>\n      <\/div><\/div>\n      <\/div>\n    <\/details>\n    <details class=\"ewa-event\" id=\"2025-07-12-tobias-piano-errezitaldia\">\n      <summary>\n        <span class=\"ewa-date\">12 JUL<\/span>\n        <span class=\"ewa-event-main\"><span class=\"ewa-event-kind\">Piano solo<\/span><strong>Piano Errezitaldia<\/strong><small>Tobias Borsboom<\/small><\/span>\n        <span class=\"ewa-event-side\"><span class=\"ewa-plus\">+<\/span><\/span>\n      <\/summary>\n      <div class=\"ewa-event-body\">\n        <div class=\"ewa-event-meta\"><span>12:30<\/span><span>Azitaingo Parrokia<\/span><span>5 obras en cat\u00e1logo<\/span><\/div>\n        \n        <div class=\"ewa-program-list\">\n      <div class=\"ewa-program-row\">\n        <div class=\"ewa-composer\">Franz Schubert<\/div>\n        <div class=\"ewa-work\"><div><em>Moments Musicaux (D. 780)<\/em> <span class=\"ewa-year\">(1823-1828)<\/span><\/div><small>piano solo<\/small><small class=\"ewa-movements\">no. 1 en do mayor &#8211; Moderato \u00b7 no. 3 en fa menor &#8211; Allegro moderato \u00b7 no. 4 en do sostenido menor &#8211; Moderato \u00b7 no. 6 en la bemol mayor &#8211; Allegretto<\/small><\/div>\n      <\/div>\n      <div class=\"ewa-program-row\">\n        <div class=\"ewa-composer\">Maurice Ravel<\/div>\n        <div class=\"ewa-work\"><div><em>Le Tombeau de Couperin<\/em> <span class=\"ewa-year\">(1914-1917)<\/span><\/div><small>piano solo<\/small><small class=\"ewa-movements\">I. Prelude \u00b7 II. Fugue \u00b7 IV. Rigaudon<\/small><\/div>\n      <\/div>\n      <div class=\"ewa-program-row\">\n        <div class=\"ewa-composer\">Maurice Ravel<\/div>\n        <div class=\"ewa-work\"><div><em>Gaspard de la Nuit<\/em> <span class=\"ewa-year\">(1908)<\/span><\/div><small>piano solo<\/small><small class=\"ewa-movements\">I. Ondine<\/small><\/div>\n      <\/div>\n      <div class=\"ewa-program-row\">\n        <div class=\"ewa-composer\">Leopold Godowsky<\/div>\n        <div class=\"ewa-work\"><div><em>Java Suite<\/em> <span class=\"ewa-year\">(1924-1925)<\/span><\/div><small>piano solo<\/small><small class=\"ewa-movements\">I. Gardens at Buitenzorg<\/small><\/div>\n      <\/div>\n      <div class=\"ewa-program-row\">\n        <div class=\"ewa-composer\">Franz Liszt<\/div>\n        <div class=\"ewa-work\"><div><em>Venezia e Napoli &#8211; Gondoliera<\/em> <span class=\"ewa-year\">(1859)<\/span><\/div><small>piano solo<\/small><\/div>\n      <\/div><\/div>\n      <\/div>\n    <\/details>\n    <details class=\"ewa-event\" id=\"2025-07-12-final-concert\">\n      <summary>\n        <span class=\"ewa-date\">12 JUL<\/span>\n        <span class=\"ewa-event-main\"><span class=\"ewa-event-kind\">Ensemble<\/span><strong>Concierto final \u00b7 Ensemble Eibarsax<\/strong><small>Ensemble Eibarsax<\/small><\/span>\n        <span class=\"ewa-event-side\"><span class=\"ewa-plus\">+<\/span><\/span>\n      <\/summary>\n      <div class=\"ewa-event-body\">\n        <div class=\"ewa-event-meta\"><span>19:00<\/span><span>Outdoors &#8211; Unzaga square, under the arches<\/span><span>3 obras en cat\u00e1logo<\/span><\/div>\n        <p class=\"ewa-event-description\">Selecci\u00f3n del repertorio colectivo del Ensemble Eibarsax 2025. El repertorio de los cuartetos de j\u00f3venes artistas no se incorpora al cat\u00e1logo art\u00edstico principal.<\/p>\n        <div class=\"ewa-program-list\">\n      <div class=\"ewa-program-row\">\n        <div class=\"ewa-composer\">Giovanni Gabrieli<\/div>\n        <div class=\"ewa-work\"><div><em>Canzona XV<\/em> <span class=\"ewa-year\">(pub. 1615)<\/span><\/div><small>12-saxophone ensemble, including sopranino<\/small><small class=\"ewa-arrangement\">Transcripcion para ensemble de saxofones; autoria no identificada.<\/small><\/div>\n      <\/div>\n      <div class=\"ewa-program-row\">\n        <div class=\"ewa-composer\">John Cage<\/div>\n        <div class=\"ewa-work\"><div><em>Four to the Fifth<\/em> <span class=\"ewa-year\">(1991)<\/span><\/div><small>12-saxophone ensemble, including sopranino and 4 tenors<\/small><\/div>\n      <\/div>\n      <div class=\"ewa-program-row\">\n        <div class=\"ewa-composer\">Joel Love<\/div>\n        <div class=\"ewa-work\"><div><em>Three Images<\/em> <span class=\"ewa-year\">(2016)<\/span><\/div><small>Mixed saxophone ensemble including sopranino, 8 students + 5 teachers doubling voices<\/small><\/div>\n      <\/div><\/div>\n      <\/div>\n    <\/details><\/div>\n            <\/section><\/section>\n  <\/main>\n  <aside class=\"ewa-young\"><details><summary>Repertorio de j\u00f3venes artistas<\/summary><p>Los programas individuales y los cuartetos circunstanciales de j\u00f3venes artistas permanecen fuera del cat\u00e1logo y de sus filtros. S\u00ed se incorporan el repertorio colectivo del <strong>Ensemble Eibarsax<\/strong> y las creaciones producidas por el festival, como <em>Desplazatu<\/em>. La programaci\u00f3n completa puede consultarse en la <a href=\"https:\/\/eibarsax.com\/calendario-conciertos\/\">agenda de conciertos<\/a>.<\/p><\/details><\/aside>\n  <script>\n(function(){\n  const root=document.querySelector('.ewa'); if(!root)return;\n  const navButtons=[...root.querySelectorAll('[data-panel-button]')],panels=[...root.querySelectorAll('[data-panel]')];\n  function showPanel(name){navButtons.forEach(b=>b.setAttribute('aria-selected',String(b.dataset.panelButton===name)));panels.forEach(p=>p.hidden=p.dataset.panel!==name);}\n  navButtons.forEach(b=>b.addEventListener('click',()=>showPanel(b.dataset.panelButton)));\n  const editionButtons=[...root.querySelectorAll('[data-edition]')],editionPanels=[...root.querySelectorAll('[data-edition-panel]')];\n  function showEdition(year){editionButtons.forEach(b=>b.setAttribute('aria-pressed',String(b.dataset.edition===String(year))));editionPanels.forEach(p=>p.hidden=p.dataset.editionPanel!==String(year));}\n  editionButtons.forEach(b=>b.addEventListener('click',()=>showEdition(b.dataset.edition)));\n  const search=root.querySelector('#ewa-search'),year=root.querySelector('#ewa-year'),formation=root.querySelector('#ewa-formation'),instrument=root.querySelector('#ewa-instrument'),premiere=root.querySelector('#ewa-premiere'),sort=root.querySelector('#ewa-sort'),reset=root.querySelector('.ewa-reset'),preset=root.querySelector('.ewa-preset');\n  const list=root.querySelector('.ewa-catalog-list'),rows=[...root.querySelectorAll('.ewa-catalog-row')],empty=root.querySelector('.ewa-empty'),worksResult=root.querySelector('[data-result-works]'),projectsResult=root.querySelector('[data-result-projects]'),composerResult=root.querySelector('[data-result-composers]'),chips=root.querySelector('.ewa-active-filters');\n  const norm=s=>(s||'').normalize('NFD').replace(\/[\\u0300-\\u036f]\/g,'').toLowerCase().replace(\/[^a-z0-9]+\/g,'-');\n  function matches(row){const q=norm(search.value),y=year.value,f=formation.value,i=instrument.value,p=premiere.value;return(!q||row.dataset.search.includes(q))&&(!y||row.dataset.year===y)&&(!f||row.dataset.formation===f)&&(!i||row.dataset.instruments.split(',').includes(i))&&(!p||(p==='estrenos'?!!row.dataset.premiere:row.dataset.premiere===p));}\n  function renderChips(){chips.innerHTML='';const controls=[year,formation,instrument,premiere];if(search.value.trim())controls.unshift(search);controls.forEach(control=>{if(!control.value)return;const button=document.createElement('button');button.type='button';button.className='ewa-filter-chip';button.textContent=control.tagName==='SELECT'?control.options[control.selectedIndex].text:control.value;button.addEventListener('click',()=>{control.value='';filter();});chips.appendChild(button);});reset.disabled=!controls.some(control=>control.value);}\n  function sortRows(){const collator=new Intl.Collator('es',{sensitivity:'base'}),byName=(a,b)=>collator.compare(a.dataset.composer,b.dataset.composer)||collator.compare(a.dataset.title,b.dataset.title);rows.sort((a,b)=>{if(sort.value==='title')return collator.compare(a.dataset.title,b.dataset.title)||collator.compare(a.dataset.composer,b.dataset.composer);if(sort.value==='work-year-asc')return Number(a.dataset.workYear)-Number(b.dataset.workYear)||byName(a,b);if(sort.value==='work-year-desc')return Number(b.dataset.workYear)-Number(a.dataset.workYear)||byName(a,b);if(sort.value==='edition')return Number(b.dataset.year)-Number(a.dataset.year)||byName(a,b);return byName(a,b);});rows.forEach(row=>list.appendChild(row));}\n  function filter(){rows.forEach(row=>row.hidden=!matches(row));const visible=rows.filter(row=>!row.hidden),visibleWorks=visible.filter(row=>row.dataset.recordType==='work').length,visibleProjects=visible.filter(row=>row.dataset.recordType==='project').length,visibleComposers=new Set(visible.filter(row=>row.dataset.recordType==='work').map(row=>row.dataset.composer)).size;worksResult.textContent=visibleWorks;projectsResult.textContent=visibleProjects;composerResult.textContent=visibleComposers;empty.hidden=visible.length!==0;renderChips();}\n  [year,formation,instrument,premiere].forEach(el=>el.addEventListener('change',filter));search.addEventListener('input',filter);\n  reset.addEventListener('click',()=>{search.value='';year.value='';formation.value='';instrument.value='';premiere.value='';filter();search.focus();});\n  sort.addEventListener('change',sortRows);\n  preset.addEventListener('click',()=>{premiere.value='estrenos';filter();root.querySelector('.ewa-catalog-bar').scrollIntoView({behavior:'smooth',block:'start'});});\n  root.querySelectorAll('.ewa-jump').forEach(link=>link.addEventListener('click',event=>{event.preventDefault();showPanel('editions');showEdition(link.dataset.year);const target=root.querySelector('#'+CSS.escape(link.dataset.target));if(target){target.open=true;setTimeout(()=>target.scrollIntoView({behavior:'smooth',block:'start'}),30);}}));\n\n  const pageLang=(document.documentElement.lang||'es').toLowerCase();\n  if(pageLang.startsWith('en')||pageLang.startsWith('eu')){const key=pageLang.startsWith('en')?'en':'eu';root.querySelectorAll('.ewa-localized').forEach(el=>{const value=el.dataset[key];if(value)el.textContent=value;});}\n  sortRows();filter();\n})();\n<\/script>\n<\/div>\n","protected":false},"excerpt":{"rendered":"<p>Archivo Cat\u00e1logo de obras y proyectos El archivo re\u00fane la programaci\u00f3n art\u00edstica de Eibarsax desde 2025: 63 obras en 14 propuestas, con repertorio hist\u00f3rico, moderno y contempor\u00e1neo, estrenos musicales y proyectos esc\u00e9nicos. 63 obras56 compositores9 formaciones musicales2 estrenos esc\u00e9nicos5 estrenos musicales Cat\u00e1logoPor ediciones Consultar el cat\u00e1logo Las filas se pueden desplegar para ver instrumentaci\u00f3n, int\u00e9rpretes [&hellip;]<\/p>\n","protected":false},"author":3,"featured_media":0,"parent":0,"menu_order":0,"comment_status":"closed","ping_status":"closed","template":"","meta":{"_uag_custom_page_level_css":"","site-sidebar-layout":"no-sidebar","site-content-layout":"","ast-site-content-layout":"full-width-container","site-content-style":"default","site-sidebar-style":"default","ast-global-header-display":"","ast-banner-title-visibility":"disabled","ast-main-header-display":"","ast-hfb-above-header-display":"","ast-hfb-below-header-display":"","ast-hfb-mobile-header-display":"","site-post-title":"","ast-breadcrumbs-content":"","ast-featured-img":"","footer-sml-layout":"","theme-transparent-header-meta":"","adv-header-id-meta":"","stick-header-meta":"","header-above-stick-meta":"","header-main-stick-meta":"","header-below-stick-meta":"","astra-migrate-meta-layouts":"set","ast-page-background-enabled":"default","ast-page-background-meta":{"desktop":{"background-color":"var(--ast-global-color-4)","background-image":"","background-repeat":"repeat","background-position":"center center","background-size":"auto","background-attachment":"scroll","background-type":"","background-media":"","overlay-type":"","overlay-color":"","overlay-opacity":"","overlay-gradient":""},"tablet":{"background-color":"","background-image":"","background-repeat":"repeat","background-position":"center center","background-size":"auto","background-attachment":"scroll","background-type":"","background-media":"","overlay-type":"","overlay-color":"","overlay-opacity":"","overlay-gradient":""},"mobile":{"background-color":"","background-image":"","background-repeat":"repeat","background-position":"center center","background-size":"auto","background-attachment":"scroll","background-type":"","background-media":"","overlay-type":"","overlay-color":"","overlay-opacity":"","overlay-gradient":""}},"ast-content-background-meta":{"desktop":{"background-color":"var(--ast-global-color-5)","background-image":"","background-repeat":"repeat","background-position":"center center","background-size":"auto","background-attachment":"scroll","background-type":"","background-media":"","overlay-type":"","overlay-color":"","overlay-opacity":"","overlay-gradient":""},"tablet":{"background-color":"var(--ast-global-color-5)","background-image":"","background-repeat":"repeat","background-position":"center center","background-size":"auto","background-attachment":"scroll","background-type":"","background-media":"","overlay-type":"","overlay-color":"","overlay-opacity":"","overlay-gradient":""},"mobile":{"background-color":"var(--ast-global-color-5)","background-image":"","background-repeat":"repeat","background-position":"center center","background-size":"auto","background-attachment":"scroll","background-type":"","background-media":"","overlay-type":"","overlay-color":"","overlay-opacity":"","overlay-gradient":""}},"footnotes":""},"class_list":["post-3237","page","type-page","status-publish","hentry"],"rankMath":{"parentDomain":"eibarsax.com","noFollowDomains":[],"noFollowExcludeDomains":[],"noFollowExternalLinks":false,"featuredImageNotice":"The featured image should be at least 200 by 200 pixels to be picked up by Facebook and other social media sites.","pluginReviewed":false,"postSettings":{"linkSuggestions":true,"useFocusKeyword":false},"frontEndScore":false,"postName":"archivo","permalinkFormat":"https:\/\/eibarsax.com\/eu\/%pagename%\/","showLockModifiedDate":true,"assessor":{"focusKeywordLink":"https:\/\/eibarsax.com\/wp-admin\/edit.php?focus_keyword=%focus_keyword%&post_type=%post_type%","hasTOCPlugin":false,"primaryTaxonomy":false,"serpData":{"title":"Saxofoi-errepertorioaren artxiboa | Eibarsax","description":"Arakatu Eibarsaxen saxofoi-errepertorioaren artxiboa: 63 obra, konpositoreak, taldeak, estreinaldiak eta 2025eko eta 2026ko kontzertu-programak.","focusKeywords":"repertorio para saxof\u00f3n","pillarContent":false,"canonicalUrl":"","breadcrumbTitle":"","advancedRobots":{"max-snippet":"-1","max-video-preview":"-1","max-image-preview":"large"},"facebookTitle":"","facebookDescription":"","facebookImage":"https:\/\/eibarsax.com\/wp-content\/uploads\/2026\/07\/eibarsax-social-logo-1200x630-1.jpg","facebookImageID":"3274","facebookHasOverlay":false,"facebookImageOverlay":"","facebookAuthor":"","twitterCardType":"","twitterUseFacebook":true,"twitterTitle":"","twitterDescription":"","twitterImage":"","twitterImageID":"","twitterHasOverlay":false,"twitterImageOverlay":"","twitterPlayerUrl":"","twitterPlayerSize":"","twitterPlayerStream":"","twitterPlayerStreamCtype":"","twitterAppDescription":"","twitterAppIphoneName":"","twitterAppIphoneID":"","twitterAppIphoneUrl":"","twitterAppIpadName":"","twitterAppIpadID":"","twitterAppIpadUrl":"","twitterAppGoogleplayName":"","twitterAppGoogleplayID":"","twitterAppGoogleplayUrl":"","twitterAppCountry":"","robots":{"index":true},"twitterAuthor":"username","primaryTerm":0,"authorName":"adminxabi","titleTemplate":"%title% %sep% %sitename%","descriptionTemplate":"%excerpt%","showScoreFrontend":true,"lockModifiedDate":false},"powerWords":[],"diacritics":{"A":"[\\u0041\\u24B6\\uFF21\\u00C0\\u00C1\\u00C2\\u1EA6\\u1EA4\\u1EAA\\u1EA8\\u00C3\\u0100\\u0102\\u1EB0\\u1EAE\\u1EB4\\u1EB2\\u0226\\u01E0\\u00C4\\u01DE\\u1EA2\\u00C5\\u01FA\\u01CD\\u0200\\u0202\\u1EA0\\u1EAC\\u1EB6\\u1E00\\u0104\\u023A\\u2C6F]","AA":"[\\uA732]","AE":"[\\u00C6\\u01FC\\u01E2]","AO":"[\\uA734]","AU":"[\\uA736]","AV":"[\\uA738\\uA73A]","AY":"[\\uA73C]","B":"[\\u0042\\u24B7\\uFF22\\u1E02\\u1E04\\u1E06\\u0243\\u0182\\u0181]","C":"[\\u0043\\u24B8\\uFF23\\u0106\\u0108\\u010A\\u010C\\u00C7\\u1E08\\u0187\\u023B\\uA73E]","D":"[\\u0044\\u24B9\\uFF24\\u1E0A\\u010E\\u1E0C\\u1E10\\u1E12\\u1E0E\\u0110\\u018B\\u018A\\u0189\\uA779]","DZ":"[\\u01F1\\u01C4]","Dz":"[\\u01F2\\u01C5]","E":"[\\u0045\\u24BA\\uFF25\\u00C8\\u00C9\\u00CA\\u1EC0\\u1EBE\\u1EC4\\u1EC2\\u1EBC\\u0112\\u1E14\\u1E16\\u0114\\u0116\\u00CB\\u1EBA\\u011A\\u0204\\u0206\\u1EB8\\u1EC6\\u0228\\u1E1C\\u0118\\u1E18\\u1E1A\\u0190\\u018E]","F":"[\\u0046\\u24BB\\uFF26\\u1E1E\\u0191\\uA77B]","G":"[\\u0047\\u24BC\\uFF27\\u01F4\\u011C\\u1E20\\u011E\\u0120\\u01E6\\u0122\\u01E4\\u0193\\uA7A0\\uA77D\\uA77E]","H":"[\\u0048\\u24BD\\uFF28\\u0124\\u1E22\\u1E26\\u021E\\u1E24\\u1E28\\u1E2A\\u0126\\u2C67\\u2C75\\uA78D]","I":"[\\u0049\\u24BE\\uFF29\\u00CC\\u00CD\\u00CE\\u0128\\u012A\\u012C\\u0130\\u00CF\\u1E2E\\u1EC8\\u01CF\\u0208\\u020A\\u1ECA\\u012E\\u1E2C\\u0197]","J":"[\\u004A\\u24BF\\uFF2A\\u0134\\u0248]","K":"[\\u004B\\u24C0\\uFF2B\\u1E30\\u01E8\\u1E32\\u0136\\u1E34\\u0198\\u2C69\\uA740\\uA742\\uA744\\uA7A2]","L":"[\\u004C\\u24C1\\uFF2C\\u013F\\u0139\\u013D\\u1E36\\u1E38\\u013B\\u1E3C\\u1E3A\\u0141\\u023D\\u2C62\\u2C60\\uA748\\uA746\\uA780]","LJ":"[\\u01C7]","Lj":"[\\u01C8]","M":"[\\u004D\\u24C2\\uFF2D\\u1E3E\\u1E40\\u1E42\\u2C6E\\u019C]","N":"[\\u004E\\u24C3\\uFF2E\\u01F8\\u0143\\u00D1\\u1E44\\u0147\\u1E46\\u0145\\u1E4A\\u1E48\\u0220\\u019D\\uA790\\uA7A4]","NJ":"[\\u01CA]","Nj":"[\\u01CB]","O":"[\\u004F\\u24C4\\uFF2F\\u00D2\\u00D3\\u00D4\\u1ED2\\u1ED0\\u1ED6\\u1ED4\\u00D5\\u1E4C\\u022C\\u1E4E\\u014C\\u1E50\\u1E52\\u014E\\u022E\\u0230\\u00D6\\u022A\\u1ECE\\u0150\\u01D1\\u020C\\u020E\\u01A0\\u1EDC\\u1EDA\\u1EE0\\u1EDE\\u1EE2\\u1ECC\\u1ED8\\u01EA\\u01EC\\u00D8\\u01FE\\u0186\\u019F\\uA74A\\uA74C]","OI":"[\\u01A2]","OO":"[\\uA74E]","OU":"[\\u0222]","P":"[\\u0050\\u24C5\\uFF30\\u1E54\\u1E56\\u01A4\\u2C63\\uA750\\uA752\\uA754]","Q":"[\\u0051\\u24C6\\uFF31\\uA756\\uA758\\u024A]","R":"[\\u0052\\u24C7\\uFF32\\u0154\\u1E58\\u0158\\u0210\\u0212\\u1E5A\\u1E5C\\u0156\\u1E5E\\u024C\\u2C64\\uA75A\\uA7A6\\uA782]","S":"[\\u0053\\u24C8\\uFF33\\u1E9E\\u015A\\u1E64\\u015C\\u1E60\\u0160\\u1E66\\u1E62\\u1E68\\u0218\\u015E\\u2C7E\\uA7A8\\uA784]","T":"[\\u0054\\u24C9\\uFF34\\u1E6A\\u0164\\u1E6C\\u021A\\u0162\\u1E70\\u1E6E\\u0166\\u01AC\\u01AE\\u023E\\uA786]","TZ":"[\\uA728]","U":"[\\u0055\\u24CA\\uFF35\\u00D9\\u00DA\\u00DB\\u0168\\u1E78\\u016A\\u1E7A\\u016C\\u00DC\\u01DB\\u01D7\\u01D5\\u01D9\\u1EE6\\u016E\\u0170\\u01D3\\u0214\\u0216\\u01AF\\u1EEA\\u1EE8\\u1EEE\\u1EEC\\u1EF0\\u1EE4\\u1E72\\u0172\\u1E76\\u1E74\\u0244]","V":"[\\u0056\\u24CB\\uFF36\\u1E7C\\u1E7E\\u01B2\\uA75E\\u0245]","VY":"[\\uA760]","W":"[\\u0057\\u24CC\\uFF37\\u1E80\\u1E82\\u0174\\u1E86\\u1E84\\u1E88\\u2C72]","X":"[\\u0058\\u24CD\\uFF38\\u1E8A\\u1E8C]","Y":"[\\u0059\\u24CE\\uFF39\\u1EF2\\u00DD\\u0176\\u1EF8\\u0232\\u1E8E\\u0178\\u1EF6\\u1EF4\\u01B3\\u024E\\u1EFE]","Z":"[\\u005A\\u24CF\\uFF3A\\u0179\\u1E90\\u017B\\u017D\\u1E92\\u1E94\\u01B5\\u0224\\u2C7F\\u2C6B\\uA762]","a":"[\\u0061\\u24D0\\uFF41\\u1E9A\\u00E0\\u00E1\\u00E2\\u1EA7\\u1EA5\\u1EAB\\u1EA9\\u00E3\\u0101\\u0103\\u1EB1\\u1EAF\\u1EB5\\u1EB3\\u0227\\u01E1\\u00E4\\u01DF\\u1EA3\\u00E5\\u01FB\\u01CE\\u0201\\u0203\\u1EA1\\u1EAD\\u1EB7\\u1E01\\u0105\\u2C65\\u0250]","aa":"[\\uA733]","ae":"[\\u00E6\\u01FD\\u01E3]","ao":"[\\uA735]","au":"[\\uA737]","av":"[\\uA739\\uA73B]","ay":"[\\uA73D]","b":"[\\u0062\\u24D1\\uFF42\\u1E03\\u1E05\\u1E07\\u0180\\u0183\\u0253]","c":"[\\u0063\\u24D2\\uFF43\\u0107\\u0109\\u010B\\u010D\\u00E7\\u1E09\\u0188\\u023C\\uA73F\\u2184]","d":"[\\u0064\\u24D3\\uFF44\\u1E0B\\u010F\\u1E0D\\u1E11\\u1E13\\u1E0F\\u0111\\u018C\\u0256\\u0257\\uA77A]","dz":"[\\u01F3\\u01C6]","e":"[\\u0065\\u24D4\\uFF45\\u00E8\\u00E9\\u00EA\\u1EC1\\u1EBF\\u1EC5\\u1EC3\\u1EBD\\u0113\\u1E15\\u1E17\\u0115\\u0117\\u00EB\\u1EBB\\u011B\\u0205\\u0207\\u1EB9\\u1EC7\\u0229\\u1E1D\\u0119\\u1E19\\u1E1B\\u0247\\u025B\\u01DD]","f":"[\\u0066\\u24D5\\uFF46\\u1E1F\\u0192\\uA77C]","g":"[\\u0067\\u24D6\\uFF47\\u01F5\\u011D\\u1E21\\u011F\\u0121\\u01E7\\u0123\\u01E5\\u0260\\uA7A1\\u1D79\\uA77F]","h":"[\\u0068\\u24D7\\uFF48\\u0125\\u1E23\\u1E27\\u021F\\u1E25\\u1E29\\u1E2B\\u1E96\\u0127\\u2C68\\u2C76\\u0265]","hv":"[\\u0195]","i":"[\\u0069\\u24D8\\uFF49\\u00EC\\u00ED\\u00EE\\u0129\\u012B\\u012D\\u00EF\\u1E2F\\u1EC9\\u01D0\\u0209\\u020B\\u1ECB\\u012F\\u1E2D\\u0268\\u0131]","j":"[\\u006A\\u24D9\\uFF4A\\u0135\\u01F0\\u0249]","k":"[\\u006B\\u24DA\\uFF4B\\u1E31\\u01E9\\u1E33\\u0137\\u1E35\\u0199\\u2C6A\\uA741\\uA743\\uA745\\uA7A3]","l":"[\\u006C\\u24DB\\uFF4C\\u0140\\u013A\\u013E\\u1E37\\u1E39\\u013C\\u1E3D\\u1E3B\\u017F\\u0142\\u019A\\u026B\\u2C61\\uA749\\uA781\\uA747]","lj":"[\\u01C9]","m":"[\\u006D\\u24DC\\uFF4D\\u1E3F\\u1E41\\u1E43\\u0271\\u026F]","n":"[\\u006E\\u24DD\\uFF4E\\u01F9\\u0144\\u00F1\\u1E45\\u0148\\u1E47\\u0146\\u1E4B\\u1E49\\u019E\\u0272\\u0149\\uA791\\uA7A5]","nj":"[\\u01CC]","o":"[\\u006F\\u24DE\\uFF4F\\u00F2\\u00F3\\u00F4\\u1ED3\\u1ED1\\u1ED7\\u1ED5\\u00F5\\u1E4D\\u022D\\u1E4F\\u014D\\u1E51\\u1E53\\u014F\\u022F\\u0231\\u00F6\\u022B\\u1ECF\\u0151\\u01D2\\u020D\\u020F\\u01A1\\u1EDD\\u1EDB\\u1EE1\\u1EDF\\u1EE3\\u1ECD\\u1ED9\\u01EB\\u01ED\\u00F8\\u01FF\\u0254\\uA74B\\uA74D\\u0275]","oi":"[\\u01A3]","ou":"[\\u0223]","oo":"[\\uA74F]","p":"[\\u0070\\u24DF\\uFF50\\u1E55\\u1E57\\u01A5\\u1D7D\\uA751\\uA753\\uA755]","q":"[\\u0071\\u24E0\\uFF51\\u024B\\uA757\\uA759]","r":"[\\u0072\\u24E1\\uFF52\\u0155\\u1E59\\u0159\\u0211\\u0213\\u1E5B\\u1E5D\\u0157\\u1E5F\\u024D\\u027D\\uA75B\\uA7A7\\uA783]","s":"[\\u0073\\u24E2\\uFF53\\u015B\\u1E65\\u015D\\u1E61\\u0161\\u1E67\\u1E63\\u1E69\\u0219\\u015F\\u023F\\uA7A9\\uA785\\u1E9B]","ss":"[\\u00DF]","t":"[\\u0074\\u24E3\\uFF54\\u1E6B\\u1E97\\u0165\\u1E6D\\u021B\\u0163\\u1E71\\u1E6F\\u0167\\u01AD\\u0288\\u2C66\\uA787]","tz":"[\\uA729]","u":"[\\u0075\\u24E4\\uFF55\\u00F9\\u00FA\\u00FB\\u0169\\u1E79\\u016B\\u1E7B\\u016D\\u00FC\\u01DC\\u01D8\\u01D6\\u01DA\\u1EE7\\u016F\\u0171\\u01D4\\u0215\\u0217\\u01B0\\u1EEB\\u1EE9\\u1EEF\\u1EED\\u1EF1\\u1EE5\\u1E73\\u0173\\u1E77\\u1E75\\u0289]","v":"[\\u0076\\u24E5\\uFF56\\u1E7D\\u1E7F\\u028B\\uA75F\\u028C]","vy":"[\\uA761]","w":"[\\u0077\\u24E6\\uFF57\\u1E81\\u1E83\\u0175\\u1E87\\u1E85\\u1E98\\u1E89\\u2C73]","x":"[\\u0078\\u24E7\\uFF58\\u1E8B\\u1E8D]","y":"[\\u0079\\u24E8\\uFF59\\u1EF3\\u00FD\\u0177\\u1EF9\\u0233\\u1E8F\\u00FF\\u1EF7\\u1E99\\u1EF5\\u01B4\\u024F\\u1EFF]","z":"[\\u007A\\u24E9\\uFF5A\\u017A\\u1E91\\u017C\\u017E\\u1E93\\u1E95\\u01B6\\u0225\\u0240\\u2C6C\\uA763]"},"researchesTests":["contentHasTOC","contentHasShortParagraphs","contentHasAssets","keywordInTitle","keywordInMetaDescription","keywordInPermalink","keywordIn10Percent","keywordInContent","keywordInSubheadings","keywordInImageAlt","keywordDensity","keywordNotUsed","lengthContent","lengthPermalink","linksHasInternal","linksHasExternals","linksNotAllExternals","titleStartWithKeyword","titleSentiment","titleHasPowerWords","titleHasNumber","hasContentAI"],"hasRedirection":true,"hasBreadcrumb":true},"homeUrl":"https:\/\/eibarsax.com\/eu","objectID":3237,"objectType":"post","locale":"eu","localeFull":"eu","overlayImages":{"play":{"name":"Play icon","url":"https:\/\/eibarsax.com\/wp-content\/plugins\/seo-by-rank-math\/assets\/admin\/img\/icon-play.png","path":"\/home\/dvrinsdv\/eibarsax.com\/wp-content\/plugins\/seo-by-rank-math\/assets\/admin\/img\/icon-play.png","position":"middle_center"},"gif":{"name":"GIF icon","url":"https:\/\/eibarsax.com\/wp-content\/plugins\/seo-by-rank-math\/assets\/admin\/img\/icon-gif.png","path":"\/home\/dvrinsdv\/eibarsax.com\/wp-content\/plugins\/seo-by-rank-math\/assets\/admin\/img\/icon-gif.png","position":"middle_center"}},"defautOgImage":"https:\/\/eibarsax.com\/wp-content\/plugins\/seo-by-rank-math\/assets\/admin\/img\/social-placeholder.jpg","customPermalinks":true,"isUserRegistered":false,"autoSuggestKeywords":false,"connectSiteUrl":"https:\/\/rankmath.com\/auth?site=https%3A%2F%2Feibarsax.com%2Feu&r=https%3A%2F%2Feibarsax.com%2Feu%2Fwp-json%2Fwp%2Fv2%2Fpages%2F3237%3Fnonce%3Df1b809b17a","maxTags":5,"trendsIcon":"<svg viewBox=\"0 0 610 610\"><path d=\"M18.85,446,174.32,290.48l58.08,58.08L76.93,504a14.54,14.54,0,0,1-20.55,0L18.83,466.48a14.54,14.54,0,0,1,0-20.55Z\" style=\"fill:#4285f4\"\/><path d=\"M242.65,242.66,377.59,377.6l-47.75,47.75a14.54,14.54,0,0,1-20.55,0L174.37,290.43l47.75-47.75A14.52,14.52,0,0,1,242.65,242.66Z\" style=\"fill:#ea4335\"\/><polygon points=\"319.53 319.53 479.26 159.8 537.34 217.88 377.61 377.62 319.53 319.53\" style=\"fill:#fabb05\"\/><path d=\"M594.26,262.73V118.61h0a16.94,16.94,0,0,0-16.94-16.94H433.2a16.94,16.94,0,0,0-12,28.92L565.34,274.71h0a16.94,16.94,0,0,0,28.92-12Z\" style=\"fill:#34a853\"\/><rect width=\"610\" height=\"610\" style=\"fill:none\"\/><\/svg>","showScore":true,"siteFavIcon":"https:\/\/eibarsax.com\/wp-content\/uploads\/2025\/01\/Diseno-sin-titulo-14-1-150x150.png","canUser":{"general":false,"advanced":false,"snippet":false,"social":false,"analysis":false,"analytics":false,"content_ai":false},"isPro":false,"is_front_page":false,"trendsUpgradeLink":"https:\/\/rankmath.com\/pricing\/?utm_source=Plugin&utm_medium=CE%20General%20Tab%20Trends&utm_campaign=WP","trendsUpgradeLabel":"Upgrade","trendsPreviewImage":"https:\/\/eibarsax.com\/wp-content\/plugins\/seo-by-rank-math\/assets\/admin\/img\/trends-preview.jpg","currentEditor":false,"homepageData":{"assessor":{"powerWords":[],"diacritics":true,"researchesTests":["contentHasTOC","contentHasShortParagraphs","contentHasAssets","keywordInTitle","keywordInMetaDescription","keywordInPermalink","keywordIn10Percent","keywordInContent","keywordInSubheadings","keywordInImageAlt","keywordDensity","keywordNotUsed","lengthContent","lengthPermalink","linksHasInternal","linksHasExternals","linksNotAllExternals","titleStartWithKeyword","titleSentiment","titleHasPowerWords","titleHasNumber","hasContentAI"],"hasBreadcrumb":true,"serpData":{"title":"%sitename% %page% %sep% %sitedesc%","description":"","titleTemplate":"%sitename% %page% %sep% %sitedesc%","descriptionTemplate":"","focusKeywords":"","breadcrumbTitle":"Home","robots":{"index":true},"advancedRobots":{"max-snippet":"-1","max-video-preview":"-1","max-image-preview":"large"},"facebookTitle":"","facebookDescription":"","facebookImage":"","facebookImageID":""}}},"tocTitle":"Table of Contents","tocExcludeHeadings":[],"listStyle":"ul"},"uagb_featured_image_src":{"full":false,"thumbnail":false,"medium":false,"medium_large":false,"large":false,"1536x1536":false,"2048x2048":false,"trp-custom-language-flag":false},"uagb_author_info":{"display_name":"adminxabi","author_link":"https:\/\/eibarsax.com\/eu\/author\/adminxabi\/"},"uagb_comment_info":0,"uagb_excerpt":"Archivo Cat\u00e1logo de obras y proyectos El archivo re\u00fane la programaci\u00f3n art\u00edstica de Eibarsax desde 2025: 63 obras en 14 propuestas, con repertorio hist\u00f3rico, moderno y contempor\u00e1neo, estrenos musicales y proyectos esc\u00e9nicos. 63 obras56 compositores9 formaciones musicales2 estrenos esc\u00e9nicos5 estrenos musicales Cat\u00e1logoPor ediciones Consultar el cat\u00e1logo Las filas se pueden desplegar para ver instrumentaci\u00f3n, int\u00e9rpretes&hellip;","_links":{"self":[{"href":"https:\/\/eibarsax.com\/eu\/wp-json\/wp\/v2\/pages\/3237","targetHints":{"allow":["GET"]}}],"collection":[{"href":"https:\/\/eibarsax.com\/eu\/wp-json\/wp\/v2\/pages"}],"about":[{"href":"https:\/\/eibarsax.com\/eu\/wp-json\/wp\/v2\/types\/page"}],"author":[{"embeddable":true,"href":"https:\/\/eibarsax.com\/eu\/wp-json\/wp\/v2\/users\/3"}],"replies":[{"embeddable":true,"href":"https:\/\/eibarsax.com\/eu\/wp-json\/wp\/v2\/comments?post=3237"}],"version-history":[{"count":21,"href":"https:\/\/eibarsax.com\/eu\/wp-json\/wp\/v2\/pages\/3237\/revisions"}],"predecessor-version":[{"id":3287,"href":"https:\/\/eibarsax.com\/eu\/wp-json\/wp\/v2\/pages\/3237\/revisions\/3287"}],"wp:attachment":[{"href":"https:\/\/eibarsax.com\/eu\/wp-json\/wp\/v2\/media?parent=3237"}],"curies":[{"name":"wp","href":"https:\/\/api.w.org\/{rel}","templated":true}]}}