{"id":1393,"date":"2024-12-21T11:06:59","date_gmt":"2024-12-21T11:06:59","guid":{"rendered":"https:\/\/eibarsax.com\/about\/"},"modified":"2026-07-26T22:41:39","modified_gmt":"2026-07-26T22:41:39","slug":"sobre-nosotros","status":"publish","type":"page","link":"https:\/\/eibarsax.com\/eu\/sobre-nosotros\/","title":{"rendered":"Guri buruz"},"content":{"rendered":"<div class=\"wp-block-uagb-container uagb-block-a79bbcd0 alignfull uagb-is-root-container\"><div class=\"uagb-container-inner-blocks-wrap\">\n<div class=\"wp-block-uagb-info-box uagb-block-fc99e2cd uagb-infobox__content-wrap  uagb-infobox-icon-above-title uagb-infobox-image-valign-top wp-block-uagb-info-box--has-margin\"><div class=\"uagb-infobox-margin-wrapper\"><div class=\"uagb-ifb-content\"><div class=\"uagb-ifb-title-wrap\"><h1 class=\"uagb-ifb-title\">Guri buruz<\/h1><\/div><\/div><\/div><\/div>\n\n\n\n<figure class=\"wp-block-image aligncenter size-full is-resized\"><img loading=\"lazy\" decoding=\"async\" width=\"595\" height=\"277\" src=\"https:\/\/eibarsax.com\/wp-content\/uploads\/2025\/02\/Diseno-sin-titulo-3.jpg\" alt=\"Arno Bornkamp, Juana Palop y Xabier Oruesagasti, equipo fundador de Eibarsax\" class=\"wp-image-2853\" style=\"aspect-ratio:2.148169612672655;width:468px;height:auto\" srcset=\"https:\/\/eibarsax.com\/wp-content\/uploads\/2025\/02\/Diseno-sin-titulo-3.jpg 595w, https:\/\/eibarsax.com\/wp-content\/uploads\/2025\/02\/Diseno-sin-titulo-3-300x140.jpg 300w, https:\/\/eibarsax.com\/wp-content\/uploads\/2025\/02\/Diseno-sin-titulo-3-18x8.jpg 18w\" sizes=\"auto, (max-width: 595px) 100vw, 595px\" \/><\/figure>\n\n\n\n<div class=\"wp-block-uagb-info-box uagb-block-25e98794 uagb-infobox__content-wrap  uagb-infobox-icon-above-title uagb-infobox-image-valign-top wp-block-uagb-info-box--has-margin\"><div class=\"uagb-infobox-margin-wrapper\"><div class=\"uagb-ifb-content\"><div class=\"uagb-ifb-title-wrap\"><h3 class=\"uagb-ifb-title\"><strong>Eibarsaxen filosofia<\/strong><\/h3><\/div><p class=\"uagb-ifb-desc\"><strong>Eibarsax<\/strong> musika interpretatu ez ezik, <strong>pentsatu<\/strong> eta <strong>barneratzeko lekua da<\/strong>. <strong>Zortzi egunez<\/strong>, Eibar erreferentziazko topagune bihurtuko da <strong>saxofonista gazteentzat<\/strong> beren instrumentuan <strong>sakondu,<\/strong> interpretazioa <strong>findu,<\/strong> ideia musikalak <strong>esploratu<\/strong> eta, batez ere, <strong>konektatu nahi dutenentzat<\/strong>. Ikastaro hau <strong>inspiratzeko pentsatuta dago:<\/strong> parte-hartzaile guztiak, baita <strong>irakasleak ere<\/strong>!<br><br>Irakasleek beren <strong>ikuspegi artistikoa<\/strong> ekartzen dute, etengabeko <strong>elkarrizketa baten motor gisa: haien proposamenek forma hartzen dute<\/strong>\u00a0 <strong>eguneroko kontzertuetan,<\/strong> eta kontzertu horiek ez dute soilik haien artea erakusten; hausnartzera ere gonbidatzen dute zer den <strong>gaur egun musika sortzea<\/strong>. Aldi berean, ikasleak <strong>parte-hartzaile aktiboak dira<\/strong> ganbera-musikan, saxofoi-ensemblean eta abarretan, beren <strong>mentoreekin<\/strong> eta kideekin elkarlanean, <strong>programa kolektibo bati<\/strong> astean zehar forma emanez.<br><br>Ohiko <strong>banakako klaseez<\/strong>gain, <strong>klase kolektiboek<\/strong> ikasleak eta irakasleak truke <strong>dinamiko<\/strong> eta <strong>aktibo batean parte hartzera bultzatzen dituzte<\/strong>. Interpretazio bakoitza aukera bihurtzen da irakasleek <strong>-lan egiteko<\/strong>lan egiteko, ingurune bat sortuz, zeinak <strong>inspiratzen<\/strong>, <strong>zalantzan jartzen<\/strong> eta <strong>goratzen<\/strong> duen prozesu sortzailea.<br><br>Ikastaroko egun bakoitza gonbidapena da <strong>esploratu<\/strong>, <strong>entzuteko<\/strong> eta <strong>elkarrizketan aritzeko<\/strong>. Hemen sortzen diren soinuak agertokitik harago doaz, eta oihartzun egiten dute <strong>ideia partekatuetan<\/strong>, <strong>energia kolektiboan<\/strong> eta <strong>luzaroan geratzen diren esperientzietan<\/strong>. <strong>Eibarsax<\/strong> plataforma bat da honetara begiratzeko: <strong>horizonte berriak<\/strong>, <strong>topagune bat<\/strong> modu berriak bultzatzen dituena <strong>ulertzeko<\/strong> eta <strong>bizitzeko<\/strong> musika.<br><br><br><\/p><\/div><\/div><\/div>\n<\/div><\/div>\n\n\n\n<div class=\"wp-block-uagb-container uagb-block-67bec61e alignfull uagb-is-root-container\"><div class=\"uagb-container-inner-blocks-wrap\">\n<div class=\"wp-block-uagb-info-box uagb-block-3441f5ca uagb-infobox__content-wrap  uagb-infobox-icon-above-title uagb-infobox-image-valign-top wp-block-uagb-info-box--has-margin\"><div class=\"uagb-infobox-margin-wrapper\"><div class=\"uagb-ifb-content\"><div class=\"uagb-ifb-title-wrap\"><h2 class=\"uagb-ifb-title\">Antolatzaileak<\/h2><\/div><\/div><\/div><\/div>\n\n\n\n<div class=\"wp-block-uagb-container uagb-block-4fab60aa\">\n<div class=\"wp-block-uagb-info-box uagb-block-40885515 uagb-infobox__content-wrap  uagb-infobox-icon-above-title uagb-infobox-image-valign-top\"><div class=\"uagb-ifb-content\"><div class=\"uagb-ifb-image-content\"><img decoding=\"async\" src=\"https:\/\/eibarsax.com\/wp-content\/uploads\/2025\/01\/Juani-288x412-1.jpg\" alt=\"Juani Palop\" width=\"\" height=\"0\" loading=\"lazy\"\/><\/div><div class=\"uagb-ifb-title-wrap\"><h5 class=\"uagb-ifb-title\"><a href=\"#Juani\" data-type=\"internal\" data-id=\"#Juani\">Juana Palop <\/a><\/h5><\/div><p class=\"uagb-ifb-desc\"><strong>Sortzailekidea eta irakaslea<\/strong><\/p><\/div><\/div>\n\n\n\n<div class=\"wp-block-uagb-info-box uagb-block-15e709de uagb-infobox__content-wrap  uagb-infobox-icon-above-title uagb-infobox-image-valign-top\"><div class=\"uagb-ifb-content\"><div class=\"uagb-ifb-image-content\"><img decoding=\"async\" src=\"https:\/\/eibarsax.com\/wp-content\/uploads\/2025\/01\/Arno-288x412-1.jpg\" alt=\"Arno Bornkamp\" width=\"\" height=\"0\" loading=\"lazy\"\/><\/div><div class=\"uagb-ifb-title-wrap\"><h5 class=\"uagb-ifb-title\"><strong><a href=\"#Arno\" data-type=\"internal\" data-id=\"#Arno\">Arno Bornkamp<\/a><\/strong><\/h5><\/div><p class=\"uagb-ifb-desc\"><strong>Sortzailekidea eta irakaslea<\/strong><\/p><\/div><\/div>\n\n\n\n<div class=\"wp-block-uagb-info-box uagb-block-f8eb1cb3 uagb-infobox__content-wrap  uagb-infobox-icon-above-title uagb-infobox-image-valign-top\"><div class=\"uagb-ifb-content\"><div class=\"uagb-ifb-image-content\"><img decoding=\"async\" src=\"https:\/\/eibarsax.com\/wp-content\/uploads\/2025\/01\/Xabier-288x412-1.jpg\" alt=\"Xabier Oruesagasti\" width=\"\" height=\"0\" loading=\"lazy\"\/><\/div><div class=\"uagb-ifb-title-wrap\"><h5 class=\"uagb-ifb-title\"><strong><a href=\"#Xabi\" data-type=\"internal\" data-id=\"#Xabi\">Xabier Oruesagasti<\/a><\/strong><\/h5><\/div><p class=\"uagb-ifb-desc\"><strong>Sortzailekidea eta irakaslea<\/strong><\/p><\/div><\/div>\n<\/div>\n\n\n\n<div class=\"wp-block-uagb-info-box uagb-block-f5e1584f uagb-infobox__content-wrap  uagb-infobox-icon-above-title uagb-infobox-image-valign-top wp-block-uagb-info-box--has-margin\"><div class=\"uagb-infobox-margin-wrapper\"><div class=\"uagb-ifb-content\"><div class=\"uagb-ifb-title-wrap\"><h2 class=\"uagb-ifb-title\">Laguntzaileak<\/h2><\/div><\/div><\/div><\/div>\n\n\n\n<div class=\"wp-block-uagb-container uagb-block-d32fead1\">\n<div class=\"wp-block-uagb-info-box uagb-block-0b93852d uagb-infobox__content-wrap  uagb-infobox-icon-above-title uagb-infobox-image-valign-top\"><div class=\"uagb-ifb-content\"><div class=\"uagb-ifb-image-content\"><img decoding=\"async\" src=\"https:\/\/eibarsax.com\/wp-content\/uploads\/2025\/01\/Sara-288x412-1.jpg\" alt=\"Sara Zuazo\" width=\"\" height=\"0\" loading=\"lazy\"\/><\/div><div class=\"uagb-ifb-title-wrap\"><h5 class=\"uagb-ifb-title\"><strong><a href=\"#Sara\" data-type=\"internal\" data-id=\"#:~:text=y%20creaci%C3%B3n%20art%C3%ADstica.-,Sara%20Zazo,-Profesora\">Sara Zazo<\/a><\/strong><\/h5><\/div><p class=\"uagb-ifb-desc\"><strong>Irakaslea<\/strong><\/p><\/div><\/div>\n\n\n\n<div class=\"wp-block-uagb-info-box uagb-block-75e4258e uagb-infobox__content-wrap  uagb-infobox-icon-above-title uagb-infobox-image-valign-top\"><div class=\"uagb-ifb-content\"><div class=\"uagb-ifb-image-content\"><img decoding=\"async\" src=\"https:\/\/eibarsax.com\/wp-content\/uploads\/2025\/01\/Xavi-288x412-1.jpg\" alt=\"Xavier Larsson\" width=\"\" height=\"0\" loading=\"lazy\"\/><\/div><div class=\"uagb-ifb-title-wrap\"><h5 class=\"uagb-ifb-title\"><strong><strong><a href=\"#Xavier\" data-type=\"internal\" data-id=\"#Xavier\">Xavier Larsson<\/a><\/strong><\/strong><\/h5><\/div><p class=\"uagb-ifb-desc\"><strong>Irakaslea<\/strong><\/p><\/div><\/div>\n\n\n\n<div class=\"wp-block-uagb-info-box uagb-block-8978bf7e uagb-infobox__content-wrap  uagb-infobox-icon-above-title uagb-infobox-image-valign-top\"><div class=\"uagb-ifb-content\"><div class=\"uagb-ifb-image-content\"><img decoding=\"async\" src=\"https:\/\/eibarsax.com\/wp-content\/uploads\/2026\/01\/WhatsApp-Image-2026-01-10-at-19.08.57-200x300.jpeg\" alt=\"catarina-paiva\" width=\"\" height=\"0\" loading=\"lazy\"\/><\/div><div class=\"uagb-ifb-title-wrap\"><h5 class=\"uagb-ifb-title\"><strong><strong><a href=\"#Catarina\">Catarina Paiva<\/a><\/strong><\/strong><\/h5><\/div><p class=\"uagb-ifb-desc\"><strong>Irakaslea<\/strong><\/p><\/div><\/div>\n\n\n\n<div class=\"wp-block-uagb-info-box uagb-block-2b3f8f00 uagb-infobox__content-wrap  uagb-infobox-icon-above-title uagb-infobox-image-valign-top\"><div class=\"uagb-ifb-content\"><div class=\"uagb-ifb-image-content\"><img decoding=\"async\" src=\"https:\/\/eibarsax.com\/wp-content\/uploads\/2025\/01\/Tobias-288x412-1.jpg\" alt=\"Tobias Borsboom\" width=\"\" height=\"0\" loading=\"lazy\"\/><\/div><div class=\"uagb-ifb-title-wrap\"><h5 class=\"uagb-ifb-title\"><strong><strong><a href=\"#Tobia\">Tobias Borsboom<\/a><\/strong><\/strong><\/h5><\/div><p class=\"uagb-ifb-desc\"><strong>Pianista errepertorista<\/strong><\/p><\/div><\/div>\n<\/div>\n\n\n\n<section class=\"wp-block-uagb-columns uagb-columns__wrap uagb-columns__background-none uagb-columns__stack-mobile uagb-columns__valign- uagb-columns__gap-10 align uagb-block-481c101e uagb-columns__columns-2 uagb-columns__max_width-theme\"><div class=\"uagb-columns__overlay\"><\/div><div class=\"uagb-columns__inner-wrap uagb-columns__columns-2\">\n<div class=\"wp-block-uagb-column uagb-column__wrap uagb-column__background-undefined uagb-block-05cd280b\"><div class=\"uagb-column__overlay\"><\/div>\n<h3 class=\"wp-block-heading\" id=\"Juani\">Juana Palop<\/h3>\n\n\n\n<p class=\"wp-block-paragraph\"><strong>Sortzailekidea eta irakaslea<\/strong><\/p>\n\n\n\n<div class=\"wp-block-uagb-image uagb-block-eb2b6194 wp-block-uagb-image--layout-default wp-block-uagb-image--effect-static wp-block-uagb-image--align-none\"><figure class=\"wp-block-uagb-image__figure\"><img decoding=\"async\" srcset=\"https:\/\/eibarsax.com\/wp-content\/uploads\/2025\/01\/image_123650291-698x1024.jpg ,https:\/\/eibarsax.com\/wp-content\/uploads\/2025\/01\/image_123650291.jpg 780w, https:\/\/eibarsax.com\/wp-content\/uploads\/2025\/01\/image_123650291.jpg 360w\" sizes=\"auto, (max-width: 480px) 150px\" src=\"https:\/\/eibarsax.com\/wp-content\/uploads\/2025\/01\/image_123650291-698x1024.jpg\" alt=\"Juana Palop con su saxof\u00f3n\" class=\"uag-image-2674\" width=\"698\" height=\"1024\" title=\"image_123650291\" loading=\"lazy\" role=\"img\"\/><\/figure><\/div>\n<\/div>\n\n\n\n<div class=\"wp-block-uagb-column uagb-column__wrap uagb-column__background-undefined uagb-block-33e8b95b\"><div class=\"uagb-column__overlay\"><\/div>\n<p class=\"wp-block-paragraph\">Saxofoi espezialitateko <strong>masterra Cum Laude kalifikazioarekin<\/strong> lortu zuen <strong>Conservatorium van Amsterdam-en<\/strong> klasean: <strong>Arno Bornkamp<\/strong> (2009). 2010etik 2018ra <strong>Bartzelonako Udal Bandako kidea izan zen<\/strong>.<\/p>\n\n\n\n<p class=\"wp-block-paragraph\">Bere ibilbide artistikoak jarduera orkestrala, ganbera-musika eta pedagogia uztartzen ditu. Honako talde hauekin kolaboratu du: <strong>Mahler Chamber Orchestra<\/strong>, <strong>Nederlands Blazers Ensemble<\/strong>, <strong>Madrilgo Orkestra Sinfonikoa<\/strong>, <strong>musicAeterna<\/strong> eta <strong>LUDWIG<\/strong>. Zuzendarien artean, besteak beste, <strong>Pablo Heras-Casado<\/strong>, <strong>Barbara Hannigan<\/strong> eta <strong>Teodor Currentzis izan dira<\/strong>.<\/p>\n\n\n\n<p class=\"wp-block-paragraph\">Ganbera-musikari gisa, bere jarduera profesionalaren zati garrantzitsu bat <strong>Berlage Saxophone Quartet<\/strong> eta <strong>Trio Abril taldeetan<\/strong>; garatzen du. Formazio horietan saxofoi-laukotearen errepertorioa eta sorkuntza garaikidea esploratzen ditu, errepertorio berria garatuz eta interpretatuz.<\/p>\n\n\n\n<p class=\"wp-block-paragraph\">2018tik <strong>Herbehereetan<\/strong>; bizi da, eta jarduera artistiko eta pedagogiko bizia garatzen du. Saxofoi irakaslea da <strong>Zwolleko ArtEZ Kontserbatorioan<\/strong> eta irakasle gonbidatua da aldizka <strong>Tilburg Sax Summit-en<\/strong>. Zuzendarikidea izan zen <strong>Alcosax Nazioarteko Saxofoi Jaialdian<\/strong> (2010-2018), eta gaur egun <strong>Eibarsax Jaialdiaren zuzendaritza artistikoan<\/strong>parte hartzen du, belaunaldi berriei musikaren bidez beren ahotsa bilatzen lagunduz.<\/p>\n<\/div>\n<\/div><\/section>\n\n\n\n<div class=\"wp-block-uagb-container uagb-block-153c8edd\">\n<section class=\"wp-block-uagb-columns uagb-columns__wrap uagb-columns__background-none uagb-columns__stack-mobile uagb-columns__valign- uagb-columns__gap-10 align uagb-block-2fb39d0a uagb-columns__columns-2 uagb-columns__max_width-theme\"><div class=\"uagb-columns__overlay\"><\/div><div class=\"uagb-columns__inner-wrap uagb-columns__columns-2\">\n<div class=\"wp-block-uagb-column uagb-column__wrap uagb-column__background-undefined uagb-block-0fdb6044\"><div class=\"uagb-column__overlay\"><\/div>\n<figure class=\"wp-block-embed is-type-rich is-provider-soundcloud wp-block-embed-soundcloud\"><div class=\"wp-block-embed__wrapper\">\n<div class=\"ast-oembed-container\" style=\"height: 100%;\"><iframe loading=\"lazy\" title=\"Bruch op. 83 n. 2 by Juani Palop\" width=\"500\" height=\"400\" scrolling=\"no\" frameborder=\"no\" src=\"https:\/\/w.soundcloud.com\/player\/?visual=true&#038;url=https%3A%2F%2Fapi.soundcloud.com%2Ftracks%2F216151514&#038;show_artwork=true&#038;maxheight=750&#038;maxwidth=500\"><\/iframe><\/div>\n<\/div><\/figure>\n<\/div>\n\n\n\n<div class=\"wp-block-uagb-column uagb-column__wrap uagb-column__background-undefined uagb-block-a68b82aa\"><div class=\"uagb-column__overlay\"><\/div>\n<figure class=\"wp-block-embed is-type-rich is-provider-soundcloud wp-block-embed-soundcloud\"><div class=\"wp-block-embed__wrapper\">\n<div class=\"ast-oembed-container\" style=\"height: 100%;\"><iframe loading=\"lazy\" title=\"Mysterious Morning III F. Tanada by Juani Palop\" width=\"500\" height=\"400\" scrolling=\"no\" frameborder=\"no\" src=\"https:\/\/w.soundcloud.com\/player\/?visual=true&#038;url=https%3A%2F%2Fapi.soundcloud.com%2Ftracks%2F216150315&#038;show_artwork=true&#038;maxheight=750&#038;maxwidth=500\"><\/iframe><\/div>\n<\/div><\/figure>\n<\/div>\n<\/div><\/section>\n<\/div>\n\n\n\n<div class=\"wp-block-uagb-container uagb-block-7dbb2a70\"><\/div>\n\n\n\n<section class=\"wp-block-uagb-columns uagb-columns__wrap uagb-columns__background-none uagb-columns__stack-mobile uagb-columns__valign- uagb-columns__gap-10 align uagb-block-68d56108 uagb-columns__columns-2 uagb-columns__max_width-theme\"><div class=\"uagb-columns__overlay\"><\/div><div class=\"uagb-columns__inner-wrap uagb-columns__columns-2\">\n<div class=\"wp-block-uagb-column uagb-column__wrap uagb-column__background-undefined uagb-block-4bfea891\"><div class=\"uagb-column__overlay\"><\/div>\n<h3 class=\"wp-block-heading\" id=\"Arno\">Arno Bornkamp<\/h3>\n\n\n\n<p class=\"wp-block-paragraph\"><strong>Sortzailekidea eta irakaslea<\/strong><\/p>\n\n\n\n<div class=\"wp-block-uagb-image uagb-block-ec244ff0 wp-block-uagb-image--layout-default wp-block-uagb-image--effect-static wp-block-uagb-image--align-none\"><figure class=\"wp-block-uagb-image__figure\"><img decoding=\"async\" srcset=\"https:\/\/eibarsax.com\/wp-content\/uploads\/2025\/01\/IMG_1826.jpg ,https:\/\/eibarsax.com\/wp-content\/uploads\/2025\/01\/IMG_1826.jpg 780w, https:\/\/eibarsax.com\/wp-content\/uploads\/2025\/01\/IMG_1826.jpg 360w\" sizes=\"auto, (max-width: 480px) 150px\" src=\"https:\/\/eibarsax.com\/wp-content\/uploads\/2025\/01\/IMG_1826.jpg\" alt=\"Arno Bornkamp saxofoiarekin\" class=\"uag-image-2678\" width=\"1124\" height=\"1333\" title=\"\" loading=\"lazy\" role=\"img\"\/><\/figure><\/div>\n<\/div>\n\n\n\n<div class=\"wp-block-uagb-column uagb-column__wrap uagb-column__background-undefined uagb-block-409b5142\"><div class=\"uagb-column__overlay\"><\/div>\n<p class=\"wp-block-paragraph\">Saxofoi klasikoaren munduan, <strong>Arno Bornkamp<\/strong> eta, oro har, musika klasikoaren esparruan figura berezia da. <strong>40 urtetik gorako ibilbidean<\/strong>, publikoa liluratu du energiaz eta estiloz betetako interpretazioekin, lirismoa, pasioa eta zentzu narratibo sakona uztartuz. Saxofoia kolore eta xehetasun amaigabeko instrumentua dela sinesten du, giza arimaren konplexutasuna bere argi eta itzal guztietan islatzeko gai dena. Bere ikuspegi interpretatiboa oso pertsonala da: obra bakoitzari ahots propioa ematen dio, notetatik harago doan musikaren zentzu batekin.<\/p>\n\n\n\n<p class=\"wp-block-paragraph\">Bakarlari gisa <strong>200 kontzertu baino gehiago<\/strong> eskaini ditu mundu osoko orkestrekin, saxofoiaren errepertorio estandarretik hasi eta obra garaikideen estreinaldietaraino. Horietako asko berarentzat idatziak izan dira. Nabarmentzekoa da <strong>Tallahatchie Concerto,<\/strong> \u00a0 <strong>Jacob ter Veldhuisen obra<\/strong>, bere errepertorioko pieza enblematikoenetako bat.<\/p>\n\n\n\n<p class=\"wp-block-paragraph\">Ganbera-musikaren esparruan, Bornkampek ibilbide luzeko kolaborazioak izan ditu, besteak beste <strong>Aurelia Saxophone Quartet<\/strong> (1982-2017) eta <strong>Ivo Janssen pianistarekin<\/strong> (1984-2019). Gaur egun <strong>Duo Calvador\u00e9<\/strong>-ko kidea da, pianista flandestarrarekin batera: <strong>Jan Lust<\/strong>, eta <strong>Trio Abril<\/strong>-ko kidea ere bada, <strong>Juana Palop<\/strong> eta <strong>Frank van de Laar-ekin batera<\/strong>.<\/p>\n\n\n\n<p class=\"wp-block-paragraph\">Saxofoiaren mugak zabaltzeko duen interesak proiektu berritzaileak garatzera eraman du, hala nola <strong>Little Big Horn<\/strong>, saxofoi baritonoarentzako musika elementu bisual eta soinudunekin uztartzen duen proposamen multimedia. Ekoizpen hori sortu zuen <strong>Andre Arendsekin<\/strong>batera, eta baritonoari, adiskidetasun musikalari eta bizitzari berari egiten die omenaldia, konpositore hauen obrekin: <strong>Ryo Noda, Branford Marsalis, Katharina Thomsen, Gregory Wanamaker eta Peter Vigh<\/strong>.<\/p>\n\n\n\n<p class=\"wp-block-paragraph\">Arno Bornkampek bere ibilbidearen zati handi bat irakaskuntzari ere eskaini dio, saxofonista belaunaldi berriak prestatuz <strong>Amsterdameko Kontserbatorioan<\/strong>. Duela hamarkada batzuetatik ematen ditu klaseak bertan. Bere eragina ikasgelatik harago doa: aldizka gonbidatua izaten da <strong>masterclassak<\/strong> ematera munduko jaialdi eta musika-irakaskuntzako zentro nagusietan. Bere ibilbidean zehar, argitaratu ditu <strong>dozenaka disko<\/strong>, bai bakarlari gisa bai beste artistekin lankidetzan. Alemaniako <strong>Genuin<\/strong> zigiluan egindako azken argitalpenen artean daude:<br><strong>Dance - Bach by Bornkamp<\/strong> (2020)<br><strong>Folies de Baryton<\/strong> (2023)<br><strong>Bornkamp &amp; Friends play Henri Sauguet<\/strong> (2024)<\/p>\n<\/div>\n<\/div><\/section>\n\n\n\n<div class=\"wp-block-uagb-container uagb-block-97868ad4\">\n<section class=\"wp-block-uagb-columns uagb-columns__wrap uagb-columns__background-none uagb-columns__stack-mobile uagb-columns__valign- uagb-columns__gap-10 align uagb-block-f18ba7c0 uagb-columns__columns-2 uagb-columns__max_width-theme\"><div class=\"uagb-columns__overlay\"><\/div><div class=\"uagb-columns__inner-wrap uagb-columns__columns-2\">\n<div class=\"wp-block-uagb-column uagb-column__wrap uagb-column__background-undefined uagb-block-278ae106\"><div class=\"uagb-column__overlay\"><\/div>\n<figure class=\"wp-block-embed is-type-video is-provider-youtube wp-block-embed-youtube wp-embed-aspect-4-3 wp-has-aspect-ratio\"><div class=\"wp-block-embed__wrapper\">\n<div class=\"ast-oembed-container\" style=\"height: 100%;\"><iframe loading=\"lazy\" title=\"Une fleur\" width=\"500\" height=\"375\" src=\"https:\/\/www.youtube.com\/embed\/eFsRpdI0Qns?feature=oembed\" frameborder=\"0\" allow=\"accelerometer; autoplay; clipboard-write; encrypted-media; gyroscope; picture-in-picture; web-share\" referrerpolicy=\"strict-origin-when-cross-origin\" allowfullscreen><\/iframe><\/div>\n<\/div><\/figure>\n<\/div>\n\n\n\n<div class=\"wp-block-uagb-column uagb-column__wrap uagb-column__background-undefined uagb-block-4517be90\"><div class=\"uagb-column__overlay\"><\/div>\n<figure class=\"wp-block-embed is-type-video is-provider-youtube wp-block-embed-youtube wp-embed-aspect-16-9 wp-has-aspect-ratio\"><div class=\"wp-block-embed__wrapper\">\n<div class=\"ast-oembed-container\" style=\"height: 100%;\"><iframe loading=\"lazy\" title=\"Arno Bornkamp Trois Dances Frank Martin\" width=\"500\" height=\"281\" src=\"https:\/\/www.youtube.com\/embed\/zPND-kY9JUU?feature=oembed\" frameborder=\"0\" allow=\"accelerometer; autoplay; clipboard-write; encrypted-media; gyroscope; picture-in-picture; web-share\" referrerpolicy=\"strict-origin-when-cross-origin\" allowfullscreen><\/iframe><\/div>\n<\/div><\/figure>\n<\/div>\n<\/div><\/section>\n<\/div>\n\n\n\n<section class=\"wp-block-uagb-columns uagb-columns__wrap uagb-columns__background-none uagb-columns__stack-mobile uagb-columns__valign- uagb-columns__gap-10 align uagb-block-411115a1 uagb-columns__columns-2 uagb-columns__max_width-theme\"><div class=\"uagb-columns__overlay\"><\/div><div class=\"uagb-columns__inner-wrap uagb-columns__columns-2\">\n<div class=\"wp-block-uagb-column uagb-column__wrap uagb-column__background-undefined uagb-block-235607b8\"><div class=\"uagb-column__overlay\"><\/div>\n<h3 class=\"wp-block-heading\" id=\"Xabi\">Xabier Oruesagasti<\/h3>\n\n\n\n<p class=\"wp-block-paragraph\"><strong>Sortzailekidea eta irakaslea<\/strong><\/p>\n\n\n\n<div class=\"wp-block-uagb-image uagb-block-656792e3 wp-block-uagb-image--layout-default wp-block-uagb-image--effect-static wp-block-uagb-image--align-none\"><figure class=\"wp-block-uagb-image__figure\"><img decoding=\"async\" srcset=\"https:\/\/eibarsax.com\/wp-content\/uploads\/2025\/01\/Xabier-288x412-1.jpg ,https:\/\/eibarsax.com\/wp-content\/uploads\/2025\/01\/Xabier-288x412-1.jpg 780w, https:\/\/eibarsax.com\/wp-content\/uploads\/2025\/01\/Xabier-288x412-1.jpg 360w\" sizes=\"auto, (max-width: 480px) 150px\" src=\"https:\/\/eibarsax.com\/wp-content\/uploads\/2025\/01\/Xabier-288x412-1.jpg\" alt=\"Xabier Oruesagasti\" class=\"uag-image-2741\" width=\"698\" height=\"1024\" title=\"Xabier Oruesagasti\" loading=\"lazy\" role=\"img\"\/><\/figure><\/div>\n<\/div>\n\n\n\n<div class=\"wp-block-uagb-column uagb-column__wrap uagb-column__background-undefined uagb-block-ad6cf1e5\"><div class=\"uagb-column__overlay\"><\/div>\n<p class=\"wp-block-paragraph\"><strong>Xabier Oruesagasti<\/strong> (Eibar, 1995) saxofonista da, eta bere ibilbidea musika klasikotik eta garaikidetik hasi eta dantzarekin eta antzerki musikalarekin lotutako proiektu diziplinartekoetaraino hedatzen da. Hemen trebatu zen: <strong>Musikenen<\/strong>; saxofoi klasikoa ikasiz eta jazza esploratuz <strong>Reunion Big Band-ekin<\/strong>; talde horrekin CD bat grabatu zuen eta nazioarteko jaialdietan parte hartu zuen lau urtez. Ondoren, masterra egin zuen <strong>Conservatorium van Amsterdam-en<\/strong> honako irakaslearekin: <strong>Arno Bornkamp<\/strong>.<\/p>\n\n\n\n<p class=\"wp-block-paragraph\">Orkestra-esparruan, kolaboratu du <strong>Euskadiko Orkestra Sinfonikoarekin (EOS)<\/strong> eta <strong>Madrilgo Orkestra Sinfonikoarekin (OSM)<\/strong>. Gainera, konpositoreekin lan egin du, besteak beste <strong>Beno\u00eet Sitzia,<\/strong> eta obra berriak estreinatu ditu <strong>Ensemble Kuraiarekin<\/strong>. 2019an parte hartu zuen <strong>Amsterdameko Cello Biennale-n<\/strong>, eta bertan estreinatu zuen <em>Rimpelingen,<\/em> \u00a0 <strong>Jan-Peter de Graaffen<\/strong> obra, biolontxelo-jotzailearekin batera <strong>Maya Fridman<\/strong>.<\/p>\n\n\n\n<p class=\"wp-block-paragraph\">Zuzendari artistiko gisa, disko honen grabazioa gidatu du: <strong>Eibarko Kantak<\/strong>, euskal errepertorio tradizionala haize-bandarako eta abesbatzarako berreskuratu eta moldatzen duen proiektua. Musikala ere zuzendu zuen: <strong>Forjarien Kanta<\/strong> eta ikuskizun hau garatu du: <strong>Melted Room<\/strong>, Amsterdamen aurkeztua.<\/p>\n\n\n\n<p class=\"wp-block-paragraph\">2021etik, aldizka kolaboratu du <strong>Berlage Saxophone Quartet<\/strong>taldearekin, ekoizpen nabarmenetan parte hartuz, hala nola bira nazionalean: <strong>De Rechtvaardigen<\/strong>-ko kidea ere bada, <strong>Cappella Amsterdam<\/strong> eta <strong>Jan Brokken idazlearekin<\/strong>batera, baita antzerki musikaleko obran ere: <strong>Acts of Citizenship<\/strong>, estreinatua <strong>Oerol Festival-en<\/strong>.<\/p>\n\n\n\n<p class=\"wp-block-paragraph\">Azken urteetan, musikaren eta gorputzaren arteko harremanarekiko interesak dantzaren eta performancearen munduarekin estuki kolaboratzera eraman du. Esparru horretako bere lehen sorkuntzak, <strong>A Bubbles' Dress<\/strong>, honako kolektiboarekin egina: <strong>XAT<\/strong>, saxofoiaren, elektronikaren eta mugimenduaren arteko elkarreragina esploratzen du.<\/p>\n\n\n\n<p class=\"wp-block-paragraph\">2025ean, Eibarsaxen lehen edizioa bultzatu zuen: <strong>Eibarsax<\/strong>Eibarren egiten den nazioarteko saxofoi jaialdi eta ikastaroa <strong>Eibar<\/strong>, prestakuntzarako, trukerako eta sorkuntza artistikorako espazio bat sortzeko helburuarekin.<\/p>\n<\/div>\n<\/div><\/section>\n\n\n\n<section class=\"wp-block-uagb-columns uagb-columns__wrap uagb-columns__background-none uagb-columns__stack-mobile uagb-columns__valign- uagb-columns__gap-10 align uagb-block-3e09fec1 uagb-columns__columns-2 uagb-columns__max_width-theme\"><div class=\"uagb-columns__overlay\"><\/div><div class=\"uagb-columns__inner-wrap uagb-columns__columns-2\">\n<div class=\"wp-block-uagb-column uagb-column__wrap uagb-column__background-undefined uagb-block-588904da\"><div class=\"uagb-column__overlay\"><\/div>\n<figure class=\"wp-block-embed is-type-video is-provider-youtube wp-block-embed-youtube wp-embed-aspect-16-9 wp-has-aspect-ratio\"><div class=\"wp-block-embed__wrapper\">\n<div class=\"ast-oembed-container\" style=\"height: 100%;\"><iframe loading=\"lazy\" title=\"Louis Vierne - Cello Sonata in B-Flat Minor, Op.27 for Baritone Saxophone\" width=\"500\" height=\"281\" src=\"https:\/\/www.youtube.com\/embed\/0r8rV0QCntY?feature=oembed\" frameborder=\"0\" allow=\"accelerometer; autoplay; clipboard-write; encrypted-media; gyroscope; picture-in-picture; web-share\" referrerpolicy=\"strict-origin-when-cross-origin\" allowfullscreen><\/iframe><\/div>\n<\/div><\/figure>\n<\/div>\n\n\n\n<div class=\"wp-block-uagb-column uagb-column__wrap uagb-column__background-undefined uagb-block-7b2428b7\"><div class=\"uagb-column__overlay\"><\/div>\n<figure class=\"wp-block-embed is-type-video is-provider-youtube wp-block-embed-youtube wp-embed-aspect-16-9 wp-has-aspect-ratio\"><div class=\"wp-block-embed__wrapper\">\n<div class=\"ast-oembed-container\" style=\"height: 100%;\"><iframe loading=\"lazy\" title=\"VLECHT by Peter Vigh | Xabier Oruesagasti\" width=\"500\" height=\"281\" src=\"https:\/\/www.youtube.com\/embed\/D01TucePPac?feature=oembed\" frameborder=\"0\" allow=\"accelerometer; autoplay; clipboard-write; encrypted-media; gyroscope; picture-in-picture; web-share\" referrerpolicy=\"strict-origin-when-cross-origin\" allowfullscreen><\/iframe><\/div>\n<\/div><\/figure>\n<\/div>\n<\/div><\/section>\n\n\n\n<section class=\"wp-block-uagb-columns uagb-columns__wrap uagb-columns__background-none uagb-columns__stack-mobile uagb-columns__valign- uagb-columns__gap-10 align uagb-block-70826f06 uagb-columns__columns-2 uagb-columns__max_width-theme\"><div class=\"uagb-columns__overlay\"><\/div><div class=\"uagb-columns__inner-wrap uagb-columns__columns-2\">\n<div class=\"wp-block-uagb-column uagb-column__wrap uagb-column__background-undefined uagb-block-0c67fee2\"><div class=\"uagb-column__overlay\"><\/div>\n<h3 class=\"wp-block-heading\" id=\"Sara\">Sara Zazo<\/h3>\n\n\n\n<p class=\"wp-block-paragraph\"><strong>Irakaslea<\/strong><\/p>\n\n\n\n<div class=\"wp-block-uagb-image uagb-block-022e95ac wp-block-uagb-image--layout-default wp-block-uagb-image--effect-static wp-block-uagb-image--align-none\"><figure class=\"wp-block-uagb-image__figure\"><img decoding=\"async\" srcset=\"https:\/\/eibarsax.com\/wp-content\/uploads\/2025\/01\/Sara-288x412-1.jpg ,https:\/\/eibarsax.com\/wp-content\/uploads\/2025\/01\/Sara-288x412-1.jpg 780w, https:\/\/eibarsax.com\/wp-content\/uploads\/2025\/01\/Sara-288x412-1.jpg 360w\" sizes=\"auto, (max-width: 480px) 150px\" src=\"https:\/\/eibarsax.com\/wp-content\/uploads\/2025\/01\/Sara-288x412-1.jpg\" alt=\"Sara Zuazo\" class=\"uag-image-2745\" width=\"698\" height=\"1024\" title=\"Sara Zuazo\" loading=\"lazy\" role=\"img\"\/><\/figure><\/div>\n<\/div>\n\n\n\n<div class=\"wp-block-uagb-column uagb-column__wrap uagb-column__background-undefined uagb-block-6e5c8b58\"><div class=\"uagb-column__overlay\"><\/div>\n<p class=\"wp-block-paragraph\"><strong>Sara Zazo Romero<\/strong> (Madril, 1989) Suitza, Frantzia eta Espainia artean garatzen du bere jarduera pedagogiko eta artistikoa, musika garaikidean eta proiektu diziplinartekoetan oinarritutako nazioarteko ibilbidearekin.<\/p>\n\n\n\n<p class=\"wp-block-paragraph\">Trebatu zen <em>CSM Badajoz-en<\/em>, <em>Conservatoire Jacques Thibaud de Bordeaux-en<\/em> eta <em>Haute \u00c9cole de Musique de Lausanne-n<\/em>. Saritua izan da <em>Fritz Gerber Award 2018<\/em> eta <em>Kiefer Hablitzel Stiftung 2016ko 2. sariarekin<\/em>, eta fundazio hauen babesa ere izan du: <em>Fondation Lyra eta Fondation Max Jost<\/em> eta <em>Fondation Irene Denereaz<\/em>.<\/p>\n\n\n\n<p class=\"wp-block-paragraph\">Sortzailekidea da duo honetan: <strong>Altera Inde<\/strong>, harekin 20 obra baino gehiago estreinatu ditu eta CD hau grabatu du: <em>Hiraeth<\/em>. Kidea da Suitzako konpainia honetan: <strong>2b Company<\/strong>, eta honekin estreinatu ditu <em>Giselle...<\/em> (2020) eta <em>Carmen.<\/em> (2023), Fran\u00e7ois Gremauden lanak, Suitza, Frantzia eta Belgikako agertokietan.<\/p>\n\n\n\n<p class=\"wp-block-paragraph\">Bere garaiko musikarekin konprometituta, konpositore hauekin lan egin du: <em>Simon Steen Andersen, Stefano Gervasoni, Georges Aperghis, Heinz Holliger, Olga Neuwirth eta Stilianos Dimou<\/em> eta <em>Peter Eotvos<\/em>. Kolaboratu du <em>Lucerne Festival, IBSUD Quartet eta Ensemble Container-ekin<\/em> eta esperientzia orkestrala du <em>Orchestre de la Suisse Romande, Orchestre de Chambre de Gen\u00e8ve, Orquesta de Palau des Arts eta Orquesta de Extremadura<\/em> eta <em>Verbier Festival bezalako testuinguruetan<\/em>. Pedagoga gisa, masterclassak eman ditu erakunde hauetan: <em>Andorra Sax Fest, University of Minnesota eta Melbourne Faculty of Music<\/em> eta <em>PESMD Bordeaux<\/em>. 2016tik irakaslea da <strong>Conservatoire de la Broye-n (Suitza)<\/strong> eta 2023tik irakasten du <strong>Conservatoire de Bordeaux Jacques Thibaud-en CPES programan<\/strong> eta kolaboratzen du <em>PESMD Bordeaux<\/em> erakundearekin, honako irakaslearekin batera: <em>Marie Bernadette Charrier<\/em>.<\/p>\n<\/div>\n<\/div><\/section>\n\n\n\n<section class=\"wp-block-uagb-columns uagb-columns__wrap uagb-columns__background-none uagb-columns__stack-mobile uagb-columns__valign- uagb-columns__gap-10 align uagb-block-9edfa2cd uagb-columns__columns-2 uagb-columns__max_width-theme\"><div class=\"uagb-columns__overlay\"><\/div><div class=\"uagb-columns__inner-wrap uagb-columns__columns-2\">\n<div class=\"wp-block-uagb-column uagb-column__wrap uagb-column__background-undefined uagb-block-9e26814b\"><div class=\"uagb-column__overlay\"><\/div>\n<figure class=\"wp-block-embed is-type-video is-provider-youtube wp-block-embed-youtube wp-embed-aspect-16-9 wp-has-aspect-ratio\"><div class=\"wp-block-embed__wrapper\">\n<div class=\"ast-oembed-container\" style=\"height: 100%;\"><iframe loading=\"lazy\" title=\"Sara Zazo plays Zijl (2020) for alto saxophone by Urska Pompe\" width=\"500\" height=\"281\" src=\"https:\/\/www.youtube.com\/embed\/a81RCPYc91E?feature=oembed\" frameborder=\"0\" allow=\"accelerometer; autoplay; clipboard-write; encrypted-media; gyroscope; picture-in-picture; web-share\" referrerpolicy=\"strict-origin-when-cross-origin\" allowfullscreen><\/iframe><\/div>\n<\/div><\/figure>\n<\/div>\n\n\n\n<div class=\"wp-block-uagb-column uagb-column__wrap uagb-column__background-undefined uagb-block-107356ad\"><div class=\"uagb-column__overlay\"><\/div>\n<figure class=\"wp-block-embed is-type-video is-provider-youtube wp-block-embed-youtube wp-embed-aspect-16-9 wp-has-aspect-ratio\"><div class=\"wp-block-embed__wrapper\">\n<div class=\"ast-oembed-container\" style=\"height: 100%;\"><iframe loading=\"lazy\" title=\"Roland Willmann: Unter Dornenbogen - Sara Zazo\" width=\"500\" height=\"281\" src=\"https:\/\/www.youtube.com\/embed\/i9YMMe01kRI?feature=oembed\" frameborder=\"0\" allow=\"accelerometer; autoplay; clipboard-write; encrypted-media; gyroscope; picture-in-picture; web-share\" referrerpolicy=\"strict-origin-when-cross-origin\" allowfullscreen><\/iframe><\/div>\n<\/div><\/figure>\n<\/div>\n<\/div><\/section>\n\n\n\n<section class=\"wp-block-uagb-columns uagb-columns__wrap uagb-columns__background-none uagb-columns__stack-mobile uagb-columns__valign- uagb-columns__gap-10 align uagb-block-1cc0135e uagb-columns__columns-2 uagb-columns__max_width-theme\"><div class=\"uagb-columns__overlay\"><\/div><div class=\"uagb-columns__inner-wrap uagb-columns__columns-2\">\n<div class=\"wp-block-uagb-column uagb-column__wrap uagb-column__background-undefined uagb-block-1ff1b637\"><div class=\"uagb-column__overlay\"><\/div>\n<h3 class=\"wp-block-heading\" id=\"Xavier\">Xavier Larsson<\/h3>\n\n\n\n<p class=\"wp-block-paragraph\"><strong>Irakaslea<\/strong><\/p>\n\n\n\n<div class=\"wp-block-uagb-image uagb-block-74b859e4 wp-block-uagb-image--layout-default wp-block-uagb-image--effect-static wp-block-uagb-image--align-none\"><figure class=\"wp-block-uagb-image__figure\"><img decoding=\"async\" srcset=\"https:\/\/eibarsax.com\/wp-content\/uploads\/2025\/01\/Xavi-288x412-1.jpg ,https:\/\/eibarsax.com\/wp-content\/uploads\/2025\/01\/Xavi-288x412-1.jpg 780w, https:\/\/eibarsax.com\/wp-content\/uploads\/2025\/01\/Xavi-288x412-1.jpg 360w\" sizes=\"auto, (max-width: 480px) 150px\" src=\"https:\/\/eibarsax.com\/wp-content\/uploads\/2025\/01\/Xavi-288x412-1.jpg\" alt=\"Xavier Larsson\" class=\"uag-image-2742\" width=\"698\" height=\"1024\" title=\"Xavier Larsson\" loading=\"lazy\" role=\"img\"\/><\/figure><\/div>\n<\/div>\n\n\n\n<div class=\"wp-block-uagb-column uagb-column__wrap uagb-column__background-undefined uagb-block-d4db6de6\"><div class=\"uagb-column__overlay\"><\/div>\n<p class=\"wp-block-paragraph\"><strong>Xavier Larsson<\/strong> (Ciutadella de Menorca, 1991) saxofoi irakaslea da <strong><em>Hochschule f\u00fcr Musik Hanns Eisler Berlin-en<\/em><\/strong> eta saxofoi-ensemblea zuzentzen du <strong><em>Hochschule f\u00fcr Musik und Tanz K\u00f6ln-en<\/em><\/strong><strong>.<\/strong><\/p>\n\n\n\n<p class=\"wp-block-paragraph\">Bere jaioterrian hasi zuen musika-prestakuntza, biolina eta saxofoia ikasiz. Ondoren graduatu zen <em>Hochschule f\u00fcr Musik und Tanz K\u00f6ln-en<\/em>. Bertan lortu zuen <em>Konzertexamen bat<\/em> honako irakaslearen tutoretzapean: <strong>Daniel Gauthier<\/strong> eta musika garaikideko masterra egin zuen<strong> David Smeyersekin.<\/strong><\/p>\n\n\n\n<p class=\"wp-block-paragraph\">Bakarlari gisa, areto hauetan aritu da: <em>K\u00f6ln Philharmonie, Hanburgoko Elbphilharmonie, Frankfurteko Alte Oper, Vienako Musikverein eta Palau de la M\u00fasica Catalana<\/em> eta <em>Madrilgo Auditorio Nacional<\/em>. Zuzendari hauekin lan egin du: <em>Ingo Metzmacher, Francesc Prat, Stefan Blunier, Paul Mann eta Mario Kiosk<\/em> eta <em>Vanich Potavanich<\/em>.<\/p>\n\n\n\n<p class=\"wp-block-paragraph\"><strong>20 nazioarteko lehiaketa baino gehiagotan saritua izan da<\/strong> , besteak beste <em>Classic Winds International Festival, SaxoVoce, Michal Spisak Competition eta Intermusica<\/em> eta <em>Felix Mendelssohn-Bartholdy Hochschulwettbewerb lehiaketetan<\/em>. Bekak ere jaso ditu <em>Hezekiah Wardwell Scholarship eta M\u00e4rkische Kulturstiftung<\/em> eta <em>Alfred Toepfer Stiftung-en eskutik<\/em>.<\/p>\n\n\n\n<p class=\"wp-block-paragraph\">Ganbera-musikaren esparruan, talde hauetako kidea da:<strong> <\/strong><strong><em>Fukio Quartet<\/em><\/strong> eta <strong><em>Trio SpiegelBild<\/em><\/strong>, eta biolinista gisa kolaboratu du <em>OCIM Chamber Orchestra-rekin<\/em>. Bere grabazioek <em>Columna M\u00fasica<\/em> eta <em>Ars Produktion<\/em> zigiluetan obrak biltzen dituzte, besteak beste <em>Georg Friedrich Haas, Caroline Shaw, Fabien L\u00e9vy, Robin Hofmann eta Bruno Mantovani<\/em> eta <em>Edison Denisov<\/em>. Nabarmentzekoa da albuma: <em>Transcend<\/em> Fukio Quartet-ekin egina <em>Fukio Quartet<\/em>, eta izendatua <em>Opus Klassik Awards 2023 sarietarako<\/em>.<\/p>\n\n\n\n<p class=\"wp-block-paragraph\">Horrez gain, konpositoreekin kolaboratzen du aldizka saxofoiaren errepertorioa zabaltzeko, estreinaldietan eta sorkuntza berrietan parte hartuz.<\/p>\n<\/div>\n<\/div><\/section>\n\n\n\n<section class=\"wp-block-uagb-columns uagb-columns__wrap uagb-columns__background-none uagb-columns__stack-mobile uagb-columns__valign- uagb-columns__gap-10 align uagb-block-95229df1 uagb-columns__columns-2 uagb-columns__max_width-theme\"><div class=\"uagb-columns__overlay\"><\/div><div class=\"uagb-columns__inner-wrap uagb-columns__columns-2\">\n<div class=\"wp-block-uagb-column uagb-column__wrap uagb-column__background-undefined uagb-block-dc264207\"><div class=\"uagb-column__overlay\"><\/div>\n<figure class=\"wp-block-embed is-type-video is-provider-youtube wp-block-embed-youtube wp-embed-aspect-16-9 wp-has-aspect-ratio\"><div class=\"wp-block-embed__wrapper\">\n<div class=\"ast-oembed-container\" style=\"height: 100%;\"><iframe loading=\"lazy\" title=\"Concert per Saxo &amp; Cordes, Alexandre Glazunov (Xavier Larsson Soloist) with ONCA\" width=\"500\" height=\"281\" src=\"https:\/\/www.youtube.com\/embed\/-Og1FM_ff3M?feature=oembed\" frameborder=\"0\" allow=\"accelerometer; autoplay; clipboard-write; encrypted-media; gyroscope; picture-in-picture; web-share\" referrerpolicy=\"strict-origin-when-cross-origin\" allowfullscreen><\/iframe><\/div>\n<\/div><\/figure>\n<\/div>\n\n\n\n<div class=\"wp-block-uagb-column uagb-column__wrap uagb-column__background-undefined uagb-block-a2810229\"><div class=\"uagb-column__overlay\"><\/div>\n<figure class=\"wp-block-embed is-type-rich is-provider-spotify wp-block-embed-spotify wp-embed-aspect-21-9 wp-has-aspect-ratio\"><div class=\"wp-block-embed__wrapper\">\n<div class=\"ast-oembed-container\" style=\"height: 100%;\"><iframe title=\"Spotify Embed: Entr&amp;apos;acte for String Quartet (Arr. Fukio Ensemble for Saxophone Quartet)\" style=\"border-radius: 12px\" width=\"100%\" height=\"152\" frameborder=\"0\" allowfullscreen allow=\"autoplay; clipboard-write; encrypted-media; fullscreen; picture-in-picture\" loading=\"lazy\" src=\"https:\/\/open.spotify.com\/embed\/track\/3MFPfNE2YWpVllO2jbOOMk?si=e88eb16c6ef44467&amp;utm_source=oembed\"><\/iframe><\/div>\n<\/div><\/figure>\n<\/div>\n<\/div><\/section>\n\n\n\n<section class=\"wp-block-uagb-columns uagb-columns__wrap uagb-columns__background-none uagb-columns__stack-mobile uagb-columns__valign- uagb-columns__gap-10 align uagb-block-978b12b4 uagb-columns__columns-2 uagb-columns__max_width-theme\" id=\"Catarina\"><div class=\"uagb-columns__overlay\"><\/div><div class=\"uagb-columns__inner-wrap uagb-columns__columns-2\">\n<div class=\"wp-block-uagb-column uagb-column__wrap uagb-column__background-undefined uagb-block-9b8b9f30\"><div class=\"uagb-column__overlay\"><\/div>\n<h3 class=\"wp-block-heading\" id=\"Xavier\">Catarina Paiva<\/h3>\n\n\n\n<p class=\"wp-block-paragraph\"><strong>Irakaslea<\/strong><\/p>\n\n\n\n<div class=\"wp-block-uagb-image uagb-block-82c4c845 wp-block-uagb-image--layout-default wp-block-uagb-image--effect-static wp-block-uagb-image--align-none\"><figure class=\"wp-block-uagb-image__figure\"><img decoding=\"async\" srcset=\"https:\/\/eibarsax.com\/wp-content\/uploads\/2026\/01\/WhatsApp-Image-2026-01-27-at-14.40.14-680x1024.jpeg ,https:\/\/eibarsax.com\/wp-content\/uploads\/2026\/01\/WhatsApp-Image-2026-01-27-at-14.40.14.jpeg 780w, https:\/\/eibarsax.com\/wp-content\/uploads\/2026\/01\/WhatsApp-Image-2026-01-27-at-14.40.14.jpeg 360w\" sizes=\"auto, (max-width: 480px) 150px\" src=\"https:\/\/eibarsax.com\/wp-content\/uploads\/2026\/01\/WhatsApp-Image-2026-01-27-at-14.40.14-680x1024.jpeg\" alt=\"Catarina Paiva, artista de danza y performance\" class=\"uag-image-3065\" width=\"698\" height=\"1024\" title=\"WhatsApp Image 2026-01-27 at 14.40.14\" loading=\"lazy\" role=\"img\"\/><\/figure><\/div>\n<\/div>\n\n\n\n<div class=\"wp-block-uagb-column uagb-column__wrap uagb-column__background-undefined uagb-block-5e2dad9f\"><div class=\"uagb-column__overlay\"><\/div>\n<p class=\"wp-block-paragraph\"><strong>Catarina (Portugal, 1997)<\/strong> Amsterdamen bizi den <strong>dantzari eta sortzaile freelancea<\/strong> da. Graduatu zen Dantza Moderno eta Antzerki sailean <strong>Amsterdam University of the Arts-en (AHK)<\/strong>.<\/p>\n\n\n\n<p class=\"wp-block-paragraph\">Bere lanean sortzen ditu <strong>mundu sentsorial eta fisikoak<\/strong> dantzaren, antzerkiaren eta zuzeneko performancearen artean mugitzen direnak. Objektuen erabileraren, espazioaren eta elkarreragin zuzenaren bidez, interpretatzailearen eta publikoaren arteko distantzia tradizionala hausten du, eraikiz <strong>esperientzia murgiltzaileak<\/strong> konexio pertsonalera eta hausnarketara gonbidatzen dutenak.<\/p>\n\n\n\n<p class=\"wp-block-paragraph\">Catarinak maiz kolaboratzen du musikariekin, mugimenduak nola <strong>instrumentuarekiko harremana berrantola dezakeen<\/strong>; esploratzeko, jotzeko, elkarrekintzan aritzeko eta eszenan jarduteko modua eraldatuz. Bere lankidetza jarraituan <strong>Xabier Oruesagasti<\/strong>, gorputz-kontzientziak eta ohikoak ez diren ekintzek adierazpen musikal eta fisikorako espazio berriak nola ireki ditzaketen ikertzen du.<\/p>\n\n\n\n<p class=\"wp-block-paragraph\">2021ean sortu zuen <em>Giulia or Not<\/em> Carolina Papettirekin batera DOOR-en egindako egoitza batean, eta Tamir Eting-ekin kolaboratu zuen <em>The Tiniest Act III<\/em> ICK Amsterdam eta SHIFFT Utrecht-ekin egindako egoitzen bidez. Urte berean parte hartu zuen <em>Wild<\/em>, Danstheater AYAren proiektu batean, Maat Saxophone Quartet-ekin lankidetzan.<\/p>\n\n\n\n<p class=\"wp-block-paragraph\">2022tik, DadoDans konpainiarekin (Amsterdam) lan egin du ekoizpen hauetan: <em>STeK<\/em>, <em>NachT<\/em> eta <em>KoKers<\/em>.<\/p>\n\n\n\n<p class=\"wp-block-paragraph\">2023an, bi obra original aurkeztu zituen Amsterdamen: <em>A Bubbles' Dress<\/em>, dantza, saxofoia eta zuzeneko elektronika uztartzen dituen performance diziplinartekoa, pertzepzioa eta pentsamenduaren izaera esploratzeko; eta <em>There is this girl<\/em>, ahizpatasunak eta arau sozialen ukazioak markatutako duo gordina eta ludikoa.<\/p>\n\n\n\n<p class=\"wp-block-paragraph\">2024tik, Catarina parte hartzen ari da <em>Leven in je Buurt<\/em>, Muziektheater PRArekin egindako komunitate-proiektu batean, eta horrek lan kolaboratiboarekiko eta sozialki inplikatutako praktika eszenikoarekiko duen konpromisoa indartzen du.<\/p>\n\n\n\n<p class=\"wp-block-paragraph\">Bere piezarik berriena, <em>A fragment of Earth still open to listen<\/em>, Xabier Oruesagastirekin batera sortua, 2025ean estreinatu zen <strong>Eibarsax Jaialdian.<\/strong> Duoak dantza eta zuzeneko musika integratzen ditu <strong>pareko bazkide gisa<\/strong>, soinuaren eta mugimenduaren arteko mugak lausotuz. Honen bidez: <strong>inprobisazio egituratua<\/strong> eta fisikotasun partekatua, interpretatzaileek konexioa eta entzutea esploratzen dituzte. Obra paisaia poetiko gisa zabaltzen da, non gorputzek eta soinuek giza presentziaren hauskortasunarekin eta indarrarekin egiten duten oihartzun.<\/p>\n\n\n\n<p class=\"wp-block-paragraph\"><\/p>\n\n\n\n<p class=\"wp-block-paragraph\"><\/p>\n<\/div>\n<\/div><\/section>\n\n\n\n<section class=\"wp-block-uagb-columns uagb-columns__wrap uagb-columns__background-none uagb-columns__stack-mobile uagb-columns__valign- uagb-columns__gap-10 align uagb-block-8e2ea601 uagb-columns__columns-2 uagb-columns__max_width-theme\"><div class=\"uagb-columns__overlay\"><\/div><div class=\"uagb-columns__inner-wrap uagb-columns__columns-2\">\n<div class=\"wp-block-uagb-column uagb-column__wrap uagb-column__background-undefined uagb-block-3ea8e249\"><div class=\"uagb-column__overlay\"><\/div>\n<figure class=\"wp-block-embed is-type-video is-provider-youtube wp-block-embed-youtube wp-embed-aspect-16-9 wp-has-aspect-ratio\"><div class=\"wp-block-embed__wrapper\">\n<div class=\"ast-oembed-container\" style=\"height: 100%;\"><iframe loading=\"lazy\" title=\"Catarina Paiva - performances &amp; improvisation\" width=\"500\" height=\"281\" src=\"https:\/\/www.youtube.com\/embed\/9JzYCFUR2mk?feature=oembed\" frameborder=\"0\" allow=\"accelerometer; autoplay; clipboard-write; encrypted-media; gyroscope; picture-in-picture; web-share\" referrerpolicy=\"strict-origin-when-cross-origin\" allowfullscreen><\/iframe><\/div>\n<\/div><\/figure>\n<\/div>\n\n\n\n<div class=\"wp-block-uagb-column uagb-column__wrap uagb-column__background-undefined uagb-block-ee74e0bb\"><div class=\"uagb-column__overlay\"><\/div>\n<figure class=\"wp-block-embed is-type-video is-provider-youtube wp-block-embed-youtube wp-embed-aspect-16-9 wp-has-aspect-ratio\"><div class=\"wp-block-embed__wrapper\">\n<div class=\"ast-oembed-container\" style=\"height: 100%;\"><iframe loading=\"lazy\" title=\"A Bubbles\u2019 Dress \u2013 Performance Trailer\" width=\"500\" height=\"281\" src=\"https:\/\/www.youtube.com\/embed\/tP69BUtP3pU?feature=oembed\" frameborder=\"0\" allow=\"accelerometer; autoplay; clipboard-write; encrypted-media; gyroscope; picture-in-picture; web-share\" referrerpolicy=\"strict-origin-when-cross-origin\" allowfullscreen><\/iframe><\/div>\n<\/div><\/figure>\n<\/div>\n<\/div><\/section>\n\n\n\n<section class=\"wp-block-uagb-columns uagb-columns__wrap uagb-columns__background-none uagb-columns__stack-mobile uagb-columns__valign- uagb-columns__gap-10 align uagb-block-a6c6e25f uagb-columns__columns-2 uagb-columns__max_width-theme\"><div class=\"uagb-columns__overlay\"><\/div><div class=\"uagb-columns__inner-wrap uagb-columns__columns-2\">\n<div class=\"wp-block-uagb-column uagb-column__wrap uagb-column__background-undefined uagb-block-f3d90f16\"><div class=\"uagb-column__overlay\"><\/div>\n<h3 class=\"wp-block-heading\" id=\"Tobia\">Tobias Borsboom<\/h3>\n\n\n\n<p class=\"wp-block-paragraph\"><strong>Pianista errepertorista<\/strong><\/p>\n\n\n\n<div class=\"wp-block-uagb-image uagb-block-b9ff511f wp-block-uagb-image--layout-default wp-block-uagb-image--effect-static wp-block-uagb-image--align-none\"><figure class=\"wp-block-uagb-image__figure\"><img decoding=\"async\" srcset=\"https:\/\/eibarsax.com\/wp-content\/uploads\/2025\/01\/Tobias-288x412-1.jpg ,https:\/\/eibarsax.com\/wp-content\/uploads\/2025\/01\/Tobias-288x412-1.jpg 780w, https:\/\/eibarsax.com\/wp-content\/uploads\/2025\/01\/Tobias-288x412-1.jpg 360w\" sizes=\"auto, (max-width: 480px) 150px\" src=\"https:\/\/eibarsax.com\/wp-content\/uploads\/2025\/01\/Tobias-288x412-1.jpg\" alt=\"Tobias Borsboom\" class=\"uag-image-2746\" width=\"698\" height=\"1024\" title=\"Tobias Borsboom\" loading=\"lazy\" role=\"img\"\/><\/figure><\/div>\n<\/div>\n\n\n\n<div class=\"wp-block-uagb-column uagb-column__wrap uagb-column__background-undefined uagb-block-911158aa\"><div class=\"uagb-column__overlay\"><\/div>\n<p class=\"wp-block-paragraph\">Pianista neerlandarra <strong>Tobias Borsboom<\/strong> ezaguna da bere urrezko ukituagatik (<em>Trouw<\/em>) eta bere interpretazio pertsonal eta izugarri koloretsuagatik (<em>Dagblad van het Noorden\/Leeuwarder Courant<\/em>). Bere azken CDari buruz, <em>Het Parool<\/em> egunkariak idatzi zuen: Tobias Borsboom gazte ausartak areto beteak merezi ditu bere <em>Pan<\/em>-ekin.<\/p>\n\n\n\n<p class=\"wp-block-paragraph\">Borsboom musikari moldakor eta sortzaile gisa sendotu da, fintasun handiarekin eta errepertorio zabalarekin. Azken denboraldietan Herbehereetako kontzertu-areto nagusietan aritu da, sari hauen irabazle gisa: <strong>Dutch Classical Talent Award<\/strong> eta <strong>Audience Award<\/strong>. Bere bakarkako programarekin, <em>Wanderer<\/em> , eta bakarlari gisa <em>Gershwinen Fa-ko pianorako kontzertua<\/em> interpretatuz <strong>Netherlands Student Orchestra-rekin<\/strong>, Herbehereetan eta kanpoan birak egin ditu. Bakarlari gisa ere aritu da <strong>North Netherlands Symphony Orchestra-rekin<\/strong> eta 2026an ariko da <strong>Residentie Orkest-ekin<\/strong>. Bakarkako errezitaldietan programa berritzaileak aurkezten ditu, maisu handiak musika garaikidearekin uztartuz. Bere duo-kidearekin batera, pianista <strong>Yukiko Hasegawa<\/strong>, Tobias Borsboom aldizka aritzen da Japonian; han, 2018an, izendatu zituzten <em>Shizuoka no Meishutachi<\/em> (Shizuokako maisuak). Bere debut-albumak <em>Wanderer<\/em> eta <em>Pan<\/em> \u00a0 <strong>Vitezslav Novaken<\/strong> obraren grabazioak kritikaren aitortza jaso dute.<\/p>\n\n\n\n<p class=\"wp-block-paragraph\">Borsboom ez da bakarlari gisa bakarrik nabarmentzen: ganbera-musikari sutsua ere bada. 2021etik, biolinista eta duo-kidearekin batera <strong>Pieter van Loenenekin<\/strong> antolatzen du <strong>Festival Klassiek achter de Duinen<\/strong>. Jaialdia azkar hazi da eta garrantzi handiko ekitaldi bihurtu da, lehen mailako artistengatik, programazio erakargarriarengatik eta giro abegikorragatik goraipatua.<\/p>\n\n\n\n<p class=\"wp-block-paragraph\">Borsboomen interes artistikoak zabalak dira, eta hori beste diziplina artistikoekin egindako kolaborazio ugarietan ikus daiteke. Besteak beste, <strong>Jan Brokken idazlearekin<\/strong>kontzertu literarioak eskaintzen ditu aldizka. Musikari-antzezle gisa, bere antzerki-ekoizpen propioetan parte hartzen du: <em>The Schubertians &amp; the Housewarming 1826<\/em> eta <em>Schubert\/Schober<\/em>. Gainera, antzerki musikaleko ekoizpen hau: <em>Mr. Tobias and the Black Monster<\/em>, lankidetzan <strong>Oorkaan<\/strong>-ekin, ehunka haur eta familia liluratu ditu. Masterra amaitu zuen <strong>Jan Wijnekin<\/strong> , <strong>Amsterdameko Kontserbatorioan<\/strong> 2013an, aurretik trebatu ondoren <strong>Paolo Giacomettirekin<\/strong> , <strong>Utrechteko Kontserbatorioan<\/strong> Gazte Talentuen programan. Kontzertu-jarduera bizi horrez gain, Tobias Borsboom irakaslea da <strong>Amsterdameko Kontserbatorioan<\/strong>Amsterdameko Kontserbatorioan. Pianista laguntzaile gisa ere lan egiten du Arno Bornkampen eta <strong>Arno Bornkamp<\/strong> eta <strong>Willem van Merwijken klaseetan.<\/strong><\/p>\n<\/div>\n<\/div><\/section>\n\n\n\n<section class=\"wp-block-uagb-columns uagb-columns__wrap uagb-columns__background-none uagb-columns__stack-mobile uagb-columns__valign- uagb-columns__gap-10 align uagb-block-3855b44d uagb-columns__columns-2 uagb-columns__max_width-theme\"><div class=\"uagb-columns__overlay\"><\/div><div class=\"uagb-columns__inner-wrap uagb-columns__columns-2\">\n<div class=\"wp-block-uagb-column uagb-column__wrap uagb-column__background-undefined uagb-block-a5d56360\"><div class=\"uagb-column__overlay\"><\/div>\n<figure class=\"wp-block-embed is-type-video is-provider-youtube wp-block-embed-youtube wp-embed-aspect-16-9 wp-has-aspect-ratio\"><div class=\"wp-block-embed__wrapper\">\n<div class=\"ast-oembed-container\" style=\"height: 100%;\"><iframe loading=\"lazy\" title=\"Godowsky - Java Suite by Tobias Borsboom\" width=\"500\" height=\"281\" src=\"https:\/\/www.youtube.com\/embed\/mfje7ZcRef8?feature=oembed\" frameborder=\"0\" allow=\"accelerometer; autoplay; clipboard-write; encrypted-media; gyroscope; picture-in-picture; web-share\" referrerpolicy=\"strict-origin-when-cross-origin\" allowfullscreen><\/iframe><\/div>\n<\/div><\/figure>\n<\/div>\n\n\n\n<div class=\"wp-block-uagb-column uagb-column__wrap uagb-column__background-undefined uagb-block-caab4e4b\"><div class=\"uagb-column__overlay\"><\/div>\n<figure class=\"wp-block-embed is-type-video is-provider-youtube wp-block-embed-youtube wp-embed-aspect-16-9 wp-has-aspect-ratio\"><div class=\"wp-block-embed__wrapper\">\n<div class=\"ast-oembed-container\" style=\"height: 100%;\"><iframe loading=\"lazy\" title=\"Tobias Borsboom in TivoliVredenburg, Utrecht | Booster Klassiek\" width=\"500\" height=\"281\" src=\"https:\/\/www.youtube.com\/embed\/dg1MbGZKiOU?feature=oembed\" frameborder=\"0\" allow=\"accelerometer; autoplay; clipboard-write; encrypted-media; gyroscope; picture-in-picture; web-share\" referrerpolicy=\"strict-origin-when-cross-origin\" allowfullscreen><\/iframe><\/div>\n<\/div><\/figure>\n<\/div>\n<\/div><\/section>\n<\/div><\/div>\n\n\n\n<div class=\"wp-block-uagb-container uagb-block-d7d1f1a1 alignfull uagb-is-root-container\"><div class=\"uagb-container-inner-blocks-wrap\">\n<div class=\"wp-block-uagb-info-box uagb-block-824f5012 uagb-infobox__content-wrap  uagb-infobox-icon-above-title uagb-infobox-image-valign-top\"><div class=\"uagb-ifb-content\"><div class=\"uagb-ifb-title-wrap\"><h3 class=\"uagb-ifb-title\">Ezagutu gure programazioa<\/h3><\/div><div class=\"uagb-ifb-button-wrapper wp-block-button\"><a href=\"https:\/\/eibarsax.com\/eu\/inscripciones\/\" class=\"uagb-infobox-cta-link wp-block-button__link\" target=\"_self\" rel=\"noopener noreferrer\" onclick=\"return true;\"><svg xmlns=\"https:\/\/www.w3.org\/2000\/svg\" viewbox=\"0 0 512 512\"><path d=\"M504.3 273.6l-112.1 104c-6.992 6.484-17.18 8.218-25.94 4.406c-8.758-3.812-14.42-12.45-14.42-21.1L351.9 288H32C14.33 288 .0002 273.7 .0002 255.1S14.33 224 32 224h319.9l0-72c0-9.547 5.66-18.19 14.42-22c8.754-3.809 18.95-2.075 25.94 4.41l112.1 104C514.6 247.9 514.6 264.1 504.3 273.6z\"><\/path><\/svg><span class=\"uagb-inline-editing\">ARAKATU ARTXIBOA<\/span><\/a><\/div><\/div><\/div>\n<\/div><\/div>","protected":false},"excerpt":{"rendered":"<p>Juana Palop Cofundadora y Profesora Obtuvo el M\u00e1ster \u201cCum Laude\u201d en la especialidad de saxof\u00f3n por el Conservatorium van Amsterdam en la clase de Arno Bornkamp (2009). Entre 2010 y 2018 fue miembro de la Banda Municipal de Barcelona. Su trayectoria art\u00edstica combina la actividad orquestal, la m\u00fasica de c\u00e1mara y la pedagog\u00eda. Colabora con [&hellip;]<\/p>\n","protected":false},"author":1,"featured_media":0,"parent":0,"menu_order":0,"comment_status":"closed","ping_status":"closed","template":"","meta":{"_uag_custom_page_level_css":"","site-sidebar-layout":"no-sidebar","site-content-layout":"page-builder","ast-site-content-layout":"full-width-container","site-content-style":"unboxed","site-sidebar-style":"unboxed","ast-global-header-display":"","ast-banner-title-visibility":"","ast-main-header-display":"","ast-hfb-above-header-display":"","ast-hfb-below-header-display":"","ast-hfb-mobile-header-display":"","site-post-title":"disabled","ast-breadcrumbs-content":"","ast-featured-img":"disabled","footer-sml-layout":"","theme-transparent-header-meta":"enabled","adv-header-id-meta":"","stick-header-meta":"","header-above-stick-meta":"","header-main-stick-meta":"","header-below-stick-meta":"","astra-migrate-meta-layouts":"set","ast-page-background-enabled":"default","ast-page-background-meta":{"desktop":{"background-color":"var(--ast-global-color-4)","background-image":"","background-repeat":"repeat","background-position":"center center","background-size":"auto","background-attachment":"scroll","background-type":"","background-media":"","overlay-type":"","overlay-color":"","overlay-opacity":"","overlay-gradient":""},"tablet":{"background-color":"","background-image":"","background-repeat":"repeat","background-position":"center center","background-size":"auto","background-attachment":"scroll","background-type":"","background-media":"","overlay-type":"","overlay-color":"","overlay-opacity":"","overlay-gradient":""},"mobile":{"background-color":"","background-image":"","background-repeat":"repeat","background-position":"center center","background-size":"auto","background-attachment":"scroll","background-type":"","background-media":"","overlay-type":"","overlay-color":"","overlay-opacity":"","overlay-gradient":""}},"ast-content-background-meta":{"desktop":{"background-color":"var(--ast-global-color-5)","background-image":"","background-repeat":"repeat","background-position":"center center","background-size":"auto","background-attachment":"scroll","background-type":"","background-media":"","overlay-type":"","overlay-color":"","overlay-opacity":"","overlay-gradient":""},"tablet":{"background-color":"var(--ast-global-color-5)","background-image":"","background-repeat":"repeat","background-position":"center center","background-size":"auto","background-attachment":"scroll","background-type":"","background-media":"","overlay-type":"","overlay-color":"","overlay-opacity":"","overlay-gradient":""},"mobile":{"background-color":"var(--ast-global-color-5)","background-image":"","background-repeat":"repeat","background-position":"center center","background-size":"auto","background-attachment":"scroll","background-type":"","background-media":"","overlay-type":"","overlay-color":"","overlay-opacity":"","overlay-gradient":""}},"footnotes":""},"class_list":["post-1393","page","type-page","status-publish","hentry"],"rankMath":{"parentDomain":"eibarsax.com","noFollowDomains":[],"noFollowExcludeDomains":[],"noFollowExternalLinks":false,"featuredImageNotice":"The featured image should be at least 200 by 200 pixels to be picked up by Facebook and other social media sites.","pluginReviewed":false,"postSettings":{"linkSuggestions":true,"useFocusKeyword":false},"frontEndScore":false,"postName":"sobre-nosotros","permalinkFormat":"https:\/\/eibarsax.com\/eu\/%pagename%\/","showLockModifiedDate":true,"assessor":{"focusKeywordLink":"https:\/\/eibarsax.com\/wp-admin\/edit.php?focus_keyword=%focus_keyword%&post_type=%post_type%","hasTOCPlugin":false,"primaryTaxonomy":false,"serpData":{"title":"Eibarsaxi buruz - filosofia, taldea eta artistak","description":"Ezagutu Eibarsaxen filosofia, talde artistikoa eta Eibarren egiten den nazioarteko saxofoi masterclass eta jaialdia posible egiten duten pertsonak.","focusKeywords":"","pillarContent":false,"canonicalUrl":"","breadcrumbTitle":"","advancedRobots":{"max-snippet":"-1","max-video-preview":"-1","max-image-preview":"large"},"facebookTitle":"Sobre Eibarsax - Filosof\u00eda, equipo y artistas","facebookDescription":"Conoce la filosof\u00eda de Eibarsax, su equipo art\u00edstico y las personas que hacen posible el festival y masterclass internacional de saxof\u00f3n en Eibar.","facebookImage":"","facebookImageID":"","facebookHasOverlay":false,"facebookImageOverlay":"","facebookAuthor":"","twitterCardType":"","twitterUseFacebook":true,"twitterTitle":"Sobre Eibarsax - Filosof\u00eda, equipo y artistas","twitterDescription":"Conoce la filosof\u00eda de Eibarsax, su equipo art\u00edstico y las personas que hacen posible el festival y masterclass internacional de saxof\u00f3n en Eibar.","twitterImage":"","twitterImageID":"","twitterHasOverlay":false,"twitterImageOverlay":"","twitterPlayerUrl":"","twitterPlayerSize":"","twitterPlayerStream":"","twitterPlayerStreamCtype":"","twitterAppDescription":"","twitterAppIphoneName":"","twitterAppIphoneID":"","twitterAppIphoneUrl":"","twitterAppIpadName":"","twitterAppIpadID":"","twitterAppIpadUrl":"","twitterAppGoogleplayName":"","twitterAppGoogleplayID":"","twitterAppGoogleplayUrl":"","twitterAppCountry":"","robots":{"index":true},"twitterAuthor":"username","primaryTerm":0,"authorName":"admin","titleTemplate":"%title% %sep% %sitename%","descriptionTemplate":"%excerpt%","showScoreFrontend":true,"lockModifiedDate":false},"powerWords":[],"diacritics":{"A":"[\\u0041\\u24B6\\uFF21\\u00C0\\u00C1\\u00C2\\u1EA6\\u1EA4\\u1EAA\\u1EA8\\u00C3\\u0100\\u0102\\u1EB0\\u1EAE\\u1EB4\\u1EB2\\u0226\\u01E0\\u00C4\\u01DE\\u1EA2\\u00C5\\u01FA\\u01CD\\u0200\\u0202\\u1EA0\\u1EAC\\u1EB6\\u1E00\\u0104\\u023A\\u2C6F]","AA":"[\\uA732]","AE":"[\\u00C6\\u01FC\\u01E2]","AO":"[\\uA734]","AU":"[\\uA736]","AV":"[\\uA738\\uA73A]","AY":"[\\uA73C]","B":"[\\u0042\\u24B7\\uFF22\\u1E02\\u1E04\\u1E06\\u0243\\u0182\\u0181]","C":"[\\u0043\\u24B8\\uFF23\\u0106\\u0108\\u010A\\u010C\\u00C7\\u1E08\\u0187\\u023B\\uA73E]","D":"[\\u0044\\u24B9\\uFF24\\u1E0A\\u010E\\u1E0C\\u1E10\\u1E12\\u1E0E\\u0110\\u018B\\u018A\\u0189\\uA779]","DZ":"[\\u01F1\\u01C4]","Dz":"[\\u01F2\\u01C5]","E":"[\\u0045\\u24BA\\uFF25\\u00C8\\u00C9\\u00CA\\u1EC0\\u1EBE\\u1EC4\\u1EC2\\u1EBC\\u0112\\u1E14\\u1E16\\u0114\\u0116\\u00CB\\u1EBA\\u011A\\u0204\\u0206\\u1EB8\\u1EC6\\u0228\\u1E1C\\u0118\\u1E18\\u1E1A\\u0190\\u018E]","F":"[\\u0046\\u24BB\\uFF26\\u1E1E\\u0191\\uA77B]","G":"[\\u0047\\u24BC\\uFF27\\u01F4\\u011C\\u1E20\\u011E\\u0120\\u01E6\\u0122\\u01E4\\u0193\\uA7A0\\uA77D\\uA77E]","H":"[\\u0048\\u24BD\\uFF28\\u0124\\u1E22\\u1E26\\u021E\\u1E24\\u1E28\\u1E2A\\u0126\\u2C67\\u2C75\\uA78D]","I":"[\\u0049\\u24BE\\uFF29\\u00CC\\u00CD\\u00CE\\u0128\\u012A\\u012C\\u0130\\u00CF\\u1E2E\\u1EC8\\u01CF\\u0208\\u020A\\u1ECA\\u012E\\u1E2C\\u0197]","J":"[\\u004A\\u24BF\\uFF2A\\u0134\\u0248]","K":"[\\u004B\\u24C0\\uFF2B\\u1E30\\u01E8\\u1E32\\u0136\\u1E34\\u0198\\u2C69\\uA740\\uA742\\uA744\\uA7A2]","L":"[\\u004C\\u24C1\\uFF2C\\u013F\\u0139\\u013D\\u1E36\\u1E38\\u013B\\u1E3C\\u1E3A\\u0141\\u023D\\u2C62\\u2C60\\uA748\\uA746\\uA780]","LJ":"[\\u01C7]","Lj":"[\\u01C8]","M":"[\\u004D\\u24C2\\uFF2D\\u1E3E\\u1E40\\u1E42\\u2C6E\\u019C]","N":"[\\u004E\\u24C3\\uFF2E\\u01F8\\u0143\\u00D1\\u1E44\\u0147\\u1E46\\u0145\\u1E4A\\u1E48\\u0220\\u019D\\uA790\\uA7A4]","NJ":"[\\u01CA]","Nj":"[\\u01CB]","O":"[\\u004F\\u24C4\\uFF2F\\u00D2\\u00D3\\u00D4\\u1ED2\\u1ED0\\u1ED6\\u1ED4\\u00D5\\u1E4C\\u022C\\u1E4E\\u014C\\u1E50\\u1E52\\u014E\\u022E\\u0230\\u00D6\\u022A\\u1ECE\\u0150\\u01D1\\u020C\\u020E\\u01A0\\u1EDC\\u1EDA\\u1EE0\\u1EDE\\u1EE2\\u1ECC\\u1ED8\\u01EA\\u01EC\\u00D8\\u01FE\\u0186\\u019F\\uA74A\\uA74C]","OI":"[\\u01A2]","OO":"[\\uA74E]","OU":"[\\u0222]","P":"[\\u0050\\u24C5\\uFF30\\u1E54\\u1E56\\u01A4\\u2C63\\uA750\\uA752\\uA754]","Q":"[\\u0051\\u24C6\\uFF31\\uA756\\uA758\\u024A]","R":"[\\u0052\\u24C7\\uFF32\\u0154\\u1E58\\u0158\\u0210\\u0212\\u1E5A\\u1E5C\\u0156\\u1E5E\\u024C\\u2C64\\uA75A\\uA7A6\\uA782]","S":"[\\u0053\\u24C8\\uFF33\\u1E9E\\u015A\\u1E64\\u015C\\u1E60\\u0160\\u1E66\\u1E62\\u1E68\\u0218\\u015E\\u2C7E\\uA7A8\\uA784]","T":"[\\u0054\\u24C9\\uFF34\\u1E6A\\u0164\\u1E6C\\u021A\\u0162\\u1E70\\u1E6E\\u0166\\u01AC\\u01AE\\u023E\\uA786]","TZ":"[\\uA728]","U":"[\\u0055\\u24CA\\uFF35\\u00D9\\u00DA\\u00DB\\u0168\\u1E78\\u016A\\u1E7A\\u016C\\u00DC\\u01DB\\u01D7\\u01D5\\u01D9\\u1EE6\\u016E\\u0170\\u01D3\\u0214\\u0216\\u01AF\\u1EEA\\u1EE8\\u1EEE\\u1EEC\\u1EF0\\u1EE4\\u1E72\\u0172\\u1E76\\u1E74\\u0244]","V":"[\\u0056\\u24CB\\uFF36\\u1E7C\\u1E7E\\u01B2\\uA75E\\u0245]","VY":"[\\uA760]","W":"[\\u0057\\u24CC\\uFF37\\u1E80\\u1E82\\u0174\\u1E86\\u1E84\\u1E88\\u2C72]","X":"[\\u0058\\u24CD\\uFF38\\u1E8A\\u1E8C]","Y":"[\\u0059\\u24CE\\uFF39\\u1EF2\\u00DD\\u0176\\u1EF8\\u0232\\u1E8E\\u0178\\u1EF6\\u1EF4\\u01B3\\u024E\\u1EFE]","Z":"[\\u005A\\u24CF\\uFF3A\\u0179\\u1E90\\u017B\\u017D\\u1E92\\u1E94\\u01B5\\u0224\\u2C7F\\u2C6B\\uA762]","a":"[\\u0061\\u24D0\\uFF41\\u1E9A\\u00E0\\u00E1\\u00E2\\u1EA7\\u1EA5\\u1EAB\\u1EA9\\u00E3\\u0101\\u0103\\u1EB1\\u1EAF\\u1EB5\\u1EB3\\u0227\\u01E1\\u00E4\\u01DF\\u1EA3\\u00E5\\u01FB\\u01CE\\u0201\\u0203\\u1EA1\\u1EAD\\u1EB7\\u1E01\\u0105\\u2C65\\u0250]","aa":"[\\uA733]","ae":"[\\u00E6\\u01FD\\u01E3]","ao":"[\\uA735]","au":"[\\uA737]","av":"[\\uA739\\uA73B]","ay":"[\\uA73D]","b":"[\\u0062\\u24D1\\uFF42\\u1E03\\u1E05\\u1E07\\u0180\\u0183\\u0253]","c":"[\\u0063\\u24D2\\uFF43\\u0107\\u0109\\u010B\\u010D\\u00E7\\u1E09\\u0188\\u023C\\uA73F\\u2184]","d":"[\\u0064\\u24D3\\uFF44\\u1E0B\\u010F\\u1E0D\\u1E11\\u1E13\\u1E0F\\u0111\\u018C\\u0256\\u0257\\uA77A]","dz":"[\\u01F3\\u01C6]","e":"[\\u0065\\u24D4\\uFF45\\u00E8\\u00E9\\u00EA\\u1EC1\\u1EBF\\u1EC5\\u1EC3\\u1EBD\\u0113\\u1E15\\u1E17\\u0115\\u0117\\u00EB\\u1EBB\\u011B\\u0205\\u0207\\u1EB9\\u1EC7\\u0229\\u1E1D\\u0119\\u1E19\\u1E1B\\u0247\\u025B\\u01DD]","f":"[\\u0066\\u24D5\\uFF46\\u1E1F\\u0192\\uA77C]","g":"[\\u0067\\u24D6\\uFF47\\u01F5\\u011D\\u1E21\\u011F\\u0121\\u01E7\\u0123\\u01E5\\u0260\\uA7A1\\u1D79\\uA77F]","h":"[\\u0068\\u24D7\\uFF48\\u0125\\u1E23\\u1E27\\u021F\\u1E25\\u1E29\\u1E2B\\u1E96\\u0127\\u2C68\\u2C76\\u0265]","hv":"[\\u0195]","i":"[\\u0069\\u24D8\\uFF49\\u00EC\\u00ED\\u00EE\\u0129\\u012B\\u012D\\u00EF\\u1E2F\\u1EC9\\u01D0\\u0209\\u020B\\u1ECB\\u012F\\u1E2D\\u0268\\u0131]","j":"[\\u006A\\u24D9\\uFF4A\\u0135\\u01F0\\u0249]","k":"[\\u006B\\u24DA\\uFF4B\\u1E31\\u01E9\\u1E33\\u0137\\u1E35\\u0199\\u2C6A\\uA741\\uA743\\uA745\\uA7A3]","l":"[\\u006C\\u24DB\\uFF4C\\u0140\\u013A\\u013E\\u1E37\\u1E39\\u013C\\u1E3D\\u1E3B\\u017F\\u0142\\u019A\\u026B\\u2C61\\uA749\\uA781\\uA747]","lj":"[\\u01C9]","m":"[\\u006D\\u24DC\\uFF4D\\u1E3F\\u1E41\\u1E43\\u0271\\u026F]","n":"[\\u006E\\u24DD\\uFF4E\\u01F9\\u0144\\u00F1\\u1E45\\u0148\\u1E47\\u0146\\u1E4B\\u1E49\\u019E\\u0272\\u0149\\uA791\\uA7A5]","nj":"[\\u01CC]","o":"[\\u006F\\u24DE\\uFF4F\\u00F2\\u00F3\\u00F4\\u1ED3\\u1ED1\\u1ED7\\u1ED5\\u00F5\\u1E4D\\u022D\\u1E4F\\u014D\\u1E51\\u1E53\\u014F\\u022F\\u0231\\u00F6\\u022B\\u1ECF\\u0151\\u01D2\\u020D\\u020F\\u01A1\\u1EDD\\u1EDB\\u1EE1\\u1EDF\\u1EE3\\u1ECD\\u1ED9\\u01EB\\u01ED\\u00F8\\u01FF\\u0254\\uA74B\\uA74D\\u0275]","oi":"[\\u01A3]","ou":"[\\u0223]","oo":"[\\uA74F]","p":"[\\u0070\\u24DF\\uFF50\\u1E55\\u1E57\\u01A5\\u1D7D\\uA751\\uA753\\uA755]","q":"[\\u0071\\u24E0\\uFF51\\u024B\\uA757\\uA759]","r":"[\\u0072\\u24E1\\uFF52\\u0155\\u1E59\\u0159\\u0211\\u0213\\u1E5B\\u1E5D\\u0157\\u1E5F\\u024D\\u027D\\uA75B\\uA7A7\\uA783]","s":"[\\u0073\\u24E2\\uFF53\\u015B\\u1E65\\u015D\\u1E61\\u0161\\u1E67\\u1E63\\u1E69\\u0219\\u015F\\u023F\\uA7A9\\uA785\\u1E9B]","ss":"[\\u00DF]","t":"[\\u0074\\u24E3\\uFF54\\u1E6B\\u1E97\\u0165\\u1E6D\\u021B\\u0163\\u1E71\\u1E6F\\u0167\\u01AD\\u0288\\u2C66\\uA787]","tz":"[\\uA729]","u":"[\\u0075\\u24E4\\uFF55\\u00F9\\u00FA\\u00FB\\u0169\\u1E79\\u016B\\u1E7B\\u016D\\u00FC\\u01DC\\u01D8\\u01D6\\u01DA\\u1EE7\\u016F\\u0171\\u01D4\\u0215\\u0217\\u01B0\\u1EEB\\u1EE9\\u1EEF\\u1EED\\u1EF1\\u1EE5\\u1E73\\u0173\\u1E77\\u1E75\\u0289]","v":"[\\u0076\\u24E5\\uFF56\\u1E7D\\u1E7F\\u028B\\uA75F\\u028C]","vy":"[\\uA761]","w":"[\\u0077\\u24E6\\uFF57\\u1E81\\u1E83\\u0175\\u1E87\\u1E85\\u1E98\\u1E89\\u2C73]","x":"[\\u0078\\u24E7\\uFF58\\u1E8B\\u1E8D]","y":"[\\u0079\\u24E8\\uFF59\\u1EF3\\u00FD\\u0177\\u1EF9\\u0233\\u1E8F\\u00FF\\u1EF7\\u1E99\\u1EF5\\u01B4\\u024F\\u1EFF]","z":"[\\u007A\\u24E9\\uFF5A\\u017A\\u1E91\\u017C\\u017E\\u1E93\\u1E95\\u01B6\\u0225\\u0240\\u2C6C\\uA763]"},"researchesTests":["contentHasTOC","contentHasShortParagraphs","contentHasAssets","keywordInTitle","keywordInMetaDescription","keywordInPermalink","keywordIn10Percent","keywordInContent","keywordInSubheadings","keywordInImageAlt","keywordDensity","keywordNotUsed","lengthContent","lengthPermalink","linksHasInternal","linksHasExternals","linksNotAllExternals","titleStartWithKeyword","titleSentiment","titleHasPowerWords","titleHasNumber","hasContentAI"],"hasRedirection":true,"hasBreadcrumb":true},"homeUrl":"https:\/\/eibarsax.com\/eu","objectID":1393,"objectType":"post","locale":"eu","localeFull":"eu","overlayImages":{"play":{"name":"Play icon","url":"https:\/\/eibarsax.com\/wp-content\/plugins\/seo-by-rank-math\/assets\/admin\/img\/icon-play.png","path":"\/home\/dvrinsdv\/eibarsax.com\/wp-content\/plugins\/seo-by-rank-math\/assets\/admin\/img\/icon-play.png","position":"middle_center"},"gif":{"name":"GIF icon","url":"https:\/\/eibarsax.com\/wp-content\/plugins\/seo-by-rank-math\/assets\/admin\/img\/icon-gif.png","path":"\/home\/dvrinsdv\/eibarsax.com\/wp-content\/plugins\/seo-by-rank-math\/assets\/admin\/img\/icon-gif.png","position":"middle_center"}},"defautOgImage":"https:\/\/eibarsax.com\/wp-content\/plugins\/seo-by-rank-math\/assets\/admin\/img\/social-placeholder.jpg","customPermalinks":true,"isUserRegistered":false,"autoSuggestKeywords":false,"connectSiteUrl":"https:\/\/rankmath.com\/auth?site=https%3A%2F%2Feibarsax.com%2Feu&r=https%3A%2F%2Feibarsax.com%2Feu%2Fwp-json%2Fwp%2Fv2%2Fpages%2F1393%3Fnonce%3Df1b809b17a","maxTags":5,"trendsIcon":"<svg viewBox=\"0 0 610 610\"><path d=\"M18.85,446,174.32,290.48l58.08,58.08L76.93,504a14.54,14.54,0,0,1-20.55,0L18.83,466.48a14.54,14.54,0,0,1,0-20.55Z\" style=\"fill:#4285f4\"\/><path d=\"M242.65,242.66,377.59,377.6l-47.75,47.75a14.54,14.54,0,0,1-20.55,0L174.37,290.43l47.75-47.75A14.52,14.52,0,0,1,242.65,242.66Z\" style=\"fill:#ea4335\"\/><polygon points=\"319.53 319.53 479.26 159.8 537.34 217.88 377.61 377.62 319.53 319.53\" style=\"fill:#fabb05\"\/><path d=\"M594.26,262.73V118.61h0a16.94,16.94,0,0,0-16.94-16.94H433.2a16.94,16.94,0,0,0-12,28.92L565.34,274.71h0a16.94,16.94,0,0,0,28.92-12Z\" style=\"fill:#34a853\"\/><rect width=\"610\" height=\"610\" style=\"fill:none\"\/><\/svg>","showScore":true,"siteFavIcon":"https:\/\/eibarsax.com\/wp-content\/uploads\/2025\/01\/Diseno-sin-titulo-14-1-150x150.png","canUser":{"general":false,"advanced":false,"snippet":false,"social":false,"analysis":false,"analytics":false,"content_ai":false},"isPro":false,"is_front_page":false,"trendsUpgradeLink":"https:\/\/rankmath.com\/pricing\/?utm_source=Plugin&utm_medium=CE%20General%20Tab%20Trends&utm_campaign=WP","trendsUpgradeLabel":"Upgrade","trendsPreviewImage":"https:\/\/eibarsax.com\/wp-content\/plugins\/seo-by-rank-math\/assets\/admin\/img\/trends-preview.jpg","currentEditor":false,"homepageData":{"assessor":{"powerWords":[],"diacritics":true,"researchesTests":["contentHasTOC","contentHasShortParagraphs","contentHasAssets","keywordInTitle","keywordInMetaDescription","keywordInPermalink","keywordIn10Percent","keywordInContent","keywordInSubheadings","keywordInImageAlt","keywordDensity","keywordNotUsed","lengthContent","lengthPermalink","linksHasInternal","linksHasExternals","linksNotAllExternals","titleStartWithKeyword","titleSentiment","titleHasPowerWords","titleHasNumber","hasContentAI"],"hasBreadcrumb":true,"serpData":{"title":"%sitename% %page% %sep% %sitedesc%","description":"","titleTemplate":"%sitename% %page% %sep% %sitedesc%","descriptionTemplate":"","focusKeywords":"","breadcrumbTitle":"Home","robots":{"index":true},"advancedRobots":{"max-snippet":"-1","max-video-preview":"-1","max-image-preview":"large"},"facebookTitle":"","facebookDescription":"","facebookImage":"","facebookImageID":""}}},"tocTitle":"Table of Contents","tocExcludeHeadings":[],"listStyle":"ul"},"uagb_featured_image_src":{"full":false,"thumbnail":false,"medium":false,"medium_large":false,"large":false,"1536x1536":false,"2048x2048":false,"trp-custom-language-flag":false},"uagb_author_info":{"display_name":"admin","author_link":"https:\/\/eibarsax.com\/eu\/author\/admin\/"},"uagb_comment_info":0,"uagb_excerpt":"Juana Palop Cofundadora y Profesora Obtuvo el M\u00e1ster \u201cCum Laude\u201d en la especialidad de saxof\u00f3n por el Conservatorium van Amsterdam en la clase de Arno Bornkamp (2009). Entre 2010 y 2018 fue miembro de la Banda Municipal de Barcelona. Su trayectoria art\u00edstica combina la actividad orquestal, la m\u00fasica de c\u00e1mara y la pedagog\u00eda. Colabora con&hellip;","_links":{"self":[{"href":"https:\/\/eibarsax.com\/eu\/wp-json\/wp\/v2\/pages\/1393","targetHints":{"allow":["GET"]}}],"collection":[{"href":"https:\/\/eibarsax.com\/eu\/wp-json\/wp\/v2\/pages"}],"about":[{"href":"https:\/\/eibarsax.com\/eu\/wp-json\/wp\/v2\/types\/page"}],"author":[{"embeddable":true,"href":"https:\/\/eibarsax.com\/eu\/wp-json\/wp\/v2\/users\/1"}],"replies":[{"embeddable":true,"href":"https:\/\/eibarsax.com\/eu\/wp-json\/wp\/v2\/comments?post=1393"}],"version-history":[{"count":43,"href":"https:\/\/eibarsax.com\/eu\/wp-json\/wp\/v2\/pages\/1393\/revisions"}],"predecessor-version":[{"id":3283,"href":"https:\/\/eibarsax.com\/eu\/wp-json\/wp\/v2\/pages\/1393\/revisions\/3283"}],"wp:attachment":[{"href":"https:\/\/eibarsax.com\/eu\/wp-json\/wp\/v2\/media?parent=1393"}],"curies":[{"name":"wp","href":"https:\/\/api.w.org\/{rel}","templated":true}]}}