{"id":1393,"date":"2024-12-21T11:06:59","date_gmt":"2024-12-21T11:06:59","guid":{"rendered":"https:\/\/eibarsax.com\/about\/"},"modified":"2026-07-26T22:41:39","modified_gmt":"2026-07-26T22:41:39","slug":"sobre-nosotros","status":"publish","type":"page","link":"https:\/\/eibarsax.com\/en\/sobre-nosotros\/","title":{"rendered":"About"},"content":{"rendered":"<div class=\"wp-block-uagb-container uagb-block-a79bbcd0 alignfull uagb-is-root-container\"><div class=\"uagb-container-inner-blocks-wrap\">\n<div class=\"wp-block-uagb-info-box uagb-block-fc99e2cd uagb-infobox__content-wrap  uagb-infobox-icon-above-title uagb-infobox-image-valign-top wp-block-uagb-info-box--has-margin\"><div class=\"uagb-infobox-margin-wrapper\"><div class=\"uagb-ifb-content\"><div class=\"uagb-ifb-title-wrap\"><h1 class=\"uagb-ifb-title\">About Us<\/h1><\/div><\/div><\/div><\/div>\n\n\n\n<figure class=\"wp-block-image aligncenter size-full is-resized\"><img loading=\"lazy\" decoding=\"async\" width=\"595\" height=\"277\" src=\"https:\/\/eibarsax.com\/wp-content\/uploads\/2025\/02\/Diseno-sin-titulo-3.jpg\" alt=\"Arno Bornkamp, Juana Palop y Xabier Oruesagasti, equipo fundador de Eibarsax\" class=\"wp-image-2853\" style=\"aspect-ratio:2.148169612672655;width:468px;height:auto\" srcset=\"https:\/\/eibarsax.com\/wp-content\/uploads\/2025\/02\/Diseno-sin-titulo-3.jpg 595w, https:\/\/eibarsax.com\/wp-content\/uploads\/2025\/02\/Diseno-sin-titulo-3-300x140.jpg 300w, https:\/\/eibarsax.com\/wp-content\/uploads\/2025\/02\/Diseno-sin-titulo-3-18x8.jpg 18w\" sizes=\"auto, (max-width: 595px) 100vw, 595px\" \/><\/figure>\n\n\n\n<div class=\"wp-block-uagb-info-box uagb-block-25e98794 uagb-infobox__content-wrap  uagb-infobox-icon-above-title uagb-infobox-image-valign-top wp-block-uagb-info-box--has-margin\"><div class=\"uagb-infobox-margin-wrapper\"><div class=\"uagb-ifb-content\"><div class=\"uagb-ifb-title-wrap\"><h3 class=\"uagb-ifb-title\"><strong>Filosof\u00eda de Eibarsax<\/strong><\/h3><\/div><p class=\"uagb-ifb-desc\"><strong>Eibarsax<\/strong> es un lugar donde la m\u00fasica no solo se interpreta, sino que se <strong>piensa<\/strong> y se <strong>absorbe<\/strong>. Durante <strong>ocho d\u00edas<\/strong>, Eibar se convertir\u00e1 en el lugar de referencia para <strong>j\u00f3venes saxofonistas<\/strong> que deseen <strong>profundizar<\/strong> en su instrumento, <strong>perfeccionar<\/strong> su interpretaci\u00f3n, <strong>explorar<\/strong> ideas musicales y, lo m\u00e1s importante, <strong>conectar<\/strong>. Este curso est\u00e1 pensado para <strong>inspirar<\/strong> a todos los participantes, incluidos los <strong>profesores<\/strong>!<br><br>Professors propose their <strong>artistic visions<\/strong> como motores de un <strong>di\u00e1logo constante<\/strong>: sus propuestas toman forma en <strong>conciertos diarios<\/strong> que no solo exhiben su arte, sino que tambi\u00e9n invitan a reflexionar sobre qu\u00e9 significa <strong>crear m\u00fasica hoy<\/strong>. Al mismo tiempo, los estudiantes son <strong>participantes activos<\/strong> (m\u00fasica de c\u00e1mara, ensemble de saxofones, etc.), colaborando con sus <strong>mentores<\/strong> y compa\u00f1eros para dar forma a un <strong>programa colectivo<\/strong> que evoluciona a lo largo de la semana.<br><br>Adem\u00e1s de las tradicionales <strong>clases individuales<\/strong>, las <strong>clases colectivas<\/strong> retan tanto a alumnos como a profesores a participar en un intercambio <strong>din\u00e1mico<\/strong> and <strong>activo<\/strong>. Cada interpretaci\u00f3n se convierte en una oportunidad para que los profesores trabajen <strong>en conjunto<\/strong>, promoviendo un entorno que <strong>inspira<\/strong>, <strong>cuestiona<\/strong> and <strong>eleva<\/strong> el proceso creativo.<br><br>Cada d\u00eda en el curso es una invitaci\u00f3n a <strong>explorar<\/strong>, <strong>escuchar<\/strong> and <strong>dialogar<\/strong>. Los sonidos creados aqu\u00ed van m\u00e1s all\u00e1 del escenario, resonando en <strong>ideas compartidas<\/strong>, <strong>energ\u00eda colectiva<\/strong> and <strong>experiencias duraderas<\/strong>. <strong>Eibarsax<\/strong> es una plataforma desde la cual mirar hacia <strong>nuevos horizontes<\/strong>, un <strong>meeting point<\/strong> que impulsa nuevas maneras de <strong>entender<\/strong> and <strong>vivir<\/strong> la m\u00fasica.<br><br><br><\/p><\/div><\/div><\/div>\n<\/div><\/div>\n\n\n\n<div class=\"wp-block-uagb-container uagb-block-67bec61e alignfull uagb-is-root-container\"><div class=\"uagb-container-inner-blocks-wrap\">\n<div class=\"wp-block-uagb-info-box uagb-block-3441f5ca uagb-infobox__content-wrap  uagb-infobox-icon-above-title uagb-infobox-image-valign-top wp-block-uagb-info-box--has-margin\"><div class=\"uagb-infobox-margin-wrapper\"><div class=\"uagb-ifb-content\"><div class=\"uagb-ifb-title-wrap\"><h2 class=\"uagb-ifb-title\">Organizers<\/h2><\/div><\/div><\/div><\/div>\n\n\n\n<div class=\"wp-block-uagb-container uagb-block-4fab60aa\">\n<div class=\"wp-block-uagb-info-box uagb-block-40885515 uagb-infobox__content-wrap  uagb-infobox-icon-above-title uagb-infobox-image-valign-top\"><div class=\"uagb-ifb-content\"><div class=\"uagb-ifb-image-content\"><img decoding=\"async\" src=\"https:\/\/eibarsax.com\/wp-content\/uploads\/2025\/01\/Juani-288x412-1.jpg\" alt=\"Juani Palop\" width=\"\" height=\"0\" loading=\"lazy\"\/><\/div><div class=\"uagb-ifb-title-wrap\"><h5 class=\"uagb-ifb-title\"><a href=\"#Juani\" data-type=\"internal\" data-id=\"#Juani\">Juana Palop <\/a><\/h5><\/div><p class=\"uagb-ifb-desc\"><strong>Co-founder and teacher<\/strong><\/p><\/div><\/div>\n\n\n\n<div class=\"wp-block-uagb-info-box uagb-block-15e709de uagb-infobox__content-wrap  uagb-infobox-icon-above-title uagb-infobox-image-valign-top\"><div class=\"uagb-ifb-content\"><div class=\"uagb-ifb-image-content\"><img decoding=\"async\" src=\"https:\/\/eibarsax.com\/wp-content\/uploads\/2025\/01\/Arno-288x412-1.jpg\" alt=\"Arno Bornkamp\" width=\"\" height=\"0\" loading=\"lazy\"\/><\/div><div class=\"uagb-ifb-title-wrap\"><h5 class=\"uagb-ifb-title\"><strong><a href=\"#Arno\" data-type=\"internal\" data-id=\"#Arno\">Arno Bornkamp<\/a><\/strong><\/h5><\/div><p class=\"uagb-ifb-desc\"><strong>Co-founder and teacher<\/strong><\/p><\/div><\/div>\n\n\n\n<div class=\"wp-block-uagb-info-box uagb-block-f8eb1cb3 uagb-infobox__content-wrap  uagb-infobox-icon-above-title uagb-infobox-image-valign-top\"><div class=\"uagb-ifb-content\"><div class=\"uagb-ifb-image-content\"><img decoding=\"async\" src=\"https:\/\/eibarsax.com\/wp-content\/uploads\/2025\/01\/Xabier-288x412-1.jpg\" alt=\"Xabier Oruesagasti\" width=\"\" height=\"0\" loading=\"lazy\"\/><\/div><div class=\"uagb-ifb-title-wrap\"><h5 class=\"uagb-ifb-title\"><strong><a href=\"#Xabi\" data-type=\"internal\" data-id=\"#Xabi\">Xabier Oruesagasti<\/a><\/strong><\/h5><\/div><p class=\"uagb-ifb-desc\"><strong>Co-founder and teacher<\/strong><\/p><\/div><\/div>\n<\/div>\n\n\n\n<div class=\"wp-block-uagb-info-box uagb-block-f5e1584f uagb-infobox__content-wrap  uagb-infobox-icon-above-title uagb-infobox-image-valign-top wp-block-uagb-info-box--has-margin\"><div class=\"uagb-infobox-margin-wrapper\"><div class=\"uagb-ifb-content\"><div class=\"uagb-ifb-title-wrap\"><h2 class=\"uagb-ifb-title\">Collaborating partners<\/h2><\/div><\/div><\/div><\/div>\n\n\n\n<div class=\"wp-block-uagb-container uagb-block-d32fead1\">\n<div class=\"wp-block-uagb-info-box uagb-block-0b93852d uagb-infobox__content-wrap  uagb-infobox-icon-above-title uagb-infobox-image-valign-top\"><div class=\"uagb-ifb-content\"><div class=\"uagb-ifb-image-content\"><img decoding=\"async\" src=\"https:\/\/eibarsax.com\/wp-content\/uploads\/2025\/01\/Sara-288x412-1.jpg\" alt=\"Sara Zuazo\" width=\"\" height=\"0\" loading=\"lazy\"\/><\/div><div class=\"uagb-ifb-title-wrap\"><h5 class=\"uagb-ifb-title\"><strong><a href=\"#Sara\" data-type=\"internal\" data-id=\"#:~:text=y%20creaci%C3%B3n%20art%C3%ADstica.-,Sara%20Zazo,-Profesora\">Sara Zazo<\/a><\/strong><\/h5><\/div><p class=\"uagb-ifb-desc\"><strong>Teacher<\/strong><\/p><\/div><\/div>\n\n\n\n<div class=\"wp-block-uagb-info-box uagb-block-75e4258e uagb-infobox__content-wrap  uagb-infobox-icon-above-title uagb-infobox-image-valign-top\"><div class=\"uagb-ifb-content\"><div class=\"uagb-ifb-image-content\"><img decoding=\"async\" src=\"https:\/\/eibarsax.com\/wp-content\/uploads\/2025\/01\/Xavi-288x412-1.jpg\" alt=\"Xavier Larsson\" width=\"\" height=\"0\" loading=\"lazy\"\/><\/div><div class=\"uagb-ifb-title-wrap\"><h5 class=\"uagb-ifb-title\"><strong><strong><a href=\"#Xavier\" data-type=\"internal\" data-id=\"#Xavier\">Xavier Larsson<\/a><\/strong><\/strong><\/h5><\/div><p class=\"uagb-ifb-desc\"><strong>Teacher<\/strong><\/p><\/div><\/div>\n\n\n\n<div class=\"wp-block-uagb-info-box uagb-block-8978bf7e uagb-infobox__content-wrap  uagb-infobox-icon-above-title uagb-infobox-image-valign-top\"><div class=\"uagb-ifb-content\"><div class=\"uagb-ifb-image-content\"><img decoding=\"async\" src=\"https:\/\/eibarsax.com\/wp-content\/uploads\/2026\/01\/WhatsApp-Image-2026-01-10-at-19.08.57-200x300.jpeg\" alt=\"catarina-paiva\" width=\"\" height=\"0\" loading=\"lazy\"\/><\/div><div class=\"uagb-ifb-title-wrap\"><h5 class=\"uagb-ifb-title\"><strong><strong><a href=\"#Catarina\">Catarina Paiva<\/a><\/strong><\/strong><\/h5><\/div><p class=\"uagb-ifb-desc\"><strong>Teacher<\/strong><\/p><\/div><\/div>\n\n\n\n<div class=\"wp-block-uagb-info-box uagb-block-2b3f8f00 uagb-infobox__content-wrap  uagb-infobox-icon-above-title uagb-infobox-image-valign-top\"><div class=\"uagb-ifb-content\"><div class=\"uagb-ifb-image-content\"><img decoding=\"async\" src=\"https:\/\/eibarsax.com\/wp-content\/uploads\/2025\/01\/Tobias-288x412-1.jpg\" alt=\"Tobias Borsboom\" width=\"\" height=\"0\" loading=\"lazy\"\/><\/div><div class=\"uagb-ifb-title-wrap\"><h5 class=\"uagb-ifb-title\"><strong><strong><a href=\"#Tobia\">Tobias Borsboom<\/a><\/strong><\/strong><\/h5><\/div><p class=\"uagb-ifb-desc\"><strong>Accompanist<\/strong><\/p><\/div><\/div>\n<\/div>\n\n\n\n<section class=\"wp-block-uagb-columns uagb-columns__wrap uagb-columns__background-none uagb-columns__stack-mobile uagb-columns__valign- uagb-columns__gap-10 align uagb-block-481c101e uagb-columns__columns-2 uagb-columns__max_width-theme\"><div class=\"uagb-columns__overlay\"><\/div><div class=\"uagb-columns__inner-wrap uagb-columns__columns-2\">\n<div class=\"wp-block-uagb-column uagb-column__wrap uagb-column__background-undefined uagb-block-05cd280b\"><div class=\"uagb-column__overlay\"><\/div>\n<h3 class=\"wp-block-heading\" id=\"Juani\">Juana Palop<\/h3>\n\n\n\n<p class=\"wp-block-paragraph\"><strong>Co-founder and teacher<\/strong><\/p>\n\n\n\n<div class=\"wp-block-uagb-image uagb-block-eb2b6194 wp-block-uagb-image--layout-default wp-block-uagb-image--effect-static wp-block-uagb-image--align-none\"><figure class=\"wp-block-uagb-image__figure\"><img decoding=\"async\" srcset=\"https:\/\/eibarsax.com\/wp-content\/uploads\/2025\/01\/image_123650291-698x1024.jpg ,https:\/\/eibarsax.com\/wp-content\/uploads\/2025\/01\/image_123650291.jpg 780w, https:\/\/eibarsax.com\/wp-content\/uploads\/2025\/01\/image_123650291.jpg 360w\" sizes=\"auto, (max-width: 480px) 150px\" src=\"https:\/\/eibarsax.com\/wp-content\/uploads\/2025\/01\/image_123650291-698x1024.jpg\" alt=\"Juana Palop con su saxof\u00f3n\" class=\"uag-image-2674\" width=\"698\" height=\"1024\" title=\"image_123650291\" loading=\"lazy\" role=\"img\"\/><\/figure><\/div>\n<\/div>\n\n\n\n<div class=\"wp-block-uagb-column uagb-column__wrap uagb-column__background-undefined uagb-block-33e8b95b\"><div class=\"uagb-column__overlay\"><\/div>\n<p class=\"wp-block-paragraph\">She earned a <strong>\u201cCum Laude\u201d Master\u2019s<\/strong> degree in saxophone at the <strong>Conservatorium van Amsterdam<\/strong> , studying with <strong>Arno Bornkamp<\/strong> (2009). From 2010 to 2018, she was a member of the <strong>Banda Municipal de Barcelona<\/strong>.<\/p>\n\n\n\n<p class=\"wp-block-paragraph\">Her artistic career brings together orchestral work, chamber music, and pedagogy. She collaborates with ensembles such as the <strong>Mahler Chamber Orchestra<\/strong>, the <strong>Nederlands Blazers Ensemble<\/strong>, the <strong>Orquesta Sinf\u00f3nica de Madrid<\/strong>, <strong>musicAeterna<\/strong> and <strong>LUDWIG<\/strong>, and has worked under conductors including <strong>Pablo Heras-Casado<\/strong>, <strong>Barbara Hannigan<\/strong> and <strong>Teodor Currentzis<\/strong>.<\/p>\n\n\n\n<p class=\"wp-block-paragraph\">As a chamber musician, she develops a central part of her professional activity with the <strong>Berlage Saxophone Quartet<\/strong> and <strong>Trio Abril<\/strong>, where she explores the saxophone quartet repertoire and contemporary creation, developing and performing new works.<\/p>\n\n\n\n<p class=\"wp-block-paragraph\">Since 2018, she has been based in the <strong>Netherlands<\/strong>, maintaining an intensive artistic and pedagogical activity. She teaches saxophone at <strong>ArtEZ Conservatory<\/strong> in Zwolle and is a regular guest teacher at the <strong>Tilburg Sax Summit<\/strong>. She was co-director of the <strong>Alcosax International Saxophone Festival<\/strong> (2010\u20132018) and currently serves on the <strong>artistic leadership of the Eibarsax Festival<\/strong>, supporting new generations in the search for their own voice through music.<\/p>\n<\/div>\n<\/div><\/section>\n\n\n\n<div class=\"wp-block-uagb-container uagb-block-153c8edd\">\n<section class=\"wp-block-uagb-columns uagb-columns__wrap uagb-columns__background-none uagb-columns__stack-mobile uagb-columns__valign- uagb-columns__gap-10 align uagb-block-2fb39d0a uagb-columns__columns-2 uagb-columns__max_width-theme\"><div class=\"uagb-columns__overlay\"><\/div><div class=\"uagb-columns__inner-wrap uagb-columns__columns-2\">\n<div class=\"wp-block-uagb-column uagb-column__wrap uagb-column__background-undefined uagb-block-0fdb6044\"><div class=\"uagb-column__overlay\"><\/div>\n<figure class=\"wp-block-embed is-type-rich is-provider-soundcloud wp-block-embed-soundcloud\"><div class=\"wp-block-embed__wrapper\">\n<div class=\"ast-oembed-container\" style=\"height: 100%;\"><iframe loading=\"lazy\" title=\"Bruch op. 83 n. 2 by Juani Palop\" width=\"500\" height=\"400\" scrolling=\"no\" frameborder=\"no\" src=\"https:\/\/w.soundcloud.com\/player\/?visual=true&#038;url=https%3A%2F%2Fapi.soundcloud.com%2Ftracks%2F216151514&#038;show_artwork=true&#038;maxheight=750&#038;maxwidth=500\"><\/iframe><\/div>\n<\/div><\/figure>\n<\/div>\n\n\n\n<div class=\"wp-block-uagb-column uagb-column__wrap uagb-column__background-undefined uagb-block-a68b82aa\"><div class=\"uagb-column__overlay\"><\/div>\n<figure class=\"wp-block-embed is-type-rich is-provider-soundcloud wp-block-embed-soundcloud\"><div class=\"wp-block-embed__wrapper\">\n<div class=\"ast-oembed-container\" style=\"height: 100%;\"><iframe loading=\"lazy\" title=\"Mysterious Morning III F. Tanada by Juani Palop\" width=\"500\" height=\"400\" scrolling=\"no\" frameborder=\"no\" src=\"https:\/\/w.soundcloud.com\/player\/?visual=true&#038;url=https%3A%2F%2Fapi.soundcloud.com%2Ftracks%2F216150315&#038;show_artwork=true&#038;maxheight=750&#038;maxwidth=500\"><\/iframe><\/div>\n<\/div><\/figure>\n<\/div>\n<\/div><\/section>\n<\/div>\n\n\n\n<div class=\"wp-block-uagb-container uagb-block-7dbb2a70\"><\/div>\n\n\n\n<section class=\"wp-block-uagb-columns uagb-columns__wrap uagb-columns__background-none uagb-columns__stack-mobile uagb-columns__valign- uagb-columns__gap-10 align uagb-block-68d56108 uagb-columns__columns-2 uagb-columns__max_width-theme\"><div class=\"uagb-columns__overlay\"><\/div><div class=\"uagb-columns__inner-wrap uagb-columns__columns-2\">\n<div class=\"wp-block-uagb-column uagb-column__wrap uagb-column__background-undefined uagb-block-4bfea891\"><div class=\"uagb-column__overlay\"><\/div>\n<h3 class=\"wp-block-heading\" id=\"Arno\">Arno Bornkamp<\/h3>\n\n\n\n<p class=\"wp-block-paragraph\"><strong>Co-founder and teacher<\/strong><\/p>\n\n\n\n<div class=\"wp-block-uagb-image uagb-block-ec244ff0 wp-block-uagb-image--layout-default wp-block-uagb-image--effect-static wp-block-uagb-image--align-none\"><figure class=\"wp-block-uagb-image__figure\"><img decoding=\"async\" srcset=\"https:\/\/eibarsax.com\/wp-content\/uploads\/2025\/01\/IMG_1826.jpg ,https:\/\/eibarsax.com\/wp-content\/uploads\/2025\/01\/IMG_1826.jpg 780w, https:\/\/eibarsax.com\/wp-content\/uploads\/2025\/01\/IMG_1826.jpg 360w\" sizes=\"auto, (max-width: 480px) 150px\" src=\"https:\/\/eibarsax.com\/wp-content\/uploads\/2025\/01\/IMG_1826.jpg\" alt=\"Arno Bornkamp con su saxof\u00f3n\" class=\"uag-image-2678\" width=\"1124\" height=\"1333\" title=\"\" loading=\"lazy\" role=\"img\"\/><\/figure><\/div>\n<\/div>\n\n\n\n<div class=\"wp-block-uagb-column uagb-column__wrap uagb-column__background-undefined uagb-block-409b5142\"><div class=\"uagb-column__overlay\"><\/div>\n<p class=\"wp-block-paragraph\">The classical saxophonist <strong>Arno Bornkamp<\/strong> is a unique figure both in the saxophone world and in classical music in general. With a career spanning over <strong>40 years<\/strong>he has captivated audiences with performances full of energy and style, blending lyricism, passion, and a deep sense of storytelling. He firmly believes in the saxophone as an instrument of infinite nuances and colors, capable of reflecting the complexity of the human soul in all its light and shadows. His interpretative approach is highly personal, bringing each piece to life with his own voice and a musical sense that goes beyond the notes.<\/p>\n\n\n\n<p class=\"wp-block-paragraph\">He has performed <strong>over 200 concerts as a soloist<\/strong> with orchestras worldwide, interpreting both the standard saxophone repertoire and premieres of contemporary works, many of which have been written especially for him. Among these, the <strong>\u00abTallahatchie Concerto\u00bb<\/strong> by <strong>Jacob ter Veldhuis<\/strong>stands out as one of the most emblematic pieces in his repertoire.<\/p>\n\n\n\n<p class=\"wp-block-paragraph\">In the field of chamber music, Bornkamp has maintained long-standing collaborations, such as with the <strong>Aurelia Saxophone Quartet<\/strong> (1982-2017) and pianist <strong>Ivo Janssen<\/strong> (1984-2019). He is currently a member of <strong>Duo Calvador\u00e9<\/strong>, alongside the flamish pianist <strong>Jan Lust<\/strong>, and <strong>Tr\u00edo Abril<\/strong>, together with <strong>Juana Palop<\/strong> and <strong>Frank van de Laar<\/strong>.<\/p>\n\n\n\n<p class=\"wp-block-paragraph\">His interest in pushing the boundaries of the saxophone has led him to develop <strong>\u00abLittle Big Horn\u00bb<\/strong>, a multimedia production combining music for baritone saxophone with visual and sound elements. This project, created with <strong>Andr\u00e9 Arends<\/strong>, pays tribute to the baritone saxophone, musical friendship, and life itself, featuring works by composers such as <strong>Ryo Noda, Branford Marsalis, Katharina Thomsen, Gregory Wanamaker and Peter Vigh<\/strong>.<\/p>\n\n\n\n<p class=\"wp-block-paragraph\">Arno Bornkamp has also dedicated a significant part of his career to teaching, shaping new generations of saxophonists at the <strong>Conservatorio de \u00c1msterdam<\/strong>, where he has been a professor for decades. His influence extends beyond the classroom, as he is regularly invited to give <strong>masterclasses<\/strong> at leading festivals and music institutions worldwide.\nThroughout his career, he has released <strong>numerous recordings<\/strong>both as a soloist and in collaboration with other artists. His most recent releases on the <strong>Genuin<\/strong> include:<br><strong>\u00abDance \u2013 Bach by Bornkamp\u00bb<\/strong> (2020)<br><strong>\u00abFolies de Baryton\u00bb<\/strong> (2023)<br><strong>\u00abBornkamp &amp; Friends play Henri Sauguet\u00bb<\/strong> (2024)<\/p>\n<\/div>\n<\/div><\/section>\n\n\n\n<div class=\"wp-block-uagb-container uagb-block-97868ad4\">\n<section class=\"wp-block-uagb-columns uagb-columns__wrap uagb-columns__background-none uagb-columns__stack-mobile uagb-columns__valign- uagb-columns__gap-10 align uagb-block-f18ba7c0 uagb-columns__columns-2 uagb-columns__max_width-theme\"><div class=\"uagb-columns__overlay\"><\/div><div class=\"uagb-columns__inner-wrap uagb-columns__columns-2\">\n<div class=\"wp-block-uagb-column uagb-column__wrap uagb-column__background-undefined uagb-block-278ae106\"><div class=\"uagb-column__overlay\"><\/div>\n<figure class=\"wp-block-embed is-type-video is-provider-youtube wp-block-embed-youtube wp-embed-aspect-4-3 wp-has-aspect-ratio\"><div class=\"wp-block-embed__wrapper\">\n<div class=\"ast-oembed-container\" style=\"height: 100%;\"><iframe loading=\"lazy\" title=\"Une fleur\" width=\"500\" height=\"375\" src=\"https:\/\/www.youtube.com\/embed\/eFsRpdI0Qns?feature=oembed\" frameborder=\"0\" allow=\"accelerometer; autoplay; clipboard-write; encrypted-media; gyroscope; picture-in-picture; web-share\" referrerpolicy=\"strict-origin-when-cross-origin\" allowfullscreen><\/iframe><\/div>\n<\/div><\/figure>\n<\/div>\n\n\n\n<div class=\"wp-block-uagb-column uagb-column__wrap uagb-column__background-undefined uagb-block-4517be90\"><div class=\"uagb-column__overlay\"><\/div>\n<figure class=\"wp-block-embed is-type-video is-provider-youtube wp-block-embed-youtube wp-embed-aspect-16-9 wp-has-aspect-ratio\"><div class=\"wp-block-embed__wrapper\">\n<div class=\"ast-oembed-container\" style=\"height: 100%;\"><iframe loading=\"lazy\" title=\"Arno Bornkamp Trois Dances Frank Martin\" width=\"500\" height=\"281\" src=\"https:\/\/www.youtube.com\/embed\/zPND-kY9JUU?feature=oembed\" frameborder=\"0\" allow=\"accelerometer; autoplay; clipboard-write; encrypted-media; gyroscope; picture-in-picture; web-share\" referrerpolicy=\"strict-origin-when-cross-origin\" allowfullscreen><\/iframe><\/div>\n<\/div><\/figure>\n<\/div>\n<\/div><\/section>\n<\/div>\n\n\n\n<section class=\"wp-block-uagb-columns uagb-columns__wrap uagb-columns__background-none uagb-columns__stack-mobile uagb-columns__valign- uagb-columns__gap-10 align uagb-block-411115a1 uagb-columns__columns-2 uagb-columns__max_width-theme\"><div class=\"uagb-columns__overlay\"><\/div><div class=\"uagb-columns__inner-wrap uagb-columns__columns-2\">\n<div class=\"wp-block-uagb-column uagb-column__wrap uagb-column__background-undefined uagb-block-235607b8\"><div class=\"uagb-column__overlay\"><\/div>\n<h3 class=\"wp-block-heading\" id=\"Xabi\">Xabier Oruesagasti<\/h3>\n\n\n\n<p class=\"wp-block-paragraph\"><strong>Co-founder and teacher<\/strong><\/p>\n\n\n\n<div class=\"wp-block-uagb-image uagb-block-656792e3 wp-block-uagb-image--layout-default wp-block-uagb-image--effect-static wp-block-uagb-image--align-none\"><figure class=\"wp-block-uagb-image__figure\"><img decoding=\"async\" srcset=\"https:\/\/eibarsax.com\/wp-content\/uploads\/2025\/01\/Xabier-288x412-1.jpg ,https:\/\/eibarsax.com\/wp-content\/uploads\/2025\/01\/Xabier-288x412-1.jpg 780w, https:\/\/eibarsax.com\/wp-content\/uploads\/2025\/01\/Xabier-288x412-1.jpg 360w\" sizes=\"auto, (max-width: 480px) 150px\" src=\"https:\/\/eibarsax.com\/wp-content\/uploads\/2025\/01\/Xabier-288x412-1.jpg\" alt=\"Xabier Oruesagasti\" class=\"uag-image-2741\" width=\"698\" height=\"1024\" title=\"Xabier Oruesagasti\" loading=\"lazy\" role=\"img\"\/><\/figure><\/div>\n<\/div>\n\n\n\n<div class=\"wp-block-uagb-column uagb-column__wrap uagb-column__background-undefined uagb-block-ad6cf1e5\"><div class=\"uagb-column__overlay\"><\/div>\n<p class=\"wp-block-paragraph\"><strong>Xabier Oruesagasti<\/strong> is a saxophonist whose career spans from classical and contemporary music to interdisciplinary projects involving dance and music theater. He studied at <strong>Musikene<\/strong>, where he studied classical saxophone while also exploring jazz with the <strong>Reunion Big Band<\/strong>, with whom he recorded a CD and performed at international festivals for four years. He later completed his master\u2019s degree at the <strong>Conservatorium van Amsterdam<\/strong> under the guidance of <strong>Arno Bornkamp<\/strong>.<\/p>\n\n\n\n<p class=\"wp-block-paragraph\">In the orchestral field, he has collaborated with the <strong>Orquesta Sinf\u00f3nica de Euskadi (OSE)<\/strong> and <strong>Orquesta Sinf\u00f3nica de Madrid (OSM)<\/strong>Additionally, he has worked with composers such as <strong>Beno\u00eet Sitzia<\/strong> and premiered works with the <strong>Ensemble Kuraia<\/strong>. In 2019, he participated in the <strong>Cello Biennale de \u00c1msterdam<\/strong>, premiering <em>Rimpelingen<\/em> by <strong>Jan-Peter de Graaff<\/strong> alongside cellist <strong>Maya Fridman<\/strong>.<\/p>\n\n\n\n<p class=\"wp-block-paragraph\">As an artistic director, he led the recording of the album <strong>Eibarko Kantak<\/strong>a project dedicated to reviving traditional Basque repertoire adapted for wind band and choir. He also directed the musical <strong>Forjarien Kanta<\/strong> and developed the performance <strong>Melted Room<\/strong>, presented in Amsterdam.<\/p>\n\n\n\n<p class=\"wp-block-paragraph\">Since 2021, he has regularly collaborated with the <strong>Berlage Saxophone Quartet<\/strong>, taking part in major productions such as the national tour of <strong>De Rechtvaardigen<\/strong>, together with <strong>Cappella Amsterdam<\/strong> and writer <strong>Jan Brokken<\/strong>, as well as the music theater piece <strong>Acts of Citizenship<\/strong>, premiered at the <strong>Oerol Festival<\/strong>.<\/p>\n\n\n\n<p class=\"wp-block-paragraph\">In recent years, his interest in the connection between music and movement has led him to work closely with the world of dance and performance. His first creation in this field, <strong>A Bubbles\u2019 Dress<\/strong>, with the collective <strong>XAT<\/strong>explores the interaction between saxophone, electronics, and movement.<\/p>\n\n\n\n<p class=\"wp-block-paragraph\">In 2025, he is launching the first edition of <strong>Eibarsax<\/strong>an international saxophone festival and course in <strong>Eibar<\/strong>, with the aim of creating a space for education, artistic exchange, and creation.<\/p>\n<\/div>\n<\/div><\/section>\n\n\n\n<section class=\"wp-block-uagb-columns uagb-columns__wrap uagb-columns__background-none uagb-columns__stack-mobile uagb-columns__valign- uagb-columns__gap-10 align uagb-block-3e09fec1 uagb-columns__columns-2 uagb-columns__max_width-theme\"><div class=\"uagb-columns__overlay\"><\/div><div class=\"uagb-columns__inner-wrap uagb-columns__columns-2\">\n<div class=\"wp-block-uagb-column uagb-column__wrap uagb-column__background-undefined uagb-block-588904da\"><div class=\"uagb-column__overlay\"><\/div>\n<figure class=\"wp-block-embed is-type-video is-provider-youtube wp-block-embed-youtube wp-embed-aspect-16-9 wp-has-aspect-ratio\"><div class=\"wp-block-embed__wrapper\">\n<div class=\"ast-oembed-container\" style=\"height: 100%;\"><iframe loading=\"lazy\" title=\"Louis Vierne - Cello Sonata in B-Flat Minor, Op.27 for Baritone Saxophone\" width=\"500\" height=\"281\" src=\"https:\/\/www.youtube.com\/embed\/0r8rV0QCntY?feature=oembed\" frameborder=\"0\" allow=\"accelerometer; autoplay; clipboard-write; encrypted-media; gyroscope; picture-in-picture; web-share\" referrerpolicy=\"strict-origin-when-cross-origin\" allowfullscreen><\/iframe><\/div>\n<\/div><\/figure>\n<\/div>\n\n\n\n<div class=\"wp-block-uagb-column uagb-column__wrap uagb-column__background-undefined uagb-block-7b2428b7\"><div class=\"uagb-column__overlay\"><\/div>\n<figure class=\"wp-block-embed is-type-video is-provider-youtube wp-block-embed-youtube wp-embed-aspect-16-9 wp-has-aspect-ratio\"><div class=\"wp-block-embed__wrapper\">\n<div class=\"ast-oembed-container\" style=\"height: 100%;\"><iframe loading=\"lazy\" title=\"VLECHT by Peter Vigh | Xabier Oruesagasti\" width=\"500\" height=\"281\" src=\"https:\/\/www.youtube.com\/embed\/D01TucePPac?feature=oembed\" frameborder=\"0\" allow=\"accelerometer; autoplay; clipboard-write; encrypted-media; gyroscope; picture-in-picture; web-share\" referrerpolicy=\"strict-origin-when-cross-origin\" allowfullscreen><\/iframe><\/div>\n<\/div><\/figure>\n<\/div>\n<\/div><\/section>\n\n\n\n<section class=\"wp-block-uagb-columns uagb-columns__wrap uagb-columns__background-none uagb-columns__stack-mobile uagb-columns__valign- uagb-columns__gap-10 align uagb-block-70826f06 uagb-columns__columns-2 uagb-columns__max_width-theme\"><div class=\"uagb-columns__overlay\"><\/div><div class=\"uagb-columns__inner-wrap uagb-columns__columns-2\">\n<div class=\"wp-block-uagb-column uagb-column__wrap uagb-column__background-undefined uagb-block-0c67fee2\"><div class=\"uagb-column__overlay\"><\/div>\n<h3 class=\"wp-block-heading\" id=\"Sara\">Sara Zazo<\/h3>\n\n\n\n<p class=\"wp-block-paragraph\"><strong>Teacher<\/strong><\/p>\n\n\n\n<div class=\"wp-block-uagb-image uagb-block-022e95ac wp-block-uagb-image--layout-default wp-block-uagb-image--effect-static wp-block-uagb-image--align-none\"><figure class=\"wp-block-uagb-image__figure\"><img decoding=\"async\" srcset=\"https:\/\/eibarsax.com\/wp-content\/uploads\/2025\/01\/Sara-288x412-1.jpg ,https:\/\/eibarsax.com\/wp-content\/uploads\/2025\/01\/Sara-288x412-1.jpg 780w, https:\/\/eibarsax.com\/wp-content\/uploads\/2025\/01\/Sara-288x412-1.jpg 360w\" sizes=\"auto, (max-width: 480px) 150px\" src=\"https:\/\/eibarsax.com\/wp-content\/uploads\/2025\/01\/Sara-288x412-1.jpg\" alt=\"Sara Zuazo\" class=\"uag-image-2745\" width=\"698\" height=\"1024\" title=\"Sara Zuazo\" loading=\"lazy\" role=\"img\"\/><\/figure><\/div>\n<\/div>\n\n\n\n<div class=\"wp-block-uagb-column uagb-column__wrap uagb-column__background-undefined uagb-block-6e5c8b58\"><div class=\"uagb-column__overlay\"><\/div>\n<p class=\"wp-block-paragraph\"><strong>Sara Zazo Romero<\/strong> (Madrid, 1989) develops her pedagogical and artistic career between Switzerland, France, and Spain, with an international trajectory focused on contemporary music and interdisciplinary projects.<\/p>\n\n\n\n<p class=\"wp-block-paragraph\">She studied at <em>CSM Badajoz<\/em>, <em>Conservatoire Jacques Thibaud de Bordeaux<\/em> and <em>Haute \u00c9cole de Musique de Lausanne<\/em>receiving distinctions such as the <em>Fritz Gerber Award 2018<\/em> and the <em>2nd Prize Kiefer Hablitzel Stiftung 2016<\/em>, as well as support from <em>Fondation Lyra, Fondation Max Jost<\/em> and <em>Fondation Ir\u00e8ne D\u00e9n\u00e9r\u00e9az<\/em>.<\/p>\n\n\n\n<p class=\"wp-block-paragraph\">She is the co-founder of the duo <strong>Altera Inde<\/strong>, with which she has premiered more than 20 works and recorded the album <em>Hiraeth<\/em>. She is also a member of the Swiss company <strong>2b Company<\/strong>, with which she premiered <em>Giselle\u2026<\/em> (2020) and <em>Carmen<\/em> (2023) by Fran\u00e7ois Gremaud, performing across Switzerland, France, and Belgium.<\/p>\n\n\n\n<p class=\"wp-block-paragraph\">Committed to contemporary music, she has collaborated with composers such as <em>Simon Steen Andersen, Stefano Gervasoni, Georges Aperghis, Heinz Holliger, Olga Neuwirth, Stilianos Dimou<\/em> and <em>Peter E\u00f6tv\u00f6s<\/em>She has worked with the <em>Lucerne Festival, IBSUD Quartet, Ensemble Container<\/em> and has orchestral experience with the <em>Orchestre de la Suisse Romande, Orchestre de Chambre de Gen\u00e8ve, Orquesta de Palau des Arts, Orquesta de Extremadura<\/em> and <em>Verbier Festival<\/em>As a pedagogue, she has given masterclasses at institutions such as <em>Andorra Sax Fest, University of Minnesota, Melbourne Faculty of Music<\/em> and <em>PESMD Bordeaux<\/em>Since 2016, she has been a professor at the <strong>Conservatoire de la Broye (Suiza)<\/strong> , and since 2023, she has been teaching in the <strong>Conservatoire de Bordeaux \u00abJacques Thibaud\u00bb en el programa CPES<\/strong> , while also collaborating with <em>PESMD Bordeaux<\/em> alongside <em>Marie Bernadette Charrier<\/em>.<\/p>\n<\/div>\n<\/div><\/section>\n\n\n\n<section class=\"wp-block-uagb-columns uagb-columns__wrap uagb-columns__background-none uagb-columns__stack-mobile uagb-columns__valign- uagb-columns__gap-10 align uagb-block-9edfa2cd uagb-columns__columns-2 uagb-columns__max_width-theme\"><div class=\"uagb-columns__overlay\"><\/div><div class=\"uagb-columns__inner-wrap uagb-columns__columns-2\">\n<div class=\"wp-block-uagb-column uagb-column__wrap uagb-column__background-undefined uagb-block-9e26814b\"><div class=\"uagb-column__overlay\"><\/div>\n<figure class=\"wp-block-embed is-type-video is-provider-youtube wp-block-embed-youtube wp-embed-aspect-16-9 wp-has-aspect-ratio\"><div class=\"wp-block-embed__wrapper\">\n<div class=\"ast-oembed-container\" style=\"height: 100%;\"><iframe loading=\"lazy\" title=\"Sara Zazo plays Zijl (2020) for alto saxophone by Urska Pompe\" width=\"500\" height=\"281\" src=\"https:\/\/www.youtube.com\/embed\/a81RCPYc91E?feature=oembed\" frameborder=\"0\" allow=\"accelerometer; autoplay; clipboard-write; encrypted-media; gyroscope; picture-in-picture; web-share\" referrerpolicy=\"strict-origin-when-cross-origin\" allowfullscreen><\/iframe><\/div>\n<\/div><\/figure>\n<\/div>\n\n\n\n<div class=\"wp-block-uagb-column uagb-column__wrap uagb-column__background-undefined uagb-block-107356ad\"><div class=\"uagb-column__overlay\"><\/div>\n<figure class=\"wp-block-embed is-type-video is-provider-youtube wp-block-embed-youtube wp-embed-aspect-16-9 wp-has-aspect-ratio\"><div class=\"wp-block-embed__wrapper\">\n<div class=\"ast-oembed-container\" style=\"height: 100%;\"><iframe loading=\"lazy\" title=\"Roland Willmann: Unter Dornenbogen - Sara Zazo\" width=\"500\" height=\"281\" src=\"https:\/\/www.youtube.com\/embed\/i9YMMe01kRI?feature=oembed\" frameborder=\"0\" allow=\"accelerometer; autoplay; clipboard-write; encrypted-media; gyroscope; picture-in-picture; web-share\" referrerpolicy=\"strict-origin-when-cross-origin\" allowfullscreen><\/iframe><\/div>\n<\/div><\/figure>\n<\/div>\n<\/div><\/section>\n\n\n\n<section class=\"wp-block-uagb-columns uagb-columns__wrap uagb-columns__background-none uagb-columns__stack-mobile uagb-columns__valign- uagb-columns__gap-10 align uagb-block-1cc0135e uagb-columns__columns-2 uagb-columns__max_width-theme\"><div class=\"uagb-columns__overlay\"><\/div><div class=\"uagb-columns__inner-wrap uagb-columns__columns-2\">\n<div class=\"wp-block-uagb-column uagb-column__wrap uagb-column__background-undefined uagb-block-1ff1b637\"><div class=\"uagb-column__overlay\"><\/div>\n<h3 class=\"wp-block-heading\" id=\"Xavier\">Xavier Larsson<\/h3>\n\n\n\n<p class=\"wp-block-paragraph\"><strong>Teacher<\/strong><\/p>\n\n\n\n<div class=\"wp-block-uagb-image uagb-block-74b859e4 wp-block-uagb-image--layout-default wp-block-uagb-image--effect-static wp-block-uagb-image--align-none\"><figure class=\"wp-block-uagb-image__figure\"><img decoding=\"async\" srcset=\"https:\/\/eibarsax.com\/wp-content\/uploads\/2025\/01\/Xavi-288x412-1.jpg ,https:\/\/eibarsax.com\/wp-content\/uploads\/2025\/01\/Xavi-288x412-1.jpg 780w, https:\/\/eibarsax.com\/wp-content\/uploads\/2025\/01\/Xavi-288x412-1.jpg 360w\" sizes=\"auto, (max-width: 480px) 150px\" src=\"https:\/\/eibarsax.com\/wp-content\/uploads\/2025\/01\/Xavi-288x412-1.jpg\" alt=\"Xavier Larsson\" class=\"uag-image-2742\" width=\"698\" height=\"1024\" title=\"Xavier Larsson\" loading=\"lazy\" role=\"img\"\/><\/figure><\/div>\n<\/div>\n\n\n\n<div class=\"wp-block-uagb-column uagb-column__wrap uagb-column__background-undefined uagb-block-d4db6de6\"><div class=\"uagb-column__overlay\"><\/div>\n<p class=\"wp-block-paragraph\"><strong>Xavier Larsson<\/strong> (Ciutadella de Menorca, 1991) is a saxophone professor at the <strong><em>Hochschule f\u00fcr Musik Hanns Eisler Berlin<\/em><\/strong> and leads the saxophone ensemble at the <strong><em>Hochschule f\u00fcr Musik und Tanz K\u00f6ln<\/em><\/strong><strong>.<\/strong><\/p>\n\n\n\n<p class=\"wp-block-paragraph\">He began his musical training in his hometown, studying both violin and saxophone. He later graduated from the <em>Hochschule f\u00fcr Musik und Tanz K\u00f6ln<\/em>, where he obtained a <em>Konzertexamen<\/em> under the guidance of <strong>Daniel Gauthier<\/strong> and a master's degree in contemporary music with<strong> David Smeyers.<\/strong><\/p>\n\n\n\n<p class=\"wp-block-paragraph\">As a soloist, he has performed in venues such as the <em>K\u00f6ln Philharmonie, Elbphilharmonie de Hamburgo, Alte Oper Frankfurt, Musikverein de Viena, Palau de la M\u00fasica Catalana<\/em> and <em>Auditorio Nacional de Madrid<\/em>, working with conductors including <em>Ingo Metzmacher, Francesc Prat, Stefan Blunier, Paul Mann, Mario Kiosk<\/em> and <em>Vanich Potavanich<\/em>.<\/p>\n\n\n\n<p class=\"wp-block-paragraph\"><strong>He has been awarded in over 20 international competitions,<\/strong> including the <em>Classic Winds International Festival, SaxoVoce, Michal Spisak Competition, Intermusica<\/em> and the <em>Felix Mendelssohn-Bartholdy Hochschulwettbewerb<\/em>. He has also received scholarships from the <em>Hezekiah Wardwell Scholarship, M\u00e4rkische Kulturstiftung<\/em> and <em>Alfred Toepfer Stiftung<\/em>.<\/p>\n\n\n\n<p class=\"wp-block-paragraph\">In chamber music, he is a member of<strong> <\/strong><strong><em>Fukio Quartet<\/em><\/strong> and <strong><em>Trio SpiegelBild<\/em><\/strong>and has collaborated as a violinist with the <em>OCIM Chamber Orchestra<\/em>. His recordings with <em>Columna M\u00fasica<\/em> and <em>Ars Produktion<\/em> feature works by <em>Georg Friedrich Haas, Caroline Shaw, Fabien L\u00e9vy, Robin Hofmann, Bruno Mantovani<\/em> and <em>Edison Denisov<\/em>, with <em>Transcend<\/em> , his album with <em>Fukio Quartet<\/em>, earning a nomination at the <em>Opus Klassik Awards 2023<\/em>.<\/p>\n\n\n\n<p class=\"wp-block-paragraph\">Additionally, he frequently collaborates with composers to expand the saxophone repertoire, taking part in premieres and new creations.<\/p>\n<\/div>\n<\/div><\/section>\n\n\n\n<section class=\"wp-block-uagb-columns uagb-columns__wrap uagb-columns__background-none uagb-columns__stack-mobile uagb-columns__valign- uagb-columns__gap-10 align uagb-block-95229df1 uagb-columns__columns-2 uagb-columns__max_width-theme\"><div class=\"uagb-columns__overlay\"><\/div><div class=\"uagb-columns__inner-wrap uagb-columns__columns-2\">\n<div class=\"wp-block-uagb-column uagb-column__wrap uagb-column__background-undefined uagb-block-dc264207\"><div class=\"uagb-column__overlay\"><\/div>\n<figure class=\"wp-block-embed is-type-video is-provider-youtube wp-block-embed-youtube wp-embed-aspect-16-9 wp-has-aspect-ratio\"><div class=\"wp-block-embed__wrapper\">\n<div class=\"ast-oembed-container\" style=\"height: 100%;\"><iframe loading=\"lazy\" title=\"Concert per Saxo &amp; Cordes, Alexandre Glazunov (Xavier Larsson Soloist) with ONCA\" width=\"500\" height=\"281\" src=\"https:\/\/www.youtube.com\/embed\/-Og1FM_ff3M?feature=oembed\" frameborder=\"0\" allow=\"accelerometer; autoplay; clipboard-write; encrypted-media; gyroscope; picture-in-picture; web-share\" referrerpolicy=\"strict-origin-when-cross-origin\" allowfullscreen><\/iframe><\/div>\n<\/div><\/figure>\n<\/div>\n\n\n\n<div class=\"wp-block-uagb-column uagb-column__wrap uagb-column__background-undefined uagb-block-a2810229\"><div class=\"uagb-column__overlay\"><\/div>\n<figure class=\"wp-block-embed is-type-rich is-provider-spotify wp-block-embed-spotify wp-embed-aspect-21-9 wp-has-aspect-ratio\"><div class=\"wp-block-embed__wrapper\">\n<div class=\"ast-oembed-container\" style=\"height: 100%;\"><iframe title=\"Spotify Embed: Entr&amp;apos;acte for String Quartet (Arr. Fukio Ensemble for Saxophone Quartet)\" style=\"border-radius: 12px\" width=\"100%\" height=\"152\" frameborder=\"0\" allowfullscreen allow=\"autoplay; clipboard-write; encrypted-media; fullscreen; picture-in-picture\" loading=\"lazy\" src=\"https:\/\/open.spotify.com\/embed\/track\/3MFPfNE2YWpVllO2jbOOMk?si=e88eb16c6ef44467&amp;utm_source=oembed\"><\/iframe><\/div>\n<\/div><\/figure>\n<\/div>\n<\/div><\/section>\n\n\n\n<section class=\"wp-block-uagb-columns uagb-columns__wrap uagb-columns__background-none uagb-columns__stack-mobile uagb-columns__valign- uagb-columns__gap-10 align uagb-block-978b12b4 uagb-columns__columns-2 uagb-columns__max_width-theme\" id=\"Catarina\"><div class=\"uagb-columns__overlay\"><\/div><div class=\"uagb-columns__inner-wrap uagb-columns__columns-2\">\n<div class=\"wp-block-uagb-column uagb-column__wrap uagb-column__background-undefined uagb-block-9b8b9f30\"><div class=\"uagb-column__overlay\"><\/div>\n<h3 class=\"wp-block-heading\" id=\"Xavier\">Catarina Paiva<\/h3>\n\n\n\n<p class=\"wp-block-paragraph\"><strong>Teacher<\/strong><\/p>\n\n\n\n<div class=\"wp-block-uagb-image uagb-block-82c4c845 wp-block-uagb-image--layout-default wp-block-uagb-image--effect-static wp-block-uagb-image--align-none\"><figure class=\"wp-block-uagb-image__figure\"><img decoding=\"async\" srcset=\"https:\/\/eibarsax.com\/wp-content\/uploads\/2026\/01\/WhatsApp-Image-2026-01-27-at-14.40.14-680x1024.jpeg ,https:\/\/eibarsax.com\/wp-content\/uploads\/2026\/01\/WhatsApp-Image-2026-01-27-at-14.40.14.jpeg 780w, https:\/\/eibarsax.com\/wp-content\/uploads\/2026\/01\/WhatsApp-Image-2026-01-27-at-14.40.14.jpeg 360w\" sizes=\"auto, (max-width: 480px) 150px\" src=\"https:\/\/eibarsax.com\/wp-content\/uploads\/2026\/01\/WhatsApp-Image-2026-01-27-at-14.40.14-680x1024.jpeg\" alt=\"Catarina Paiva, artista de danza y performance\" class=\"uag-image-3065\" width=\"698\" height=\"1024\" title=\"WhatsApp Image 2026-01-27 at 14.40.14\" loading=\"lazy\" role=\"img\"\/><\/figure><\/div>\n<\/div>\n\n\n\n<div class=\"wp-block-uagb-column uagb-column__wrap uagb-column__background-undefined uagb-block-5e2dad9f\"><div class=\"uagb-column__overlay\"><\/div>\n<p class=\"wp-block-paragraph\"><strong>Catarina (Portugal, 1997)<\/strong> is <strong>freelance dancer and maker<\/strong> based in Amsterdam. She graduated from the Modern Theatre Dance department at the <strong>Amsterdam University of the Arts (AHK)<\/strong>.<\/p>\n\n\n\n<p class=\"wp-block-paragraph\">In her work, she creates <strong>sensorial, physical worlds<\/strong> that move between dance, theatre, and live performance. Using objects, space, and direct interaction, she breaks the traditional distance between performer and audience, crafting <strong>immersive experiences<\/strong> that invite personal connection and reflection.<\/p>\n\n\n\n<p class=\"wp-block-paragraph\">Catarina often collaborates with musicians to explore how movement can <strong>reshape their relationship to their instrument<\/strong>, transforming how they play, interact, and perform. In her ongoing collaboration with saxophonist <strong>Xabier Oruesagasti<\/strong>, she investigates how bodily awareness and unconventional actions can open up new spaces for both musical and physical expression.<\/p>\n\n\n\n<p class=\"wp-block-paragraph\">In 2021, she co-created <em>Giulia or Not<\/em> Giulia or Not with Carolina Papetti during a residency at DOOR, and collaborated with Tamir Eting on <em>The Tiniest Act III<\/em> through residencies with ICK Amsterdam and SHIFFT Utrecht. That same year, she performed in <em>Wild<\/em>, a project by Danstheater AYA in collaboration with Maat Saxophone Quartet.<\/p>\n\n\n\n<p class=\"wp-block-paragraph\">From 2022 onward, she performed with the Amsterdam-based company DadoDans in productions including <em>STeK<\/em>, <em>NachT<\/em> and <em>KoKers<\/em>.<\/p>\n\n\n\n<p class=\"wp-block-paragraph\">In 2023, she presented two original works in Amsterdam: <em>A Bubbles\u2019 Dress<\/em>, an interdisciplinary performance combining dance, saxophone, and live electronics to explore perception and the nature of thought; and <em>There is this girl<\/em>, a raw and playful duet shaped by sisterhood and a rejection of societal norms.<\/p>\n\n\n\n<p class=\"wp-block-paragraph\">Since 2024, Catarina has taken part in <em>Leven in je Buurt<\/em>, a community-based project with Muziektheater PRA, continuing her commitment to collaborative and socially engaged performance work.<\/p>\n\n\n\n<p class=\"wp-block-paragraph\">Her most recent piece, <em>A fragment of Earth still open to listen<\/em>, co-created with Xabier Oruesagasti, premiered in 2025 at the <strong>Eibarsax Festival<\/strong> in Spain. The duet merges dance and live music as <strong>equal partners<\/strong>, blurring the lines between sound and movement. Through <strong>structured improvisation<\/strong> and shared physicality, the performers explored connection and listening. The work unfolds as a poetic landscape where both bodies and sounds resonate with the fragility and strength of human presence.<\/p>\n\n\n\n<p class=\"wp-block-paragraph\"><\/p>\n\n\n\n<p class=\"wp-block-paragraph\"><\/p>\n<\/div>\n<\/div><\/section>\n\n\n\n<section class=\"wp-block-uagb-columns uagb-columns__wrap uagb-columns__background-none uagb-columns__stack-mobile uagb-columns__valign- uagb-columns__gap-10 align uagb-block-8e2ea601 uagb-columns__columns-2 uagb-columns__max_width-theme\"><div class=\"uagb-columns__overlay\"><\/div><div class=\"uagb-columns__inner-wrap uagb-columns__columns-2\">\n<div class=\"wp-block-uagb-column uagb-column__wrap uagb-column__background-undefined uagb-block-3ea8e249\"><div class=\"uagb-column__overlay\"><\/div>\n<figure class=\"wp-block-embed is-type-video is-provider-youtube wp-block-embed-youtube wp-embed-aspect-16-9 wp-has-aspect-ratio\"><div class=\"wp-block-embed__wrapper\">\n<div class=\"ast-oembed-container\" style=\"height: 100%;\"><iframe loading=\"lazy\" title=\"Catarina Paiva - performances &amp; improvisation\" width=\"500\" height=\"281\" src=\"https:\/\/www.youtube.com\/embed\/9JzYCFUR2mk?feature=oembed\" frameborder=\"0\" allow=\"accelerometer; autoplay; clipboard-write; encrypted-media; gyroscope; picture-in-picture; web-share\" referrerpolicy=\"strict-origin-when-cross-origin\" allowfullscreen><\/iframe><\/div>\n<\/div><\/figure>\n<\/div>\n\n\n\n<div class=\"wp-block-uagb-column uagb-column__wrap uagb-column__background-undefined uagb-block-ee74e0bb\"><div class=\"uagb-column__overlay\"><\/div>\n<figure class=\"wp-block-embed is-type-video is-provider-youtube wp-block-embed-youtube wp-embed-aspect-16-9 wp-has-aspect-ratio\"><div class=\"wp-block-embed__wrapper\">\n<div class=\"ast-oembed-container\" style=\"height: 100%;\"><iframe loading=\"lazy\" title=\"A Bubbles\u2019 Dress \u2013 Performance Trailer\" width=\"500\" height=\"281\" src=\"https:\/\/www.youtube.com\/embed\/tP69BUtP3pU?feature=oembed\" frameborder=\"0\" allow=\"accelerometer; autoplay; clipboard-write; encrypted-media; gyroscope; picture-in-picture; web-share\" referrerpolicy=\"strict-origin-when-cross-origin\" allowfullscreen><\/iframe><\/div>\n<\/div><\/figure>\n<\/div>\n<\/div><\/section>\n\n\n\n<section class=\"wp-block-uagb-columns uagb-columns__wrap uagb-columns__background-none uagb-columns__stack-mobile uagb-columns__valign- uagb-columns__gap-10 align uagb-block-a6c6e25f uagb-columns__columns-2 uagb-columns__max_width-theme\"><div class=\"uagb-columns__overlay\"><\/div><div class=\"uagb-columns__inner-wrap uagb-columns__columns-2\">\n<div class=\"wp-block-uagb-column uagb-column__wrap uagb-column__background-undefined uagb-block-f3d90f16\"><div class=\"uagb-column__overlay\"><\/div>\n<h3 class=\"wp-block-heading\" id=\"Tobia\">Tobias Borsboom<\/h3>\n\n\n\n<p class=\"wp-block-paragraph\"><strong>Accompanist<\/strong><\/p>\n\n\n\n<div class=\"wp-block-uagb-image uagb-block-b9ff511f wp-block-uagb-image--layout-default wp-block-uagb-image--effect-static wp-block-uagb-image--align-none\"><figure class=\"wp-block-uagb-image__figure\"><img decoding=\"async\" srcset=\"https:\/\/eibarsax.com\/wp-content\/uploads\/2025\/01\/Tobias-288x412-1.jpg ,https:\/\/eibarsax.com\/wp-content\/uploads\/2025\/01\/Tobias-288x412-1.jpg 780w, https:\/\/eibarsax.com\/wp-content\/uploads\/2025\/01\/Tobias-288x412-1.jpg 360w\" sizes=\"auto, (max-width: 480px) 150px\" src=\"https:\/\/eibarsax.com\/wp-content\/uploads\/2025\/01\/Tobias-288x412-1.jpg\" alt=\"Tobias Borsboom\" class=\"uag-image-2746\" width=\"698\" height=\"1024\" title=\"Tobias Borsboom\" loading=\"lazy\" role=\"img\"\/><\/figure><\/div>\n<\/div>\n\n\n\n<div class=\"wp-block-uagb-column uagb-column__wrap uagb-column__background-undefined uagb-block-911158aa\"><div class=\"uagb-column__overlay\"><\/div>\n<p class=\"wp-block-paragraph\">The Dutch pianist <strong>Tobias Borsboom<\/strong> is known for a \u2018golden touch\u2019<em>(Trouw)<\/em>and his \u2018personal and immensely colourful playing\u2019<em>(Dagblad van het Noorden\/ Leeuwarder Courant)<\/em>. Het Parool wrote on the occasion of his latest CD that <em>,<\/em> \u2018Young daredevil Tobias Borsboom deserves sold out halls with his beautiful Pan\u2019. <em>'Pan'<\/em>.<\/p>\n\n\n\n<p class=\"wp-block-paragraph\">Borsboom has established himself as a versatile and creative musician with great finesse and a broad repertoire. In recent seasons, Tobias has performed in all major concert halls in the Netherlands as winner of the <strong>Dutch Classical Talent Award<\/strong> and the <strong>Audience Award<\/strong>. With his solo programme <em>Wanderer<\/em> and as a soloist in <em>Gershwin's Piano Concerto in F<\/em> with the <strong>Netherlands Student Orchestra<\/strong>, he has toured in the Netherlands and abroad. He also performs as a soloist with the <strong>North Netherlands Symphony Orchestra<\/strong> and in 2026 with the <strong>Residentie Orkest<\/strong>In his solo recitals, he presents high-profile programmes in which he combines the great masters with contemporary music. Together with piano duo partner <strong>Yukiko Hasegawa<\/strong>, Tobias Borsboom regularly performs in Japan, where they were elected as <em>Shizuoka no Meishutachi<\/em> (Masters of Shizuoka) in 2018. His debut album <em>Wanderer<\/em> and his recording with <em>'Pan'<\/em> by <strong>V\u00edt\u011bzslav Nov\u00e1k<\/strong> have been received with much praise in the press and media.<\/p>\n\n\n\n<p class=\"wp-block-paragraph\">Borsboom excels not only as a soloist, but also as an inspired chamber musician. The Festival Klassiek achter de Duinen, which he organises together with violinist and duo partner <strong>Pieter van Loenen<\/strong> , <strong>has since 2021<\/strong>quickly grown into an important event, praised for its top artists, attractive programming and good atmosphere.<\/p>\n\n\n\n<p class=\"wp-block-paragraph\">Borsboom's artistic interests are broad, as evidenced by numerous collaborations with other art forms. With author <strong>Jan Brokken<\/strong>he regularly gives literary concerts. As an acting musician, Tobias Borsboom plays in his own productions <em>The Schubertians &amp; the Housewarming 1826<\/em> and <em>Schubert\/Schober<\/em>. And <em>Mr. Tobias and the Black Monster<\/em>, <strong>his collaborative music-theatre production with Oorkaan,<\/strong>delighted audiences of hundreds of children and their parents.\nHe completed his master's degree with <strong>Jan Wijn<\/strong> at the <strong>Conservatorio de \u00c1msterdam<\/strong> in 2013. Before that, he was trained by <strong>Paolo Giacometti<\/strong> at the <strong>Conservatorio de Utrecht<\/strong> (Utrecht Conservatory, Young Talent). In addition to his active concert life, Tobias Borsboom works at the <strong>Conservatorio de \u00c1msterdam<\/strong>, where he is the accompanist of the class of <strong>Arno Bornkamp<\/strong> and <strong>Willem van Merwijk<\/strong><\/p>\n<\/div>\n<\/div><\/section>\n\n\n\n<section class=\"wp-block-uagb-columns uagb-columns__wrap uagb-columns__background-none uagb-columns__stack-mobile uagb-columns__valign- uagb-columns__gap-10 align uagb-block-3855b44d uagb-columns__columns-2 uagb-columns__max_width-theme\"><div class=\"uagb-columns__overlay\"><\/div><div class=\"uagb-columns__inner-wrap uagb-columns__columns-2\">\n<div class=\"wp-block-uagb-column uagb-column__wrap uagb-column__background-undefined uagb-block-a5d56360\"><div class=\"uagb-column__overlay\"><\/div>\n<figure class=\"wp-block-embed is-type-video is-provider-youtube wp-block-embed-youtube wp-embed-aspect-16-9 wp-has-aspect-ratio\"><div class=\"wp-block-embed__wrapper\">\n<div class=\"ast-oembed-container\" style=\"height: 100%;\"><iframe loading=\"lazy\" title=\"Godowsky - Java Suite by Tobias Borsboom\" width=\"500\" height=\"281\" src=\"https:\/\/www.youtube.com\/embed\/mfje7ZcRef8?feature=oembed\" frameborder=\"0\" allow=\"accelerometer; autoplay; clipboard-write; encrypted-media; gyroscope; picture-in-picture; web-share\" referrerpolicy=\"strict-origin-when-cross-origin\" allowfullscreen><\/iframe><\/div>\n<\/div><\/figure>\n<\/div>\n\n\n\n<div class=\"wp-block-uagb-column uagb-column__wrap uagb-column__background-undefined uagb-block-caab4e4b\"><div class=\"uagb-column__overlay\"><\/div>\n<figure class=\"wp-block-embed is-type-video is-provider-youtube wp-block-embed-youtube wp-embed-aspect-16-9 wp-has-aspect-ratio\"><div class=\"wp-block-embed__wrapper\">\n<div class=\"ast-oembed-container\" style=\"height: 100%;\"><iframe loading=\"lazy\" title=\"Tobias Borsboom in TivoliVredenburg, Utrecht | Booster Klassiek\" width=\"500\" height=\"281\" src=\"https:\/\/www.youtube.com\/embed\/dg1MbGZKiOU?feature=oembed\" frameborder=\"0\" allow=\"accelerometer; autoplay; clipboard-write; encrypted-media; gyroscope; picture-in-picture; web-share\" referrerpolicy=\"strict-origin-when-cross-origin\" allowfullscreen><\/iframe><\/div>\n<\/div><\/figure>\n<\/div>\n<\/div><\/section>\n<\/div><\/div>\n\n\n\n<div class=\"wp-block-uagb-container uagb-block-d7d1f1a1 alignfull uagb-is-root-container\"><div class=\"uagb-container-inner-blocks-wrap\">\n<div class=\"wp-block-uagb-info-box uagb-block-824f5012 uagb-infobox__content-wrap  uagb-infobox-icon-above-title uagb-infobox-image-valign-top\"><div class=\"uagb-ifb-content\"><div class=\"uagb-ifb-title-wrap\"><h3 class=\"uagb-ifb-title\">Discover our programme<\/h3><\/div><div class=\"uagb-ifb-button-wrapper wp-block-button\"><a href=\"https:\/\/eibarsax.com\/en\/inscripciones\/\" class=\"uagb-infobox-cta-link wp-block-button__link\" target=\"_self\" rel=\"noopener noreferrer\" onclick=\"return true;\"><svg xmlns=\"https:\/\/www.w3.org\/2000\/svg\" viewbox=\"0 0 512 512\"><path d=\"M504.3 273.6l-112.1 104c-6.992 6.484-17.18 8.218-25.94 4.406c-8.758-3.812-14.42-12.45-14.42-21.1L351.9 288H32C14.33 288 .0002 273.7 .0002 255.1S14.33 224 32 224h319.9l0-72c0-9.547 5.66-18.19 14.42-22c8.754-3.809 18.95-2.075 25.94 4.41l112.1 104C514.6 247.9 514.6 264.1 504.3 273.6z\"><\/path><\/svg><span class=\"uagb-inline-editing\">EXPLORE THE ARCHIVE<\/span><\/a><\/div><\/div><\/div>\n<\/div><\/div>","protected":false},"excerpt":{"rendered":"<p>Juana Palop Cofundadora y Profesora Obtuvo el M\u00e1ster \u201cCum Laude\u201d en la especialidad de saxof\u00f3n por el Conservatorium van Amsterdam en la clase de Arno Bornkamp (2009). Entre 2010 y 2018 fue miembro de la Banda Municipal de Barcelona. Su trayectoria art\u00edstica combina la actividad orquestal, la m\u00fasica de c\u00e1mara y la pedagog\u00eda. Colabora con [&hellip;]<\/p>\n","protected":false},"author":1,"featured_media":0,"parent":0,"menu_order":0,"comment_status":"closed","ping_status":"closed","template":"","meta":{"_uag_custom_page_level_css":"","site-sidebar-layout":"no-sidebar","site-content-layout":"page-builder","ast-site-content-layout":"full-width-container","site-content-style":"unboxed","site-sidebar-style":"unboxed","ast-global-header-display":"","ast-banner-title-visibility":"","ast-main-header-display":"","ast-hfb-above-header-display":"","ast-hfb-below-header-display":"","ast-hfb-mobile-header-display":"","site-post-title":"disabled","ast-breadcrumbs-content":"","ast-featured-img":"disabled","footer-sml-layout":"","theme-transparent-header-meta":"enabled","adv-header-id-meta":"","stick-header-meta":"","header-above-stick-meta":"","header-main-stick-meta":"","header-below-stick-meta":"","astra-migrate-meta-layouts":"set","ast-page-background-enabled":"default","ast-page-background-meta":{"desktop":{"background-color":"var(--ast-global-color-4)","background-image":"","background-repeat":"repeat","background-position":"center center","background-size":"auto","background-attachment":"scroll","background-type":"","background-media":"","overlay-type":"","overlay-color":"","overlay-opacity":"","overlay-gradient":""},"tablet":{"background-color":"","background-image":"","background-repeat":"repeat","background-position":"center center","background-size":"auto","background-attachment":"scroll","background-type":"","background-media":"","overlay-type":"","overlay-color":"","overlay-opacity":"","overlay-gradient":""},"mobile":{"background-color":"","background-image":"","background-repeat":"repeat","background-position":"center center","background-size":"auto","background-attachment":"scroll","background-type":"","background-media":"","overlay-type":"","overlay-color":"","overlay-opacity":"","overlay-gradient":""}},"ast-content-background-meta":{"desktop":{"background-color":"var(--ast-global-color-5)","background-image":"","background-repeat":"repeat","background-position":"center center","background-size":"auto","background-attachment":"scroll","background-type":"","background-media":"","overlay-type":"","overlay-color":"","overlay-opacity":"","overlay-gradient":""},"tablet":{"background-color":"var(--ast-global-color-5)","background-image":"","background-repeat":"repeat","background-position":"center center","background-size":"auto","background-attachment":"scroll","background-type":"","background-media":"","overlay-type":"","overlay-color":"","overlay-opacity":"","overlay-gradient":""},"mobile":{"background-color":"var(--ast-global-color-5)","background-image":"","background-repeat":"repeat","background-position":"center center","background-size":"auto","background-attachment":"scroll","background-type":"","background-media":"","overlay-type":"","overlay-color":"","overlay-opacity":"","overlay-gradient":""}},"footnotes":""},"class_list":["post-1393","page","type-page","status-publish","hentry"],"rankMath":{"parentDomain":"eibarsax.com","noFollowDomains":[],"noFollowExcludeDomains":[],"noFollowExternalLinks":false,"featuredImageNotice":"The featured image should be at least 200 by 200 pixels to be picked up by Facebook and other social media sites.","pluginReviewed":false,"postSettings":{"linkSuggestions":true,"useFocusKeyword":false},"frontEndScore":false,"postName":"sobre-nosotros","permalinkFormat":"https:\/\/eibarsax.com\/en\/%pagename%\/","showLockModifiedDate":true,"assessor":{"focusKeywordLink":"https:\/\/eibarsax.com\/wp-admin\/edit.php?focus_keyword=%focus_keyword%&post_type=%post_type%","hasTOCPlugin":false,"primaryTaxonomy":false,"serpData":{"title":"About Eibarsax - Philosophy, Team and Artists","description":"Learn about Eibarsax, its artistic vision, team and the people behind the international saxophone masterclass and festival in Eibar.","focusKeywords":"","pillarContent":false,"canonicalUrl":"","breadcrumbTitle":"","advancedRobots":{"max-snippet":"-1","max-video-preview":"-1","max-image-preview":"large"},"facebookTitle":"Sobre Eibarsax - Filosof\u00eda, equipo y artistas","facebookDescription":"Conoce la filosof\u00eda de Eibarsax, su equipo art\u00edstico y las personas que hacen posible el festival y masterclass internacional de saxof\u00f3n en Eibar.","facebookImage":"","facebookImageID":"","facebookHasOverlay":false,"facebookImageOverlay":"","facebookAuthor":"","twitterCardType":"","twitterUseFacebook":true,"twitterTitle":"Sobre Eibarsax - Filosof\u00eda, equipo y artistas","twitterDescription":"Conoce la filosof\u00eda de Eibarsax, su equipo art\u00edstico y las personas que hacen posible el festival y masterclass internacional de saxof\u00f3n en Eibar.","twitterImage":"","twitterImageID":"","twitterHasOverlay":false,"twitterImageOverlay":"","twitterPlayerUrl":"","twitterPlayerSize":"","twitterPlayerStream":"","twitterPlayerStreamCtype":"","twitterAppDescription":"","twitterAppIphoneName":"","twitterAppIphoneID":"","twitterAppIphoneUrl":"","twitterAppIpadName":"","twitterAppIpadID":"","twitterAppIpadUrl":"","twitterAppGoogleplayName":"","twitterAppGoogleplayID":"","twitterAppGoogleplayUrl":"","twitterAppCountry":"","robots":{"index":true},"twitterAuthor":"username","primaryTerm":0,"authorName":"admin","titleTemplate":"%title% %sep% %sitename%","descriptionTemplate":"%excerpt%","showScoreFrontend":true,"lockModifiedDate":false},"powerWords":["a cut above","absolute","absolutely","absolutely lowest","absurd","abuse","accurate","accuse","achieve","actionable","adaptable","adequate","admit","adorable","advantage","advice","affordable","aggravate","aggressive","agitated","agonizing","agony","alarmed","alarming","alienated","aligned","alive","all-inclusive","alluring","always","amazing","amp","animated","annihilate","announcing","anonymous","antagonistic","anxious","apocalypse","appalled","approved","approving","argumentative","armageddon","arrogant","ass kicking","assault","assured","astonishing","astounded","astounding","at ease","atrocious","attack","attractive","audacity","authentic","authoritative","authority","avoid","aware","awe-inspiring","awesome","awkward","backbone","backdoor","backed","backlash","backstabbing","badass","balanced","banned","bargain","barrage","basic","battle","beaming","beat down","beating","beautiful","beauty","begging","behind the scenes","belief","belong","best","best-selling","better","beware","big","billion","black market","blacklisted","blast","blessed","blinded","blissful","blood","bloodbath","bloodcurdling","bloody","blunder","blushing","bold","bomb","bona","bona fide","bonanza","bonus","bootleg","bottom line","bountiful","brave","bravery","brazen","break","breaking","breakthrough","breathtaking","bright","brilliant","broke","brutal","budget","buffoon","bullshit","bully","bumbling","buy","cadaver","calm","cancel anytime","capable","captivate","captivating","carefree","case study","cash","cataclysmic","catapult","catastrophe","caution","censored","centered","certain","certainly","certified","challenge","charming","cheap","cheat","cheat-sheet","cheer","cheerful","child-like","clarity","classified","clear","clueless","collapse","colorful","colossal","comfortable","compare","competitive","complete","completely","completeness","comprehensive","compromise","compulsive","concealed","conclusive","condemning","condescending","confess","confession","confessions","confident","confidential","conquer","conscientious","constructive","content","contrary","controlling","controversial","convenient","convert","cool","cooperative","copy","corpse","corrupt","corrupting","courage","courageous","cover-up","covert","coward","cowardly","crammed","crave","crazy","create","creative","cringeworthy","cripple","crisis","critical","crooked","crush","crushing","damaging","danger","dangerous","daring","dazzling","dead","deadline","deadly","death","decadent","deceived","deceptive","deep","defiance","definitely","definitive","defying","dejected","delicious","delight","delighted","delightful","delirious","delivered","demoralizing","deplorable","depraved","desire","desperate","despicable","destiny","destroy","detailed","devastating","devoted","diagnosed","direct","dirty","disadvantages","disastrous","discount","discover","disdainful","disempowered","disgusted","disgusting","dishonest","disillusioned","disoriented","distracted","distraught","distressed","distrustful","divulge","document","dollar","dominate","doomed","double","doubtful","download","dreadful","dreamy","drive","drowning","dumb","dynamic","eager","earnest","easily","easy","economical","ecstatic","edge","effective","efficient","effortless","elated","eliminate","elite","embarrass","embarrassed","embarrassing","emergency","emerging","emphasize","empowered","enchant","encouraged","endorsed","energetic","energy","enormous","enraged","enthusiastic","envy","epic","epidemic","essential","ethical","euphoric","evil","exactly","exasperated","excellent","excited","excitement","exciting","exclusive","exclusivity","excruciating","exhilarated","expensive","expert","explode","exploit","explosive","exposed","exquisite","extra","extraordinary","extremely","exuberant","eye-opening","fail","fail-proof","failure","faith","famous","fantasy","fascinating","fatigued","faux","faux pas","fearless","feast","feeble","festive","fide","fierce","fight","final","fine","fired","first","first ever","flirt","fluid","focus","focused","fool","fooled","foolish","forbidden","force-fed","forever","forgiving","forgotten","formula","fortune","foul","frantic","free","freebie","freedom","frenzied","frenzy","frightening","frisky","frugal","frustrated","fulfill","fulfilled","full","fully","fun","fun-loving","fundamentals","funniest","funny","furious","gambling","gargantuan","genius","genuine","gift","gigantic","giveaway","glamorous","gleeful","glorious","glowing","goddamn","gorgeous","graceful","grateful","gratified","gravity","great","greatest","greatness","greed","greedy","gripping","grit","grounded","growth","guaranteed","guilt","guilt-free","gullible","guts","hack","happiness","happy","harmful","harsh","hate","have you heard","havoc","hazardous","healthy","heart","heartbreaking","heartwarming","heavenly","hell","helpful","helplessness","hero","hesitant","hidden","high tech","highest","highly effective","hilarious","hoak","hoax","honest","honored","hope","hopeful","horribly","horrific","horrifying","horror","hostile","how to","huge","humility","humor","hurricane","hurry","hypnotic","idiot","ignite","illegal","illusive","imagination","immediately","imminently","impatience","impatient","impenetrable","important","impressive","improved","in the zone","incapable","incapacitated","incompetent","inconsiderate","increase","incredible","indecisive","indulgence","indulgent","inexpensive","inferior","informative","infuriated","ingredients","innocent","innovative","insane","insecure","insider","insidious","inspired","inspiring","instant savings","instantly","instructive","insult","intel","intelligent","intense","interesting","intriguing","introducing","invasion","investment","iron-clad","ironclad","irresistible","irs","is here","jackpot","jail","jaw-dropping","jealous","jeopardy","jittery","jovial","joyous","jubilant","judgmental","jumpstart","just arrived","keen","kickass","kickstart","kill","killed","killing","kills","know it all","lame","largest","lascivious","last","last chance","last minute","latest","laugh","laughing","launch","launching","lavishly","lawsuit","lazy","left behind","legendary","legitimate","liberal","liberated","lick","lies","life-changing","lifetime","light","lighthearted","likely","limited","literally","little-known","loathsome","lonely","looming","loser","lost","love","lucrative","lunatic","lurking","lust","luxurious","luxury","lying","magic","magical","magnificent","mainstream","malicious","mammoth","manipulative","marked down","massive","master","masterclass","maul","mediocre","meditative","meltdown","memorability","memorable","menacing","mesmerizing","meticulous","mind-blowing","minimalist","miracle","mired","mischievous","misgiving","missing out","mistake","monetize","money","moneyback","moneygrubbing","monumental","most important","motivated","mouth-watering","murder","mystery","nail","naked","natural","naughty","nazi","nest egg","never","new","nightmare","no good","no obligation","no one talks about","no questions asked","no risk","no strings attached","non-controlling","noted","novelty","now","obnoxious","obsessed","obsession","obvious","odd","off-kilter","off-limits","off-the record","offensive","official","okay","on-demand","open-minded","opportunities","optimistic","ordeal","outlawed","outrageousness","outstanding","overcome","overjoyed","overnight","overwhelmed","packed","painful","painless","painstaking","pale","panic","panicked","paralyzed","pas","passionate","pathetic","pay zero","payback","perfect","peril","perplexed","perspective","pessimistic","pioneering","piranha","pitfall","pitiful","placid","plague","played","playful","pleased","pluck","plummet","plunge","poison","poisonous","polarizing","poor","popular","portfolio","pound","powerful","powerless","practical","preposterous","prestige","price","priceless","pride","prison","privacy","private","privileged","prize","problem","productive","professional","profit","profitable","profound","promiscuous","promising","promote","protect","protected","proven","provocative","provoke","psychological","pummel","punch","punish","pus","quadruple","quality","quarrelsome","quick","quick-start","quickly","quiet","radiant","rare","ravenous","rebellious","recession-proof","reckoning","recognized","recommend","recreate","reduced","reflective","refugee","refund","refundable","reject","relaxed","release","relentless","reliable","remarkable","replicate","report","reprimanding","repulsed","repulsive","research","resentful","resourceful","responsible","responsive","rested","restricted","results","retaliating","reveal","revealing","revenge","revengeful","revisited","revolting","revolutionary","reward","rich","ridiculous","risky","riveting","rookie","rowdy","ruin","rules","ruthless","sabotaging","sacred","sadistic","sadly","sadness","safe","safety","sale","sampler","sarcastic","satisfied","savage","savagery","save","savings","savvy","scam","scandal","scandalous","scarce","scared","scary","scornful","scream","searing","secret","secret agenda","secret plot","secrets","secure","security","seductive","seething","seize","selected","self-hating","self-sufficient","sensational","senseless","sensual","serene","seriously","severe","sex","sexy","shaking","shameful","shameless","shaming","shatter","shellacking","shocking","should","shrewd","sick and tired","signs","silly","simple","simplicity","simplified","simplistic","sincere","sinful","sins","six-figure","sizable","sizzle","sizzled","sizzles","sizzling","sizzlingly","skill","skyrocket","slaughter","slave","sleazy","sleeping","sly","smash","smiling","smug","smuggle","smuggled","sneak-peek","sneaky","sniveling","snob","snooty","snotty","soar","soaring","solid","solution","spank","special","spectacular","speedy","spell-binding","spine","spirit","spirited","spiteful","spoiler","spontaneous","spotlight","spunky","squirming","stable","staggering","startling","steady","steal","stealthy","steamy","step-by-step","still","stoic","stop","strange","strangle","strategy","stressed","strong","strongly suggest","struggle","stuck up","studies","stunning","stupid","stupid-simple","sturdy","sublime","succeed","success","successful","suck","suddenly","suffer","sunny","super","super-human","superb","supercharge","superior","supported","supportive","sure","sure fire","surefire","surge","surging","surprise","surprised","surprising","survival","survive","suspicious","sweaty","swoon","swoon-worthy","tailspin","tank","tantalizing","targeted","tawdry","tease","technology","teetering","tempting","tenacious","tense","terrible","terrific","terrified","terrifying","terror","terrorist","tested","thankful","the truth","threaten","threatened","thrilled","thrilling","thug","ticked off","tickled","timely","today","torture","toxic","track record","trade secret","tragedy","tragic","transform","transparency","trap","trapped","trauma","traumatized","treacherous","treasure","tremendous","trend","tricks","triggers","triple","triumph","truly","trusting","trustworthy","truth","truthful","turbo-charge","turbocharges","tweaks","twitching","ultimate","unadulterated","unassuming","unauthorized","unbelievable","unburdened","uncaring","uncensored","uncertain","uncomfortable","unconditional","uncontrollable","unconventional","uncovered","undeniable","under priced","undercover","underground","underhanded","underused","unexpected","unforgettable","unheard of","unhurried","uninterested","unique","unjustified","unknowingly","unleashed","unlimited","unlock","unparalleled","unpopular","unreliable","unresponsive","unseen","unstable","unstoppable","unsure","unsurpassed","untapped","unusual","up-sell","upbeat","uplifted","uplifting","urge","urgent","useful","useless","validate","valor","valuable","value","vanquish","vaporize","venomous","verify","vibrant","vicious","victim","victory","vigorous","vilified","vindictive","violated","violent","volatile","vulnerable","waiting","wanted","wanton","warning","waste","weak","wealth","weird","what no one tells you","whip","whopping","wicked","wild","willpower","withheld","wonderful","wondrous","woozy","world","worry","worst","worthwhile","wounded","wreaking","youthful","zen","zinger"],"diacritics":{"A":"[\\u0041\\u24B6\\uFF21\\u00C0\\u00C1\\u00C2\\u1EA6\\u1EA4\\u1EAA\\u1EA8\\u00C3\\u0100\\u0102\\u1EB0\\u1EAE\\u1EB4\\u1EB2\\u0226\\u01E0\\u00C4\\u01DE\\u1EA2\\u00C5\\u01FA\\u01CD\\u0200\\u0202\\u1EA0\\u1EAC\\u1EB6\\u1E00\\u0104\\u023A\\u2C6F]","AA":"[\\uA732]","AE":"[\\u00C6\\u01FC\\u01E2]","AO":"[\\uA734]","AU":"[\\uA736]","AV":"[\\uA738\\uA73A]","AY":"[\\uA73C]","B":"[\\u0042\\u24B7\\uFF22\\u1E02\\u1E04\\u1E06\\u0243\\u0182\\u0181]","C":"[\\u0043\\u24B8\\uFF23\\u0106\\u0108\\u010A\\u010C\\u00C7\\u1E08\\u0187\\u023B\\uA73E]","D":"[\\u0044\\u24B9\\uFF24\\u1E0A\\u010E\\u1E0C\\u1E10\\u1E12\\u1E0E\\u0110\\u018B\\u018A\\u0189\\uA779]","DZ":"[\\u01F1\\u01C4]","Dz":"[\\u01F2\\u01C5]","E":"[\\u0045\\u24BA\\uFF25\\u00C8\\u00C9\\u00CA\\u1EC0\\u1EBE\\u1EC4\\u1EC2\\u1EBC\\u0112\\u1E14\\u1E16\\u0114\\u0116\\u00CB\\u1EBA\\u011A\\u0204\\u0206\\u1EB8\\u1EC6\\u0228\\u1E1C\\u0118\\u1E18\\u1E1A\\u0190\\u018E]","F":"[\\u0046\\u24BB\\uFF26\\u1E1E\\u0191\\uA77B]","G":"[\\u0047\\u24BC\\uFF27\\u01F4\\u011C\\u1E20\\u011E\\u0120\\u01E6\\u0122\\u01E4\\u0193\\uA7A0\\uA77D\\uA77E]","H":"[\\u0048\\u24BD\\uFF28\\u0124\\u1E22\\u1E26\\u021E\\u1E24\\u1E28\\u1E2A\\u0126\\u2C67\\u2C75\\uA78D]","I":"[\\u0049\\u24BE\\uFF29\\u00CC\\u00CD\\u00CE\\u0128\\u012A\\u012C\\u0130\\u00CF\\u1E2E\\u1EC8\\u01CF\\u0208\\u020A\\u1ECA\\u012E\\u1E2C\\u0197]","J":"[\\u004A\\u24BF\\uFF2A\\u0134\\u0248]","K":"[\\u004B\\u24C0\\uFF2B\\u1E30\\u01E8\\u1E32\\u0136\\u1E34\\u0198\\u2C69\\uA740\\uA742\\uA744\\uA7A2]","L":"[\\u004C\\u24C1\\uFF2C\\u013F\\u0139\\u013D\\u1E36\\u1E38\\u013B\\u1E3C\\u1E3A\\u0141\\u023D\\u2C62\\u2C60\\uA748\\uA746\\uA780]","LJ":"[\\u01C7]","Lj":"[\\u01C8]","M":"[\\u004D\\u24C2\\uFF2D\\u1E3E\\u1E40\\u1E42\\u2C6E\\u019C]","N":"[\\u004E\\u24C3\\uFF2E\\u01F8\\u0143\\u00D1\\u1E44\\u0147\\u1E46\\u0145\\u1E4A\\u1E48\\u0220\\u019D\\uA790\\uA7A4]","NJ":"[\\u01CA]","Nj":"[\\u01CB]","O":"[\\u004F\\u24C4\\uFF2F\\u00D2\\u00D3\\u00D4\\u1ED2\\u1ED0\\u1ED6\\u1ED4\\u00D5\\u1E4C\\u022C\\u1E4E\\u014C\\u1E50\\u1E52\\u014E\\u022E\\u0230\\u00D6\\u022A\\u1ECE\\u0150\\u01D1\\u020C\\u020E\\u01A0\\u1EDC\\u1EDA\\u1EE0\\u1EDE\\u1EE2\\u1ECC\\u1ED8\\u01EA\\u01EC\\u00D8\\u01FE\\u0186\\u019F\\uA74A\\uA74C]","OI":"[\\u01A2]","OO":"[\\uA74E]","OU":"[\\u0222]","P":"[\\u0050\\u24C5\\uFF30\\u1E54\\u1E56\\u01A4\\u2C63\\uA750\\uA752\\uA754]","Q":"[\\u0051\\u24C6\\uFF31\\uA756\\uA758\\u024A]","R":"[\\u0052\\u24C7\\uFF32\\u0154\\u1E58\\u0158\\u0210\\u0212\\u1E5A\\u1E5C\\u0156\\u1E5E\\u024C\\u2C64\\uA75A\\uA7A6\\uA782]","S":"[\\u0053\\u24C8\\uFF33\\u1E9E\\u015A\\u1E64\\u015C\\u1E60\\u0160\\u1E66\\u1E62\\u1E68\\u0218\\u015E\\u2C7E\\uA7A8\\uA784]","T":"[\\u0054\\u24C9\\uFF34\\u1E6A\\u0164\\u1E6C\\u021A\\u0162\\u1E70\\u1E6E\\u0166\\u01AC\\u01AE\\u023E\\uA786]","TZ":"[\\uA728]","U":"[\\u0055\\u24CA\\uFF35\\u00D9\\u00DA\\u00DB\\u0168\\u1E78\\u016A\\u1E7A\\u016C\\u00DC\\u01DB\\u01D7\\u01D5\\u01D9\\u1EE6\\u016E\\u0170\\u01D3\\u0214\\u0216\\u01AF\\u1EEA\\u1EE8\\u1EEE\\u1EEC\\u1EF0\\u1EE4\\u1E72\\u0172\\u1E76\\u1E74\\u0244]","V":"[\\u0056\\u24CB\\uFF36\\u1E7C\\u1E7E\\u01B2\\uA75E\\u0245]","VY":"[\\uA760]","W":"[\\u0057\\u24CC\\uFF37\\u1E80\\u1E82\\u0174\\u1E86\\u1E84\\u1E88\\u2C72]","X":"[\\u0058\\u24CD\\uFF38\\u1E8A\\u1E8C]","Y":"[\\u0059\\u24CE\\uFF39\\u1EF2\\u00DD\\u0176\\u1EF8\\u0232\\u1E8E\\u0178\\u1EF6\\u1EF4\\u01B3\\u024E\\u1EFE]","Z":"[\\u005A\\u24CF\\uFF3A\\u0179\\u1E90\\u017B\\u017D\\u1E92\\u1E94\\u01B5\\u0224\\u2C7F\\u2C6B\\uA762]","a":"[\\u0061\\u24D0\\uFF41\\u1E9A\\u00E0\\u00E1\\u00E2\\u1EA7\\u1EA5\\u1EAB\\u1EA9\\u00E3\\u0101\\u0103\\u1EB1\\u1EAF\\u1EB5\\u1EB3\\u0227\\u01E1\\u00E4\\u01DF\\u1EA3\\u00E5\\u01FB\\u01CE\\u0201\\u0203\\u1EA1\\u1EAD\\u1EB7\\u1E01\\u0105\\u2C65\\u0250]","aa":"[\\uA733]","ae":"[\\u00E6\\u01FD\\u01E3]","ao":"[\\uA735]","au":"[\\uA737]","av":"[\\uA739\\uA73B]","ay":"[\\uA73D]","b":"[\\u0062\\u24D1\\uFF42\\u1E03\\u1E05\\u1E07\\u0180\\u0183\\u0253]","c":"[\\u0063\\u24D2\\uFF43\\u0107\\u0109\\u010B\\u010D\\u00E7\\u1E09\\u0188\\u023C\\uA73F\\u2184]","d":"[\\u0064\\u24D3\\uFF44\\u1E0B\\u010F\\u1E0D\\u1E11\\u1E13\\u1E0F\\u0111\\u018C\\u0256\\u0257\\uA77A]","dz":"[\\u01F3\\u01C6]","e":"[\\u0065\\u24D4\\uFF45\\u00E8\\u00E9\\u00EA\\u1EC1\\u1EBF\\u1EC5\\u1EC3\\u1EBD\\u0113\\u1E15\\u1E17\\u0115\\u0117\\u00EB\\u1EBB\\u011B\\u0205\\u0207\\u1EB9\\u1EC7\\u0229\\u1E1D\\u0119\\u1E19\\u1E1B\\u0247\\u025B\\u01DD]","f":"[\\u0066\\u24D5\\uFF46\\u1E1F\\u0192\\uA77C]","g":"[\\u0067\\u24D6\\uFF47\\u01F5\\u011D\\u1E21\\u011F\\u0121\\u01E7\\u0123\\u01E5\\u0260\\uA7A1\\u1D79\\uA77F]","h":"[\\u0068\\u24D7\\uFF48\\u0125\\u1E23\\u1E27\\u021F\\u1E25\\u1E29\\u1E2B\\u1E96\\u0127\\u2C68\\u2C76\\u0265]","hv":"[\\u0195]","i":"[\\u0069\\u24D8\\uFF49\\u00EC\\u00ED\\u00EE\\u0129\\u012B\\u012D\\u00EF\\u1E2F\\u1EC9\\u01D0\\u0209\\u020B\\u1ECB\\u012F\\u1E2D\\u0268\\u0131]","j":"[\\u006A\\u24D9\\uFF4A\\u0135\\u01F0\\u0249]","k":"[\\u006B\\u24DA\\uFF4B\\u1E31\\u01E9\\u1E33\\u0137\\u1E35\\u0199\\u2C6A\\uA741\\uA743\\uA745\\uA7A3]","l":"[\\u006C\\u24DB\\uFF4C\\u0140\\u013A\\u013E\\u1E37\\u1E39\\u013C\\u1E3D\\u1E3B\\u017F\\u0142\\u019A\\u026B\\u2C61\\uA749\\uA781\\uA747]","lj":"[\\u01C9]","m":"[\\u006D\\u24DC\\uFF4D\\u1E3F\\u1E41\\u1E43\\u0271\\u026F]","n":"[\\u006E\\u24DD\\uFF4E\\u01F9\\u0144\\u00F1\\u1E45\\u0148\\u1E47\\u0146\\u1E4B\\u1E49\\u019E\\u0272\\u0149\\uA791\\uA7A5]","nj":"[\\u01CC]","o":"[\\u006F\\u24DE\\uFF4F\\u00F2\\u00F3\\u00F4\\u1ED3\\u1ED1\\u1ED7\\u1ED5\\u00F5\\u1E4D\\u022D\\u1E4F\\u014D\\u1E51\\u1E53\\u014F\\u022F\\u0231\\u00F6\\u022B\\u1ECF\\u0151\\u01D2\\u020D\\u020F\\u01A1\\u1EDD\\u1EDB\\u1EE1\\u1EDF\\u1EE3\\u1ECD\\u1ED9\\u01EB\\u01ED\\u00F8\\u01FF\\u0254\\uA74B\\uA74D\\u0275]","oi":"[\\u01A3]","ou":"[\\u0223]","oo":"[\\uA74F]","p":"[\\u0070\\u24DF\\uFF50\\u1E55\\u1E57\\u01A5\\u1D7D\\uA751\\uA753\\uA755]","q":"[\\u0071\\u24E0\\uFF51\\u024B\\uA757\\uA759]","r":"[\\u0072\\u24E1\\uFF52\\u0155\\u1E59\\u0159\\u0211\\u0213\\u1E5B\\u1E5D\\u0157\\u1E5F\\u024D\\u027D\\uA75B\\uA7A7\\uA783]","s":"[\\u0073\\u24E2\\uFF53\\u015B\\u1E65\\u015D\\u1E61\\u0161\\u1E67\\u1E63\\u1E69\\u0219\\u015F\\u023F\\uA7A9\\uA785\\u1E9B]","ss":"[\\u00DF]","t":"[\\u0074\\u24E3\\uFF54\\u1E6B\\u1E97\\u0165\\u1E6D\\u021B\\u0163\\u1E71\\u1E6F\\u0167\\u01AD\\u0288\\u2C66\\uA787]","tz":"[\\uA729]","u":"[\\u0075\\u24E4\\uFF55\\u00F9\\u00FA\\u00FB\\u0169\\u1E79\\u016B\\u1E7B\\u016D\\u00FC\\u01DC\\u01D8\\u01D6\\u01DA\\u1EE7\\u016F\\u0171\\u01D4\\u0215\\u0217\\u01B0\\u1EEB\\u1EE9\\u1EEF\\u1EED\\u1EF1\\u1EE5\\u1E73\\u0173\\u1E77\\u1E75\\u0289]","v":"[\\u0076\\u24E5\\uFF56\\u1E7D\\u1E7F\\u028B\\uA75F\\u028C]","vy":"[\\uA761]","w":"[\\u0077\\u24E6\\uFF57\\u1E81\\u1E83\\u0175\\u1E87\\u1E85\\u1E98\\u1E89\\u2C73]","x":"[\\u0078\\u24E7\\uFF58\\u1E8B\\u1E8D]","y":"[\\u0079\\u24E8\\uFF59\\u1EF3\\u00FD\\u0177\\u1EF9\\u0233\\u1E8F\\u00FF\\u1EF7\\u1E99\\u1EF5\\u01B4\\u024F\\u1EFF]","z":"[\\u007A\\u24E9\\uFF5A\\u017A\\u1E91\\u017C\\u017E\\u1E93\\u1E95\\u01B6\\u0225\\u0240\\u2C6C\\uA763]"},"researchesTests":["contentHasTOC","contentHasShortParagraphs","contentHasAssets","keywordInTitle","keywordInMetaDescription","keywordInPermalink","keywordIn10Percent","keywordInContent","keywordInSubheadings","keywordInImageAlt","keywordDensity","keywordNotUsed","lengthContent","lengthPermalink","linksHasInternal","linksHasExternals","linksNotAllExternals","titleStartWithKeyword","titleSentiment","titleHasPowerWords","titleHasNumber","hasContentAI"],"hasRedirection":true,"hasBreadcrumb":true},"homeUrl":"https:\/\/eibarsax.com\/en","objectID":1393,"objectType":"post","locale":"en","localeFull":"en_GB","overlayImages":{"play":{"name":"Play icon","url":"https:\/\/eibarsax.com\/wp-content\/plugins\/seo-by-rank-math\/assets\/admin\/img\/icon-play.png","path":"\/home\/dvrinsdv\/eibarsax.com\/wp-content\/plugins\/seo-by-rank-math\/assets\/admin\/img\/icon-play.png","position":"middle_center"},"gif":{"name":"GIF icon","url":"https:\/\/eibarsax.com\/wp-content\/plugins\/seo-by-rank-math\/assets\/admin\/img\/icon-gif.png","path":"\/home\/dvrinsdv\/eibarsax.com\/wp-content\/plugins\/seo-by-rank-math\/assets\/admin\/img\/icon-gif.png","position":"middle_center"}},"defautOgImage":"https:\/\/eibarsax.com\/wp-content\/plugins\/seo-by-rank-math\/assets\/admin\/img\/social-placeholder.jpg","customPermalinks":true,"isUserRegistered":false,"autoSuggestKeywords":false,"connectSiteUrl":"https:\/\/rankmath.com\/auth?site=https%3A%2F%2Feibarsax.com%2Fen&r=https%3A%2F%2Feibarsax.com%2Fen%2Fwp-json%2Fwp%2Fv2%2Fpages%2F1393%3Fnonce%3Df1b809b17a","maxTags":5,"trendsIcon":"<svg viewBox=\"0 0 610 610\"><path d=\"M18.85,446,174.32,290.48l58.08,58.08L76.93,504a14.54,14.54,0,0,1-20.55,0L18.83,466.48a14.54,14.54,0,0,1,0-20.55Z\" style=\"fill:#4285f4\"\/><path d=\"M242.65,242.66,377.59,377.6l-47.75,47.75a14.54,14.54,0,0,1-20.55,0L174.37,290.43l47.75-47.75A14.52,14.52,0,0,1,242.65,242.66Z\" style=\"fill:#ea4335\"\/><polygon points=\"319.53 319.53 479.26 159.8 537.34 217.88 377.61 377.62 319.53 319.53\" style=\"fill:#fabb05\"\/><path d=\"M594.26,262.73V118.61h0a16.94,16.94,0,0,0-16.94-16.94H433.2a16.94,16.94,0,0,0-12,28.92L565.34,274.71h0a16.94,16.94,0,0,0,28.92-12Z\" style=\"fill:#34a853\"\/><rect width=\"610\" height=\"610\" style=\"fill:none\"\/><\/svg>","showScore":true,"siteFavIcon":"https:\/\/eibarsax.com\/wp-content\/uploads\/2025\/01\/Diseno-sin-titulo-14-1-150x150.png","canUser":{"general":false,"advanced":false,"snippet":false,"social":false,"analysis":false,"analytics":false,"content_ai":false},"isPro":false,"is_front_page":false,"trendsUpgradeLink":"https:\/\/rankmath.com\/pricing\/?utm_source=Plugin&utm_medium=CE%20General%20Tab%20Trends&utm_campaign=WP","trendsUpgradeLabel":"Upgrade","trendsPreviewImage":"https:\/\/eibarsax.com\/wp-content\/plugins\/seo-by-rank-math\/assets\/admin\/img\/trends-preview.jpg","currentEditor":false,"homepageData":{"assessor":{"powerWords":["a cut above","absolute","absolutely","absolutely lowest","absurd","abuse","accurate","accuse","achieve","actionable","adaptable","adequate","admit","adorable","advantage","advice","affordable","aggravate","aggressive","agitated","agonizing","agony","alarmed","alarming","alienated","aligned","alive","all-inclusive","alluring","always","amazing","amp","animated","annihilate","announcing","anonymous","antagonistic","anxious","apocalypse","appalled","approved","approving","argumentative","armageddon","arrogant","ass kicking","assault","assured","astonishing","astounded","astounding","at ease","atrocious","attack","attractive","audacity","authentic","authoritative","authority","avoid","aware","awe-inspiring","awesome","awkward","backbone","backdoor","backed","backlash","backstabbing","badass","balanced","banned","bargain","barrage","basic","battle","beaming","beat down","beating","beautiful","beauty","begging","behind the scenes","belief","belong","best","best-selling","better","beware","big","billion","black market","blacklisted","blast","blessed","blinded","blissful","blood","bloodbath","bloodcurdling","bloody","blunder","blushing","bold","bomb","bona","bona fide","bonanza","bonus","bootleg","bottom line","bountiful","brave","bravery","brazen","break","breaking","breakthrough","breathtaking","bright","brilliant","broke","brutal","budget","buffoon","bullshit","bully","bumbling","buy","cadaver","calm","cancel anytime","capable","captivate","captivating","carefree","case study","cash","cataclysmic","catapult","catastrophe","caution","censored","centered","certain","certainly","certified","challenge","charming","cheap","cheat","cheat-sheet","cheer","cheerful","child-like","clarity","classified","clear","clueless","collapse","colorful","colossal","comfortable","compare","competitive","complete","completely","completeness","comprehensive","compromise","compulsive","concealed","conclusive","condemning","condescending","confess","confession","confessions","confident","confidential","conquer","conscientious","constructive","content","contrary","controlling","controversial","convenient","convert","cool","cooperative","copy","corpse","corrupt","corrupting","courage","courageous","cover-up","covert","coward","cowardly","crammed","crave","crazy","create","creative","cringeworthy","cripple","crisis","critical","crooked","crush","crushing","damaging","danger","dangerous","daring","dazzling","dead","deadline","deadly","death","decadent","deceived","deceptive","deep","defiance","definitely","definitive","defying","dejected","delicious","delight","delighted","delightful","delirious","delivered","demoralizing","deplorable","depraved","desire","desperate","despicable","destiny","destroy","detailed","devastating","devoted","diagnosed","direct","dirty","disadvantages","disastrous","discount","discover","disdainful","disempowered","disgusted","disgusting","dishonest","disillusioned","disoriented","distracted","distraught","distressed","distrustful","divulge","document","dollar","dominate","doomed","double","doubtful","download","dreadful","dreamy","drive","drowning","dumb","dynamic","eager","earnest","easily","easy","economical","ecstatic","edge","effective","efficient","effortless","elated","eliminate","elite","embarrass","embarrassed","embarrassing","emergency","emerging","emphasize","empowered","enchant","encouraged","endorsed","energetic","energy","enormous","enraged","enthusiastic","envy","epic","epidemic","essential","ethical","euphoric","evil","exactly","exasperated","excellent","excited","excitement","exciting","exclusive","exclusivity","excruciating","exhilarated","expensive","expert","explode","exploit","explosive","exposed","exquisite","extra","extraordinary","extremely","exuberant","eye-opening","fail","fail-proof","failure","faith","famous","fantasy","fascinating","fatigued","faux","faux pas","fearless","feast","feeble","festive","fide","fierce","fight","final","fine","fired","first","first ever","flirt","fluid","focus","focused","fool","fooled","foolish","forbidden","force-fed","forever","forgiving","forgotten","formula","fortune","foul","frantic","free","freebie","freedom","frenzied","frenzy","frightening","frisky","frugal","frustrated","fulfill","fulfilled","full","fully","fun","fun-loving","fundamentals","funniest","funny","furious","gambling","gargantuan","genius","genuine","gift","gigantic","giveaway","glamorous","gleeful","glorious","glowing","goddamn","gorgeous","graceful","grateful","gratified","gravity","great","greatest","greatness","greed","greedy","gripping","grit","grounded","growth","guaranteed","guilt","guilt-free","gullible","guts","hack","happiness","happy","harmful","harsh","hate","have you heard","havoc","hazardous","healthy","heart","heartbreaking","heartwarming","heavenly","hell","helpful","helplessness","hero","hesitant","hidden","high tech","highest","highly effective","hilarious","hoak","hoax","honest","honored","hope","hopeful","horribly","horrific","horrifying","horror","hostile","how to","huge","humility","humor","hurricane","hurry","hypnotic","idiot","ignite","illegal","illusive","imagination","immediately","imminently","impatience","impatient","impenetrable","important","impressive","improved","in the zone","incapable","incapacitated","incompetent","inconsiderate","increase","incredible","indecisive","indulgence","indulgent","inexpensive","inferior","informative","infuriated","ingredients","innocent","innovative","insane","insecure","insider","insidious","inspired","inspiring","instant savings","instantly","instructive","insult","intel","intelligent","intense","interesting","intriguing","introducing","invasion","investment","iron-clad","ironclad","irresistible","irs","is here","jackpot","jail","jaw-dropping","jealous","jeopardy","jittery","jovial","joyous","jubilant","judgmental","jumpstart","just arrived","keen","kickass","kickstart","kill","killed","killing","kills","know it all","lame","largest","lascivious","last","last chance","last minute","latest","laugh","laughing","launch","launching","lavishly","lawsuit","lazy","left behind","legendary","legitimate","liberal","liberated","lick","lies","life-changing","lifetime","light","lighthearted","likely","limited","literally","little-known","loathsome","lonely","looming","loser","lost","love","lucrative","lunatic","lurking","lust","luxurious","luxury","lying","magic","magical","magnificent","mainstream","malicious","mammoth","manipulative","marked down","massive","master","masterclass","maul","mediocre","meditative","meltdown","memorability","memorable","menacing","mesmerizing","meticulous","mind-blowing","minimalist","miracle","mired","mischievous","misgiving","missing out","mistake","monetize","money","moneyback","moneygrubbing","monumental","most important","motivated","mouth-watering","murder","mystery","nail","naked","natural","naughty","nazi","nest egg","never","new","nightmare","no good","no obligation","no one talks about","no questions asked","no risk","no strings attached","non-controlling","noted","novelty","now","obnoxious","obsessed","obsession","obvious","odd","off-kilter","off-limits","off-the record","offensive","official","okay","on-demand","open-minded","opportunities","optimistic","ordeal","outlawed","outrageousness","outstanding","overcome","overjoyed","overnight","overwhelmed","packed","painful","painless","painstaking","pale","panic","panicked","paralyzed","pas","passionate","pathetic","pay zero","payback","perfect","peril","perplexed","perspective","pessimistic","pioneering","piranha","pitfall","pitiful","placid","plague","played","playful","pleased","pluck","plummet","plunge","poison","poisonous","polarizing","poor","popular","portfolio","pound","powerful","powerless","practical","preposterous","prestige","price","priceless","pride","prison","privacy","private","privileged","prize","problem","productive","professional","profit","profitable","profound","promiscuous","promising","promote","protect","protected","proven","provocative","provoke","psychological","pummel","punch","punish","pus","quadruple","quality","quarrelsome","quick","quick-start","quickly","quiet","radiant","rare","ravenous","rebellious","recession-proof","reckoning","recognized","recommend","recreate","reduced","reflective","refugee","refund","refundable","reject","relaxed","release","relentless","reliable","remarkable","replicate","report","reprimanding","repulsed","repulsive","research","resentful","resourceful","responsible","responsive","rested","restricted","results","retaliating","reveal","revealing","revenge","revengeful","revisited","revolting","revolutionary","reward","rich","ridiculous","risky","riveting","rookie","rowdy","ruin","rules","ruthless","sabotaging","sacred","sadistic","sadly","sadness","safe","safety","sale","sampler","sarcastic","satisfied","savage","savagery","save","savings","savvy","scam","scandal","scandalous","scarce","scared","scary","scornful","scream","searing","secret","secret agenda","secret plot","secrets","secure","security","seductive","seething","seize","selected","self-hating","self-sufficient","sensational","senseless","sensual","serene","seriously","severe","sex","sexy","shaking","shameful","shameless","shaming","shatter","shellacking","shocking","should","shrewd","sick and tired","signs","silly","simple","simplicity","simplified","simplistic","sincere","sinful","sins","six-figure","sizable","sizzle","sizzled","sizzles","sizzling","sizzlingly","skill","skyrocket","slaughter","slave","sleazy","sleeping","sly","smash","smiling","smug","smuggle","smuggled","sneak-peek","sneaky","sniveling","snob","snooty","snotty","soar","soaring","solid","solution","spank","special","spectacular","speedy","spell-binding","spine","spirit","spirited","spiteful","spoiler","spontaneous","spotlight","spunky","squirming","stable","staggering","startling","steady","steal","stealthy","steamy","step-by-step","still","stoic","stop","strange","strangle","strategy","stressed","strong","strongly suggest","struggle","stuck up","studies","stunning","stupid","stupid-simple","sturdy","sublime","succeed","success","successful","suck","suddenly","suffer","sunny","super","super-human","superb","supercharge","superior","supported","supportive","sure","sure fire","surefire","surge","surging","surprise","surprised","surprising","survival","survive","suspicious","sweaty","swoon","swoon-worthy","tailspin","tank","tantalizing","targeted","tawdry","tease","technology","teetering","tempting","tenacious","tense","terrible","terrific","terrified","terrifying","terror","terrorist","tested","thankful","the truth","threaten","threatened","thrilled","thrilling","thug","ticked off","tickled","timely","today","torture","toxic","track record","trade secret","tragedy","tragic","transform","transparency","trap","trapped","trauma","traumatized","treacherous","treasure","tremendous","trend","tricks","triggers","triple","triumph","truly","trusting","trustworthy","truth","truthful","turbo-charge","turbocharges","tweaks","twitching","ultimate","unadulterated","unassuming","unauthorized","unbelievable","unburdened","uncaring","uncensored","uncertain","uncomfortable","unconditional","uncontrollable","unconventional","uncovered","undeniable","under priced","undercover","underground","underhanded","underused","unexpected","unforgettable","unheard of","unhurried","uninterested","unique","unjustified","unknowingly","unleashed","unlimited","unlock","unparalleled","unpopular","unreliable","unresponsive","unseen","unstable","unstoppable","unsure","unsurpassed","untapped","unusual","up-sell","upbeat","uplifted","uplifting","urge","urgent","useful","useless","validate","valor","valuable","value","vanquish","vaporize","venomous","verify","vibrant","vicious","victim","victory","vigorous","vilified","vindictive","violated","violent","volatile","vulnerable","waiting","wanted","wanton","warning","waste","weak","wealth","weird","what no one tells you","whip","whopping","wicked","wild","willpower","withheld","wonderful","wondrous","woozy","world","worry","worst","worthwhile","wounded","wreaking","youthful","zen","zinger"],"diacritics":true,"researchesTests":["contentHasTOC","contentHasShortParagraphs","contentHasAssets","keywordInTitle","keywordInMetaDescription","keywordInPermalink","keywordIn10Percent","keywordInContent","keywordInSubheadings","keywordInImageAlt","keywordDensity","keywordNotUsed","lengthContent","lengthPermalink","linksHasInternal","linksHasExternals","linksNotAllExternals","titleStartWithKeyword","titleSentiment","titleHasPowerWords","titleHasNumber","hasContentAI"],"hasBreadcrumb":true,"serpData":{"title":"%sitename% %page% %sep% %sitedesc%","description":"","titleTemplate":"%sitename% %page% %sep% %sitedesc%","descriptionTemplate":"","focusKeywords":"","breadcrumbTitle":"Home","robots":{"index":true},"advancedRobots":{"max-snippet":"-1","max-video-preview":"-1","max-image-preview":"large"},"facebookTitle":"","facebookDescription":"","facebookImage":"","facebookImageID":""}}},"tocTitle":"Table of Contents","tocExcludeHeadings":[],"listStyle":"ul"},"uagb_featured_image_src":{"full":false,"thumbnail":false,"medium":false,"medium_large":false,"large":false,"1536x1536":false,"2048x2048":false,"trp-custom-language-flag":false},"uagb_author_info":{"display_name":"admin","author_link":"https:\/\/eibarsax.com\/en\/author\/admin\/"},"uagb_comment_info":0,"uagb_excerpt":"Juana Palop Cofundadora y Profesora Obtuvo el M\u00e1ster \u201cCum Laude\u201d en la especialidad de saxof\u00f3n por el Conservatorium van Amsterdam en la clase de Arno Bornkamp (2009). Entre 2010 y 2018 fue miembro de la Banda Municipal de Barcelona. Su trayectoria art\u00edstica combina la actividad orquestal, la m\u00fasica de c\u00e1mara y la pedagog\u00eda. Colabora con&hellip;","_links":{"self":[{"href":"https:\/\/eibarsax.com\/en\/wp-json\/wp\/v2\/pages\/1393","targetHints":{"allow":["GET"]}}],"collection":[{"href":"https:\/\/eibarsax.com\/en\/wp-json\/wp\/v2\/pages"}],"about":[{"href":"https:\/\/eibarsax.com\/en\/wp-json\/wp\/v2\/types\/page"}],"author":[{"embeddable":true,"href":"https:\/\/eibarsax.com\/en\/wp-json\/wp\/v2\/users\/1"}],"replies":[{"embeddable":true,"href":"https:\/\/eibarsax.com\/en\/wp-json\/wp\/v2\/comments?post=1393"}],"version-history":[{"count":43,"href":"https:\/\/eibarsax.com\/en\/wp-json\/wp\/v2\/pages\/1393\/revisions"}],"predecessor-version":[{"id":3283,"href":"https:\/\/eibarsax.com\/en\/wp-json\/wp\/v2\/pages\/1393\/revisions\/3283"}],"wp:attachment":[{"href":"https:\/\/eibarsax.com\/en\/wp-json\/wp\/v2\/media?parent=1393"}],"curies":[{"name":"wp","href":"https:\/\/api.w.org\/{rel}","templated":true}]}}